{"id":9787,"date":"2021-04-20T15:30:01","date_gmt":"2021-04-20T15:30:01","guid":{"rendered":"http:\/\/centredebienetreholistique.com\/?page_id=9787"},"modified":"2021-05-09T19:14:14","modified_gmt":"2021-05-09T19:14:14","slug":"conditions-generale-et-particuliere-de-vente","status":"publish","type":"page","link":"https:\/\/centredebienetreholistique.com\/?page_id=9787","title":{"rendered":"Conditions g\u00e9n\u00e9rale et particuli\u00e8re de vente (en cours)"},"content":{"rendered":"","protected":true},"excerpt":{"rendered":"","protected":true},"author":1,"featured_media":0,"parent":0,"menu_order":0,"comment_status":"open","ping_status":"open","template":"","meta":{"footnotes":""},"jetpack_sharing_enabled":true,"jetpack_shortlink":"https:\/\/wp.me\/P4FfFc-2xR","jetpack_likes_enabled":true,"jetpack-related-posts":[{"id":685,"url":"https:\/\/centredebienetreholistique.com\/?page_id=685","url_meta":{"origin":9787,"position":0},"title":"Le Centre au Salon des M\u00e9decines Douces \u00e0 Paris","author":"centredebienetreholistique","date":"June 5, 2015","format":false,"excerpt":"\u00a0AU SALON \"BIEN-ETRE, M\u00c9DECINE DOUCE & THALASSO\" Du 3 au 7 F\u00e9vrier 2012 \u00a0(Paris - Porte de Versailles, hall 2.2). Le num\u00e9ro du stand \u00a0A 14 Deux interventions du Centre \u00a0lundi le 7 f\u00e9vrier. La premi\u00e8re intervention est \u00e0 11 hr. du matin et sera sur Les \"Techniques holistiques en\u2026","rel":"","context":"Similar post","block_context":{"text":"Similar post","link":""},"img":{"alt_text":"","src":"","width":0,"height":0},"classes":[]},{"id":480,"url":"https:\/\/centredebienetreholistique.com\/?page_id=480","url_meta":{"origin":9787,"position":1},"title":"Stage-Retraite: M\u00e9decine Holistique, M\u00e9decine R\u00e9g\u00e9n\u00e9rative et la Science de la Long\u00e9vit\u00e9 Optimale","author":"centredebienetreholistique","date":"June 2, 2015","format":false,"excerpt":"CONTENU Formation holistique (avec protocoles) concernant les grandes maladies chroniques,, le vieillissement acc\u00e9l\u00e9r\u00e9, la long\u00e9vit\u00e9 optimale, la m\u00e9decine r\u00e9g\u00e9n\u00e9rative, l'alimentation clinique, la m\u00e9decine orientale et de droit m\u00e9dical. ORIGINALIT\u00c9 L'originalit\u00e9 de cet enseignement repose sur une perspective holistique et innovante. Ce programme met l'accent sur les voies d'activation du potentiel\u2026","rel":"","context":"Similar post","block_context":{"text":"Similar post","link":""},"img":{"alt_text":"","src":"","width":0,"height":0},"classes":[]},{"id":873,"url":"https:\/\/centredebienetreholistique.com\/?page_id=873","url_meta":{"origin":9787,"position":2},"title":"Pour Qui et Pourquoi une Formation et un S\u00e9jour Holistique ?","author":"centredebienetreholistique","date":"June 17, 2015","format":false,"excerpt":"Dans le coeur de la Catalogne fran\u00e7aise, entre la M\u00e9diterran\u00e9e et le sommet Mont Canigou, dans un environnement montagneux et ensolleill\u00e9, pr\u00e8s d'une chute d'eau vivifiante et reposante, se trouve le Centre M\u00e9diterran\u00e9en de Bien-Etre Holistique. Les activit\u00e9s du Centre sont destin\u00e9es aux personnes aspirant \u00e0 une approche holistique de\u2026","rel":"","context":"With 2 comments","block_context":{"text":"With 2 comments","link":"https:\/\/centredebienetreholistique.com\/?page_id=873#comments"},"img":{"alt_text":"","src":"","width":0,"height":0},"classes":[]},{"id":434,"url":"https:\/\/centredebienetreholistique.com\/?page_id=434","url_meta":{"origin":9787,"position":3},"title":"Coaching 101 et Formation Approfondie en Canc\u00e9rologie g\u00e9n\u00e9rale, conventionnelle et alternative","author":"centredebienetreholistique","date":"May 25, 2015","format":false,"excerpt":"Introduction La recherche fondamentale en canc\u00e9rologie conventionnelle, (ie, internationalement \"oncologie\") et les immenses \u00a0efforts scientifiques internationaux (et les centaines de billions de dollars qui vont avec) depuis quelques d\u00e9cennies pour identifier et comprendre les causes et les \u00a0co-facteurs (m\u00e9canismes physiopathologiques) du d\u00e9veloppement du cancer (canc\u00e9rogen\u00e8se) ont \u00e9t\u00e9 en partie fructuese,\u2026","rel":"","context":"Similar post","block_context":{"text":"Similar post","link":""},"img":{"alt_text":"","src":"https:\/\/i0.wp.com\/img.youtube.com\/vi\/jgJKaP0Sj5U\/0.jpg?resize=350%2C200","width":350,"height":200},"classes":[]},{"id":4304,"url":"https:\/\/centredebienetreholistique.com\/?page_id=4304","url_meta":{"origin":9787,"position":4},"title":"Qui","author":"centredebienetreholistique","date":"June 12, 2020","format":false,"excerpt":"L'approche, la formation et l'exp\u00e9rience clinique du Coach Christian\u00a0 Une approche scientifique et holistique en m\u00e9decine S'inspirant de sa formation m\u00e9dicale et juridique ainsi que de sa pratique clinique (voir ci-dessous), Coach\u00a0 Christian \u00a0\u00a0examine en d\u00e9tail avec le client toutes les options cr\u00e9dibles pour ce qui est de la meilleure\u2026","rel":"","context":"Similar post","block_context":{"text":"Similar post","link":""},"img":{"alt_text":"","src":"","width":0,"height":0},"classes":[]},{"id":166,"url":"https:\/\/centredebienetreholistique.com\/?page_id=166","url_meta":{"origin":9787,"position":5},"title":"Mission du Centre Pyr\u00e9n\u00e9en","author":"centredebienetreholistique","date":"December 24, 2014","format":false,"excerpt":"Dans le coeur de la Catalogne, entre la M\u00e9diterran\u00e9e et le Mont Canigou, se situe le Centre Pyr\u00e9n\u00e9en \u00a0dont la mission repose sur le maintien du bien-\u00eatre holistique gra\u00e7e \u00e0 trois activit\u00e9s: 1) ateliers et \u00e9ducation en bien-\u00eatre, 2) agriculture soutenable et 3) protection et promotion des libert\u00e9s fondamentales. \u00a0Gra\u00e7e\u2026","rel":"","context":"Similar post","block_context":{"text":"Similar post","link":""},"img":{"alt_text":"","src":"","width":0,"height":0},"classes":[]}],"_links":{"self":[{"href":"https:\/\/centredebienetreholistique.com\/index.php?rest_route=\/wp\/v2\/pages\/9787"}],"collection":[{"href":"https:\/\/centredebienetreholistique.com\/index.php?rest_route=\/wp\/v2\/pages"}],"about":[{"href":"https:\/\/centredebienetreholistique.com\/index.php?rest_route=\/wp\/v2\/types\/page"}],"author":[{"embeddable":true,"href":"https:\/\/centredebienetreholistique.com\/index.php?rest_route=\/wp\/v2\/users\/1"}],"replies":[{"embeddable":true,"href":"https:\/\/centredebienetreholistique.com\/index.php?rest_route=%2Fwp%2Fv2%2Fcomments&post=9787"}],"version-history":[{"count":3,"href":"https:\/\/centredebienetreholistique.com\/index.php?rest_route=\/wp\/v2\/pages\/9787\/revisions"}],"predecessor-version":[{"id":10306,"href":"https:\/\/centredebienetreholistique.com\/index.php?rest_route=\/wp\/v2\/pages\/9787\/revisions\/10306"}],"wp:attachment":[{"href":"https:\/\/centredebienetreholistique.com\/index.php?rest_route=%2Fwp%2Fv2%2Fmedia&parent=9787"}],"curies":[{"name":"wp","href":"https:\/\/api.w.org\/{rel}","templated":true}]}}