{"id":9063,"date":"2021-02-28T19:09:09","date_gmt":"2021-02-28T19:09:09","guid":{"rendered":"http:\/\/centredebienetreholistique.com\/?page_id=9063"},"modified":"2024-09-01T15:46:19","modified_gmt":"2024-09-01T15:46:19","slug":"politique-holistique-de-sante-publique","status":"publish","type":"page","link":"https:\/\/centredebienetreholistique.com\/?page_id=9063","title":{"rendered":"L&#8217;Analyse et &#8220;Tips&#8221; Covid 19 du Centre M\u00e9diterran\u00e9en Holistique"},"content":{"rendered":"<p style=\"text-align: justify;\">L&#8217;analyse COVID du CMH examinera quelques limites et bienfaits de la Politique sanitaire COVID du Gouvernement <strong>(Partie A),<\/strong> puis enchainera sur la n\u00e9cessit\u00e9 de mettre en oeuvre une strat\u00e9gie anti-Covid holistique de la sant\u00e9 publique, fond\u00e9e sur plusieurs &#8220;anti-covid tips&#8221; (conseils). (<strong>Partie B). <\/strong>Avant d&#8217;entamer une conclusion de nos travaux en la mati\u00e8re, nous proc\u00e9derons \u00e0 une discussion sur quelques aspects important du d\u00e9fi Covid-19.<b> (Partie C)<\/b><\/p>\n<p style=\"text-align: center;\">Texte an construction, c.a.d pas fini<\/p>\n<p style=\"text-align: center;\">new<\/p>\n<p style=\"text-align: center;\"><span style=\"color: #000000;\">\u00a0<\/span><em style=\"color: #000000;\"><span style=\"color: #222222;\">&#8220;Coagulopathy and syncytial formation are relevant effects of the SARS-CoV-2 infection, but the underlying molecular mechanisms triggering these processes are not fully elucidated. Here, we identified a potential consensus pattern in the Spike S glycoprotein present within the cytoplasmic domain; this consensus pattern was detected in only 79 out of 561,000 proteins (UniProt bank). Interestingly, the pattern was present in both human and bat the coronaviruses S proteins, in many proteins involved in coagulation process, cell\u2013cell interaction, protein aggregation and regulation of cell fate, such as von Willebrand factor, coagulation factor X, fibronectin and Notch, characterized by the presence of the cysteine-rich EGF-like domain. This finding may suggest functional similarities between the matched proteins and the CoV-2 S protein,<strong>implying a new possible involvement of the S protein in the molecular mechanism that leads to the coagulopathy and cell fusion in COVID-19 disease<\/strong>&#8220;<\/span><a href=\"https:\/\/www.nature.com\/articles\/s41420-020-00372-1?fbclid=IwAR0bPkZ5GuHYj-cfNgtx405bJyrOtRRZSM867fCxjjdFMfwUqR4lRVZAXek\">Source<\/a><\/em><span style=\"color: #000000;\">\u00a0<\/span><\/p>\n<h4 style=\"text-align: center;\">Partie A<\/h4>\n<p style=\"text-align: justify;\">Avant de regarder quelques points forts de la politique de sant\u00e9 Covid-19 du gouvernement<strong> (Section B<\/strong>), nous analyserons deux carences importantes de la strat\u00e9gie anti-covid du gouvernement <strong>(Section A)<\/strong><\/p>\n<h4 style=\"text-align: center;\">Section A<\/h4>\n<h4 style=\"text-align: center;\"><strong>Limites \u00a0et Erreurs de la Politique Sanitaire Officielle<\/strong><\/h4>\n<p style=\"text-align: center;\"><em><span style=\"color: #000000;\">&#8220;Zoonotic diseases are very common, \u00a0(&#8230;)\u00a0\u00a0<strong>3 out of every 4 new or emerging infectious diseases in people come from animals<\/strong>&#8220;.\u00a0<\/span><a style=\"color: #accc31;\" href=\"https:\/\/www.cdc.gov\/onehealth\/basics\/zoonotic-diseases.html\"><span style=\"color: #0000ff;\">(Source)<\/span><\/a><\/em><\/p>\n<p style=\"text-align: justify;\">D&#8217;apr\u00e8s ce que l&#8217;on peut constater d&#8217;ici (en pleine montagne), la plupart des <strong>mesures du gouvernement<\/strong> adressent\u00a0<strong>en aval<\/strong>\u00a0les sympt\u00f4mes de cette nouvelle pathologie que l&#8217;on appelle &#8220;la COVID 19&#8221;, et non les causes fondamentales du virus SARS CoV 2, vecteur de cette maladie.<\/p>\n<p style=\"text-align: justify;\">En effet, \u00e0 l&#8217;instar du mod\u00e8le allopathique de la m\u00e9decine conventionnelle, les faits sugg\u00e8rent que les experts fran\u00e7ais de la sant\u00e9 publique n&#8217;adressent pas assez les\u00a0<strong>m\u00e9canismes physiopathologiques profonds de la Covid 19,<\/strong>\u00a0tout comme ils n&#8217;adressent pas efficacement les causes profondes des maladies d\u00e9g\u00e9n\u00e9ratives chroniques, que cela soit les maladies m\u00e9taboliques, auto-immunes, neurologiques, cardio-vasculaires, le cancer dans toutes ses formes, le vieillissement pr\u00e9coce, les infections nosocomiales ou les \u00e9pid\u00e9mies virales.<\/p>\n<p style=\"text-align: justify;\">A l&#8217;appui de cette observation, invoquons l&#8217;une des notions les plus utilis\u00e9es lorsque une maladie complexe est analys\u00e9e, la notion d&#8217;idiopathie, ce qui veut dire, <strong>&#8220;sans causes connues&#8221; ou &#8220;dont on ne connait pas l&#8217;origine&#8221;<\/strong>.\u00a0<span style=\"color: #0000ff;\"><a href=\"https:\/\/www.hopital.fr\/Le-dico-medical\/Les-termes-generiques\/Idiopathique-maladie\">(Source)<\/a>\u00a0<span style=\"color: #000000;\">Dans cette optique, quand on essaie de comprendre la plupart des<\/span><\/span><span style=\"color: #000000;\">\u00a0<\/span>pathologies complexes de nos soci\u00e9t\u00e9s modernes, le qualificatif d&#8217;<span style=\"color: #0000ff;\"><span style=\"color: #0000ff;\"><a href=\"https:\/\/www.hopital.fr\/Le-dico-medical\/Les-termes-generiques\/Idiopathique-maladie\">idiopathique<\/a>\u00a0<span style=\"color: #000000;\">est presque toujours invoqu\u00e9 pour expliquer l&#8217;\u00e9tat de la recherche et-ou l&#8217;incompr\u00e9hension des m\u00e9canismes d&#8217;une maladie.<\/span><\/span><\/span><\/p>\n<p style=\"text-align: justify;\"><span style=\"color: #1d2129;\">Or, au regard de la m\u00e9decine holistique, qui se fonde sur une science robuste, interdisciplinaire et<\/span><a style=\"color: #1d2129;\" href=\"https:\/\/fr.wikipedia.org\/wiki\/M%C3%A9decine_translationnelle\">\u00a0<span style=\"color: #0000ff;\">translationnelle<\/span><\/a><span style=\"color: #0000ff;\">,\u00a0<\/span><strong style=\"color: #1d2129;\">les origines\u00a0<\/strong><span style=\"color: #1d2129;\">de la plupart des maladies graves, chroniques et d\u00e9g\u00e9n\u00e9ratives sont identifiables. Mais encore faut-il creuser &#8220;deep&#8221; dans la direction de la\u00a0<\/span><strong style=\"color: #1d2129;\">chaine de causalit\u00e9<\/strong><span style=\"color: #1d2129;\">,\u00a0<\/span><strong style=\"color: #000000;\"><span style=\"color: #1d2129;\">en amont.<\/span><\/strong><\/p>\n<h4 style=\"text-align: center;\">L&#8217;une des causes profondes de la plupart des \u00e9pid\u00e9mies y compris la pand\u00e9mie Covid-19, la relation abusive entre homme et l&#8217;animal<\/h4>\n<p style=\"text-align: justify;\"><span style=\"color: #000000;\">Dans cette perspective, les experts de la tr\u00e8s officielle CDC du gouvernement f\u00e9d\u00e9ral am\u00e9ricain estiment que<\/span><span style=\"color: #000000;\"> trois sur quatre des grandes maladies\u00a0<\/span><span style=\"caret-color: #000000;\">infectieuses<\/span><span style=\"color: #000000;\">\u00a0\u00e9mergentes \u00a0sont\u00a0<span style=\"caret-color: #000000;\">zoonotiques,\u00a0<\/span>viennent des animaux.<\/span><span style=\"color: #000000;\">\u00a0<\/span><span style=\"color: #000000;\"><a style=\"font-weight: 600; font-style: inherit; color: #4f7177;\" href=\"https:\/\/www.cdc.gov\/onehealth\/basics\/zoonotic-diseases.html\"><span style=\"color: #0000ff;\">(Source)<\/span><\/a><\/span><\/p>\n<p style=\"text-align: center;\"><em><span style=\"color: #000000;\">&#8220;Zoonotic diseases are very common, both in the United States and around the world. Scientists estimate that more than <strong>6 out of every 10 known infectious diseases in people can be spread from animals,<\/strong> and <strong>3 out of every 4 new or emerging infectious diseases in people come from animals<\/strong>&#8220;.\u00a0<\/span><a style=\"color: #accc31;\" href=\"https:\/\/www.cdc.gov\/onehealth\/basics\/zoonotic-diseases.html\"><span style=\"color: #0000ff;\">(Source)<\/span><\/a><\/em><\/p>\n<p style=\"color: #383838; text-align: justify;\"><span style=\"color: #383838;\">A l&#8217;instar du\u00a0<span style=\"caret-color: #383838;\">moustique<\/span>\u00a0de la malaria, l&#8217;exemple du virus zoonotique de la COVID fait mouche. En effet, une analyse approfondie de la Covid montre qu<\/span><span style=\"color: #383838;\">e\u00a0<\/span><span style=\"color: #383838;\">l&#8217;une des causes fondamentales de la pand\u00e9mie virale\u00a0se trouve dans la <\/span><strong style=\"color: #383838;\">relation abusive<\/strong><span style=\"color: #383838;\"> que la majorit\u00e9 des institutions humaines imposent aux animaux et que les experts de la sant\u00e9 publique du gouvernement promeuvent.<\/span><\/p>\n<p style=\"text-align: justify;\"><span style=\"color: #000000;\">Depuis longtemps, l&#8217;on sait que les<\/span><strong><span style=\"color: #000000;\">\u00a0&#8220;animal factory farms&#8221; sont des vecteurs de mutation virale et d&#8217;\u00e9pid\u00e9mies, y compris la pand\u00e9mie de 1918. <\/span><\/strong><\/p>\n<p style=\"text-align: justify;\"><span style=\"color: #000000;\">En effet, grace aux travaux de Jeffrey Taubenberger et al, <\/span><strong style=\"color: #000000;\">la s\u00e9quence g\u00e9n\u00e9tique\u00a0du virus de 1918 <\/strong><span style=\"color: #000000;\">a<\/span><span style=\"color: #000000;\"> montr\u00e9 que les\u00a0origines virales de cette infection viennent de <\/span><strong style=\"color: #000000;\">l&#8217;interaction entre oiseaux et les porcs, eux-m\u00eame parqu\u00e9s dans des camps\u00a0<\/strong><span style=\"color: #000000;\"><span style=\"caret-color: #000000;\"><b>concentrationnaires mortif\u00e8res.\u00a0<\/b><\/span><\/span><\/p>\n<p style=\"text-align: justify;\"><span style=\"color: #000000;\">Pour survivre, \u00a0<strong>ces virus zoonotiques ont proc\u00e9d\u00e9, de mutation \u00e0 mutation, au &#8220;great evolutionary leap&#8221;,<\/strong> en direction de l&#8217;homme, un terrain vierge et riche en <b style=\"color: #202124;\">a<\/b>cides nucl\u00e9iques et nucleotides. \u00a0Gra\u00e7e \u00e0 cette nouvelle fronti\u00e8re, ces virus pathog\u00e8nes pouvaient continuer leur mission h\u00e9g\u00e9monique de se reproduire exponentiellement au d\u00e9triment de leur h\u00f4tes, telles les cellules canc\u00e9reuses.<span style=\"color: #0000ff;\">\u00a0<\/span><\/span><span style=\"color: #0000ff;\">\u00a0<a style=\"color: #555768;\" href=\"https:\/\/scholar.google.com\/citations?user=pksBzvYAAAAJ&amp;hl=en&amp;oi=ao\"><span style=\"color: #0000ff;\">(Source A)<\/span><\/a>\u00a0<a style=\"color: #555768;\" href=\"https:\/\/doi.org\/10.1126\/science.1119392\"><span style=\"color: #0000ff;\">(Source B)\u00a0<\/span><\/a><span style=\"color: #0000ff;\"><a style=\"color: #555768;\" href=\"https:\/\/www.ncbi.nlm.nih.gov\/pmc\/articles\/PMC340389\/\">(Source C)<\/a><\/span><\/span><\/p>\n<p style=\"text-align: justify;\"><span style=\"color: #000000;\">Pour m\u00e9moire, nous rappelons que <strong>les poules sont des oiseaux et que les &#8220;animal factory farms&#8221; les plus r\u00e9pandues au monde sont les camps concentrationnaires industriels de poules<\/strong>, dont la viande continue a \u00eatre \u00e0 ce jour \u00e0 la fois la premi\u00e8re source du carn\u00e9 chez l&#8217;humain et la plus infect\u00e9e de toutes sortes de pathog\u00e8nes.<\/span><\/p>\n<p style=\"text-align: center;\"><em><strong><span style=\"color: #383838;\">&#8220;Birds serve as a reservoir for a vast diversity of influenza viruses to which all the major human pandemics\u00a0<\/span><a style=\"color: #555768;\" href=\"https:\/\/www.cdc.gov\/flu\/pandemic-resources\/basics\/past-pandemics.html\">trace their origin<\/a><\/strong><span style=\"color: #383838;\"><span style=\"caret-color: #383838;\"><strong>&#8221;\u00a0<\/strong><span style=\"color: #0000ff;\"><a style=\"color: #555768;\" href=\"https:\/\/www.cdc.gov\/flu\/pandemic-resources\/basics\/past-pandemics.html\"><span style=\"color: #0000ff;\">(Source)<\/span><\/a><\/span><\/span><\/span><\/em><\/p>\n<p style=\"color: #000000; text-align: justify;\">Notons que l&#8217;expert qui a \u00e9crit ce texte confirme que <strong>toutes les pand\u00e9mies humains majeures sont d&#8217;origine animales, en particulier aviaire,<\/strong> \u00a0et non v\u00e9g\u00e9tales ou cyanobact\u00e9rienne, les pr\u00e9curseurs photosynth\u00e9tiques des plantes et algues.<\/p>\n<p style=\"color: #000000; text-align: justify;\">Idem pour<strong> les origines animales du SARS Cov 1.<\/strong><\/p>\n<div id=\"abstract\" class=\"abstract\" style=\"color: #212121;\">\n<div id=\"enc-abstract\" class=\"abstract-content selected\">\n<p style=\"text-align: center;\">&#8220;<em>A novel coronavirus (SCoV) is the etiological agent of severe acute respiratory syndrome (SARS)<strong>. SCoV-like viruses were isolated from Himalayan palm civets found in a live-animal market in Guangdong, China. Evidence of virus infection was also detected in other animals (including a raccoon dog, Nyctereutes procyonoides) and in humans working at the same market. All the animal isolates retain a 29-nucleotide sequence that is not found in most human isolates.<\/strong> The detection of SCoV-like viruses in small, live wild mammals in a retail market indicates a route of interspecies transmission, although the natural reservoir is not known.&#8221;\u00a02003 Oct 10;302(5643):276-8.\u00a0<a class=\"id-link\" style=\"color: #0071bc;\" href=\"https:\/\/doi.org\/10.1126\/science.1087139\" target=\"_blank\" rel=\"noopener\" data-ga-category=\"full_text\" data-ga-action=\"DOI\">(Source)<\/a><\/em><\/p>\n<\/div>\n<\/div>\n<p style=\"text-align: center;\"><span class=\"period\" style=\"color: #0071bc;\"><span style=\"color: #000000;\">&#8220;Because its sequence data differ from that of<strong> known human coronaviruses, SARS-CoV is suspected to have crossed the species barrier between an animal host and humans.<\/strong><\/span>.\u00a0<\/span><span class=\"cit\" style=\"color: #5b616b;\">2003 Oct 17;52(41):986-7.<\/span><\/p>\n<p style=\"color: #000000; text-align: justify;\"><span style=\"color: #000000;\">Outre ces pratiques d&#8217;exploitation animale normalis\u00e9es par ceux et celles qui contr\u00f4lent les rouages de l&#8217;Etat et l&#8217;id\u00e9ologie dominante, il y a<\/span><strong><span style=\"color: #000000;\"> plein d&#8217;autres activit\u00e9s humaines <\/span><\/strong><span style=\"color: #000000;\">qui favorisent la<strong> prolif\u00e9ration et les\u00a0<\/strong><\/span><span style=\"color: #000000;\"><span style=\"caret-color: #000000;\"><strong>pand\u00e9mies virales,<\/strong> y compris la <strong>destruction de<\/strong><\/span><strong>\u00a0l&#8217;\u00e9cologie<\/strong>, des animaux et leur habitats par le r\u00e9chauffement climatique,<\/span><span style=\"color: #000000;\">\u00a0la pollution industrielle et la d\u00e9forestation intempestive. <span style=\"color: #0000ff;\">(<\/span><\/span><span style=\"color: #0000ff;\"><a style=\"color: #000000;\" href=\"https:\/\/theconversation.com\/influenzas-wild-origins-in-the-animals-around-us-91058\"><span style=\"color: #0000ff;\">Source<\/span><\/a><\/span><span style=\"color: #000000;\"><span style=\"color: #0000ff;\">)<\/span>\u00a0 \u00a0 \u00a0<\/span><\/p>\n<p style=\"color: #000000; text-align: justify;\"><span style=\"color: #000000;\">L&#8217;une des cons\u00e9quences de ces activit\u00e9s humaines ci-dessus mentionn\u00e9es est une destruction massive des animaux, une \u00a0destruction tellement \u00e9norme que les experts parlent d&#8217;une sixi\u00e8me extinction de la Vie sur Terre qui serait en gestation &#8220;fast track&#8221;.<\/span><\/p>\n<p class=\"dcr-s23rjr\" style=\"color: #121212; text-align: center;\"><em>&#8220;Humanity has wiped out<strong> 60% of mammals, birds, fish and reptiles since 1970<\/strong>, leading the world\u2019s foremost experts to warn that the <strong>annihilation of wildlife is now an emergency that threatens civilisation.<\/strong> The new estimate of the massacre of wildlife is made in a<span style=\"color: #0000ff;\">\u00a0<a style=\"font-style: inherit; color: #c70000;\" href=\"https:\/\/www.wwf.org.uk\/updates\/living-planet-report-2018\" data-link-name=\"in body link\"><span style=\"color: #0000ff;\">major report produced by WWF<\/span><\/a><\/span>\u00a0and involving 59 scientists from across the globe. It finds that the<span style=\"color: #0000ff;\">\u00a0<a style=\"font-style: inherit; color: #c70000;\" href=\"https:\/\/www.theguardian.com\/environment\/2018\/jul\/23\/earths-resources-consumed-in-ever-greater-destructive-volumes\" data-link-name=\"in body link\"><span style=\"color: #0000ff;\">vast and growing<\/span><\/a>\u00a0<\/span>consumption of food and resources by the global population is destroying the web of life, billions of years in the making, upon which human society ultimately depends for clean air, water and everything else. <span style=\"color: #0000ff;\"><a href=\"https:\/\/www.theguardian.com\/environment\/2018\/oct\/30\/humanity-wiped-out-animals-since-1970-major-report-finds\"><span style=\"color: #0000ff;\">(Source)<\/span><\/a><\/span><\/em><\/p>\n<p style=\"color: #000000; text-align: justify;\">Quand il y a une telle destruction, il y a n\u00e9cessairement pour les autres animaux qui ont surv\u00e9cus, environ 40 pourcent, un <strong>d\u00e9placement massif de leur habitat naturel,<\/strong> ce qui a engendr\u00e9\u00a0<strong>une migration animale, y compris les micro-organismes qui co-existent avec les animaux, vers les centres urbains,<\/strong>\u00a0y compris les march\u00e9s de viande comme \u00e0 Wohan en Chine.<\/p>\n<p style=\"text-align: justify;\"><span style=\"color: #262626;\"><span style=\"color: #1d2129;\">Pour m\u00e9moire, rappelons que<\/span><\/span><span style=\"color: #262626;\">\u00a0les experts de\u00a0<\/span>l&#8217;OMS,<span style=\"color: #262626;\">\u00a0\u00e0 l&#8217;instar de ceux du<span style=\"color: #0000ff;\">\u00a0<\/span><\/span><span style=\"color: #000000;\">Centers for Disease Control and Prevention<\/span><span style=\"color: #262626;\"><span style=\"color: #000000;\">\u00a0<\/span>ont confirm\u00e9 plusieurs fois que<\/span><strong><span style=\"color: #262626;\">\u00a0la plupart des maladies infectieuses du pass\u00e9, <\/span><\/strong><span style=\"color: #262626;\">et pas seulement la pand\u00e9mie de 1918, \u00a0sont attribuables non aux virus qui co-existent avec les plantes, mais aux virus qui sont en synergie avec les animaux et en particulier \u00e0 la fa\u00e7on dont la majorit\u00e9 des humains traitent les animaux.<\/span><span style=\"color: #262626;\">\u00a0\u00a0<span style=\"color: #0000ff;\">(<a style=\"color: #555768;\" href=\"https:\/\/www.cdc.gov\/ncezid\/\"><span style=\"color: #0000ff;\">Source)<\/span><\/a>\u00a0 <\/span><\/span><\/p>\n<p style=\"text-align: justify;\"><span style=\"color: #262626;\"><span style=\"color: #000000;\">En effet, en remontant la chaine de causalit\u00e9 de la pand\u00e9mie de 2019, \u00a0on re-constate, comme l&#8217;ont fait la FAO et l&#8217;ONU en 2013 que ces fermes animales industrielles sont<strong>\u00a0le maillon le plus faible dans le syst\u00e8me de la sant\u00e9 publique internationale.<\/strong>\u00a0\u00a0<\/span><\/span><\/p>\n<p style=\"text-align: center;\"><span style=\"color: #262626;\"><strong>\u201c<em>Livestock health is the weakest link in our global health chain,\u201d<\/em><\/strong>\u00a0affirma la<span style=\"color: #000000;\">\u00a0<\/span><\/span><span style=\"color: #000000;\">Food and Agriculture Organization of the United Nations<\/span><span style=\"color: #262626;\"><span style=\"color: #000000;\">\u00a0 <\/span>dans son rapport de 2013.\u00a0<span style=\"color: #0000ff;\"><a style=\"font-weight: 600; font-style: inherit; color: #4f7177;\" href=\"http:\/\/www.fao.org\/news\/story\/en\/item\/210621\/icode\/\"><span style=\"color: #0000ff;\">(Source)<\/span><\/a>.\u00a0<\/span><\/span><\/p>\n<p style=\"text-align: justify;\"><strong>A l&#8217;appui, des centaines d&#8217;\u00e9tudes<\/strong> ont montr\u00e9 que les milieux concentrationnaires des ces &#8220;industrial animal farms&#8221; sont riches en toxines, antibiotiques, micro-organismes et souffrance animale, au point ou les<strong>\u00a0maladies zoonotiques<\/strong>\u00a0(ie, transmises de l&#8217;animal \u00e0 l&#8217;homme) deviennent et deviendront de plus en plus une r\u00e9alit\u00e9.<strong>\u00a0<\/strong><\/p>\n<p style=\"text-align: justify;\"><span style=\"color: #262626;\">Pour citer un parmi beaucoup d&#8217;autres example,<strong> en 2009, le &#8220;swine flu&#8221; H1Ni (grippe du cochon) \u00e9tait issu des fermes industrielles de porc, puis de l\u00e0, ce virus a \u00e9t\u00e9 transmis chez l&#8217;homme.\u00a0<strong><a style=\"font-weight: 600; font-style: inherit; color: #4f7177;\" href=\"https:\/\/www.cdc.gov\/flu\/pandemic-resources\/2009-h1n1-pandemic.html\">(<span style=\"color: #0000ff;\">Source)<\/span><\/a><\/strong><\/strong><\/span><\/p>\n<p style=\"text-align: justify;\"><span style=\"color: #262626;\"><strong>Cette \u00e9pid\u00e9mie a tu\u00e9 plusieurs centaines de milliers de personne.\u00a0<\/strong><\/span><span style=\"color: #0000ff;\"><strong><a style=\"font-weight: 600; font-style: inherit; color: #4f7177;\" href=\"https:\/\/www.cdc.gov\/flu\/pandemic-resources\/2009-h1n1-pandemic.html\"><span style=\"color: #0000ff;\">(Source)<\/span><\/a>. <\/strong><\/span><\/p>\n<p style=\"text-align: justify;\"><span style=\"color: #262626;\">Comme pour la pand\u00e9mie de 1918,<\/span><strong><span style=\"color: #262626;\"> cette pand\u00e9mie de 2009 avait \u00e9galement son origine dans l&#8217;interaction entre les virus aviaires (avians en anglais ou IAV), et ceux des porcs domestiqu\u00e9s,<\/span><\/strong><span style=\"color: #262626;\"> en\u00a0<\/span><span style=\"color: #262626;\"><span style=\"caret-color: #262626;\">l&#8217;occurrence, les cochons du Mexique.\u00a0<span style=\"color: #0000ff;\"><a class=\"link link-pub-id openInAnotherWindow\" style=\"color: #006fb7;\" href=\"http:\/\/www.ncbi.nlm.nih.gov\/pubmed\/27350259\" target=\"_blank\" rel=\"noopener\"><span style=\"color: #0000ff;\">(Source)<\/span><\/a><\/span>\u00a0Idem pour les infections H3N2v de 2011.<\/span><\/span><\/p>\n<p style=\"color: #383838; text-align: center;\"><span style=\"color: #2a2a2a;\">\u00a0<\/span><em>&#8220;Swine production practices have changed dramatically in recent decades, (&#8230;) \u00a0pandemic risks presented by the <strong>high viral diversity present in pigs<\/strong> globally today. Indeed, there are many reasons to expect <strong>swine will increase in importance as pandemic threats, as evidenced since 2011 by the many children infected with H3N2v after attending swine agricultural fairs in the United States&#8221;.<\/strong> \u00a0<span style=\"color: #0000ff;\"><a class=\"link link-pub-id openInAnotherWindow\" style=\"font-style: inherit; color: #006fb7;\" href=\"http:\/\/www.ncbi.nlm.nih.gov\/pubmed\/23794729\" target=\"_blank\" rel=\"noopener\"><span style=\"color: #0000ff;\">(Source)<\/span><\/a><\/span><\/em><\/p>\n<p style=\"text-align: justify;\"><span style=\"color: #262626;\">Il y a plein d&#8217;autres <span style=\"color: #0000ff;\"><a href=\"https:\/\/academic.oup.com\/aje\/article\/187\/12\/2498\/5059949\"><span style=\"color: #0000ff;\">exemples<\/span><\/a><\/span><strong style=\"color: #000000;\">\u00a0<\/strong>qui corroborent que<strong> l&#8217;on ne pourra pas \u00e9viter\u00a0<\/strong><span style=\"caret-color: #262626;\"><strong>les prochaines pand\u00e9mies<\/strong> si la majorit\u00e9 des humains et des \u00e9lites politiques qui l\u00e9gif\u00e8rent les lois sur ces questions ne<strong> change pas d&#8217;attitude et leur relation abusive avec la\u00a0<\/strong><\/span><\/span><span style=\"color: #262626;\"><span style=\"caret-color: #262626;\"><strong>Plan\u00e8te et ses animaux,<\/strong> <span style=\"color: #000000;\">y compris les micro-organismes, les poules et, entre autres, les porcs dont leur anc\u00eatres les sangliers sauvages (ie, il y en a plein d&#8217;ou j&#8217;\u00e9cris) ne transmettent pas ces maladies voire pand\u00e9mies, \u00e0 condition toutefois qu&#8217;ils soient libres de captivit\u00e9 et des pratiques concentrationnaires et ne mange pas comme la majorit\u00e9 des humains et des porcs en captivit\u00e9.<\/span><\/span><\/span><\/p>\n<h4 style=\"text-align: center;\">Br\u00e8ve Discussion sur les deux hypoth\u00e8ses de l&#8217;origine du SARS CoV 2<\/h4>\n<p style=\"color: #000000; text-align: justify;\">A ce jour il y a toujours <strong>un d\u00e9bat<\/strong> sur la question de savoir si le virus du SARS CoV 2 vient des animaux ou d&#8217;un laboratoire sp\u00e9cialisant dans la manipulation g\u00e9n\u00e9tique virale \u00e0 des fins m\u00e9dicales \u00a0et-ou militaires.<\/p>\n<p style=\"color: #000000; text-align: justify;\">Pour pr\u00e9dire et pr\u00e9venir d&#8217;autres pand\u00e9mies et identifier des strat\u00e9gies de sant\u00e9 publique, il serait utile, mais non indispensable d&#8217;identifier les origines du virus de la Covid 19. Pour l&#8217;heure, la v\u00e9rit\u00e9 sugg\u00e8rent que <strong>les origines se trouvent dans ces deux domaines. Mais celle qui serait d\u00e9terminante serait l&#8217;origine animale.<\/strong> L&#8217;histoire montre que les maladies zoologique sont la norme en mati\u00e8re d&#8217;\u00e9pid\u00e9mie et \u00a0de pand\u00e9mie, y compris la peste noir, la grippe de 1981, \u00a0HIV\/AIDS, Ebola, SARS, le virus de la polio et entre autres MERS.<\/p>\n<p style=\"color: #000000; text-align: justify;\"><strong>Meme si la deuxi\u00e8me hypoth\u00e8se, connue sous le vocable <\/strong><span style=\"color: #0000ff;\"><a style=\"color: #038bb3;\" href=\"https:\/\/childrenshealthdefense.org\/defender\/fauci-2012-video-gain-of-function-experiments-benefit-society\/\"><span style=\"color: #0000ff;\">gain of function<\/span><\/a>\u201d\u00a0<\/span><strong>est la bonne,<\/strong> que le SARS CoV 2 serait issu des exp\u00e9rimentation virale du laboratoire d Wuhan,<strong> le virus est quand venu d&#8217;un animal.\u00a0<\/strong>\u00a0En l&#8217;occurence, les faits sugg\u00e8rent que ce sont les virus de la \u00a0chauve souris chinoise qui aurait interagit avec d&#8217;autres animaux pour \u00e9ventuellement atterrir dans le laboratoire de Wuhan. De l\u00e0, le virus candidat \u00e0 la pand\u00e9mie \u00a0aurait \u00e9t\u00e9 manipul\u00e9 g\u00e9n\u00e9tiquement pour la recherche.<\/p>\n<p style=\"color: #000000; text-align: justify;\">Il y a incertitude si ca aurait \u00e9t\u00e9 pour la recherche m\u00e9dicale ou militaire. Mais vu que les NIH du gouvernment am\u00e9ricain aurait financ\u00e9 50 million dollars pour aider le Lab de Wohan dans ses besognes,\u00a0<span style=\"color: #0000ff;\"><a style=\"color: #038bb3;\" href=\"https:\/\/childrenshealthdefense.org\/defender\/ecohealth-alliance-hid-pentagon-funding\/\"><span style=\"color: #0000ff;\">(Source)<\/span><\/a>\u00a0il<\/span>\u00a0est <strong>raisonnable de pr\u00e9sumer<\/strong> qu&#8217;il s&#8217;agissait davantage de mieux comprendre comment manipuler g\u00e9n\u00e9tiquement certains virus que de manipuler un virus pour infecter l&#8217;humanit\u00e9. Ce faisant, soit ce virus manipul\u00e9 aurait \u00e9t\u00e9 sciemment lach\u00e9 dans la nature, soit il se serait \u00e9chapp\u00e9 par accident.<\/p>\n<h4 style=\"text-align: center;\">Une Carence gravissime des Experts et des Agents de la Sant\u00e9 Publique de l&#8217;Etat<\/h4>\n<p style=\"text-align: justify;\">Quoi qu&#8217;il en soit des origines, ce que l&#8217;on sait, c&#8217;est que les<strong> pand\u00e9mies virales qui affectent les humains viennent des virus des animaux et non des virus des plantes<\/strong>.<\/p>\n<p style=\"text-align: justify;\">On sait aussi que les virus les plus pathog\u00e8nes viennent de <strong>l&#8217;exploitation animale et de la destruction de leur habitat naturel.\u00a0<\/strong><\/p>\n<p style=\"text-align: justify;\">Et enfin, on sait qu&#8217;il y plein de gouvernements, y compris la USA et la France, qui investissent dans <strong>la recherche en mati\u00e8re de la manipulation g\u00e9n\u00e9tique des acides nucl\u00e9iques virales<\/strong>, soit en faveur de la m\u00e9decine allopathique, soit pour la recherche en &#8220;bioweapons&#8221;.<\/p>\n<p style=\"text-align: justify;\">Or, \u00e0 notre connaissance, <strong>les responsables du Gouvernement n&#8217;ont rien fait<\/strong> en amont et en substance pour\u00a0<strong>limiter significativement les risques zoonotiques <\/strong>via une r\u00e9glementation stricte et holistique des fermes concentrationnaires et du commerce qui g\u00e8re la production animale ainsi que du respect de l&#8217;habitat ou vivent les animaux.<\/p>\n<p style=\"text-align: justify;\">Une r\u00e9glementation dont la finalit\u00e9 devrait aboutir<strong> au d\u00e9mant\u00e8lement des ces fermes industrielles animales<\/strong> puis \u00e0 une reconversion vers une\u00a0<strong>agriculture holistique<\/strong> plus conforme \u00e0 la biologie \u00e9volutive, \u00e0 la \u00a0soutenabilit\u00e9 \u00a0et \u00e0 la sant\u00e9 de tous.<\/p>\n<p style=\"text-align: justify;\">Idem pour une <strong>meilleure r\u00e9glementation sur l&#8217;am\u00e9nagement des territoires naturels, du littoral et forestier qui respecterait l&#8217;habitat naturel de la faune\u00a0fran\u00e7aise ainsi que de la flore, <\/strong>car faune et flore sont indissociables.<\/p>\n<p style=\"text-align: justify;\">Et enfin, on a rien vu dans la Diplomatie Fran\u00e7aise et l&#8217;activit\u00e9 l\u00e9gislative de l&#8217;Assembl\u00e9e Nationale sur des propositions de loi <strong>portant sur une meilleure r\u00e9glementation concernant la recherche et les manipulation g\u00e9n\u00e9tique des virus.<\/strong><\/p>\n<h4 style=\"text-align: center;\">Autre Limite au niveau de l&#8217;inaction et de la n\u00e9gligence des agents de la Sant\u00e9 Publique de l&#8217;Etat, l&#8217;id\u00e9ologie alimentaire de la m\u00e9decine officielle<\/h4>\n<div class=\"_1mf _1mj\" style=\"text-align: justify;\" data-offset-key=\"duv1c-0-0\">\n<div data-block=\"true\" data-editor=\"39o9a\" data-offset-key=\"ev2rn-0-0\">\n<p style=\"color: #1d2129; text-align: justify;\"><strong style=\"color: #1d2129;\">Une autre limite<\/strong><span style=\"color: #1d2129;\"> de la politique de sant\u00e9 publique fran\u00e7aise repose sur\u00a0<\/span><strong style=\"color: #1d2129;\">l&#8217;inaction\u00a0<\/strong><span style=\"color: #1d2129;\">voire la\u00a0n\u00e9gligence\u00a0concernant\u00a0<\/span><strong><span style=\"color: #1d2129;\">les r\u00e9gimes alimentaires anti-inflammatoires et &#8220;plantivores&#8221; (ie,\u00a0<span style=\"caret-color: #1d2129;\">v\u00e9g\u00e9taux)<\/span>\u00a0qui renforcent la sant\u00e9 et l&#8217;immunit\u00e9 naturelle<\/span><\/strong><span style=\"color: #1d2129;\"> tout en \u00e9vitant plusieurs d\u00e9sordres d\u00e9g\u00e9n\u00e9ratifs et jusqu&#8217;a 60\u00a0<\/span><span style=\"color: #1d2129;\"><span style=\"caret-color: #1d2129;\">pour-cent<\/span>\u00a0des maladies\u00a0infectieuses zoonotiques qui viennent des animaux.<span style=\"color: #000000;\">\u00a0<span style=\"color: #0000ff;\"><a style=\"color: #555768;\" href=\"https:\/\/www.cdc.gov\/ncezid\/\"><span style=\"color: #0000ff;\">(Source)<\/span><\/a><\/span><\/span><\/span><\/p>\n<p style=\"color: #1d2129; text-align: justify;\"><span style=\"color: #1d2129;\">En effet, au niveau de l&#8217;Etat, \u00e0 notre connaissance,<\/span><strong><span style=\"color: #1d2129;\"> pratiquement rien n&#8217;est fait pour \u00e9duquer la population aux r\u00e9gimes alimentaires sains, majoritairement\u00a0<\/span><span style=\"caret-color: #1d2129;\">v\u00e8gans et<\/span><span style=\"color: #1d2129;\">\u00a0plantivores, &#8220;mostly plant-based&#8221;, <\/span><\/strong><span style=\"color: #1d2129;\">comme on dit\u00a0<\/span><span style=\"color: #1d2129;\"><span style=\"caret-color: #1d2129;\">dans<\/span>\u00a0les milieux acad\u00e9mique avanc\u00e9s anglophones.<\/span><\/p>\n<p style=\"color: #1d2129; text-align: justify;\"><span style=\"color: #1d2129;\">Pire, pour les <strong>experts de l&#8217;Etat fran\u00e7ais, y compris les experts m\u00e9decins allopathes anti-sectes de la Miviludes,<\/strong> ceux et celles qui pratiquent une<strong> approche holistique comme\u00a0le v\u00e9ganisme seraient des individus extr\u00e9mistes et dangereux,<\/strong> pour leur enfants et pour eux-m\u00eame, en proie \u00e0 toutes sorte de maladies y compris la &#8220;maladie&#8221; mentale de faire partie d&#8217;une &#8220;d\u00e9rive alimentaire et sectaire&#8221; dangereuse et manipulatrice qui serait une menace pour l&#8217;ordre public.\u00a0<a href=\"https:\/\/www.leparisien.fr\/societe\/extremisme-alimentaire-ces-pratiques-qui-presentent-un-risque-sectaire-24-03-2018-7626558.php\"><span style=\"color: #0000ff;\">(Source<\/span>)<\/a>.<\/span><\/p>\n<p style=\"color: #1d2129; text-align: center;\"><em>&#8220;Ainsi, en lien avec la question de <strong>l\u2019exploitation animale et du v\u00e9ganisme se d\u00e9veloppe une forme d\u2019extr\u00e9misme, comme dans le domaine de l\u2019\u00e9cologie le mouvement de\u00a0deep ecology,\u00a0qui peuvent mettre en danger les adeptes et particuli\u00e8rement les enfants.<\/strong> <span style=\"color: #0000ff;\"><a href=\"https:\/\/www.derives-sectes.gouv.fr\/sites\/default\/files\/publications\/francais\/rapport_miviludes_2017_web_v2_0.pdf\"><span style=\"color: #0000ff;\">(Source)<\/span><\/a><\/span><\/em><\/p>\n<div id=\"main_comment\" class=\"main_comment\" style=\"color: #606060;\">\n<p style=\"color: #000000; text-align: center;\"><em>&#8220;La Miviludes s&#8217;inqui\u00e8te des promesses de &#8220;meilleure sant\u00e9&#8221; en adoptant des <strong>comportements alimentaires &#8220;extr\u00eames&#8221;<\/strong> et qui trouvent une audience grandissante malgr\u00e9 les risques encourus\u00a0:<strong> je\u00fbnes prolong\u00e9s et r\u00e9gimes tr\u00e8s carenc\u00e9s ou extr\u00eames (comme le) \u00a0v\u00e9ganisme et le crudivorisme<\/strong> (&#8230;) \u00a0<strong>Voici un t\u00e9moignage recueilli par la Miviludes et inclus dans son rapport\u00a0: &#8216;<\/strong>Je vous lance un appel au secours au sujet de ma fille de 33 ans m\u00e8re de deux enfants en bas \u00e2ge [\u2026] Ma fille a adopt\u00e9 <strong>le look VEGAN, ne mange plus de viande, elle a subi des pressions anti-famille.<\/strong> Nous maintenons le lien avec elle afin qu&#8217;elle ne sombre pas. Maigre, il ne reste plus que la peau et les os. Elle suit les conseils et mange des l\u00e9gumes pour compenser la viande&#8230;.&#8221;\u00a0<a href=\"https:\/\/www.vidal.fr\/actualites\/13051-rapport-senatorial-comment-lutter-contre-les-derives-therapeutiques-et-sectaires.html\">(Source)<\/a><\/em><\/p>\n<p><span style=\"color: #1d2129;\">Dans cette perspective, l&#8217;un des patrons de la Mivilude, <span style=\"color: #050505;\">Georges Fenech, d\u00e9put\u00e9 et ancien juge,<\/span>\u00a0pr\u00e9cisait sa pens\u00e9e sur la nature de la m\u00e9decine naturelle et holistique: <em>\u00a0<strong>\u00ab<\/strong><\/em><\/span><em style=\"color: #1d2129;\"><span style=\"color: #1d2129;\"><strong>\u00a0Tout ce qui est naturel peut cacher des d\u00e9rives sectaires \u00bb<\/strong>. <\/span><\/em><a style=\"color: #1d2129;\" href=\"\u00a0http:\/\/www.europe1.fr\/...\/la-mode-du-bien-etre-profite...\"><span style=\"color: #0000ff;\">(Source<\/span>)<\/a><span style=\"color: #1d2129;\">. \u00a0Y compris les gens qui refusent les vaccins: <strong>\u00a0<em>&#8220;&#8230;des\u00a0<\/em><\/strong><\/span><span style=\"color: #050505;\"><strong>groupes qui s\u2019attaquent \u00e0 la m\u00e9decine rationnelle, par des campagnes anti-vaccinations par exemple<\/strong> \u00bb,disait l\u2019actuel pr\u00e9sident de la Miviludes, Serges Blisko\u00a0<\/span><a style=\"color: #050505;\" href=\"https:\/\/www.la-croix.com\/...\/Serge-Blisko-un-medecin-a-la...\">(Source)<\/a><span style=\"color: #1d2129;\">.<\/span><\/p>\n<\/div>\n<p><span style=\"color: #1d2129;\">Aux d\u00e9rives sectaire v\u00e9gane et anti-vaccin <strong>s&#8217;ajoutent plein d&#8217;autres d\u00e9rives extremes et dangereuses, <\/strong>telles\u00a0<\/span><span style=\"color: #050505; caret-color: #050505;\">l&#8217;agriculture<\/span><span style=\"color: #1d2129;\">\u00a0naturelle dite biodynamie, laquelle s&#8217;inspire de de la m\u00e9decine\u00a0anthropomorphique du &#8220;guru&#8221; Steiner qui est aussi sur la liste Mivilude comme une pseudo-m\u00e9decine \u00e9sot\u00e9rique \u00e0 tendance sectaire, ainsi que plusieurs autres m\u00e9decines et techniques holistiques et \u00e9pig\u00e9n\u00e9tiques qui sont\u00a0<\/span><span style=\"color: #050505;\">robustement<\/span><span style=\"color: #050505;\">\u00a0fond\u00e9es dans la science, valid\u00e9es par plusieurs laur\u00e9ats Nobel et reconnues par les autorit\u00e9s des syst\u00e8mes de sant\u00e9 publique aux USA, en\u00a0<\/span><span style=\"color: #1d2129;\">Allemagne<\/span><span style=\"color: #1d2129;\">\u00a0 en Autriche, en Suisse, au Japon, en Grande Bretagne et\u00a0<\/span><span style=\"color: #050505;\">autres<\/span><span style=\"color: #050505;\">\u00a0pays,\u00a0<\/span><span style=\"color: #050505;\">tels l&#8217;EMDR<span style=\"color: #1d2129;\">, le reiki, (pratiqu\u00e9 dans les h\u00f4pitaux am\u00e9ricains) la kin\u00e9siologie, la sophrologie, \u00a0le yoga, (pratiqu\u00e9 \u00e0 l&#8217;OMS) les psychoth\u00e9rapeutes, la naturopathie, l&#8217;acupuncture, (une m\u00e9decine de plus de 5000 ans), voir <strong>la technique holistique &#8220;mindfulness&#8221; ou &#8220;pleine conscience&#8221; qui\u00a0inqui\u00e8te particuli\u00e8rement le pr\u00e9sident-d\u00e9put\u00e9 de la Mivilude, alors que cette technique a \u00e9t\u00e9 valid\u00e9e par un laur\u00e9at Nobel et des milliers d&#8217;\u00e9tudes publi\u00e9es.<\/strong><\/span><\/span><\/p>\n<p><span style=\"color: #050505;\"><span style=\"color: #1d2129;\">\u00a0Toutes ces &#8220;pseudom\u00e9decines&#8221; et leurs &#8220;charlatans&#8221; (c&#8217;est l&#8217;\u00e9pith\u00e8te utilis\u00e9) qui sont promues par des salons non moins suspects comme le salon &#8220;Bio-Zen&#8221; et les r\u00e9seaux sociaux complotistes seraient des <strong>d\u00e9rives sectaires dangereuses privant par l\u00e0 les futurs patients des standards et des drogues de la m\u00e9decine allopathique officielle,\u00a0<\/strong>laquelle a \u00e9t\u00e9 reconnue comme \u00e9tant la 3 i\u00e8me cause de mort et de souffrance collective, (plus de 400,000 d\u00e9c\u00e8s-victimes en Am\u00e9rique par an). Mais ce fait n&#8217;est pas mentionn\u00e9 dans les rapports gouvernementaux Mivilude.<\/span><\/span><\/p>\n<div class=\"page\" style=\"color: #000000;\" title=\"Page 21\">\n<div class=\"layoutArea\">\n<div class=\"column\">\n<p>C&#8217;est vrai que dans la m\u00e9decine alternative, source de plus de 80 pour-cent de l&#8217;innovation en m\u00e9decine, il peut avoir des abus et des erreurs. Mais les \u00e9tudes montrent que<strong> l&#8217;ordre de magnitude<\/strong> de ces accidents et incidents sont immens\u00e9ment moins nocifs par rapport \u00e0 ce qui se passe dans la m\u00e9decine officielle dite allopathique.<\/p>\n<p>Ca se comprend. <strong>La majorit\u00e9 des m\u00e9decins allopathes n&#8217;ont pas pu b\u00e9n\u00e9ficier d&#8217;une formation holistique en m\u00e9decine<\/strong> et travaillent avec des mol\u00e9cule de synth\u00e8se, la radiation, la chimio-cyto-toxique et, inter alia, la chirurgies, lesquelles sont des interventions lourdes, risqu\u00e9es comportant plein d&#8217;effets &#8220;secondaires alors que les interventions holistiques sont beaucoup plus douce et conforme \u00e0 l&#8217;\u00e9volution biologique du vivant.<\/p>\n<p>A ce sujet, les faits montrent que la majorit\u00e9 des actes m\u00e9dicaux de la m\u00e9decine officielle allopathique (la majorit\u00e9, pas tous, en urgence et dans quelques autres secteurs, la m\u00e9decine allopathique est utile) ont tendance \u00e0 \u00eatre &#8220;extremes&#8221; et &#8220;dangereux&#8221;, (ie, les pontages et stents cardiaques ou la chimioth\u00e9rapie canc\u00e9reuse) souvent inutiles et presque tout le temps <strong>cliniquement inf\u00e9rieurs aux standards de la m\u00e9decine holistique, naturopathique et innovante.<\/strong><\/p>\n<p>C&#8217;est pourquoi les standards de la m\u00e9decine alternative en Am\u00e9rique (eg, m\u00e9decine holistique, fonctionnelle, int\u00e9grative, naturelle, naturopatique, nutritionnelle et autres) <strong>se substituent de plus en plus aux standards inadapt\u00e9s et d\u00e9suets de la m\u00e9decine allopathique moderne.<\/strong> En outre, depuis pr\u00e8s de 40 ans, les NIH (syst\u00e8me de sant\u00e9 publique et de recherche m\u00e9dicale du gouvernement f\u00e9d\u00e9rale des USA) \u00a0op\u00e8rent un <strong>centre national des m\u00e9decines alternatives et compl\u00e9mentaires<\/strong> alors qu&#8217;en France, au lieu d&#8217;\u00eatre lib\u00e9r\u00e9es, ces m\u00e9decine alternatives et compl\u00e9mentaires sont mis sur la liste gouvernementale Mivilude de pseudo-m\u00e9decines extremes, dangereuses, \u00e9sot\u00e9riques, fantaisistes et \u00e0 d\u00e9rive sectaire !<\/p>\n<p>J&#8217;ai plaid\u00e9 ces arguments moi-meme dans plusieurs juriictions am\u00e9ricaines pendant plus de dix ans, ainsi j&#8217;ai fait mon <strong>travail de recherche et de v\u00e9rification des faits, <\/strong>au point ou je peux me permettre de sugg\u00e9rer que la grande majorit\u00e9 des experts et des agents du gouvernement fran\u00e7ais en mati\u00e8re de sant\u00e9 publique et de politique alimentaire semblent sombrer dans le comportement du gouvernement allemand de 1941 quand celui-ci interdisait plusieurs types de m\u00e9decine alternative.<\/p>\n<p><strong>Ce r\u00e9ductionnisme scientiste,<\/strong> extreme et dangereux, qui dictent la &#8220;v\u00e9rit\u00e9 m\u00e9dicale&#8221; tout en r\u00e9primant la contestation scientifique via la censure et-ou l&#8217;harc\u00e8lement <strong>sur comment l&#8217;\u00eatre humain doit manger et se soigner<\/strong> n&#8217;est pas conforme aux standards d&#8217;une R\u00e9publique responsable, encore moins aux r\u00e8gles de droit que la jurisprudence europ\u00e9enne a d\u00e9gag\u00e9es en la mati\u00e8re.<\/p>\n<p>Pour ces experts, \u00a0l&#8217;homme est un &#8220;omnivore&#8221; qui doit manger du carn\u00e9 et des produits animaux pour etre en bonne sant\u00e9 et \u00e9viter les maladies y compris les pathologies infectieuses.<strong>\u00a0Or, les faits montrent que rien n&#8217;est moins vrais<\/strong>.<\/p>\n<\/div>\n<\/div>\n<\/div>\n<h4 style=\"color: #1d2129; text-align: center;\">Les Faits sur la protection anti-Covid de \u00a0l&#8217;alimentation v\u00e9gane et holistique sont solidement \u00e9tablis<\/h4>\n<p style=\"color: #1d2129; text-align: justify;\"><span style=\"color: #1d2129;\">\u00a0Les r\u00e9gimes plantivores et v\u00e9ganes (ie, &#8220;plant-based&#8221;) que les agents de l&#8217;Etat fran\u00e7ais diabolisent en les qualifiant &#8216;&#8221;d&#8217;extr\u00e9mistes&#8221; et &#8220;dangereux&#8221; sont pour<strong> la communaut\u00e9 scientifique internationale des r\u00e9gimes anti-inflammatoires &#8220;top&#8221;, <\/strong>en ce sens qu&#8217;ils\u00a0prosp\u00e8rent le mieux au niveau de la modulation immunitaire, du contr\u00f4le inflammatoire, de l&#8217;hom\u00e9ostasie du syst\u00e8me cardiovasculaire, de la neuro-plasticit\u00e9 voire au regard de la long\u00e9vit\u00e9 optimale, du ralentissement de la vieillesse pathologique \u00a0et de l&#8217;am\u00e9lioration de presque toutes les maladies d\u00e9g\u00e9n\u00e9ratives de la Soci\u00e9t\u00e9.\u00a0<\/span><\/p>\n<p style=\"color: #1d2129; text-align: center;\"><em><span style=\"color: #2a2a2a;\">&#8220;<strong>Healthy plant-based diet<\/strong> scores above the median were associated with<strong> a lower risk of all-cause mortality in US adults&#8221;<\/strong>\u00a0<\/span><a href=\"https:\/\/academic.oup.com\/jn\/article\/148\/4\/624\/4965931?login=true\">(Source)<\/a><\/em><\/p>\n<p style=\"color: #1d2129; text-align: justify;\">Les auteurs-scientifiques de cette \u00e9tude ci-avant ont bien \u00e9crit, qu&#8217;un &#8220;sain r\u00e9gime alimentaire v\u00e9gan&#8221; \u00e9tait associ\u00e9 avec un risque \u00a0moindre pour &#8220;all-cause mortality&#8221; chez les adultes am\u00e9ricains, <strong>ce qui vent bien dire que le v\u00e9ganisme d\u00e9cri\u00e9 par les experts de la sant\u00e9 publique et de la Mivilude du gouvernment fran\u00e7ais serait le fondement meme de la sant\u00e9 et de toute bonne m\u00e9decine.<\/strong><\/p>\n<p style=\"color: #1d2129; text-align: justify;\">Idem pour les<strong> maladies respiratoires et infectieuses<\/strong> <strong>comme la Covid<\/strong>.<\/p>\n<p style=\"color: #1d2129; text-align: center;\"><em><span style=\"color: #000000;\">&#8220;For decades it has been known that infectious agents including pathogenic protozoans, bacteria, and viruses, adapted to a particular animal host, <strong>can mutate to gain the ability to infect another host<\/strong>, and the mechanisms involved have been studied in great detail. (&#8230;.). <strong>One prevalent pathway for the transmission of infectious agents between hosts involves ingestion of the flesh of one organism by another.<\/strong> In this article we document numerous examples of viral and prion diseases transmitted by eating animals. We suggest that the occurrence of <strong>cross-species viral epidemics can be substantially reduced by shifting to a more vegetarian diet<\/strong> and enforcing stricter laws that ban the slaughter and trade of wild and endangered species&#8221;.\u00a0<\/span>\u00a0<\/em>The Causal Relationship between Eating Animals and Viral Epidemics\u00a0Reddy B.L.,\u00a0Saier M.H., Jr.,<span style=\"font-style: inherit;\">\u00a0<span style=\"color: #000000;\">Microb Physiol 2020;30:2\u20138\u00a0<\/span><a href=\"https:\/\/doi.org\/10.1159\/000511192\">(Source)<\/a><\/span><\/p>\n<p style=\"color: #1d2129; text-align: justify;\"><span style=\"color: #1d2129;\">En effet, <\/span><strong><span style=\"color: #1d2129;\">les r\u00e9gimes alimentaires majoritairement plantivores sont &#8220;evolutionarily&#8221; beaucoup mieux adapt\u00e9s au m\u00e9tabolisme, \u00e0 la sant\u00e9, au g\u00e9nome et \u00e0 la long\u00e9vit\u00e9 optimale de l&#8217;humain,<\/span><\/strong><span style=\"color: #1d2129;\"> mais \u00e0 condition que ces<\/span><span style=\"color: #1d2129;\">\u00a0r\u00e9gimes sont ancr\u00e9s dans les \u00a0pratiques de l&#8217;alimentation holistique saine, lesquelles assurent une bonne bio-assimilation de tous les nutriments (y compris la vitamine B 12, la DHA, l&#8217;EPA et autres). (1). Par exemple, un plat de spaghetti raffin\u00e9 et non bio, arros\u00e9 d&#8217;huile de tournesol et de sel commun est hautement inflammatoire, diabetog\u00e8ne en favorisant l&#8217;hypertension et d&#8217;autres pathologies, meme s&#8217;il est v\u00e9gan, ainsi, il n&#8217;est pas holistique.<\/span><\/p>\n<p style=\"color: #1d2129; text-align: justify;\"><span style=\"color: #1d2129;\">Contrairement \u00e0 l&#8217;alimentation omnivore pr\u00e9conis\u00e9 par les experts de l&#8217;Etat,<strong> le r\u00e9gime alimentaire plantivore holistique active \u00e9norm\u00e9ment plus de g\u00e8nes de la r\u00e9paration de l&#8217;ADN et les pathways de la long\u00e9vit\u00e9<\/strong>, gr\u00e2ce aux milliers de\u00a0<strong>&#8220;phytochemicals&#8221; <\/strong>qui se trouvent dans les l\u00e9gumes, les \u00e9pices et fruits\u00a0dont le corps a besoin pour vivre en bonne sant\u00e9 son potentiel de centenaire, voire de supercentenaire. (1 a)\u00a0<\/span><span style=\"color: #1d2129;\">\u00a0<\/span><\/p>\n<p style=\"color: #1d2129; text-align: justify;\"><span style=\"color: #1d2129;\">Le poids des preuves, ce que l&#8217;on appelle en droit am\u00e9ricain, &#8220;the preponderance of the evidence&#8221; est &#8220;overwhelming&#8221;. Quand ces <strong>pratiques holistiques<\/strong> sont respect\u00e9es,<strong> l&#8217;humain r\u00e9siste beaucoup mieux<\/strong> \u00e0 plein de d\u00e9sordres d\u00e9g\u00e9n\u00e9ratifs y compris le vieillissement acc\u00e9l\u00e9r\u00e9 et pathologique et<strong> le &#8220;cognitive decline&#8221;<\/strong> dont souffrent presque tous les s\u00e9niors qui ne font pas partie de la \u00a0&#8220;secte&#8221; holistique, c.a.d qui ne vivent pas un mode de vie sain et holistique, \u00a0y compris les s\u00e9niors de la Miviludes.<\/span><\/p>\n<p style=\"color: #1d2129; text-align: justify;\"><span style=\"color: #1d2129;\">Ce fait sera peut-etre une surprise ou un choc pour les membres de la Mivilude et du Minist\u00e8re de la Sant\u00e9, mais quand les gens, y compris les s\u00e9niors, vivent de fa\u00e7on saine et holistique,<strong> les hyper-infections inflammatoires et respiratoires come celles provoqu\u00e9es par le virus de 1918 et les virus de la COVID 19 ne s&#8217;enclenchent pas<\/strong>.\u00a0<\/span><\/p>\n<p style=\"color: #1d2129; text-align: justify;\"><span style=\"color: #1d2129;\">A l&#8217;appui, <strong>plusieurs<\/strong><\/span><strong><span style=\"color: #1d2129;\">\u00a0\u00e9tudes publi\u00e9es <\/span><\/strong><span style=\"color: #1d2129;\">dans les journaux m\u00e9dicaux\u00a0<\/span><span style=\"color: #1d2129;\"><span style=\"caret-color: #1d2129;\">prestigieux<\/span><\/span><span style=\"color: #1d2129;\">\u00a0<\/span><strong><span style=\"color: #1d2129;\">montrent que le r\u00e9gime v\u00e9g\u00e9talien est le meilleur pour ce qui est de la r\u00e9duction de la dang\u00e9riosit\u00e9 \u00a0de la COVID 19,<\/span><\/strong><span style=\"color: #1d2129;\">\u00a0puis en deuxi\u00e8me, le r\u00e9gime v\u00e9g\u00e9tarien associ\u00e9 \u00e0 l&#8217;ingestion mod\u00e9r\u00e9e de poissons, riches en om\u00e9gas 3 DHA et EPA (ie, long chain fatty acids or PUFA) qui sont essentielles pour plein de fonctions m\u00e9taboliques et physiologiques, y compris pour la &#8220;cardiolipin-rich&#8221; membrane interne des mitochondries. \u00a0<\/span><\/p>\n<div class=\"panel-pane pane-highwire-article-citation col-mobile-10 col-narrow-10 col-normal-11 article-title\">\n<div class=\"pane-content\">\n<div id=\"node1372\" class=\"highwire-article-citation highwire-citation-type-highwire-article\" data-node-nid=\"1372\" data-pisa=\"bmjnph;bmjnph-2021-000272v1\" data-pisa-master=\"bmjnph;bmjnph-2021-000272\" data-apath=\"\/bmjnph\/early\/2021\/05\/18\/bmjnph-2021-000272.atom\">\n<div class=\"highwire-cite-title\" style=\"text-align: center;\"><em><strong>&#8220;&#8230;In six countries, plant-based diets or pescatarian diets were associated with lower odds of moderate-to-severe COVID-19.<\/strong>\u00a0These dietary patterns may be considered for protection against severe COVID-19. (Plant-based diets, pescatarian diets and COVID-19 severity: a population-based case\u2013control study in six countries) <span style=\"color: #0000ff;\">(<a href=\"http:\/\/dx.doi.org\/10.1136\/bmjnph-2021-000272\"><span style=\"color: #0000ff;\">Source A)<\/span><\/a><\/span><\/em><\/div>\n<div class=\"highwire-cite-title\" style=\"text-align: center;\">.<\/div>\n<div class=\"highwire-cite-title\" style=\"text-align: center;\"><em><strong>&#8220;Healthcare professionals eating a\u00a0plant-based diet\u00a0were 73% less likely to experience moderate to severe COVID-19, and those following a plant- or fish-based diet were 59% less likely to get seriously ill.\u00a0<\/strong>The study\u2019s authors write, \u201cOur results suggest that a healthy diet rich in nutrient-dense foods may be considered for protection against severe COVID-19.\u201d\u00a0<\/em><em>The study appears in the journal<span style=\"color: #0000ff;\">\u00a0<a class=\"yiv3654766581content-link yiv3654766581css-29oowu\" style=\"color: #489fcd;\" href=\"https:\/\/nutrition.bmj.com\/lookup\/doi\/10.1136\/bmjnph-2021-000272\" target=\"_blank\" rel=\"nofollow noopener noreferrer\"><span style=\"color: #0000ff;\">BMJ Nutrition, Prevention &amp; Health<\/span><\/a>.<\/span><\/em><\/div>\n<div class=\"highwire-cite-title\" style=\"color: #000000;\">.<\/div>\n<div class=\"highwire-cite-title\" style=\"color: #000000;\">Par ailleurs, plusieurs mol\u00e9cules d\u00e9l\u00e9t\u00e8res et inflammatoires pro-Covid se trouvent dans les produits d&#8217;animaux et non dans les plantes, parmi lesquelles il y a les prot\u00e9ines \u00a0<span style=\"color: #0000ff;\"><a href=\"https:\/\/www.ncbi.nlm.nih.gov\/pmc\/articles\/PMC6877687\/\"><span style=\"color: #0000ff;\">TMAO <\/span><\/a><\/span>et, entre autres,\u00a0<em><span class=\"style-scope yt-formatted-string\" dir=\"auto\">la &#8220;Sialic Acid Neu5Gc&#8221;.\u00a0<\/span><\/em><\/div>\n<div class=\"highwire-cite-title\" style=\"text-align: center;\">.<\/div>\n<div class=\"highwire-cite-title\" style=\"text-align: center;\"><span class=\"style-scope yt-formatted-string\" dir=\"auto\">\u00a0<em>&#8220;&#8230; a new research on Neu5Gc, a<strong> sialic acid molecule found in meat and dairy, and how it may contribute to severe COVID-19 symptoms,<\/strong> inflammation, and certain chronic diseases and cancers&#8221;<\/em><\/span><em><span class=\"style-scope yt-formatted-string\" dir=\"auto\">\u00a0.\u00a0<span style=\"color: #0000ff;\"><span style=\"color: #0000ff;\"><a href=\"https:\/\/www.youtube.com\/watch?v=xRkRilP1OTU\">(Source)<\/a><\/span><\/span><\/span><\/em><\/div>\n<div class=\"highwire-cite-title\" style=\"text-align: center;\">.<\/div>\n<div class=\"highwire-cite-title\">Pire,<strong> la configuration des acides amin\u00e9s du carn\u00e9,<\/strong> y compris la chaire de poule et de poisson, via les &#8220;branched-chain amino acids&#8221; <strong>active deux des moteurs du vieillissement acc\u00e9l\u00e9r\u00e9 ainsi que <span style=\"color: #000000;\">la\u00a0<\/span><a title=\"Covid ebook Two\" href=\"https:\/\/centredebienetreholistique.com\/?page_id=11377\">canc\u00e9rogen\u00e8se<\/a>\u00a0et d&#8217;autres maladies de civilisation tout en r\u00e9duisant la<a href=\"https:\/\/pubmed.ncbi.nlm.nih.gov\/30114226\/.%20low nad+\"> NAD<\/a>+,<\/strong> une mol\u00e9cule importante pour la vie et la long\u00e9vit\u00e9.\u00a0Ces moteurs, utiles quand l&#8217;humain grandit, deviennent nocifs avec l&#8217;age, ils\u00a0\u00a0s&#8217;appellent mTOR et IG-1.<a href=\"https:\/\/www.linkedin.com\/pulse\/high-protein-diets-may-accelerate-aging-more-than-we-david\"> (Source)<\/a><\/div>\n<div class=\"highwire-cite-title\" style=\"text-align: center;\">.<\/div>\n<div class=\"highwire-cite-title\" style=\"text-align: center;\"><em><span style=\"color: #000000;\">&#8220;The Western diet is the prototype of modern dietary pattern and is mainly characterized by the intake of large amounts of red meat, dairy products, refined grains and sugar. <strong>Large amounts of scientific evidence<\/strong> positively correlate Western diet to acne, obesity, diabetes, heart disease and cancer, the so-called \u201cdiseases of civilization\u201d<strong>. The pathophysiological common ground of all these pathologies is the IGF-1 and mTORC pathways.<\/strong>&#8230;&#8221; <a href=\"https:\/\/www.ncbi.nlm.nih.gov\/pmc\/articles\/PMC6362881\/\">(Source)<\/a><\/span><\/em><\/div>\n<div class=\"highwire-cite-title\" style=\"text-align: center;\">\n<div style=\"color: #000000;\">.<\/div>\n<div style=\"text-align: justify;\"><span style=\"color: #000000;\">Par contre, quand le\u00a0<\/span><strong><span style=\"color: #000000;\">\u00a0microbiote humain\u00a0<\/span><span style=\"caret-color: #000000;\">baigne<\/span><span style=\"color: #000000;\">\u00a0dans un milieu plantivore riche en fibre solubles et insolubles et plus de mille &#8220;phytochemicals&#8221; et bioflavonoides des plantes, il active et module beaucoup\u00a0<span style=\"caret-color: #000000;\">mieux<\/span>\u00a0le syst\u00e8me immunitaire.\u00a0<\/span><\/strong><a style=\"color: #000000;\" href=\"https:\/\/www.sciencedirect.com\/science\/article\/pii\/S0924224420307214\">(Source)<\/a>\u00a0ainsi que les &#8220;longevity pathways&#8221;, les sirtuins et, entre autres, la protection anti-covid.<\/div>\n<div style=\"text-align: justify;\">.<\/div>\n<div style=\"text-align: justify;\">Dans cette perspective, \u00e0 l&#8217;appui, il y a plusieurs \u00e9tudes publi\u00e9es qui confirment que les fibres, les pigments et les milliers d&#8217;autres \u00a0produits photochimiques des plantes ont contribu\u00e9 \u00e0<strong> prot\u00e9ger des patients qui ont contract\u00e9 la Covid 19.<\/strong><a href=\"https:\/\/link.springer.com\/article\/10.1007\/s12088-020-00908-0\"> (Source)<\/a><\/div>\n<div style=\"text-align: justify;\">.<\/div>\n<div style=\"text-align: justify;\">L&#8217;un des m\u00e9canismes qui expliquent pourquoi les r\u00e9gimes plantivores sont efficaces contre la Covid 19\u00a0repose sur le<strong> role de r\u00e9gulation de l&#8217;inflammation g\u00e9n\u00e9rale (syst\u00e9mique)<\/strong>\u00a0<strong>d&#8217;un r\u00e9gime alimentaire v\u00e9gan,<\/strong> ce qui peut etre mesur\u00e9 via les tests C reactive Protein.<\/div>\n<div style=\"text-align: justify;\">.<\/div>\n<div style=\"color: #000000;\"><span style=\"color: #222222;\">\u00a0<em>&#8220;We found <strong>robust evidence<\/strong> for short- to moderate-term beneficial effects of<strong> plant-based diets<\/strong> versus conventional diets (duration\u2009\u2264\u200924 months) on weight status, energy metabolism and <strong>systemic inflammation i<\/strong>n healthy participants, obese and type-2 diabetes patients&#8221;. <a href=\"https:\/\/www.nature.com\/articles\/s41398-019-0552-0\">(Source)<\/a><\/em><\/span><\/div>\n<div style=\"color: #000000;\">.<\/div>\n<div style=\"color: #000000;\">\n<div style=\"text-align: justify;\">Idem pour la <strong>r\u00e9gulation immunitaire<\/strong>, \u00e0 la fois inn\u00e9e et adaptive, celle qui est d\u00e9cisive pour ce qui est de la <strong>&#8220;covid viral clearance&#8221;.<\/strong><\/div>\n<div>\n<div>.<\/div>\n<div><em><strong>&#8220;The fermentation of dietary fiber by gut microbes, resulting in formation of short chain fatty acids, has been further known to regulate immune functioning\u00a0<\/strong>via various receptors and pathways involving molecules such as G-protein coupled receptors (GPCRs). GPCRs such as GPCR43 and GPCR120 have been reported to regulate anti-inflammatory pathways such as enhanced reactive oxygen species (ROS) mediated killing coupled with enhanced phagocytosis, induction of apoptosis, recruitment of specific proteins and cytokine production thereby\u00a0<strong>contributing immensely to immune regulation\u00a0<\/strong><span style=\"color: #0000ff;\">[<a id=\"ref-link-section-d62216e872\" style=\"color: #a345c9;\" title=\"Maslowski KM, Mackay CR (2011) Diet, gut microbiota and immune responses. Nat Immunol 12:5\u20139. https:\/\/doi.org\/10.1038\/ni0111-5 \" href=\"https:\/\/link.springer.com\/article\/10.1007\/s12088-020-00908-0#ref-CR12\" data-track=\"click\" data-track-action=\"reference anchor\" data-track-label=\"link\" data-test=\"citation-ref\"><span style=\"color: #0000ff;\">12<\/span><\/a>]<\/span> (Maslowski KM, Mackay CR (2011) Diet, gut microbiota and immune responses. Nat Immunol 12:5\u20139.\u00a0<span style=\"color: #0000ff;\"><a style=\"color: #a345c9;\" href=\"https:\/\/doi.org\/10.1038\/ni0111-5\"><span style=\"color: #0000ff;\">https:\/\/doi.org\/10.1038\/ni0111-5<\/span><\/a>)\u00a0<a href=\"https:\/\/link.springer.com\/article\/10.1007\/s12088-020-00908-0\"><span style=\"color: #0000ff;\">(Source)<\/span><\/a><\/span><\/em><\/div>\n<\/div>\n<\/div>\n<div style=\"color: #000000;\">.<\/div>\n<div style=\"color: #000000; text-align: justify;\">Notons que les auteurs de ce texte ont \u00e9crit <strong>&#8220;immensely&#8221; et qu&#8217;il s&#8217;agit de fibre v\u00e9ganes ou v\u00e9g\u00e9tales.<\/strong> Pour m\u00e9moire, les produits d&#8217;animaux n&#8217;ont pas de fibres.<\/div>\n<div style=\"color: #000000; text-align: justify;\">.<\/div>\n<div style=\"color: #000000; text-align: justify;\">Idem pour<strong> les\u00a0d\u00e9fenses endog\u00e8nes au niveau des m\u00e9ninges et du CNS (central nervous system), le syst\u00e8me nerveux centra<\/strong>l (<span style=\"color: #0000ff;\">via micro<a href=\"https:\/\/www.jimmunol.org\/content\/204\/2\/251\"><span style=\"color: #0000ff;\">glial cells<\/span><\/a>).<\/span><\/div>\n<div style=\"color: #000000; text-align: justify;\">.<\/div>\n<div style=\"color: #000000;\"><span style=\"color: #3e3d40;\"><em>&#8220;Herein, we highlight and discuss current findings that show the influence of <strong>host microbiome, as a crucial extrinsic factor, on microglia within the CNS.<\/strong> In addition, we summarize the CNS diseases associated with both the host microbiome and microglia and explore the potential pathways by which the gut bacteria influence the pathogenesis of CNS diseases&#8221;<\/em><a href=\"https:\/\/www.frontiersin.org\/articles\/10.3389\/fimmu.2018.02325\/full\"><em> (Source<\/em>)<\/a><\/span><\/div>\n<div style=\"color: #000000; text-align: justify;\">.<\/div>\n<div style=\"color: #000000; text-align: justify;\">Idem pour ce qui est <strong>des muqueuses (via IGa),<\/strong> de l&#8217;h\u00e9pato-d\u00e9fense contre le\u00a0<a href=\"https:\/\/www.sciencedaily.com\/releases\/2018\/05\/180524141715.htm\">c<span style=\"color: #0000ff;\">ancer du foi<\/span><\/a><span style=\"color: #0000ff;\">, de l<a href=\"https:\/\/www.ncbi.nlm.nih.gov\/pmc\/articles\/PMC4856812\/\"><span style=\"color: #0000ff;\">&#8216;immunit\u00e9 inn\u00e9e li\u00e9e au foi,<\/span><\/a>\u00a0<\/span>des cellules h\u00e9pato-immunitaires\u00a0dites <a href=\"https:\/\/www.ncbi.nlm.nih.gov\/pmc\/articles\/PMC5755505\/\"><span style=\"color: #0000ff;\">&#8220;Kupffer<\/span>&#8220;<\/a>\u00a0et d&#8217;une multitude de pathologies relatives au foi <a href=\"https:\/\/medicalxpress.com\/news\/2020-04-evidence-microbiome-crosstalk-immune-contributes.html\">(<span style=\"color: #0000ff;\">Source)<\/span><\/a><span style=\"color: #0000ff;\">.<\/span><\/div>\n<div style=\"color: #000000; text-align: justify;\"><span style=\"color: #2e2e2e;\">\u00a0<\/span><\/div>\n<div style=\"color: #000000;\"><em><span style=\"color: #2e2e2e;\">&#8220;The intimate proximity and circulatory loop of the liver and the gut has attracted significant attention regarding th<strong>e role of the microbiota in the development and progression of liver disease.<\/strong>&#8221; <a href=\"https:\/\/www.sciencedirect.com\/science\/article\/abs\/pii\/S0165247816300086\">(Source)<\/a><\/span><\/em><\/div>\n<div style=\"color: #000000; text-align: justify;\">.<\/div>\n<div style=\"color: #000000; text-align: justify;\">Et bien sur, idem pour ce qui est de <strong>la Covid 19.<\/strong><\/div>\n<div style=\"color: #000000;\">.<\/div>\n<div style=\"color: #000000;\">\n<div>&#8220;<em>Several gut commensals with known immunomodulatory potential such as\u00a0Faecalibacterium prausnitzii,\u00a0Eubacterium rectale\u00a0and bifidobacteria were underrepresented in patients and remained low in samples collected up to 30 days after disease resolution. Moreover, this perturbed composition exhibited stratification with disease severity concordant with elevated concentrations of inflammatory cytokines and blood markers such as C reactive protein, lactate dehydrogenase, aspartate aminotransferase and gamma-glutamyl transferase.\u00a0<span style=\"font-weight: bold;\">Conclusion<\/span><strong>\u00a0Associations between gut microbiota composition, levels of cytokines and inflammatory markers in patients with COVID-19 suggest that the gut microbiome is involved in the magnitude of COVID-19 severity possibly via modulating host immune responses<\/strong>. Furthermore, the gut microbiota dysbiosis after disease resolution could contribute to persistent symptoms, highlighting a need to understand how gut microorganisms are involved in inflammation and COVID-19.\u00a0<a href=\"http:\/\/dx.doi.org\/10.1136\/gutjnl-2020-323020\">(Source)<\/a><\/em><\/div>\n<\/div>\n<div style=\"color: #000000;\"><span style=\"color: #2a2a2a;\">.\u00a0<\/span><\/div>\n<div style=\"text-align: justify;\">Pour m\u00e9moire, il s&#8217;agit d&#8217;un <strong>microbiote diversifi\u00e9, robuste et sain qui est holistiquement nourrit grace aux r\u00e9gimes alimentaires v\u00e9g\u00e9taux sains, au healthy &#8220;plant-based&#8221; diets,<\/strong> y compris, accessoirement, certains r\u00e9gimes alimentaires m\u00e9diterran\u00e9ens qui ont moins de 5 pour-cent de produits d&#8217;animaux, moins la viande que le poisson, l&#8217;oeuf et fromage en petite quantit\u00e9 avec beaucoup de fibres (pour \u00e9liminer le mauvais cholesterol) et un peu de HDL-boosting vin, ce que le microbiote appr\u00e9cie aussi, le vin, puisque celui-ci est un pro-biotique riche en centaine polyph\u00e9nols, mais \u00e0 condition qu&#8217;il n&#8217;ait pas de glyphosate (un antibiotique qui produit le &#8220;leaky gut&#8221;, perm\u00e9abilit\u00e9 intestinales).<\/div>\n<div style=\"text-align: justify;\"><\/div>\n<div style=\"text-align: justify;\">A contrario, les microbiotes des r\u00e9gimes pal\u00e9olithique \u00e0 base de carn\u00e9 et ceux des omnivores &#8220;mainstream&#8221; sont, la plupart du temps, \u00a0en dysbiosis, malades et refl\u00e8te leurs \u00e9at via la production d&#8217;une cascade dangereuse et d\u00e9l\u00e9t\u00e8re de cellules inflammatoires y compris une abondance de \u00a0liposaccharides.<\/div>\n<h4>Limites et danger de vouloir vacciner ceux et celles qui ont d\u00e9j\u00e0 \u00e9t\u00e9 infect\u00e9s<\/h4>\n<p style=\"text-align: justify;\">Ceux et celles qui ont d\u00e9j\u00e0 \u00e9t\u00e9 infect\u00e9s par les virus de la Covid, et qui sont donc &#8220;vaccin\u00e9s&#8221; par la Nature via leur immunoglobulines qui produits les anticorps anti-covid<strong> n&#8217;ont pas besoin d&#8217;un vaccin Covid. Ils sont\u00a0<\/strong><b>d\u00e9j\u00e0 immunis\u00e9s et la plupart du temps, de fa\u00e7on plus efficace que l&#8217;immunisation vaccinale.<\/b><\/p>\n<p style=\"text-align: justify;\">Pire, si les ancien infect\u00e9s se faisaient piqu\u00e9s par les s\u00e9ringues Covid, les faits montrent qu&#8217;il y aurait de <strong>s\u00e9rieux &#8220;effets adverses&#8221;<\/strong> qui pourraient entrainer non seulement des maladies auto-immunes, mais aussi la mort.<\/p>\n<p style=\"text-align: justify;\">Or, les experts de la sant\u00e9 publique continuent \u00e0 faire du forcing pour essayer de vacciner toute la population, non infect\u00e9s et infect\u00e9s alors que les preuves que les ancien infect\u00e9s ne devraient pas etre vaccin\u00e9s sont \u00e9tablies.<\/p>\n<h4>Premier argument: Les anciens Covidiens n&#8217;ont pas besoin d&#8217;un vaccin puisqu&#8217;ils sont d\u00e9j\u00e0 immunis\u00e9s par la Nature<\/h4>\n<p style=\"text-align: justify;\">A l&#8217;appui, quelques \u00e9tudes ci-apr\u00e8s qui \u00e9tayent<strong> la premi\u00e8re proposition, selon laquelle les anciens infect\u00e9s n&#8217;ont pas besoin d&#8217;un vaccin puisqu&#8217;ils sont suffisamment immunis\u00e9s gr\u00e2ce \u00e0 la Nature.<\/strong>\u00a0<span style=\"color: #0000ff;\"><a style=\"color: #038bb3;\" href=\"https:\/\/www.medrxiv.org\/content\/10.1101\/2021.06.01.21258176v2\" target=\"_blank\" rel=\"noopener\"><span style=\"color: #0000ff;\">(Source A)<\/span><\/a>,<a style=\"color: #038bb3;\" href=\"https:\/\/jamanetwork.com\/journals\/jama\/fullarticle\/2781112\" target=\"_blank\" rel=\"noopener\"><span style=\"color: #0000ff;\">(Source B)<\/span><\/a>\u00a0<a style=\"color: #038bb3;\" href=\"https:\/\/www.medrxiv.org\/content\/10.1101\/2021.04.20.21255670v1\" target=\"_blank\" rel=\"noopener\"><span style=\"color: #0000ff;\">(Source C)<\/span><\/a>\u00a0<a style=\"color: #038bb3;\" href=\"https:\/\/childrenshealthdefense.org\/defender\/cleveland-clinic-previous-covid-infection-vaccine-no-benefit\/\"><span style=\"color: #0000ff;\">(Source D)<\/span><\/a>,\u00a0<a style=\"color: #038bb3;\" href=\"https:\/\/jamanetwork.com\/journals\/jama\/fullarticle\/2777898?utm_source=facebook&amp;utm_campaign=content-shareicons&amp;utm_content=article_engagement&amp;utm_medium=social&amp;utm_term=032021#.YFYY0Aj3zck.facebook\" target=\"_blank\" rel=\"noopener\"><span style=\"color: #0000ff;\">(Source E)<\/span><\/a><\/span><\/p>\n<div>\n<p style=\"color: #1d2129;\"><em><span style=\"color: #191919;\">&#8220;&#8230; the overall estimated\u00a0<strong>level of protection from prior SARS-CoV-2 infection for documented infection is 94\u00b78% (CI:[94\u00b74, 95\u00b71]); hospitalization 94\u00b71% (CI:[91\u00b79, 95\u00b77]); and severe illness 96\u00b74% (CI:[92\u00b75, 98\u00b73]). Our results question the need to vaccinate\u00a0previously-infected individuals&#8221;<\/strong>.\u00a0<a href=\"https:\/\/www.medrxiv.org\/content\/10.1101\/2021.04.20.21255670v1\">(Source)<\/a><\/span><\/em><\/p>\n<div id=\"abstract-1\" class=\"section abstract\">\n<div id=\"sec-4\" class=\"subsection\">\n<p id=\"p-5\" style=\"font-style: inherit;\"><em><strong>&#8220;Individuals who have had SARS-CoV-2 infection are unlikely to benefit from COVID-19 vaccination<\/strong>, and vaccines can be safely prioritized to those who have not been infected before. (&#8230;.)\u00a0Cumulative incidence of COVID-19 was examined among 52238 employees in an American healthcare system.<\/em><strong><em>COVID-19 did not occur in anyone over the five months of the study among 2579 individuals previously infected with COVID-19, including 1359 who did not take the vaccine&#8221;.\u00a0<\/em><a href=\"https:\/\/www.medrxiv.org\/content\/10.1101\/2021.06.01.21258176v2\"><em>(Source<\/em>)<\/a><\/strong><\/p>\n<p style=\"font-style: inherit;\">Dans cette perspective, une \u00e9tude britannique qui suivait 2,800 covidiens pendant plusieurs mois qu&#8217;il y n&#8217;y avait pratiquent pas de r\u00e9inffection.\u00a0<span style=\"color: #000000;\">\u00a0<\/span><strong style=\"color: #000000;\">\u201cthere have been no reports of significant numbers of re-infections after acquiring COVID-19 naturally.\u201d\u00a0<span style=\"color: #0000ff;\"><a style=\"color: #038bb3;\" href=\"https:\/\/www.reuters.com\/article\/health-coronavirus-britain-tcell-idINKBN27Q088\" target=\"_blank\" rel=\"noopener\"><span style=\"color: #0000ff;\">\u00a0(<\/span><\/a><\/span><\/strong><span style=\"color: #0000ff;\"><a style=\"color: #038bb3;\" href=\"https:\/\/www.reuters.com\/article\/health-coronavirus-britain-tcell-idINKBN27Q088\" target=\"_blank\" rel=\"noopener\"><span style=\"color: #0000ff;\">Source)<\/span><\/a><\/span><\/p>\n<p style=\"font-style: inherit; text-align: justify;\">Meme Fauci avait dit dans un livestream qu&#8217;en r\u00e8gle gneneral, les infect\u00e9s sont prot\u00e9g\u00e9 d&#8217;une r\u00e9insertion\u00a0<span style=\"color: #0000ff;\"><a style=\"color: #038bb3;\" href=\"https:\/\/www.youtube.com\/watch?v=c0cYneu-hlc\" target=\"_blank\" rel=\"noopener\"><span style=\"color: #0000ff;\"><span style=\"color: #038bb3;\">(<\/span><\/span><\/a><a style=\"color: #038bb3;\" href=\"https:\/\/www.youtube.com\/watch?v=c0cYneu-hlc\" target=\"_blank\" rel=\"noopener\"><span style=\"color: #0000ff;\">Source)<\/span><\/a>.<\/span><\/p>\n<p style=\"color: #000000; text-align: justify;\">Shane Crotty, virologue \u00e0 la\u00a0<span style=\"color: #0000ff;\"><a style=\"color: #038bb3;\" href=\"https:\/\/www.lji.org\/\" target=\"_blank\" rel=\"noopener\"><span style=\"color: #0000ff;\">La Jolla Institute for Immunology<\/span><\/a><\/span>, a analys\u00e9 les cellules immunitaire et anticorps de 200 personnes infect\u00e9es par le SARS CoV 2 et a conclu:<\/p>\n<p style=\"color: #000000;\">\u201c<em>The amount of (immune) memory (gained from natural infection) would likely <strong>prevent the vast majority of people from getting \u2026 severe disease, for many years.\u201d\u00a0<\/strong><\/em><a style=\"color: #038bb3;\" href=\"https:\/\/www.courier-journal.com\/story\/opinion\/2021\/05\/27\/rand-paul-says-people-natural-covid-immunity-should-skip-vaccine\/7468051002\/\" target=\"_blank\" rel=\"noopener\"><span style=\"color: #0000ff;\"><em>(Source<\/em>)<\/span><\/a><\/p>\n<p style=\"color: #000000; text-align: justify;\">Une autre \u00e9tude a montr\u00e9 que 95 \u00a0percent des personnes gu\u00e9ries de la COVID b\u00e9n\u00e9ficier d&#8217;une m\u00e9moire immunitaire anti Covid pendant au moins 8 mois apr\u00e8s l&#8217;infection.\u00a0<span style=\"color: #0000ff;\"><a style=\"color: #038bb3;\" href=\"https:\/\/pubmed.ncbi.nlm.nih.gov\/33408181\/\" target=\"_blank\" rel=\"noopener\"><span style=\"color: #0000ff;\">(Source)<\/span><\/a><\/span><\/p>\n<p style=\"color: #000000; text-align: justify;\">Dams leLancet, Dr. Florian Kramer note que l&#8217;immunit\u00e9 naturelle suite \u00e0 une infection serait sup\u00e9rieure \u00e0 l&#8217;immunit\u00e9 vaccinale.<\/p>\n<p style=\"color: #000000;\">\u201cThe findings of the authors suggest that infection and the development of antibody response provides protection similar to or even <strong>better than currently used SARS COV-2 vaccines.<\/strong>\u201d\u00a0<span style=\"color: #0000ff;\"><a style=\"color: #038bb3;\" href=\"https:\/\/www.thelancet.com\/journals\/lancet\/article\/PIIS0140-6736(21)00782-0\/fulltext\" target=\"_blank\" rel=\"noopener\"><span style=\"color: #0000ff;\">(Study)<\/span><\/a><\/span><\/p>\n<h4 style=\"font-style: inherit;\">Deuxi\u00e8me argument: La vaccination des anciens infect\u00e9s entraine \u00a0souvent des complications et des effets ind\u00e9sirables<\/h4>\n<p style=\"font-style: inherit; text-align: justify;\">Tout m\u00e9decin et en particular tous les immunologists comp\u00e9tents savent,ou devraient savoir que d&#8217;une part, quand il y a des anticorps dans le corps qui correspondent aux antig\u00e8nes de la Covid, ce corps est immunis\u00e9 contre et d&#8217;autre part, que\u00a0<strong>c&#8217;est dangereux de vacciner une personne qui est d\u00e9j\u00e0 infect\u00e9e.<\/strong> En r\u00e8gle g\u00e9n\u00e9rale, un vaccin se fait avant que l&#8217;infection surgisse, justement pour fabriquer des anticorps pr\u00e9ventivement contre cette maladie.<\/p>\n<p style=\"font-style: inherit; text-align: justify;\">Pire, quand un vaccin r\u00e9active le syst\u00e8me immunit\u00e9 d&#8217;un ancien infect\u00e9, les tissus et organes qui sont encore habit\u00e9s par les antig\u00e8nes du virus sont cibl\u00e9s par le system immunitaire, ce qui les endommage. Cette cons\u00e9quence est possible parce que les antig\u00e8ne du virus ont tendance a rester dans le corps meme si le patient c&#8217;est gu\u00e9ri.<\/p>\n<p style=\"font-style: inherit; text-align: justify;\">Ci-apr\u00e8s ce qu&#8217;en pensent plusieurs immunolistes.<\/p>\n<p style=\"font-style: inherit; color: #000000; text-align: justify;\">A l&#8217;appui, une \u00e9tude \u00e9pid\u00e9miologique sortie du Royaume Unies a montr\u00e9 que les personnes qui ont \u00e9t\u00e9 &#8220;positive&#8221; a un moment<strong>, qui ont \u00e9t\u00e9 donc infect\u00e9s\u00a0ont deux \u00e0 trois fois plus de chance de subir des effets adverses avec une vaccination Covid\u00a0<\/strong>et ce par rapport aux personnes qui n&#8217;ont pas \u00e9t\u00e9 infect\u00e9.<\/p>\n<p style=\"font-style: inherit; color: #000000;\"><em>&#8220;For the first time,\u00a0<strong>our study links prior COVID-19 illness with an increased incidence of vaccination side effects\u00a0<\/strong>and demonstrates that mRNA vaccines cause milder, less frequent systemic side effects but more local reactions&#8221;\u00a0<span style=\"color: #008080;\"><a href=\"https:\/\/www.mdpi.com\/2075-1729\/11\/3\/249\"><span style=\"color: #008080;\">(Source)<\/span><\/a><\/span><\/em><\/p>\n<div class=\"panel-pane pane-highwire-panel-tabs-container\">\n<div class=\"pane-content\">\n<div id=\"panels-ajax-tab-container-highwire_article_tabs\" class=\"panels-ajax-tab-container\" data-panels-ajax-tab-preloaded=\"biorxiv_tab_art\">\n<div class=\"panels-ajax-tab-wrap-biorxiv_tab_art\">\n<div class=\"panel-display panel-1col clearfix\">\n<div class=\"panel-panel panel-col\">\n<div>\n<div class=\"panel-pane pane-highwire-markup\">\n<div class=\"pane-content\">\n<div class=\"highwire-markup\">\n<div id=\"content-block-markup\" data-highwire-cite-ref-tooltip-instance=\"highwire_reflinks_tooltip\">\n<div class=\"article abstract-view \">\n<div id=\"abstract-1\" class=\"section abstract\">\n<div id=\"sec-6\" class=\"subsection\">\n<p style=\"color: #000000;\"><em>\u201cIn the case of SARS-CoV-2, we know that the\u00a0<strong>virus naturally infects the heart, the inner lining of blood vessels, the lungs and the brain,\u201d\u201cSo, these are likely to be some of the critical organs that will contain persistent viral antigens in the recently infected \u2014 and, following reactivation of the immune system by a vaccine, these tissues can be expected to be targeted and damaged.\u201d<\/strong><\/em><\/p>\n<p style=\"color: #000000;\">&#8220;Udo explained how\u00a0infection from any organism, including COVID, activates several different arms of the immune system, some in more robust ways than others and that this underlying activation due to infection or exposure, combined with a vaccination, could lea<strong>d to overstimulation of the immune response<\/strong>.\u00a0<a style=\"color: #038bb3;\" href=\"https:\/\/thehill.com\/opinion\/healthcare\/544662-covid-vaccines-are-you-primed-for-the-best-outcome?rl=1\">(Source)<\/a><\/p>\n<p>&#8220;Colleen Kelley<span style=\"color: #000000;\"><span style=\"font-style: inherit;\">, associate professor of infectious diseases at Emory University School of Medicine and principal investigator for Moderna and\u00a0<\/span><\/span>Novavax<span style=\"color: #000000;\"><span style=\"font-style: inherit;\">\u00a0phase 3 vaccine clinical trials, said in an\u00a0<\/span><\/span>interview<span style=\"color: #000000;\"><span style=\"font-style: inherit;\">\u00a0with Huffington Post, there had been reported cases in which<\/span><\/span><strong><span style=\"color: #000000;\"><span style=\"font-style: inherit;\"> those who previously had the virus endured harsher side effects after they received their vaccines&#8221;.\u00a0<\/span><\/span><a style=\"color: #038bb3;\" href=\"https:\/\/www.huffpost.com\/entry\/covid-vaccine-side-effects-predict-symptoms_l_605a09dcc5b66a80f4eb23c0\" target=\"_blank\" rel=\"noopener\">(<\/a><\/strong><span style=\"color: #008080;\"><span style=\"color: #008080;\"><a style=\"color: #038bb3;\" href=\"https:\/\/www.huffpost.com\/entry\/covid-vaccine-side-effects-predict-symptoms_l_605a09dcc5b66a80f4eb23c0\" target=\"_blank\" rel=\"noopener\">Source)<\/a><\/span><\/span><\/p>\n<p style=\"color: #000000;\">In a\u00a0public submission\u00a0to the U.S. Food and Drug Administration,\u00a0J. Patrick Whelan\u00a0M.D. Ph.D., expressed similar concern that COVID vaccines aimed at creating immunity against the SARS-CoV-2 spike protein could have the potential\u00a0<strong>to cause microvascular injury to the brain, heart, liver and kidneys in a way that does not currently appear to be assessed in safety trials of these potential drugs.Based on several studies,\u00a0Whelan said\u00a0it appeared that the viral spike protein in the SARS-CoV02 vaccines is also one of the key agents causing damage to distant organs that may include the brain, heart, lung and kidney. <a style=\"color: #038bb3;\" href=\"https:\/\/www.regulations.gov\/document\/FDA-2020-N-1898-0246\" target=\"_blank\" rel=\"noopener\">(Source A)<\/a>\u00a0<strong><a style=\"color: #038bb3;\" href=\"https:\/\/www.regulations.gov\/document\/FDA-2020-N-1898-0246\" target=\"_blank\" rel=\"noopener\">(Source B)<\/a><\/strong><\/strong><\/p>\n<p style=\"color: #000000; font-style: inherit; text-align: justify;\">Un autre effet pervers de vacciner les \u00a0infect\u00e9s consiste \u00e0 r\u00e9pandre l&#8217;infection puisqu&#8217;ils sont plus susceptibles d&#8217;\u00eatre r\u00e9-infect\u00e9s.\u00a0<span style=\"color: #0000ff;\"><a style=\"color: #038bb3;\" href=\"https:\/\/www.cdc.gov\/mmwr\/volumes\/70\/wr\/mm7021e3.htm\" target=\"_blank\" rel=\"noopener\"><span style=\"color: #0000ff;\">(Source)<\/span><\/a>\u00a0<\/span>Meme la &#8220;captured&#8221; CDC avait sugg\u00e9r\u00e9 ce lien qu&#8217;elle a cach\u00e9 sur son site.\u00a0<span style=\"color: #0000ff;\"><a style=\"color: #038bb3;\" href=\"https:\/\/www.cdc.gov\/\" target=\"_blank\" rel=\"noopener\"><span style=\"color: #0000ff;\">(Source)<\/span><\/a><\/span>\u00a0<strong>A contrario, les infect\u00e9s qui ne se font pas vacciner n&#8217;ont pas tendance \u00e0 se faire r\u00e9infect\u00e9s.<\/strong><\/p>\n<\/div>\n<\/div>\n<\/div>\n<\/div>\n<\/div>\n<\/div>\n<\/div>\n<\/div>\n<\/div>\n<\/div>\n<\/div>\n<\/div>\n<\/div>\n<\/div>\n<\/div>\n<\/div>\n<\/div>\n<h4>Autres limites et-ou erreurs de la politique de sant\u00e9 anti-covid du gouvernement<\/h4>\n<p style=\"color: #000000; text-align: justify;\">Contrairement \u00e0 ce que disent les mass m\u00e9dia, les faits sugg\u00e8rent que\u00a0<strong>les politiques successives de confinement et de th\u00e9rapies lourdes n&#8217;ont pas dans l&#8217;ensemble prosp\u00e9raient.\u00a0<\/strong>Par exemple, la politique de confiner les enfants avec les parents voire les grand parents d&#8217;une famille a transform\u00e9 les lieux familiaux en incubateur de virus<a href=\"https:\/\/www.nytimes.com\/2020\/05\/05\/health\/coronavirus-children-transmission-school.html\">\u00a0(Source)<\/a>.<\/p>\n<p style=\"color: #000000; text-align: justify;\">En outre, le confinement obligatoire de tous a d\u00e9truit une partie de l&#8217;\u00e9conomie et le morale de la Nation sans pour autant r\u00e9soudre ce d\u00e9fi &#8220;coronavirus&#8221;. Quand le morale de la Nation est d\u00e9truit, le stress devient chronique et l&#8217;on sait ou l&#8217;on devrait savoir que\u00a0<strong>le stress chronique d\u00e9truit l&#8217;immunit\u00e9 naturelle du Peuple<\/strong>.<\/p>\n<p style=\"color: #1d2129; text-align: justify;\">De plus, la politique de la sant\u00e9 publique anti-covid et anti-circulation fran\u00e7aise <strong>aurait aggrav\u00e9 les r\u00e9sultat Covid.<\/strong> En effet, \u00a0en interdisant de\u00a0circuler dehors\u00a0ou les rayons de soleil d\u00e9truisent tous les coronavirus tout en augmentant l&#8217;ensemble de l&#8217;immunit\u00e9 naturelle et tout en \u00e9tant un puissant r\u00e9gulateur \u00e9pig\u00e9n\u00e9tique activant plus de 900 de nos genes\u00a0eukaryotes.<\/p>\n<p style=\"color: #1d2129; text-align: justify;\"><strong>En privant le peuple du soleil et en omettant de l&#8217;informer sur les conclusions de plus de quatorze \u00e9tudes publi\u00e9es<\/strong>\u00a0(dont certaines datent de plusieurs d\u00e9cennies), qui confirment l&#8217;importance des bains de soleil et des comprim\u00e9s vitamine D 3 anti-inflammatoires pour plus de deux douzaines de maladies y compris la covid 19 et le coronavirus de 2003&#8230;en omettant d&#8217;informer le Peuple qu&#8217;une simple h\u00e9lioth\u00e9rapie (ie, h\u00e9lio = soleil) en chaise longue et en plein soleil module l&#8217;immunit\u00e9 tout en d\u00e9sactivant l&#8217;hyper-inflammation qui nourrit les temp\u00eates cytokines,\u00a0les agents de l&#8217;Etat ont contribu\u00e9 \u00e0 l&#8217;h\u00e9catombe de milliers de mort, \u00a0m\u00e9connaissant par l\u00e0 meme tant l&#8217;esprit que les lois de la V R\u00e9publique finissante. Enfin, c&#8217;est mon point de vue.<\/p>\n<div class=\"yiv3654766581art-abstract yiv3654766581in-tab yiv3654766581hypothesis_container\" style=\"color: #000000;\">&#8220;<em>Vitamin D deficiency co-exists in patients with COVID-19. At this time, dark skin color, increased age, the presence of pre-existing illnesses and vitamin D deficiency are features of severe COVID disease. Of these, only vitamin D deficiency is modifiable. Through its interactions with a multitude of cells, vitamin D may have several ways to reduce the risk of acute respiratory tract infections and COVID-19:\u00a0<strong>reducing the survival and replication of viruses, reducing risk of inflammatory cytokine production, increasing angiotensin-converting enzyme 2 concentrations, and maintaining endothelial integrity. Fourteen observational studies offer evidence that serum 25-hydroxyvitamin D concentrations are inversely correlated with the incidence or severity of COVID-19.<\/strong>The evidence to date generally satisfies Hill\u2019s criteria for\u00a0<strong>causality in a biological system,<\/strong>namely, strength of association, consistency, temporality, biological gradient, plausibility (e.g., mechanisms), and coherence, although experimental verification is lacking. Thus, the\u00a0<strong>evidence seems strong enough that people and physicians can use or recommend vitamin D supplements to prevent or treat COVID-19 in light of their safety and wide therapeutic window&#8230;.<\/strong>&#8220;<span style=\"color: #0000ff;\">.\u00a0<a href=\"https:\/\/www.mdpi.com\/2072-6643\/12\/11\/3361\/htm\"><span style=\"color: #0000ff;\">(Source)<\/span><\/a><\/span><\/em><\/div>\n<p style=\"color: #1d2129;\">De m\u00eame,\u00a0<strong>en obligeant les familles \u00e0 rester dans leur domiciles,\u00a0<\/strong>c.a.d\u00a0dans des b\u00e2timents dont l&#8217;air est souvent vici\u00e9 en toxicants,\u00a0<strong>les virus de la Covid ont pu d&#8217;autant plus se transmettre<\/strong>\u00a0qu&#8217;il y avait &#8220;overcrowding&#8221;, un facteur de risque \u00a0plus important que l&#8217;age avanc\u00e9 ou les co-morbidit\u00e9s et ce d&#8217;autant que les experts du gouvernement ont oubli\u00e9 de conseiller et de facilit\u00e9 la mise en place d&#8217;efficace syst\u00e8me de ventilation \u00e0 l&#8217;int\u00e9rieur des maisons.<\/p>\n<p style=\"color: #1d2129;\"><em><span style=\"color: #191919;\">&#8220;In conclusion, this population-based longitudinal study conducted in UK adults found that\u00a0<strong>increased risk of developing COVID-19<\/strong>associated independently with Asian\/Asian British ethnicity,\u00a0<strong>household overcrowding<\/strong>, visits to other households and other indoor public places, frontline occupation outside of health or social care, and increased BMI, after rigorous adjustment for multiple confounders. Atopic diseases, and especially atopic asthma, were associated with decreased risk.\u00a0<strong>In contrast to studies investigating risk factors for severe disease, older age, male sex and other comorbidities were not associated with increased risk of developing COVID-19&#8243;. (&#8220;<\/strong><\/span>Risk factors for developing COVID-19: a population-based longitudinal study (COVIDENCE UK)&#8221;<a href=\"https:\/\/www.medrxiv.org\/content\/10.1101\/2021.03.27.21254452v1.full\">\u00a0<span style=\"color: #0000ff;\">(Source<\/span><\/a><span style=\"color: #0000ff;\">)<\/span><\/em><\/p>\n<p style=\"color: #151719;\">Pire, le moins que les responsables du Gouvernement aurait pu faire c&#8217;est de<strong>respecter le principe de la libre expression et du consentement \u00e9clair\u00e9 au sujet de la m\u00e9decine holistique voire des formules ivermectin et hydroxychloroquine<\/strong>sans menacer les m\u00e9decins fran\u00e7ais qui prescrivaient ces options.<\/p>\n<p style=\"color: #151719;\">Or, main dans la main avec le conglom\u00e9rat Google, et sa filiale youtube,\u00a0<strong>\u00a0les agents de l&#8217;Etat ne font rien pour arr\u00eater la censure, une censure arbitraire dont la privation d&#8217;information importantes entraine des dizaines de milliers de morts.<\/strong>Par exemple, sur une vid\u00e9o qui examine les \u00e9tudes consacr\u00e9s sur ces deux mol\u00e9cules invoqu\u00e9es ci-avant, Google-You tube annonce les avoir supprimer arguant \u00e0 l&#8217;appui de leur censure la &#8220;misinformation&#8221;.<\/p>\n<p style=\"color: #000000;\"><em><span style=\"color: #2a2a2a;\"><strong>\u201cWe removed the video in accordance with our COVID-19 medical misinformation policies,<\/strong>which don\u2019t allow content that encourages people to use\u00a0<strong>Hydroxychloroquine or Ivermectin to treat or prevent the virus,<\/strong>\u201d the spokesperson said, according to Fox News<a href=\"https:\/\/www.washingtonpost.com\/politics\/sen-johnson-youtube-coronavirus-medicine\/2021\/06\/11\/1055ce46-caf0-11eb-81b1-34796c7393af_story.html\">.\u00a0<span style=\"color: #0000ff;\">(Source A)<\/span><\/a><span style=\"color: #0000ff;\">\u00a0<span style=\"color: #0000ff;\"><a href=\"https:\/\/www.youtube.com\/watch?v=LKyOaDh5USI\">(Source B)<\/a><\/span><\/span><\/span><\/em><\/p>\n<h4>Mini-conclusion sur cette sous-section<\/h4>\n<div style=\"text-align: justify;\">Il y a<strong> plein d&#8217;autres limites<\/strong> et carences des experts du gouvernement dans le domaine de la sant\u00e9 publique en g\u00e9n\u00e9rale et de la politique anti-covid en particulier qui <strong>devraient \u00eatre corrig\u00e9es<\/strong> mais dont on ne peux pas invoquer dans ce court texte (voir notre ebook sur ce sujet).<\/div>\n<\/div>\n<\/div>\n<\/div>\n<\/div>\n<p style=\"color: #1d2129;\">Mais d&#8217;ores et d\u00e9j\u00e0,<strong>\u00a0si les autorit\u00e9s de l&#8217;Etat commen\u00e7aient au moins \u00e0 adresser ces deux limites<\/strong> ci-dessus rappel\u00e9es tout en instaurant les mesures holistiques qui s&#8217;imposent, <strong>l&#8217;on enclencherait un tel &#8220;momentum&#8221;,<\/strong>\u00a0une telle dynamique \u00a0de sant\u00e9, que les micro-organismes de la terre ne seraient plus pousser \u00e0 devenir pathog\u00e8nes et destructeurs de la vie humaine.<\/p>\n<p style=\"color: #1d2129;\"><span style=\"color: #000000;\">Pour m\u00e9moire, ces deux limites et leur mesures y aff\u00e9rentes sont,\u00a0<\/span><strong style=\"color: #000000;\">primo, <\/strong>interdiction et d\u00e9mant\u00e8lement des fermes concentrationnaires industrielles animales g\u00e9n\u00e9ratrices d&#8217;\u00e9pid\u00e9mies et de maladies d\u00e9g\u00e9n\u00e9ratives d&#8217;une part et leur conversion\u00a0<span style=\"color: #000000;\">en agriculture holistique et biodynamique bio d&#8217;autre part. A cette mesure devrait etre ajouter<\/span>\u00a0une\u00a0<strong>meilleure r\u00e9glementation sur l&#8217;am\u00e9nagement des territoires naturels, du littoral et forestier qui respecterait l&#8217;habitat naturel de la faune et de la flore fran\u00e7aises.\u00a0<\/strong>\u00a0Et enfin, \u00a0<strong>une meilleure r\u00e9glementation concernant la recherche et les manipulation g\u00e9n\u00e9tique des virus.<\/strong><\/p>\n<p style=\"color: #1d2129;\"><strong><span style=\"color: #000000;\">S<\/span><\/strong><strong style=\"color: #000000;\">ecundo,<\/strong>\u00a0pour \u00e9viter les futures Covids voire la pand\u00e9mie des maladies d\u00e9g\u00e9n\u00e9ratives, il serait n\u00e9cessaire d&#8217;actionner une <strong>politique s\u00e9rieuse d&#8217;information et de promotion des r\u00e9gimes alimentaires holistiques et plantivores<\/strong>\u00a0<span style=\"color: #000000;\">fond\u00e9s majoritairement sur les plantes, sur le v\u00e9g\u00e9tal, ou tout au moins, sur le meilleur des r\u00e9gimes alimentaires m\u00e9diterran\u00e9ens avec moins de 5 pour-cent de produits non-carn\u00e9 d&#8217;animaux \u00e9cologiquement et \u00e9thiquement pr\u00e9par\u00e9s, (eg, comme les fromages crus et bio de ch\u00e8vres et brebis). Il est possible de b\u00e9n\u00e9ficier des mol\u00e9cules et nutriments favorables \u00e0 la vie qui se trouvent dans le fromage de qualit\u00e9, (ie, vitamine K2, vitamines D &amp; A, \u00a0spermidine, \u00a0lactobaccilli etc), \u00a0mais pour neutraliser son exc\u00e8s de cholest\u00e9rol, de graisse satur\u00e9e, d&#8217;hormones de croissance, de calcium, de IGF-1 et de ses branched chain amino acids, il ne faut pas d\u00e9passer les 5 pour-cent de produits d&#8217;animaux en calorie et il faut suivre plusieurs r\u00e8gles holistiques pr\u00e9cises que nous d\u00e9taillons dans nos stages.<\/span><\/p>\n<h4 style=\"color: #1d2129; text-align: center;\"><strong>Les Bienfaits de l&#8217;Approche Sanitaire anti-COVID du Gouvernement<\/strong><\/h4>\n<p><span style=\"color: #1d2129;\">A contrario, en attendant la mise en place d&#8217;une Soci\u00e9t\u00e9 holistique anim\u00e9e par des humains responsables, mieux \u00e9duqu\u00e9s et davantage adapt\u00e9s au GTV (ie, le &#8220;Grand Tout Vivant&#8221;), la politique fran\u00e7aise du<strong>\u00a0&#8220;containment&#8221;<\/strong>\u00a0<strong>via mesures d&#8217;hygi\u00e8nes <\/strong>semble \u00eatre <strong>raisonnable dans le court terme,<\/strong> m\u00eame si cette politique est en elle-meme tr\u00e8s insuffisante &#8220;to get the job done&#8221;.\u00a0<\/span><\/p>\n<p><span style=\"color: #1d2129;\">Dans cette perspective,\u00a0<strong>les masques, la distanciation physique, une bonne ventilation de l&#8217;air interne<\/strong> via HEPA charcoal filters, l&#8217;\u00e9ternuement dans son coude, se<span style=\"color: #0000ff;\"><a href=\"https:\/\/www.journaldemontreal.com\/2021\/04\/20\/la-transmission-par-les-surfaces-est-faible-selon-les-cdc-1\"><span style=\"color: #0000ff;\">\u00a0laver les mains<\/span><\/a>\u00a0<\/span>sans toucher les muqueuses sont <strong>des actes constitutifs de bon sens<\/strong> et ce d&#8217;autant que tous les micro-organismes pathog\u00e8nes et zoonotiques ciblent les muqueuses mammif\u00e8res et humaines afin de p\u00e9n\u00e9trer \u00e0 l&#8217;int\u00e9rieur de la cellule ou ils peuvent se reproduire en masse via des m\u00e9canismes connus.<\/span><\/p>\n<p><strong><span style=\"color: #1d2129;\">Ainsi, prot\u00e9ger les muqueuses d&#8217;un virus\u00a0<span style=\"caret-color: #1d2129;\">d\u00e9l\u00e9t\u00e8re<\/span>\u00a0qui est devenu hyper-contagieux comme le mutant DELTA est utile,<\/span><\/strong><span style=\"color: #1d2129;\">\u00a0non seulement parce que l&#8217;on ne connait pas encore tout du virus SARS COV 2 et de ses mutants ou variants, (2)\u00a0<\/span><span style=\"color: #1d2129;\">\u00a0mais aussi parce que l&#8217;on se prot\u00e8ge simultan\u00e9ment d&#8217;autres pathog\u00e8nes et particules chimiques toxiques de la pollution urbaine.<\/span><\/p>\n<p style=\"color: #1d2129; text-align: justify;\">D&#8217;autre part, plein \u00e9tudes r\u00e9centes montrent qu&#8217;\u00e0<strong> long terme<\/strong> le virus SARS-COV 2 pourrait engendrer des\u00a0<strong>complications<\/strong>\u00a0gastro-intestinales, immunitaires, respiratoires, cardiovasculaires voire neurologiques, <strong>meme pour ceux et celles redevenus &#8220;n\u00e9gatifs&#8221;<\/strong> qui se seraient gu\u00e9ris des sympt\u00f4mes covid les plus graves<span style=\"color: #0000ff;\">. <span style=\"color: #0000ff;\"><a href=\"https:\/\/centredebienetreholistique.com\/?p=10988\">(Source)<\/a>.\u00a0<\/span><\/span><\/p>\n<p style=\"color: #1d2129; text-align: justify;\"><strong>Ces faits sugg\u00e8rent que le virus ou ses endotoxines sont en activit\u00e9,<\/strong> m\u00eame s&#8217;il n&#8217;engendre pas ses attaques classiques qui aboutissent aux thromboses et, inter alia, (latin juridique pour &#8220;entre autres choses&#8221;) aux temp\u00eates cytokines.<\/p>\n<p style=\"color: #1d2129; text-align: justify;\">Donc, m\u00eame si la majorit\u00e9 des humains d\u00e9veloppe une immunit\u00e9 naturelle contre les symptomes les plus dangereux de ce virus de la Covid,<strong>\u00a0mieux vaut l&#8217;\u00e9viter par des simples mesures d&#8217;hygi\u00e8nes, <\/strong>et ce d&#8217;autant que les faits sugg\u00e8rent que le SARS-COV-2 aurait \u00e9t\u00e9 g\u00e9n\u00e9tiquement alt\u00e9r\u00e9, sorti d&#8217;un laboratoire de Chine. <a href=\"https:\/\/www.youtube.com\/watch?v=OlO8sKRynBY\">(Source)<\/a><\/p>\n<h4 style=\"color: #1d2129; text-align: center;\">Partie B<\/h4>\n<h4 style=\"color: #151719; text-align: center;\"><b>L&#8217;importance de mettre en oeuvre la M\u00e9decine Holistique, tant pour la Pr\u00e9vention que pour le Curatif<\/b><\/h4>\n<p style=\"text-align: center;\"><em><span style=\"color: #000000;\">&#8220;A clever person solves the problem. A wise person avoids it.\u201d Albert Einstein<\/span><\/em><\/p>\n<p>Vu les \u00e9checs ci-dessus \u00e9voqu\u00e9s et vu les limites de la m\u00e9decine officielle de l&#8217;Etat, dite allopathique, qui se concentre surtout sur les interventions pharmaceutiques et guerri\u00e8res en vue de supprimer la symptomatologie d&#8217;une maladie et de tuer le virus COVID et ses mutants, il serait <strong>raisonnable d&#8217;essayer une autre strat\u00e9gie, en l&#8217;occurrence, la strat\u00e9gie holistique.<\/strong><\/p>\n<p>Contrairement \u00e0 la m\u00e9decine de l&#8217;Etat,<strong> la m\u00e9decine holistique cible synergiquement et\u00a0harmonieusement\u00a0l&#8217;ensemble du Vivant, (ce qui comprend les micro-organismes)<\/strong> en mettant en oeuvre le meilleur des sciences de la vie, de la m\u00e9decine \u00e9pig\u00e9n\u00e9tique, au mode de vie holistique, en passant par la biologie quantique, la r\u00e9g\u00e9n\u00e9ration cellulaire, la r\u00e9paration de l&#8217;ADN, l&#8217;\u00e9cologie du GTV et l&#8221;optimisation du microbiote.<\/p>\n<p><span style=\"color: #1d2129;\">Outre quelques mesures d&#8217;hygi\u00e8nes de bon sens, il serait donc utile de<strong> moduler le syst\u00e8me immunitaire holistiquement<\/strong> pour qu&#8217;il puisse mieux r\u00e9agir face aux virus, bact\u00e9ries, moisissures, parasites qui se rebellent contre l&#8217;approche guerri\u00e8re et symptomatologique de la m\u00e9decine officielle et de son type d&#8217;alimentation. \u00a0<\/span><\/p>\n<p><span style=\"color: #1d2129;\">Dans ce domaine, il y a plein de techniques holistiques qui puissent <strong>moduler et optimiser les fonctions et les organes\u00a0immunitaires<\/strong>\u00a0du corps humain pour que l&#8217;ensemble de la population, y compris les personnes \u00e2g\u00e9es et les personnes handicap\u00e9es et affaiblies cong\u00e9nitalement ou via co-morbidit\u00e9s, vivent mieux leur potentiel de vie de centenaire voire de supercentenaire.\u00a0<\/span><a style=\"color: #1d2129;\" href=\"https:\/\/centredebienetreholistique.com\/?p=3730\">(Source)<\/a><b>\u00a0 \u00a0\u00a0<\/b><\/p>\n<p style=\"color: #16191f; text-align: justify;\">Par cons\u00e9quent, dans les milieux susceptibles d&#8217;incuber des virus virulents tels ceux de la grippe, les sept coronavirus et leur mutants, les trois types de poliovirus, ebola, zika et autres<strong>, les d\u00e9marches pr\u00e9ventives suivantes sont conseill\u00e9es: *<\/strong><\/p>\n<h4 style=\"color: #16191f; text-align: center;\">Tips Pr\u00e9ventifs<\/h4>\n<h4 style=\"color: #16191f; text-align: center;\"><strong>(1).<\/strong> <strong>Protection du visage et des poumons<\/strong><\/h4>\n<p style=\"color: #16191f; text-align: justify;\">Dans un premier temps, enclencher l<strong>&#8216;activation du principe &#8220;dont get it dont give it&#8221; dans la Cit\u00e9,<\/strong>\u00a0via hygi\u00e8ne, masque (quand appropri\u00e9) et distanciation physique sont des mesures utiles, ainsi que le <strong>port d&#8217;un &#8220;shield&#8221; prot\u00e9geant l&#8217;ensemble du visage<\/strong> afin de r\u00e9duire le &#8220;viral load&#8221;.<\/p>\n<p style=\"color: #16191f; text-align: justify;\"><strong> Le shield est plus efficace<\/strong> et moins dangereux que le masque au niveau du juste rapport CO2-Oxyg\u00e8ne. Bien que parfois utile, certains masques peuvent priver une personne d&#8217;oxyg\u00e8ne tout en augmentant le CO2, ce qui peut etre immune-d\u00e9primant. (3)<\/p>\n<p style=\"color: #16191f; text-align: justify;\">Toutefois, si le shield n&#8217;est pas possible, <strong>le masque<\/strong> est n\u00e9cessaire, surtout dans les lieux publics ou les gouttelettes covid prolif\u00e8rent. Via la diffusion de ces gouttelettes ou a\u00e9rosoles, le virus Covid p\u00e9n\u00e9tre dans les mucueuses humaines, surtout le nez, la bouche et les yeux. <strong>D&#8217;ou l&#8217;int\u00e9r\u00eat d&#8217;instaurer un syst\u00e8me de filtration de l&#8217;air<\/strong>.<\/p>\n<p style=\"color: #16191f; text-align: justify;\"><strong style=\"color: #000000;\">Le double int\u00e9r\u00eat<\/strong> de ces mesures de protection des muqueuses r\u00e9side aussi dans la protection d&#8217;autres agents invasifs, y compris les bact\u00e9ries, moisissures et toxicants (polluants).<\/p>\n<p style=\"color: #16191f; text-align: justify;\">Le mieux c&#8217;est quand m\u00eane de<strong> passer la plupart de son temps dans la Nature,<\/strong> \u00e0 la foret ou en montagne loin des foules. Ainsi, une fois que ces \u00e9co-lieux sont certifi\u00e9s non contagieux, ces mesures sanitaires ne sont plus n\u00e9cessaires.<\/p>\n<h4 style=\"color: #16191f; text-align: center;\"><strong>(2). Mesure d&#8217;hygi\u00e8ne et n\u00e9ttoyage<\/strong><\/h4>\n<p style=\"color: #16191f; text-align: justify;\">A ces mesures citadines, devrait s&#8217;associer le\u00a0<strong>nettoyage<\/strong>\u00a0des mains, habits, cheveux et chaussures (le gouttelettes du Cov-2 peuvent aussi retomber sur les chaussures), et ce d&#8217;autant que des personnes infect\u00e9es ou susceptibles de l&#8217;\u00eatre toussent et parlent fort.<\/p>\n<p style=\"color: #16191f; text-align: justify;\"><span style=\"color: #16191f;\">Dans cette perspective, il a \u00e9t\u00e9 d\u00e9montr\u00e9 qu&#8217;une personne qui parle bruyamment peut projeter des gouttelettes a\u00e9rosoliennes jusqu&#8217;a 18 pieds. Bien que le virus SARS 2 soit assez rapidement d\u00e9truit via les UVc du soleil, il peut s&#8217;incruster sur des surfaces non-expos\u00e9s au soleil. D&#8217;ou l&#8217;int\u00e9r\u00eat du\u00a0<\/span><strong><span style=\"color: #16191f;\"><span style=\"caret-color: #16191f;\">nettoyage<\/span>\u00a0g\u00e9n\u00e9rale apr\u00e8s avoir fait un bain de foule dans la Cit\u00e9.<\/span><\/strong><strong>\u00a0<\/strong><\/p>\n<h4 style=\"color: #16191f; text-align: center;\">(3). Filtration avec Charbon actif<\/h4>\n<p style=\"color: #16191f;\">A l&#8217;int\u00e9rieur des b\u00e2timents et maisons,<strong>\u00a0l&#8217;air devrait \u00eatre filtr\u00e9<\/strong>\u00a0avec charbon actif, des filtres HEPA. Des\u00a0<strong>diffuseurs d&#8217;aromath\u00e9rapies avec g\u00e9n\u00e9rateurs d&#8217;ions n\u00e9gatifs\u00a0<\/strong>est un &#8220;plus&#8221; puisque les ions peuvent aider \u00e0 assainir l&#8217;air.<\/p>\n<p style=\"color: #16191f;\"><span style=\"color: #000000;\">Pour\u00a0\u00eatre\u00a0prudent, quand il y a des\u00a0<\/span><span style=\"color: #000000;\">invit\u00e9s<\/span><span style=\"color: #000000;\">\u00a0qui viennent chez soi,\u00a0<\/span><strong style=\"color: #000000;\">on peut activer un g\u00e9n\u00e9rateur d&#8217;ozone et meme une machine qui produise des UVc et \u00e9ventuellement des ions n\u00e9gatifs.<\/strong><\/p>\n<p style=\"color: #16191f;\">Idem pour des\u00a0<strong>plantes int\u00e9rieure<\/strong>s, dont certaines non seulement produisent plein d&#8217;oxyg\u00e8ne, mais certains\u00a0<strong>plantes peuvent filtrer l&#8217;air pour qu&#8217;il soit plus pure.\u00a0<\/strong><\/p>\n<h4 style=\"color: #16191f; text-align: center;\">(4). Pulse Oximeter, thermom\u00e8tre digital et Test antig\u00e9nique pour soi et son entourage<\/h4>\n<p style=\"color: #16191f;\">L&#8217;un des sympt\u00f4mes de la COVID est une baisse de l&#8217;oxyg\u00e8ne. <strong>D&#8217;ou l&#8217;int\u00e9r\u00eat d&#8217;acheter un oxim\u00e8tre de pulsation (en anglais, &#8220;pulse oximeter&#8221;, moins de 20 euros) qui mesure le taux de saturation de l&#8217;oxyg\u00e8ne dans le sang.<\/strong> En dessous de 94 pour-cent constitue une alerte, et endessous de 90 constitue un danger d&#8217;hypoximia et d&#8217;hypoxie, ce qui n\u00e9cessite une prise en charge m\u00e9dicale et \u00e9ventuellement un soutien via oxyg\u00e9nation.<\/p>\n<p style=\"color: #16191f;\">Il y a plusieurs <strong>techniques holistiques que nous enseignons qui augmentent de fa\u00e7on significative le taux d&#8217;oxyg\u00e8ne<\/strong> et aident \u00e0 vaincre\u00a0ces virus Covid. Mais sans les connaitre, il y a peu de chance que le taux d&#8217;oxyg\u00e8ne remontera de lui meme vu que le SARS COV 2 et ses mutants incitent l&#8217;immunit\u00e9 de l&#8217;h\u00f4te \u00e0 produire une hyper-inflammation qui engendre une pneumonie asphyxiant assez rapidement, d&#8217;ou l&#8217;importance d&#8217;actionner le pr\u00e9ventif holistique, \u00e0 d\u00e9faut, de consulter les urgences, ou du moins son m\u00e9decin traitant.<\/p>\n<p style=\"color: #16191f;\">Par ailleurs, <strong>un thermom\u00e8tre digital<\/strong> (moins de 30 euros) peut aussi etre utile parce qu&#8217;il peut detecter assez rapidement une fi\u00e8vre, l&#8217;un de symptomes Covid-19.<\/p>\n<p style=\"color: #16191f;\"><span style=\"color: #000000;\">Les invit\u00e9s non v\u00e9rifi\u00e9s peuvent aussi se tester avec un\u00a0<\/span><strong style=\"color: #000000;\">test antig\u00e9nique \u00e0 environ 5 euros.<\/strong><span style=\"color: #000000;\">\u00a0Meme si ce test est moins fiable que le test PCR ou le test s\u00e9rologique, il peut rapidement indiquer si l&#8217;invit\u00e9 pourrait etre contagieux<\/span><\/p>\n<h4 style=\"color: #16191f; text-align: center;\">(5). Hydroth\u00e9rapie et lunette orange pour un sommeil profond<\/h4>\n<p style=\"color: #16191f; text-align: justify;\"><span style=\"color: #16191f;\">En fin de journ\u00e9e, nous conseillons<\/span><strong style=\"color: #16191f;\">\u00a0une douche froide et ou douche-chaude-froid avant le\u00a0<\/strong><strong style=\"color: #000000;\">port de lunette orange ou rouge dans la soir\u00e9e, <\/strong>g<span style=\"color: #000000;\"><span style=\"caret-color: #000000;\">ra\u00e7e \u00e0 quoi\u00a0<\/span>les rayons bleus\u00a0sont bloqu\u00e9s, ce qui favorise le calme et le sommeil r\u00e9parateur. <\/span><\/p>\n<p style=\"color: #16191f; text-align: justify;\"><span style=\"color: #000000;\">Comme nous le d\u00e9montrons en d\u00e9tails dans nos stages,<strong> le sommeil profond renforce tant l&#8217;immunit\u00e9 inn\u00e9e que l&#8217;immunit\u00e9\u00a0<\/strong><\/span><span style=\"color: #000000;\"><strong>adaptive.<\/strong> Par cons\u00e9quent, si une personne n&#8217;a pas\u00a0bien\u00a0<span style=\"caret-color: #000000;\">dormi, nous lui conseillons de minimiser les bains de foules. Ces faits sont \u00e9tay\u00e9s par la science. Par exemple, les personnes qui ont mal dormi avant l&#8217;inoculation d&#8217;un vaccin contre la grippe font beaucoup moins d&#8217;anticorps que ceux qui ont bien dormi.<\/span><\/span><\/p>\n<p style=\"color: #16191f; text-align: center;\"><em>&#8220;Growing evidence suggests that <strong>sleep plays an important role in immunological memory, including antibody responses to vaccination<\/strong>&#8220;. <a href=\"https:\/\/link.springer.com\/article\/10.1007\/s12529-020-09879-4\u00a0\">(Source)<\/a><\/em><\/p>\n<p style=\"color: #16191f; text-align: justify;\">Par ailleurs,<strong> l&#8217;hydroth\u00e9rapie<\/strong> (th\u00e9rapie via l&#8217;eau, telle une douche, jet d&#8217;eau voire natation) est une m\u00e9decine mill\u00e9naire que pr\u00e9conis\u00e9 Hippocrates. Au CMH, nous proposons des<strong> bains froids dans la rivi\u00e8re<\/strong> (qui se trouve sur la propri\u00e9t\u00e9)<strong> ou des douches froides avec l&#8217;eau de source.<\/strong> Plusieurs \u00e9tudes ont montr\u00e9 que cette simple technique holistique booste l&#8217;immunit\u00e9 naturelle et autres, y compris la fertilit\u00e9.<\/p>\n<p style=\"color: #16191f; text-align: center;\"><em><span style=\"color: #000000;\">&#8220;Pretreatment with exercise in<strong> 18 degrees C water augmented the leukocyte, granulocyte, and monocyte response.<\/strong> These results indicate that <strong>acute cold exposure has immunostimulating effects<\/strong> and that, with thermal clamping, pretreatment with physical exercise can enhance this response. Increases in levels of circulating norepinephrine may account for the changes observed during cold exposure and their modification by changes in initial status&#8221;.\u00a0<\/span><a href=\"https:\/\/pubmed.ncbi.nlm.nih.gov\/10444630\/\">(Source)<\/a><\/em><\/p>\n<p style=\"color: #16191f; text-align: center;\"><em>&#8220;In the intervention group, plasma levels of the anti-inflammatory cytokine IL-10 increased more rapidly after endotoxin administration, correlated strongly with preceding epinephrine levels, and were higher. <strong>Levels of proinflammatory mediators TNF-\u03b1, IL-6, and IL-8 were lower in the intervention group and correlated negatively with IL-10 levels. Finally, flu-like symptoms were lower in the intervention group&#8221;<\/strong>. <a href=\"https:\/\/pubmed.ncbi.nlm.nih.gov\/24799686\/\">(Source)<\/a><\/em><\/p>\n<h4 style=\"color: #16191f; text-align: center;\">(6). L&#8217;utilisation d&#8217;huiles essentielles et des tisanes anti-virales<\/h4>\n<p style=\"color: #16191f; text-align: justify;\">L&#8217;origan, la cannelle, tea tree, pine and clou de girofle dans les cheveux et-ou sur la peau et-ou en dessous du nez peuvent etre des &#8220;barri\u00e8re&#8221; utiles. Entre autres, <strong>la combinaison ravensare et ravintsera est judicieuse et compl\u00e9mentaire.<\/strong> Ces huiles essentielles peuvent etre incorpor\u00e9es aux l&#8217;huiles de coco ou d&#8217;olive bio pour les peaux fragiles. L&#8217;utilisation de<strong>\u00a0<\/strong>l&#8217;eau oxyg\u00e9n\u00e9e\u00a0peut etre \u00e9galement efficace. En tisane,\u00a0<span style=\"color: #000000;\">\u00a0entre autres plantes, l&#8217;art\u00e9semie et la r\u00e9glisse peuvent \u00eatre b\u00e9n\u00e9fiques. En diffusion dans l&#8217;air ambiant, les huiles essentielles aident \u00e0 assainir l&#8217;atmosph\u00e8re interne de la maison.\u00a0<\/span><\/p>\n<p style=\"color: #16191f; text-align: center;\"><strong>(7). Le\u00a0renforcement du thymus, du foi, du cerveau et du microbiote ainsi que l&#8217;\u00e9quilibre de l&#8217;immunit\u00e9 naturelle (Th1 et Th2) via techniques holistiques avanc\u00e9es<\/strong><\/p>\n<p style=\"color: #16191f; text-align: justify;\"><span style=\"color: #16191f;\">Le<\/span><strong><span style=\"color: #16191f;\">\u00a0renforcement et la modulation du thymus est souvent oubli\u00e9 et n\u00e9glig\u00e9 <\/span><\/strong><span style=\"color: #16191f;\">puisque l&#8217;ensemble de profession m\u00e9dicale mainstream ne\u00a0<\/span><span style=\"color: #16191f;\"><span style=\"caret-color: #16191f;\">consid\u00e8re<\/span><\/span><span style=\"color: #16191f;\">\u00a0pas cet organe tr\u00e8s important une fois que l&#8217;on est adulte, un organe qui se met \u00e0\u00a0r\u00e9tr\u00e9cir au fur et a mesure que les ann\u00e9es\u00a0avancent. \u00a0<\/span><\/p>\n<p style=\"color: #16191f; text-align: justify;\"><span style=\"color: #16191f;\">Or, en Holistique, fond\u00e9 sur la &#8220;robust science&#8221;, rien n&#8217;est moins vrai.<\/span><strong><span style=\"color: #16191f;\">\u00a0Meme en\u00a0r\u00e9tr\u00e9cissant, \u00a0cet organe continue a exerc\u00e9 des fonctions importantes dans l&#8217;age adulte, <\/span><\/strong><span style=\"color: #16191f;\">y compris la maturation des\u00a0lymphocytes immunitaires et la fonction de diff\u00e9renciation entre le &#8220;soi&#8221; et le &#8220;pas soi&#8221; (important pour \u00e9viter les\u00a0maladie\u00a0auto-immunes). En\u00a0outre, il est possible d&#8217;intervenir holistiquement pour le renforcer<\/span><strong><span style=\"color: #16191f;\">.<\/span><\/strong><\/p>\n<p style=\"color: #16191f; text-align: justify;\">Idem pour le renforcement du foi, y compris son n\u00e9ttoyage via un jeune m\u00e9dicalement supervis\u00e9, une mono-di\u00e8te, phytoth\u00e9rapie, acupuncture et autres techniques holistiques. Vu que cet important organe comporte aussi des cellules immunitaires\u00a0<span style=\"color: #000000;\">\u00a0<\/span><a href=\"https:\/\/www.ncbi.nlm.nih.gov\/pmc\/articles\/PMC5755505\/\"><span style=\"color: #0000ff;\">&#8220;Kupffer<\/span>&#8220;<\/a>\u00a0n&#8217;importe quelle pathologie qui est li\u00e9e \u00e0 l&#8217;immunit\u00e9 devrait faire en sorte de vivifier ces cellules immunitaires du foi. Idem avec less cellules immunitaires du cerveau (les glial cells) et des amygdales, lesquelles font parties du &#8220;mucosal immune system&#8221;, donc, contrairement \u00e0 ce que all\u00e8guent les experts de la m\u00e9decine officielles, les amygdales sont un organe important qui d\u00e9tectent les pathog\u00e8nes et enclenchent une r\u00e9ponse immunitaire.<\/p>\n<p style=\"color: #16191f; text-align: justify;\">A ces organes, doivent s&#8217;ajouter le microbiote et du syst\u00e8me gastro-intestinal y compris les &#8220;peyers patches&#8221;.<\/p>\n<p style=\"text-align: center;\"><em>&#8220;Peyer\u2019s patches serve as the immune sensors of the intestine and likely play a pivotal role in immune surveillance of materials within our digestive system,\u201d says Frederick Alt, PhD, director of the Boston Children\u2019s Hospital\u00a0<span style=\"color: #0000ff;\"><a style=\"color: #007dba;\" href=\"http:\/\/www.childrenshospital.org\/research\/departments-divisions-programs\/programs\/program-in-cellular-and-molecular-medicine\" target=\"_blank\" rel=\"noreferrer noopener\"><span style=\"color: #0000ff;\">Program in Cellular and Molecular Medicine<\/span><\/a>\u00a0<\/span>(PCMM), and senior author on a\u00a0<span style=\"color: #0000ff;\"><a style=\"color: #007dba;\" href=\"https:\/\/www.nature.com\/articles\/s41586-020-2262-4\" target=\"_blank\" rel=\"noreferrer noopener\"><span style=\"color: #0000ff;\">paper in\u00a0Nature<\/span><\/a><\/span>\u00a0describing the findings. In new research, the Alt lab discovered that <strong>components within Peyer\u2019s patches produce a core set of antibodies even in the absence of a known trigger. These antibodies may be responsible for maintaining healthy immune activity in the gastrointestinal tract.\u00a0When Peyer\u2019s patches sense danger, they respond by forming so-called germinal centers, sites where antibody-producing B cells prepare to mount an immune response to infection&#8221;<\/strong> <span style=\"color: #0000ff;\"><a href=\"https:\/\/answers.childrenshospital.org\/gut-antibodies-autoimmune\/\"><span style=\"color: #0000ff;\">(Source)<\/span><\/a><\/span><\/em><\/p>\n<p style=\"color: #16191f; text-align: justify;\">Les <strong>cellules immunitaires (microglia) du cerveau<\/strong> sont \u00e9galement en communication avec le microbiote.<\/p>\n<p style=\"color: #16191f; text-align: center;\"><em><span style=\"color: #000000;\">&#8220;Microglia, the resident immune cells in the brain, are essential for modulating neurogenesis, influencing synaptic remodeling, and regulating neuroinflammation by surveying the brain microenvironment. Microglial dysfunction has been implicated in the onset and progression of several neurodevelopmental and neurodegenerative diseases; however, the multitude of factors and signals influencing microglial activity have not been fully elucidated. <strong>Microglia not only respond to local signals within the brain but also receive input from the periphery, including the gastrointestinal (GI) tract. Recent preclinical findings suggest that the gut microbiome plays a pivotal role in regulating microglial maturation and function, and altered microbial community composition has been reported in neurological disorders with known microglial involvement in humans.<\/strong> Collectively, these findings suggest that bidirectional crosstalk between the gut and the brain may influence disease pathogenesis.<a href=\"https:\/\/www.ncbi.nlm.nih.gov\/pmc\/articles\/PMC6314531\/\"> (Source)<\/a><\/span><\/em><\/p>\n<p style=\"color: #222222; text-align: center;\"><em>&#8220;The international investigating team led by Principal Investigator Professor Sven Pettersson, National Neuroscience Institute of Singapore, and Visiting Professor at Lee Kong Chian School of Medicine, Nanyang Technological University, Singapore (NTU Singapore), and Sunway University, Malaysia, found that <strong>gut microbes that metabolise tryptophan \u2013 an essential amino acid \u2013 secrete small molecules called indoles, which stimulate the development of new brain cells in adults.\u00a0<\/strong>Prof Pettersson and his team also demonstrated that the indole-mediated signals elicit key regulatory factors known to be important for the formation of new adult neurons in the hippocampus, an area of the brain also associated with memory and learning. Memory loss is a common sign of accelerated ageing and often an early sign of the Alzheimer\u2019s disease (AD). <a href=\"https:\/\/neurosciencenews.com\/gut-brain-neurogenesis-18831\/?fbclid=IwAR0AB6QVPC9ezP6O-GgUhXBRSnLvO926kx0u7ZX5SPRGbju4FwlnJyDfGSc\">(Source)<\/a><\/em><\/p>\n<p style=\"color: #16191f; text-align: justify;\">Par ailleurs, les cellules immunitaires du microbiote et du syst\u00e8me gastro-intestinal ont un <strong>r\u00f4le a jouer dans la maladie de la Covid,<\/strong> d&#8217;ou l&#8217;importance du programme &#8220;renforcement et modulation du microbiote&#8221; du CHM.<\/p>\n<p style=\"color: #4a4a4a; text-align: center;\"><em>&#8220;Relevant to the current COVID-19 pandemic, the SARS-CoV-2 virus that causes<strong> COVID-19 also infects intestinal mucosa<\/strong>, not just the respiratory system. As a result, a significant number of people sick with COVID-19 experience gastrointestinal symptoms,<strong> like loss of appetite, nausea, vomiting, and diarrhea.<\/strong> Says Alt, \u201cIt appears the mucosal tissues are related to each other immunologically, and that might contribute to why some COVID-19 patients have gastrointestinal symptoms.\u201d\u00a0<span style=\"color: #0000ff;\"><a href=\"https:\/\/answers.childrenshospital.org\/gut-antibodies-autoimmune\/\"><span style=\"color: #0000ff;\">(Source)<\/span><\/a><\/span><\/em><\/p>\n<p style=\"color: #16191f; text-align: justify;\"><strong><span style=\"color: #16191f;\">L&#8217;\u00e9quilibre et la modulation de l&#8217;immunit\u00e9 Th1 (inn\u00e9e et non sp\u00e9cifique) et Th2 (&#8220;adaptif&#8221; et sp\u00e9cifique) via techniques holistiques<\/span><\/strong><span style=\"color: #16191f;\"> sont d&#8217;autant plus indiqu\u00e9s que les\u00a0conseils et les standards de la m\u00e9decine officielle en la mati\u00e8re est d\u00e9ficiente. \u00a0<\/span><\/p>\n<p style=\"color: #16191f; text-align: justify;\"><span style=\"color: #16191f;\">Hormis des proc\u00e9dures couteuses, invasives et souvent inutiles (pas toujours, juste souvent), comme des greffes de la moelle \u00e9pini\u00e8res, des anticorps monoclonaux et autres, <strong>la m\u00e9decine officielle n&#8217;intervient pas dans des techniques simples et peu couteuses en mati\u00e8re de la modulation et du renforcement de l&#8217;immunit\u00e9<\/strong> via h\u00e9lioth\u00e9rapie, alimentation holistique, exercises, hydroth\u00e9rapie, phytoth\u00e9rapie, et entre autres techniques, plusieurs<\/span><span style=\"color: #16191f;\">\u00a0compl\u00e9ments alimentaires importants qui\u00a0agissent comme co-facteurs enzymatiques, y compris les vitamines A, B, C, K2 et D2-3 \u00a0(en particulier des m\u00e9ga-doses de vitamine C et D).<\/span><strong style=\"color: #16191f;\">\u00a0<\/strong>L<span style=\"color: #000000;\">e zinc, le selenium etc, entre plus d&#8217;une douzaine d&#8217;autres compl\u00e9ments \u00a0que nous d\u00e9taillons dans nos stages, peuvent aussi etre pertinents, suivant les r\u00e9sultats d&#8217;analyse sanguin<\/span>\u00a0et la symptomatologie de la personne concern\u00e9e.<\/p>\n<div id=\"meta\" class=\"style-scope ytd-watch-flexy\" style=\"color: #000000;\">\n<h4 id=\"subscribe-button\" class=\"style-scope ytd-video-secondary-info-renderer\" style=\"text-align: center;\">(8). \u00a0Zinc et immunit\u00e9<\/h4>\n<p><span style=\"color: #030303;\">Le zinc est un m\u00e9tal ou oligo-element important pour des centaines de fonctions enzymatiques et biologiques, y compris pour l&#8217;odorat, la fertilit\u00e9 et l&#8217;immunit\u00e9 naturelle. <a href=\"https:\/\/ods.od.nih.gov\/factsheets\/Zinc-HealthProfessional\/\">(Source)<\/a>\u00a0Or la<strong> d\u00e9ficience en zinc est fr\u00e9quente chez les s\u00e9niors et les patients souffrant de maladies d\u00e9g\u00e9n\u00e9ratives, y compris la COVID.<\/strong> Ce qui explique en partie pourquoi les virus COVID se reproduisent rapidement \u00e0 l&#8217;int\u00e9rieur de la cellule. <a href=\"https:\/\/www.youtube.com\/watch?v=KvGOjs15J5s\"><span style=\"color: #0000ff;\">(Source<\/span>)<\/a> La preuve d&#8217;une association quasi-causale entre zinc et une charge virale SARS CoV 2 a \u00e9t\u00e9 apport\u00e9e via plusieurs d&#8217;\u00e9tudes publi\u00e9es. Il y a plein d&#8217;autres facteurs initiateurs de la Covid, mais la d\u00e9ficience en zinc en fait partie et cette carence \u00a0est \u00a0simple et peu couteuse \u00e0 corriger.\u00a0<\/span><\/p>\n<p style=\"text-align: center;\"><em><span style=\"color: #2e2e2e;\">&#8220;The study data clearly show that a significant number of COVID-19 patients were zinc deficient. <strong>These zinc deficient patients developed more complications, and the deficiency was associated with a prolonged hospital stay and increased mortality.\u00a0<\/strong><\/span>In vitro studies have shown that r<strong>educed zinc levels favour the interaction of angiotensin-converting enzyme 2 (ACE2) with severe acute respiratory syndrome coronavirus 2 (SARS-CoV-2) spike protein and likewise that increased zinc levels inhibit ACE2 expression resulting in reduced viral interaction<\/strong>&#8220;. <a href=\"https:\/\/www.sciencedirect.com\/science\/article\/pii\/S120197122030730X\">(Source)<\/a><\/em><\/p>\n<p style=\"text-align: center;\"><em><span style=\"color: #191919;\">&#8220;Our study demonstrates a correlation between serum zinc levels and COVID-19 outcome. <strong>Serum zinc levels lower than 50 \u00b5g\/dl at admission correlated with worse clinical presentation, longer time to reach stability and higher mortality.<\/strong> Our\u00a0<\/span><span style=\"color: #191919;\">in vitro<\/span><span style=\"color: #191919;\">\u00a0results indicate that low zinc levels favor<strong> viral expansion in SARS-CoV2 infected cells&#8221;<\/strong>. <a href=\"https:\/\/www.medrxiv.org\/content\/10.1101\/2020.10.07.20208645v1\">(Source)<\/a><\/span><\/em><\/p>\n<h4 class=\"style-scope ytd-video-secondary-info-renderer\" style=\"text-align: center;\">(9). M\u00e9ditation, Stress contr\u00f4le et Immunit\u00e9<\/h4>\n<div class=\"style-scope ytd-video-secondary-info-renderer\">Comme<strong> le massage th\u00e9rapeutique, la sophrologie et plein d&#8217;autres techniques holistiques avanc\u00e9es, la m\u00e9ditation holistique<\/strong> est \u00e9galement une intervention &#8220;douce&#8221; qui actionne l&#8217;immunit\u00e9, y compris <strong>via la &#8220;up-regulation&#8221; du para-sympathique du syst\u00e8me nerveux et l&#8217;inactivation du &#8220;sympathatic nervous\u00a0syst\u00e8me&#8221;\u00a0<\/strong><\/div>\n<\/div>\n<p style=\"color: #16191f; text-align: justify;\">En effet, il est \u00e9tabli depuis plusieurs d\u00e9cennies que lorsque le sympathique du syst\u00e8me nerveux est en <strong>&#8220;overdrive&#8221; c&#8217;est a dire quand il s&#8217;emballe devant un stress chronique<\/strong>, inondant par l\u00e0 les humeurs de cortisones, d&#8217;adr\u00e9naline et d&#8217;autres hormones du stress et de la d\u00e9tresse, <strong>l&#8217;immunit\u00e9 naturelle est quasi-paralys\u00e9e.<\/strong><\/p>\n<p style=\"text-align: center;\"><span style=\"color: #212121;\"><em>&#8220;In contrast, <strong>long-term stress suppresses or dysregulates innate and adaptive immune responses<\/strong> by altering the Type 1-Type 2 cytokine balance, inducing low-grade chronic inflammation, and suppressing numbers, trafficking, and function of immunoprotective cells. Chronic stress may also increase susceptibility to some types of cancer by suppressing Type 1 cytokines and protective T cells and increasing regulatory\/suppressor T cell function&#8221;. <\/em><a href=\"https:\/\/pubmed.ncbi.nlm.nih.gov\/24798553\/\"><em>(Source<\/em>)<\/a><\/span><\/p>\n<p style=\"color: #16191f; text-align: justify;\">Pr\u00e9cisons qu&#8217;il s&#8217;agit d&#8217;un <strong>stress chronique et- ou d&#8217;une d\u00e9tresse incontrollable, du type d\u00e9crit par Henri Laborit.<\/strong> Un stress aigu, du <strong>\u00a0type herm\u00e9tique,<\/strong> est au contraire b\u00e9n\u00e9fique et active les &#8220;survival mechanisms&#8221; mis en place par l&#8217;Evolution biologique tout en boostant et modulant l&#8217;immunit\u00e9 inn\u00e9e et adaptive et <strong>ses agents<\/strong> tels les cellules de l&#8217;immuno-surveillance comme les cellules dendritiques, les neutrophils, macrophages, lymphocytes, interferons, interleukines et autres cytokines. A ce sujet, c&#8217;est un mythe ou un dogme de dire qu&#8217;avec l&#8217;age, le syst\u00e8me immunitaire est irr\u00e9m\u00e9diablement affaibli. Au contraire, sa partie inn\u00e9e qui g\u00e8re l&#8217;inflammation augmente, donc on ne peut pas parler de l&#8217;immuno-senescence comme le font la plupart m\u00e9decins. C&#8217;est vrai que les s\u00e9niors \u00e2g\u00e9s souffrent souvent de probl\u00e8mes li\u00e9s \u00e0 une immunit\u00e9 affaiblie et d\u00e9traqu\u00e9e par l&#8217;auto-immunit\u00e9, tels l&#8217;arthrose rheumatoides, les amylodoisis, le cancer, les maladies respiratoires chroniques et autres, \u00a0mais la cause fondamentalement de ces dysfonctionnements m\u00e9taboliques vient de l&#8217;absence et-ou de l&#8217;insuffisance du mode de vie holistique et de la pr\u00e9vention \u00e9pig\u00e9n\u00e9tique, et non de l&#8217;accumulation des ann\u00e9es.<\/p>\n<h4 style=\"text-align: center;\">(10). Soleil et Vitamine D en pr\u00e9ventif<\/h4>\n<p><span style=\"color: #000000;\">La vitamine D est une vitamine lipid-soluble et pro-hormone, son apport principal vient de l&#8217;irridiation des UVb du soleil (<\/span><span style=\"color: #000000;\">wavelength de 290\u2013315\u00a0nm) et secondairement, d&#8217;une alimentation saine. <\/span>La carence en vitamine\u00a0D, (mesur\u00e9e par une concentration circulante de 25-hydroxyvitamine\u00a0D, ou 25(OH)D, inf\u00e9rieure \u00e0 12\u00a0ng\/mL (ou 30\u00a0nmol\/L), et l\u2019insuffisance en vitamine\u00a0D, (d\u00e9finie par une concentration circulante de 25(OH)D entre 12\u00a0et 20\u00a0ng\/mL (ou 50\u00a0nmol\/L), <span style=\"color: #0000ff;\"><a href=\"https:\/\/pubmed.ncbi.nlm.nih.gov\/30321335\/\"><span style=\"color: #0000ff;\">(Source)<\/span><\/a><\/span>\u00a0impacte le syst\u00e8me immunitaire. A cet effet, l<strong>a vitamine\u00a0D active d\u2019une part l\u2019expression et la s\u00e9cr\u00e9tion des peptides antimicrobiens par les monocytes\/macrophages, ce qui participe aux d\u00e9fenses des muqueuses, mais aussi la synth\u00e8se de cytokines anti-inflammatoires tout en inhibant la synth\u00e8se de cytokines pro-inflammatoires<\/strong>. <a href=\"https:\/\/asbmr.onlinelibrary.wiley.com\/doi\/full\/10.1002\/jbm4.10405\">(Source)<\/a><\/p>\n<p style=\"color: #4e4e4e;\"><span style=\"color: #000000;\">A l&#8217;appui, plusieurs \u00e9tudes observationnelles et \u00e9pid\u00e9miologiques ont montr\u00e9 l&#8217;importance de cette vitamine pour la pr\u00e9vention du covid 19.<\/span>\u00a0Dans cette perspective, plusieurs\u00a0m\u00e9ta-analyses r\u00e9centes<strong>\u00a0d\u2019essais randomis\u00e9s contr\u00f4l\u00e9s ont rapport\u00e9 la preuve comme quoi\u00a0<\/strong>\u00a0la suppl\u00e9mentation en vitamine\u00a0D sur les infections des voies respiratoires s&#8217;av\u00e8re efficace, \u00a0en particulier chez les sujets carenc\u00e9s en vitamine\u00a0D recevant une suppl\u00e9mentation quotidienne ou hebdomadaire.<a href=\"https:\/\/www.bmj.com\/content\/356\/bmj.i6583\"> (Source)<\/a>\u00a0D&#8217;autres \u00e9tude ci-apr\u00e8s.<\/p>\n<p style=\"text-align: center;\"><span style=\"color: #191919;\">&#8220;In this large observational population study, we show a strong association between vitamin D deficiency and Covid-19 occurrence. After adjustment for baseline characteristics and prior vitamin D levels<strong>, acquisition of liquid vitamin D formulations is associated with decreased risk for Covid-19 infection&#8221;.<\/strong><a href=\"https:\/\/www.medrxiv.org\/content\/10.1101\/2020.09.04.20188268v1\">\u00a0(Source)<\/a><\/span><\/p>\n<p style=\"text-align: center;\"><span style=\"color: #000000;\">&#8220;We concluded that <strong>low plasma 25(OH)D levels appear to be an independent risk factor for COVID-19 infection and hospitalization&#8221;<\/strong>.\u00a0<\/span><a href=\"https:\/\/pubmed.ncbi.nlm.nih.gov\/32700398\/\">(Source)<\/a><\/p>\n<p style=\"text-align: center;\"><em>&#8220;Editorial:\u00a0low population mortality from COVID-19<strong> in countries south of latitude 35 degrees North supports vitamin D as a factor determining severity<\/strong>&#8220;.\u00a0<a href=\"https:\/\/pubmed.ncbi.nlm.nih.gov\/32311755\/\">(Source)<\/a><\/em><\/p>\n<p style=\"text-align: center;\"><em><span style=\"color: #000000;\">Vitamin D levels are<strong> severely low in the aging population<\/strong> especially in Spain, Italy and Switzerland. This is also the most vulnerable group of the population in relation to COVID-19. It should be advisable to perform dedicated studies about vitamin D levels in COVID-19 patients with different degrees of disease severity&#8221;.\u00a0<a href=\"https:\/\/www.ncbi.nlm.nih.gov\/pmc\/articles\/PMC7202265\/\">(Source)<\/a><\/span><\/em><\/p>\n<p style=\"color: #16191f;\"><span style=\"color: #000000;\">Le plus important s&#8217;est<strong> exposer autant de peau que possible au soleil pendant les heures ou il ne brule<\/strong> pas et ce sans cr\u00e8me bronzage ou anti-rayons de soleil.<\/span><\/p>\n<p style=\"color: #16191f;\">Pour les comprim\u00e9s de vitamine D, il y a une <strong>fa\u00e7on optimale d&#8217;utiliser la vitamine D.<\/strong>\u00a0Associ\u00e9e au magn\u00e9sium, les comprim\u00e9s de vitamine D sont mieux assimilables. Certains professionnels de la sant\u00e9 pr\u00e9conisent aussi de prendre la vitamine K2 et la B-6 en association avec la Vitamine D. Pour nous, cela est secondaire, mais n\u00e9anmoins compl\u00e9mentaire.<\/p>\n<\/div>\n<\/div>\n<h4 style=\"text-align: center;\"><span style=\"color: #000000;\"><span style=\"caret-color: #000000;\">(11). S\u00e9jour en montagne et en foret, gr\u00e2ce \u00e0 quoi l&#8217;immunit\u00e9 inn\u00e9e se renforce\u00a0<\/span><\/span><\/h4>\n<p style=\"color: #16191f; text-align: justify;\"><span style=\"color: #000000;\">Des\u00a0<strong>s\u00e9jours en pleine montagne et forets sont aussi conseill\u00e9s\u00a0<\/strong>car, avec les bienfaits d&#8217;une abondance d&#8217;oxyg\u00e8ne, les mol\u00e9cules immuno-d\u00e9primantes du stress ainsi que les cellules immunitaires du corps se modulent et s&#8217;harmonisent en faveur d&#8217;une protection immunitaire g\u00e9n\u00e9rale et efficace. <a href=\"https:\/\/centredebienetreholistique.com\/?page_id=4583\">(Source)<\/a><\/span><\/p>\n<p style=\"color: #16191f; text-align: justify;\"><span style=\"color: #000000;\"> Certaines plantes, super-nutrients et champignons m\u00e9dicinaux de la foret peuvent aussi aider \u00e0 moduler le syst\u00e8me immunitaire. \u00a0<a href=\"https:\/\/centredebienetreholistique.com\/?p=2973\">(Voir Stage)<\/a>\u00a0<\/span><\/p>\n<h4 style=\"color: #16191f; text-align: center;\"><strong>\u00a0(12). Boost de l&#8217;endoth\u00e9lium et r\u00e9gulation de la vasculature<\/strong><\/h4>\n<p style=\"color: #16191f; text-align: justify;\">Il est important de maintenir sa circulation sanguine et lymphatique en bon \u00e9tat, et ce, non seulement parce que le sang apporte de l&#8217;oxyg\u00e8ne et nourriture aux cellules et parce que les vaisseaux lymphatiques nettoient comme ils prot\u00e8gent les tissus, mais aussi parce que<strong> le virus du SARS CoV 2 accapare le r\u00e9cepteur ACE 2 qui est abondant dans la vasculature pour faire son entr\u00e9e \u00e0 l&#8217;int\u00e9rieur de la cellule<\/strong> (ie, le mutant DELTA encore plus), ce qui<strong> d\u00e9tracte la cascade de la coagulation<\/strong> et encourage les <strong>micro-thromboses<\/strong> et la rigidisation des art\u00e9rioles par lesquelles naviguent les cellules rouges.<\/p>\n<p style=\"color: #16191f; text-align: justify;\">La COVID 19 est autant une maladie de d\u00e9tresse respiratoire et inflammatoire (temp\u00eates cytokines et chemokine) du syst\u00e8me gastro-intestinal et neurologique qu&#8217;une <strong>maladie de l&#8217;endothelium.<\/strong><\/p>\n<p style=\"color: #16191f; text-align: justify;\">Par rapport \u00e0 la m\u00e9decine de l&#8217;Etat qui utilise les cortico\u00efdes, anti-inflammatoires comme le<a href=\"https:\/\/www.lanutrition.fr\/les-news\/le-paracetamol-toxique-pour-le-foie-comment-se-premunir\"> paracetamol<\/a>, anti-coagulants, antibiotiques, et entre autres interventions, l&#8217;intubation pour la Covid, <strong>\u00a0la m\u00e9decine holistique active les m\u00e9canismes anti-inflammatoires endog\u00e8nes en amont<\/strong> de fa\u00e7on beaucoup plus douce et efficaces, sans entrainer plein d&#8217;effets secondaires ou toxiques qui viennent des mol\u00e9cules de synth\u00e8se telle le paracetamol, les st\u00e9ro\u00efdes (qui sont immuno-d\u00e9primants), les inhibiteurs de pompe \u00e0 proton, ibuprofen et autres.<\/p>\n<p style=\"color: #16191f; text-align: justify;\"><span style=\"color: #000000;\">En outre, en cardiologie holistique, nous pouvions renforcer les &#8220;progenitor cells&#8221; et la &#8220;nitric oxide&#8221; en association avec certains nutrients, y compris le cacao, grace \u00e0 quoi les mitochondries et la vasculature se portent mieux.\u00a0<\/span>A cela s&#8217;ajoute un <strong>mode de vie et une alimentation anti-inflammatoire<\/strong> avec des tisanes issues du &#8220;white willow bark&#8221;, du curcuma, th\u00e9 et autres.<\/p>\n<h4 style=\"color: #16191f; text-align: center;\">(13). A<strong>m\u00e9lioration des fonctions pulmonaires\u00a0et immunitaire via la m\u00e9decine thermale, exercise et respiration<\/strong><\/h4>\n<p style=\"color: #16191f; text-align: justify;\">Dans cette perspective, le Yoga, Chi Gong et exercises respiratoires sont utiles ainsi que la th\u00e9rapie &#8220;Oc\u00e9an&#8221;, y compris l&#8217;iode et les oligo-min\u00e9raux de L&#8217;Oc\u00e9an. Des<strong> croisi\u00e8res c\u00f4ti\u00e8res<\/strong> en voiliers seraient ainsi indiqu\u00e9es. Les UV a, b et c du Soleil sont \u00e9galement conseill\u00e9s puisque les virus ARN \u00a0(RNA) et ADN (DNA) ne peuvent pas survivre dans un milieu riche en UV. <strong>L&#8217;air iod\u00e9<\/strong> de la mer est aussi indiqu\u00e9 pour ce qui est de la Covid puisque l&#8217;iode est un \u00e9l\u00e9ment important pour l&#8217;immunit\u00e9 naturelle.<\/p>\n<p style=\"color: #16191f; text-align: justify;\"><strong>L&#8217;Achat \u00a0d&#8217;une lampes UVc<\/strong> coute moins de 40 euros, son utilit\u00e9 a \u00e9t\u00e9 d\u00e9montr\u00e9e. C<span style=\"color: #000000;\">ertains a\u00e9roports pr\u00e9parent l&#8217;installation \u00a0des lampes UVc pour d\u00e9sinfecter les virus des milieux \u00e0 haute fr\u00e9quentation.\u00a0<\/span><\/p>\n<p style=\"color: #16191f; text-align: justify;\"><strong>L&#8217;hyperthermia<\/strong> via bains chaud, sauna ou autre peut etre aussi indiqu\u00e9 contre la Covid parce que la chaleur booste plusieurs mol\u00e9cules qui combattent mieux le SARS 2, y compris les cellules dendritiques. (<a href=\"https:\/\/centredebienetreholistique.com\/?page_id=11403\">Voir notre article \u00e0 ce sujet<\/a>)<\/p>\n<h4 style=\"color: #16191f; text-align: center;\">(14). <strong>Une alimentation holistique en association avec quelques compl\u00e9ments.\u00a0<\/strong><\/h4>\n<p style=\"color: #16191f; text-align: justify;\">Le COVID 19 est aussi une maladie du syst\u00e8me gastro-intestinal. Quand une personne infect\u00e9e est positive puis re-deviennent n\u00e9gative au niveau des tests oro-nasaux de d\u00e9pistages, le virus SAR-COV-2 peut encore prolif\u00e9rer dans le syst\u00e8me gastro-intestinal et le microbiote, comme le montrent les &#8220;stool tests&#8221;. D&#8217;ou la n\u00e9cessit\u00e9 de\u00a0<strong>r\u00e9parer la perm\u00e9abilit\u00e9 intestinale et\u00a0c\u00e9r\u00e9brale (blood brain barrier)\u00a0et d&#8217;optimiser la digestion.<\/strong><\/p>\n<p style=\"color: #16191f; text-align: justify;\">Notre Strat\u00e9gie anti-COVID CMH est complexe, avec<strong> un type d&#8217;alimentation holistique pr\u00e9cis et personnalis\u00e9 combin\u00e9 \u00e0 plusieurs compl\u00e9ments importants et autres.<\/strong><\/p>\n<h4 style=\"text-align: center;\">(15). Abstention<\/h4>\n<p style=\"text-align: justify;\"><strong style=\"text-align: justify;\">En m\u00e9decine holistique, il est souvent plus important de cesser de faire, plut\u00f4t que de faire, d&#8217;intervenir,<\/strong><span style=\"text-align: justify;\"> d&#8217;ou l&#8217;int\u00e9r\u00eat d&#8217;arr\u00eater de fumer des cigarettes industrielles, de boire des boissons trop alcoolis\u00e9s et de mauvaise qualit\u00e9, \u00a0de manger omnivore comme le pr\u00e9conisent les experts de l&#8217;Etat, avec le carn\u00e9 que l&#8217;OMS a qualifi\u00e9 de canc\u00e9rig\u00e8ne, les patisseries (le sucre paralyse le syst\u00e8me immunitaire), trop de produit laitier, pas assez de fibres etc De meme pour des jeunes, des vacances, des cures thermales, des ballades en montagnes et autres. Dans ce cadre, il est important <\/span><strong style=\"text-align: justify;\">d&#8217;\u00e9viter les conditions\u00a0soci\u00e9tales qui nourrissent trop de stress. <\/strong><\/p>\n<p style=\"text-align: justify;\"><strong style=\"text-align: justify;\">Quelques\u00a0exemples ci-apr\u00e8s.\u00a0<\/strong>Le stress chronique, la r\u00e9sistance de l&#8217;insuline via le r\u00e9gime &#8220;omnivore&#8221; pr\u00e9conis\u00e9 par les experts de l&#8217;Etat, l&#8217;inflammation chronique, y compris les relations humaines toxiques, la toxicit\u00e9 maison, (que l&#8217;OMS estime pire que la toxicit\u00e9 de l&#8217;air de la plupart des villes), pollution de l&#8217;environnement, moisissure et parasites d\u00e9l\u00e9t\u00e8res (pas tous les moisissures et parasites sont mauvais), s\u00e9dentarit\u00e9, d\u00e9ficiences et d\u00e9s\u00e9quilibres nutritionnelles et biophysique, perturbation \u00e9lectro-magn\u00e9tiques, dysfonctionnement de la methylation m\u00e9tabolique, perm\u00e9abilit\u00e9 intestinale et c\u00e9r\u00e9brale, insomnie, mol\u00e9cules de synth\u00e8se et g\u00e9n\u00e9tiquement alt\u00e9r\u00e9es (y compris le glyphosate), le tabac industriel que l&#8217;Etat vendait pendant que les march\u00e9s de fruits et l\u00e9gumes frais et bio en pleine air \u00e9taient oblig\u00e9s de fermer (dans le cadre du confinement), plein de m\u00e9dicaments y compris les anti-acid (PPI), les NSAID (Tylenol et autres), antibiotiques, inhibiteurs ACE pour le HBP (high blood pressure) et certains vaccins. (4).<\/p>\n<p style=\"text-align: justify;\">Par exemple, en Espagne et Italie, la recherche internationale a d\u00e9montr\u00e9 que<strong> le vaccin anti-grippe \u00e9tait responsable d&#8217;un surcroit de d\u00e9c\u00e8s Covid<\/strong>, des recherches am\u00e9ricaines publi\u00e9es dans les meilleurs journaux m\u00e9dicaux confortent ce fait, nos s\u00e9minaires comportent des expos\u00e9s power points qui corroborent ces all\u00e9gations ainsi que notre ebook en gestation.<\/p>\n<h4 style=\"text-align: center;\">Tips Th\u00e9rapeutiques<\/h4>\n<p style=\"text-align: justify;\">En m\u00e9decine holistique, les mol\u00e9cules de synth\u00e8se ne sont g\u00e9n\u00e9ralement pas conseill\u00e9es. Toutefois, si un patient n&#8217;arrive pas \u00e0 contr\u00f4ler l&#8217;infection SAR-COV-2 faute de connaissance et de mise en oeuvre de la m\u00e9decine holistique, il y a des m\u00e9dicaments anti-parasitaires ainsi que plusieurs mol\u00e9cules de synth\u00e8se qui pourraient etre utiles. Nous invoquons quelques unes.<\/p>\n<h4 style=\"text-align: center;\">Approche m\u00e9dicamenteuse &#8220;douces&#8221;<\/h4>\n<h4 style=\"text-align: center;\">(1). I<a style=\"color: #5f5f5f; text-decoration: underline;\" href=\"https:\/\/www.sciencedirect.com\/science\/article\/pii\/S0166354220302011\" rel=\"noopener\"><span style=\"color: #000000; text-decoration: underline;\">vermectin<\/span>\u00a0<\/a>\u00a0 (un m\u00e9dicament anti-parasitaire et anti-inflammatoire efficace)<\/h4>\n<p style=\"text-align: justify;\"><span style=\"color: #000000;\">Au risque de se faire censurer, le CMH recommande que toutes les personnes qui ont du mal \u00e0 maintenir un mode de vie holistique s&#8217;int\u00e9resse \u00e0 l l&#8217;ivermectin, voire demande \u00e0 leur m\u00e9decin une prescription dans le cas ou ces personnes \u00e9prouveraient le tout d\u00e9but de la symptomatologie Covid, et ce d&#8217;autant que ces personnes auraient une ou davantage de co-morbidit\u00e9s et-ou vivraient dans une situation pro-inflammatoire, y compris l&#8217;ob\u00e9sit\u00e9, la pollution d&#8217;une grande ville, l&#8217;insomnie et le stress chronique.<\/span><\/p>\n<p style=\"text-align: justify;\"><span style=\"color: #000000;\">Cette mol\u00e9cule synth\u00e9tique a \u00e9t\u00e9 reconnu par l&#8217;OMS comme &#8220;essential drug&#8221;, elle a aid\u00e9 a traiter favorablement plein d<strong>e maladies parasitaires<\/strong> comme la&#8221;river blindness&#8221; et l&#8217;elephantiasis et autres. Au cours des derni\u00e8res ann\u00e9es, \u00a0des centaines de millions, voire des milliards de personnes dans le monde en d\u00e9veloppement ou la malaria a une incidence importante, ont pu en b\u00e9n\u00e9ficier. \u00a0<strong>Vu son prix peu \u00e9lev\u00e9 et son innocuit\u00e9,<\/strong> cette mol\u00e9cule a d\u00e9j\u00e0 eu beaucoup de succ\u00e8s avec plein d&#8217;\u00e9pid\u00e9mies et de maladies tropicales et internationales comme le \u00a0Zika virus, Dengue, HIV, West Nile disease et la grippe.\u00a0<\/span><\/p>\n<p style=\"text-align: justify;\"><span style=\"color: #000000;\">Son d\u00e9couvreur, Satoshi \u014cmura a re\u00e7u un\u00a0<span style=\"color: #0000ff;\"><a style=\"color: #038bb3;\" href=\"https:\/\/www.nobelprize.org\/prizes\/medicine\/2015\/press-release\/\" target=\"_blank\" rel=\"noopener\"><span style=\"color: #0000ff;\">\u00a0Nobel Prize<\/span><\/a><\/span>\u00a0en m\u00e9decine (physiologie) pour ces travaux sur l&#8217;ivermectin.<\/span><span style=\"color: #0000ff;\"><a style=\"color: #038bb3;\" href=\"https:\/\/www.nobelprize.org\/prizes\/medicine\/2015\/omura\/facts\/\" target=\"_blank\" rel=\"nofollow noopener noreferrer\"><span style=\"color: #0000ff;\">(Source)<\/span><\/a><\/span><span style=\"color: #000000;\"><span style=\"color: #0000ff;\">\u00a0<\/span>\u00a0<\/span><\/p>\n<p style=\"text-align: justify;\"><span style=\"color: #000000;\">Or, Anthony Faucci, celui qui a investi des millions de dollars dans les vaccins moderna, ainsi que la plupart des gouvernements et toutes les firmes pharmaceutique <strong>ne parlent pas de cette mol\u00e9cule pour la Covid,<\/strong> alors qu&#8217;il y a plein de preuves qu&#8217;elle peut aider a impacter favorablement la &#8220;herd immunity&#8221; et le d\u00e9nouement de la pand\u00e9mie covid soit seule,\u00a0<\/span><span style=\"color: #0000ff;\"><a style=\"color: #038bb3;\" href=\"https:\/\/childrenshealthdefense.org\/defender\/covid-ivermectin-could-have-saved-millions-lives\/\" target=\"_blank\" rel=\"nofollow noopener noreferrer\"><span style=\"color: #0000ff;\">(Source)<\/span><\/a>\u00a0<span style=\"color: #000000;\">soit en combinaison avec d&#8217;autres mol\u00e9cules<\/span>.\u00a0<a style=\"color: #038bb3;\" href=\"https:\/\/covid19criticalcare.com\/covid-19-protocols\/i-mask-plus-protocol\/\" target=\"_blank\" rel=\"noopener\"><span style=\"color: #0000ff;\">(Source)<\/span><\/a><span style=\"color: #0000ff;\">\u00a0<span style=\"color: #000000;\">(5) <\/span><\/span><\/span><\/p>\n<p style=\"text-align: justify;\"><span style=\"color: #0000ff;\"><span style=\"color: #0000ff;\"><span style=\"color: #000000;\">Entre autres, une m\u00e9ta-analyse conforte ce que je viens d&#8217;\u00e9crire:<\/span><\/span><\/span><\/p>\n<p style=\"text-align: center;\"><em>\u00a0<strong class=\"yiv3654766581sub-title\" style=\"color: #000000;\">&#8220;<\/strong><span style=\"color: #000000;\">Moderate-certainty evidence finds that <strong>large reductions in COVID-19 deaths are possible using ivermectin.<\/strong> Using ivermectin<strong> early in the clinical course<\/strong> may reduce numbers progressing to severe disease. The apparent safety and low cost suggest that ivermectin is likely to have a<strong> significant impact on the SARS-CoV-2 pandemic globally.<\/strong>&#8220;<span style=\"color: #0000ff;\">\u00a0<\/span><\/span><span style=\"color: #0000ff;\"><a class=\"yiv3654766581id-link\" style=\"color: #0071bc;\" href=\"https:\/\/doi.org\/10.1097\/mjt.0000000000001402\" target=\"_blank\" rel=\"nofollow noopener noreferrer\"><span style=\"color: #0000ff;\">(Source)<\/span><\/a><\/span><\/em><\/p>\n<p style=\"text-align: justify;\">Dans cette \u00e9tude ci-avant,<strong> l&#8217;ivermectin a pu a lui seul r\u00e9duire jusqu&#8217;a 62 pour-cent des morts.<\/strong>\u00a0Autrement dit, sans ce m\u00e9dicament des pauvres,\u00a0<strong>sur 1000 personnes infect\u00e9es qui devait en mourir, pour moins d&#8217;un euro le comprim\u00e9, 620 de ces personnes auraient pu etre gu\u00e9ries<\/strong>, rentr\u00e9es chez elle et oeuvrer pour le bien-\u00eatre collectif.<\/p>\n<p style=\"text-align: justify;\">En bonus,<strong> les patients covid r\u00e9cup\u00e8rent bien plus vite par rapport au patients qui rel\u00e8vent du &#8220;standard of care&#8221; de la m\u00e9decine officielle,<\/strong> environ<strong> deux semaines.\u00a0<\/strong><\/p>\n<div class=\"page\" title=\"Page 1\">\n<div class=\"layoutArea\">\n<div class=\"column\">\n<p style=\"text-align: center;\"><em>&#8220;Results:\u00a0<strong>Nearly 85% of cases who received the TNR4 recovered within 14 days<\/strong> compared to 59% in the comparison group. The likelihood of recovery within 14 days was 3.4 times greater among the TNR4 group than in the comparison group. <strong>Patients treated with TNR4 had a 75% and 81% lower risk of being hospitalized or death, respectively, than the comparison group.\u00a0<\/strong><strong>Conclusions:\u00a0TNR4 therapy improved recovery and prevented the risk of hospitalization and death among ambulatory COVID-19 cases.<\/strong>\u00a0<span style=\"color: #0000ff;\"><a style=\"color: #038bb3;\" href=\"https:\/\/www.ijidonline.com\/article\/S1201-9712(21)00100-4\/pdf\" target=\"_blank\" rel=\"noopener\"><span style=\"color: #0000ff;\">(Source)<\/span><\/a><\/span><\/em><\/p>\n<\/div>\n<\/div>\n<\/div>\n<p style=\"color: #000000; text-align: justify;\"><span style=\"color: #000000;\">Plusieurs groupe de m\u00e9decin ont interpell\u00e9 Fauci et d&#8217;autres responsables des Etats pour qu&#8217;ils recommandent cette mol\u00e9cule peu on\u00e9reuse. \u00a0<\/span><strong style=\"color: #000000;\">Mais Anthony Fauci et d&#8217;autres responsables font la sourde oreille<\/strong><span style=\"color: #000000;\">. <\/span><\/p>\n<p style=\"color: #000000; text-align: justify;\"><span style=\"color: #000000;\">Reconnaitre l&#8217;ivermectin ne plairait pas \u00e0 leur soutiens financiers et ne serait pas conforme \u00e0 \u00a0leur &#8220;business model&#8221; selon lequel \u00a0il est indispensable d&#8217;\u00e9tablir un <strong>&#8220;cash flow&#8221; constant,<\/strong> sans quoi leurs stockholders seraient m\u00e9contents, vu le manque \u00e0 gagner et la diminution du profit concomitant. <\/span><\/p>\n<p style=\"color: #000000; text-align: justify;\"><strong style=\"color: #000000;\">Pire, quand des \u00e9tudes publi\u00e9es sont post\u00e9es sur You-tube<\/strong><span style=\"color: #000000;\"> et d&#8217;autres r\u00e9seaux sociaux d\u00e9tenus par les g\u00e9ants de l&#8217;informatique comme Facebook et Google, <\/span><strong><span style=\"color: #000000;\">leur syst\u00e8me AI (artificial intelligence)\u00a0<span style=\"caret-color: #000000;\">syst\u00e9matiquement<\/span>\u00a0censure ces videos sur l&#8217;ivermectin.<\/span><\/strong><a style=\"color: #000000;\" href=\"https:\/\/www.youtube.com\/watch?v=gUyIyIROqv4\">(<span style=\"color: #0000ff;\">Source A)<\/span><\/a><span style=\"color: #0000ff;\">\u00a0<\/span><span style=\"color: #0000ff;\"><a href=\"https:\/\/www.foxnews.com\/politics\/youtube-remove-doctor-senate-testimony-coronavirus-ron-johnson-big-tech\"><span style=\"color: #0000ff;\">(Source B)<\/span><\/a>.<strong style=\"color: #000000;\"> \u00a0<\/strong><\/span><\/p>\n<p style=\"color: #000000; text-align: justify;\">A terme, l&#8217;ivermectin devrait <strong>quand m\u00eame prosp\u00e9rer comme m\u00e9dicament anti-covid vu son succ\u00e8s<\/strong> qui est difficile de cacher. Sauf si les mutants du SARS Cov 2 deviennent trop virulents, une virulence qui est &#8220;more often than not&#8221; iatrog\u00e8nique, qui vient de la fa\u00e7on dont la m\u00e9decine officielle op\u00e8re.<\/p>\n<h4 style=\"text-align: center;\"><strong>(2). L&#8217;hydroxychloroquine (HCQ), la chloroquine et\u00a0<\/strong><span style=\"color: #1c1e21;\"><span style=\"caret-color: #1c1e21;\">l&#8217;azithromycin (AZM)\u00a0<\/span><\/span><\/h4>\n<p style=\"text-align: justify;\">L&#8217;hydroxychloroquine et la chloroquine comme<b>\u00a0<\/b>l&#8217;antibiotique\u00a0<span style=\"color: #191919;\">macrolide connu sous le vocable<\/span>\u00a0Azithromycin (AZM sont <strong>controvers\u00e9s.<\/strong><\/p>\n<p style=\"text-align: justify;\">Tout d&#8217;abord, \u00e0 choisir, nous pr\u00e9f\u00e9rons\u00a0<strong>l&#8217;hydroxychloroquine \u00e0 la chloroquine, puisque cette derni\u00e8re comporte plus d&#8217;effets ind\u00e9sirables <\/strong>et ce,\u00a0sans l&#8217;antibiotique <span style=\"color: #191919;\">macrolide connu sous le vocable<\/span>\u00a0Azithromycin (AZM) que pr\u00e9conise le Pr Didier Raoult.<\/p>\n<p style=\"text-align: justify;\">Seul, l&#8217;hydroxycholoroquine ne semble pas \u00eatre dans l&#8217;ensemble utile.<\/p>\n<p style=\"text-align: center;\"><em><strong>&#8220;L&#8217;hydroxychloroquine ne r\u00e9duit pas le nombre de d\u00e9c\u00e8s dus \u00e0 la COVID-19,<\/strong> et ne r\u00e9duit probablement pas le nombre de personnes n\u00e9cessitant une ventilation m\u00e9canique.<strong> L&#8217;hydroxychloroquine a caus\u00e9 plus d&#8217;effets ind\u00e9sirables qu&#8217;un traitement placebo,<\/strong> bien qu&#8217;elle ne semble pas avoir augment\u00e9 le nombre d&#8217;effets ind\u00e9sirables graves. <a href=\"https:\/\/www.cochrane.org\/fr\/CD013587\/INFECTN_la-chloroquine-ou-lhydroxychloroquine-est-elle-utile-pour-traiter-les-personnes-atteintes-de-la\">(<span style=\"color: #0000ff;\">Source)<\/span><\/a><\/em><\/p>\n<p style=\"text-align: justify;\"><span style=\"color: #3c4245;\">Autre \u00e9l\u00e9ment de preuve, une \u00e9tude observationnelle publi\u00e9e le 22 mai dans la revue\u00a0<\/span><em style=\"color: #3c4245;\">The Lancet<\/em><span style=\"color: #3c4245;\">\u00a0a montr\u00e9 que, sur 100\u00a0000 patients de diff\u00e9rents pays randomis\u00e9s pour recevoir de l\u2019hydroxychloroquine (seule ou en association avec un macrolide), le taux de mortalit\u00e9 \u00e9tait plus \u00e9lev\u00e9 et l\u2019arythmie cardiaque plus fr\u00e9quente.<\/span><\/p>\n<p style=\"text-align: center;\"><span style=\"color: #505050;\"><em>We were unable to confirm a benefit of hydroxychloroquine or chloroquine, when used alone or with a macrolide, on in-hospital outcomes for COVID-19. Each of these drug regimens was associated with <strong>decreased in-hospital survival and an increased frequency of ventricular arrhythmias when used for treatment of COVID-19&#8243;<\/strong>. <\/em><span style=\"color: #0000ff;\"><a href=\"https:\/\/www.thelancet.com\/journals\/lancet\/article\/PIIS0140-6736(20)31180-6\/fulltext\"><span style=\"color: #0000ff;\"><em>(Source<\/em>)<\/span><\/a><\/span><\/span><\/p>\n<p>Trois autres \u00e9tudes semblent condamner le protocole HCQ du Pr Raoult.<\/p>\n<p style=\"text-align: center;\"><em><span style=\"color: #222222;\">&#8220;We found that treatment with hydroxychloroquine is associated with <strong>increased mortality in COVID-19 patients, and there is no benefit of chloroquine<\/strong>. Findings have unclear generalizability to outpatients, children, pregnant women, and people with comorbidities&#8221;. <a href=\"https:\/\/www.nature.com\/articles\/s41467-021-22446-z\">(<span style=\"color: #0000ff;\">Source)<\/span><\/a><\/span><\/em><\/p>\n<p style=\"text-align: center;\"><em><span style=\"color: #000000;\">&#8220;For rheumatologists and our patients, hydroxychloroquine maintains its important, longstanding role in the treatment of rheumatic diseases, with known benefits ranging from reducing lupus disease activity and damage to lowering the risks of hyperglycaemia, hyperlipidaemia, and pregnancy complications. <\/span><strong>However, available evidence does not support the use of this medication in the prevention or treatment of COVID-19<\/strong>.&#8221;\u00a0<span style=\"color: #000000;\">\u00a0<\/span><span style=\"color: #0000ff;\"><a href=\"https:\/\/www.thelancet.com\/journals\/lanrhe\/article\/PIIS2665-9913(20)30390-8\/fulltext\"><span style=\"color: #0000ff;\">(Source)<\/span><\/a>\u00a0<\/span><\/em><\/p>\n<div class=\"dropBlock reference-citations\" style=\"color: #000000; text-align: center;\"><span style=\"color: #222222;\">\u00a0&#8220;<em>This systematic review and meta-analysis aimed to examine the efficacy and safety of HCQ in addition to standard of care (SOC) in COVID-19. PubMed, the Cochrane Library, Embase, Web of sciences, and medRxiv were searched up to March 15, 2021. Clinical studies registry databases were also searched for identifying potential clinical trials. The references list of the key studies was reviewed to identify additional relevant resources. The quality of the included studies was evaluated using the Cochrane Collaboration tool and Jadad checklist. Meta-analysis was performed using RevMan software (version 5.3). <strong>Eleven randomized controlled trials with a total number of 8161 patients were identified as eligible for meta-analysis<\/strong>. No significant differences were observed between the two treatment groups in terms of negative rate of polymerase chain reaction (PCR) (Risk ratio [RR]: 0.99, 95% confidence interval (CI) 0.90, 1.08; P\u2009=\u20090.76), PCR\u00a0negative conversion time (Mean difference [MD]: \u2212\u00a01.06, 95% CI \u2212\u00a03.10, 0.97; P\u2009=\u20090.30), all-cause mortality (RR: 1.09, 95% CI 1.00, 1.20; P\u2009=\u20090.06), body temperature recovery time (MD: \u2212\u00a00.64, 95% CI \u2212\u00a01.37, 0.10; P\u2009=\u20090.09), length of hospital stay (MD: \u2212\u00a00.17, 95% CI \u2212\u00a00.80, 0.46; P\u2009=\u20090.59), use of mechanical ventilation (RR: 1.12, 95% CI 0.95, 1.32; P\u2009=\u20090.19), and disease progression (RR\u2009=\u00a00.82, 95% CI 0.37, 1.85; P\u00a0=\u00a00.64). However, there was a significant difference between two groups regarding adverse events (RR: 1.81, 95% CI 1.36, 2.42; P\u2009&lt;\u20090.05). <strong>The findings suggest that the addition of HCQ to SOC has no benefit in the treatment of hospitalized patients with COVID-19. Additionally, it is associated with more adverse events. <\/strong><span style=\"color: #0000ff;\"><a href=\"https:\/\/www.nature.com\/articles\/s41598-021-91089-3\"><span style=\"color: #0000ff;\">(Source)<\/span><\/a><\/span><\/em><\/span><\/div>\n<div class=\"dropBlock reference-citations\" style=\"color: #000000; text-align: center;\"><\/div>\n<div class=\"dropBlock reference-citations\" style=\"color: #000000;\">Par rapport \u00e0 ces \u00e9tudes, Pr Raoult et ses coll\u00e8gues all\u00e8guent que les \u00e9tudes de son \u00e9quipe montrent le contraire, que l&#8217;HCQ, surtout quand il est combin\u00e9 avec l&#8217;AZM \u00e9courte l&#8217;hospitalisation des patient Covid.<\/div>\n<div class=\"dropBlock reference-citations\" style=\"color: #000000;\"><\/div>\n<div class=\"dropBlock reference-citations\" style=\"color: #000000; text-align: center;\">&#8220;<em>Although this is a retrospective analysis,<strong> results suggest that early diagnosis, early isolation and early treatment of COVID-19 patients, with at least 3 days of HCQ-AZ lead to a significantly better clinical outcome and a faster viral load reduction than other treatments&#8221;.<\/strong><span style=\"color: #0000ff;\"> <a href=\"https:\/\/www.ncbi.nlm.nih.gov\/pmc\/articles\/PMC7315163\/\"><span style=\"color: #0000ff;\">(Source)<\/span><\/a><\/span><\/em><\/div>\n<h4 class=\"dropBlock reference-citations\" style=\"color: #000000; text-align: center;\">Discussion<\/h4>\n<div class=\"dropBlock reference-citations\" style=\"color: #000000; text-align: justify;\">Analysant bri\u00e8vement les conclusions des deux &#8220;camps&#8221; il se peut que<strong> la diff\u00e9rence entre un effet th\u00e9rapeutique de la mol\u00e9cule HCQ et un effet n\u00e9faste repose sur le timing<\/strong>. Raoult insiste que son protocole doit commencer au d\u00e9but de la symptomatologie alors que la plupart des \u00e9tudes d&#8217;essais cliniques intervenaient quand le patient Covid \u00e9tait d\u00e9j\u00e0 a l&#8217;h\u00f4pital, donc avec une symptomatologie relativement grave et avanc\u00e9.<\/div>\n<div class=\"dropBlock reference-citations\" style=\"color: #000000;\"><\/div>\n<div class=\"dropBlock reference-citations\" style=\"color: #000000; text-align: justify;\">On comprend pourquoi Pr Didier conseille des antibiotiques comme l&#8217;azithromycin pour la Covid, en effet,\u00a0<strong>quand la symptomatologie covid est grave, des infections bact\u00e9riennes peuvent surgir.<\/strong>\u00a0On a vu ce meme ph\u00e9nom\u00e8ne lors de la pand\u00e9mie virale de 1918.<\/div>\n<p style=\"text-align: justify;\">Toutefois, ce que l&#8217;on ne savait pas en 1918, c&#8217;est que\u00a0<strong>le microbiote est capital pour ce qui est de l&#8217;immunit\u00e9 naturelle<\/strong>\u00a0du corps et de la r\u00e9gulation y aff\u00e9rente en mati\u00e8re d&#8217;inflammation.<\/p>\n<p style=\"text-align: justify;\">Par cons\u00e9quent, en traitant le patient COVID avec des antibiotiques, le m\u00e9decin\u00a0<strong>d\u00e9truit ce qui peut gu\u00e9rir<\/strong>, comme le fait la canc\u00e9rologie moderne avec les anti-mitotiques.<\/p>\n<p style=\"text-align: center;\"><em><span style=\"color: #1c1d1e;\">&#8220;The results show that using AZM as routine therapy in Covid-19 patients is not justified due to lack of efficacy and <strong>potential risk of bacterial resistance<\/strong> that is not met by an increased clinical benefit.&#8221;.<span style=\"color: #0000ff;\"> <a href=\"https:\/\/onlinelibrary.wiley.com\/doi\/10.1002\/rmv.2258\"><span style=\"color: #0000ff;\">(Source)<\/span><\/a><\/span><\/span><\/em><\/p>\n<p style=\"text-align: justify;\">Aux effets d\u00e9l\u00e8teres antibact\u00e9riens qui sont en association avec l&#8217;immunit\u00e9, l&#8217;AZM aurait d&#8217;autres effets secondaires et risques.<\/p>\n<p style=\"text-align: center;\"><span style=\"color: #191919;\">&#8220;Common side effects include nausea, vomiting, diarrhoea, and upset stomach. Allergic reaction, such as anaphylaxis, QT prolongation, or diarrhoea caused by\u00a0<\/span><span style=\"font-style: italic;\">Clostridium difficile<\/span><span style=\"color: #191919;\">\u00a0is possible&#8221;.<span style=\"color: #0000ff;\"> <a class=\"id-link\" style=\"color: #0071bc;\" href=\"https:\/\/doi.org\/10.1080\/14787210.2020.1813024\" target=\"_blank\" rel=\"noopener\" data-ga-category=\"full_text\" data-ga-action=\"DOI\"><span style=\"color: #0000ff;\">(Source)<\/span><\/a><\/span><\/span><\/p>\n<p style=\"text-align: justify;\">OK, m\u00eame s&#8217;il y a des risques, mais des risques pas aussi grands que l&#8217;all\u00e8guent les m\u00e9dia et quelques publications r\u00e9fractaires \u00e0 la science,\u00a0<strong>il semble qu&#8217;il \u00a0y ait aussi des succ\u00e8s avec ce double traitement du Professeur marseillais.<\/strong><\/p>\n<p style=\"text-align: justify;\">A choisir, j&#8217;aurais pr\u00e9f\u00e9r\u00e9 la combinaison<strong>\u00a0zinc-Hydroxychloriquinine sans l&#8217;AZM,<\/strong> associ\u00e9 \u00e0 une<strong> di\u00e8te plantivore et quelques \u00e9l\u00e9ments mentionn\u00e9 dans le protocole du CHM.<\/strong><\/p>\n<p style=\"text-align: justify;\"><span style=\"color: #000000;\">L&#8217;hydroxychloroquine est un<\/span><strong style=\"color: #000000;\">\u00a0ionophore.\u00a0<\/strong><span style=\"color: #000000;\">Il peut donc etre utile pour que\u00a0le zinc puisse s&#8217;introduire \u00e0 l&#8217;int\u00e9rieur de la cellule et inhiber l&#8217;enzyme replicase que le virus SARS COV 2 utilise pour se reproduire.\u00a0(6)<\/span><\/p>\n<div class=\"dropBlock reference-citations\" style=\"color: #000000;\">Dans cette perspective, le rajout du zinc conf\u00e9rerait un b\u00e9n\u00e9fice. (<a href=\"https:\/\/www.microbiologyresearch.org\/content\/journal\/jmm\/10.1099\/jmm.0.001250?crawler=true\">Source)<\/a><\/div>\n<div class=\"dropBlock reference-citations\" style=\"color: #000000;\"><\/div>\n<div class=\"dropBlock reference-citations\" style=\"color: #000000; text-align: center;\"><em>\u00a0<span style=\"color: #191919;\">&#8220;Conclusion<\/span><span style=\"color: #191919;\">\u00a0This study provides the<strong> first\u00a0<\/strong><\/span><strong><span style=\"color: #191919;\">in vivo<\/span><\/strong><\/em><span style=\"color: #191919;\"><em><strong>\u00a0evidence that zinc sulfate in combination with hydroxychloroquine may play a role in therapeutic management for COVID-19<\/strong>&#8220;.\u00a0<\/em><a href=\"https:\/\/www.medrxiv.org\/content\/10.1101\/2020.05.02.20080036v1\"><em>(Source<\/em>)<\/a><\/span><\/div>\n<p style=\"text-align: justify;\">Pour l&#8217;instant, (car en m\u00e9decine, les opinions changent souvent), <strong>je r\u00e9serverais ce combinatoire zinc et l&#8217;hydroxycholoriquine pour des cas graves et-ou mod\u00e9r\u00e9s dont les patients sont r\u00e9fractaires \u00e0 la m\u00e9decine holistique<\/strong> et-ou n&#8217;ont pas pu avoir acc\u00e8s \u00e0 temps aux techniques holistiques.<\/p>\n<p style=\"text-align: justify;\">Je pr\u00e9f\u00e8re \u00e9viter les mol\u00e9cules synth\u00e9tique quand c&#8217;est possible, surtout quand elles sont controvers\u00e9es, et ce d&#8217;autant qu&#8217;il y a quasiment toujours des effets ind\u00e9sirables avec cette approche. En outre, on n&#8217;a pas besoin de l&#8217;HCQ comme ionophore puisqu&#8217;il y en a plein dans l&#8217;alimentation holistique.<\/p>\n<h4 style=\"text-align: center;\"><strong>3).\u00a0\u00a0Acide ascrobique (vitamine C synth\u00e9tique) \u00e0 haute dose\u00a0<\/strong><\/h4>\n<p style=\"text-align: justify;\"><span style=\"color: #000000;\">Exceptionnellement, quand la temp\u00eate cytokine et-ou la &#8220;Sepsis&#8221; est g\u00e9n\u00e9ralis\u00e9e, on peut essayer une <strong>intraveineuses (IV) de vitamine C synth\u00e9tique avec posologie assez forte<\/strong> et en combinaison avec d&#8217;autres nutriments, surtout la vitamine D associ\u00e9e au magn\u00e9sium et la mol\u00e9cule glutathione qui est souvent utilis\u00e9es aux USA dans le cadre des Myers cocktail (Cf &#8220;I.V Glutathione &#8211; Myers cocktails&#8221;), (<\/span><a href=\"https:\/\/www.rebalancenyc.com\/myers-cocktail\/\">Source<\/a><span style=\"color: #000000;\">).<\/span><\/p>\n<h4 style=\"text-align: center;\">(4). Corticost\u00e9roides<\/h4>\n<div style=\"text-align: justify;\">En m\u00e9decine allopathique, il y a plusieurs interventions pharmaceutiques qui ont \u00e9t\u00e9 approuv\u00e9es par le syst\u00e8me, y compris <strong>les corticosteroids,<\/strong> notamment pour les patients qui sont frapp\u00e9s du cytokine storm, donc c&#8217;est <strong>m\u00e9dicalement logique d&#8217;essayer d&#8217;affaiblir le syst\u00e8me immunitaire du patient<\/strong>\u00a0puisque le virus COVID a trouv\u00e9 un moyen pour provoquer le syst\u00e8me immunitaire de son h\u00f4te \u00e0 s&#8217;emballer a tel point qu&#8217;il ne peut plus respirer.<\/div>\n<div style=\"text-align: justify;\"><\/div>\n<div style=\"text-align: justify;\">Par cons\u00e9quent, les corticost\u00e9ro\u00efdes peuvent etre utiles pour des cas graves qui n&#8217;ont pas \u00e9t\u00e9 soign\u00e9 holistiquement.\u00a0<span style=\"color: #000000;\"><strong>Dexamethasone<\/strong> et d&#8217;autres corticosteroids comme la prednisone et la methylprednisolone, qui sont aussi des mol\u00e9cules puissamment anti-inflammatoires, peuvent aider chez les cas graves.\u00a0<\/span><\/div>\n<h4 style=\"text-align: center;\">(5). Cyclosporine <strong style=\"color: #191919;\">(CSA)<\/strong><\/h4>\n<div style=\"text-align: justify;\">Une \u00e9quipe de chercheurs espagnols de l&#8217;h\u00f4pital Quir\u00f3n de Madrid a<strong> test\u00e9 plusieurs m\u00e9dicaments sur 600 patient<\/strong>s, dont l&#8217;hydroxychloroquine,\u00a0<span style=\"color: #000000;\">des antiviraux comme le Lopinavir-ritonavir, des antibiotiques, des corticost\u00e9ro\u00efdes et des m\u00e9dicaments agissant dans la phase inflammatoire de la maladie comme le tozilizumab et la cyclosporine <strong style=\"color: #191919;\">(CSA)<\/strong>.\u00a0<\/span><\/div>\n<div style=\"text-align: justify;\"><\/div>\n<div style=\"text-align: justify;\"><strong>De toutes ces mol\u00e9cules, c&#8217;est la cyclosporine qui a eu le meilleure r\u00e9sultat. <\/strong>M\u00e9dicament \u00a0pas cher qui a d\u00e9j\u00e0 \u00e9t\u00e9 utilis\u00e9\u00a0depuis plus de 40 (ie, pour pr\u00e9veir le rejet aigu lors de transplantation d&#8217;organes), la cyclosporine cible le &#8220;kill mechanism&#8221; de la Covid, l&#8217;hyper-inflammation des poumons.<\/div>\n<div style=\"text-align: justify;\"><\/div>\n<div style=\"text-align: justify;\">A l&#8217;appui, l&#8217;\u00e9tude publi\u00e9e dans la revue\u00a0The Lancet ce 15 octobre 2020.<\/div>\n<div style=\"text-align: justify;\"><\/div>\n<div style=\"text-align: justify;\">\n<div class=\"article-full__body-content article-paywall article-paywall-srv p402_premium\" style=\"color: #1b1b1b;\">\n<div class=\"section-paragraph\" style=\"color: #505050; text-align: center;\">&#8220;<em>From March 10th to April 15th, 2020, 607 patients were included. Median age was 69 years [interquartile range, {IQR} 22; 65% male). The most common comorbidities were hypertension (276 [46\u00b794%]), diabetes (95 [16\u00b716%]), chronic cardiac (133 [22\u00b762%]) and respiratory (114 [19\u00b739%]) diseases. 141 patients (23\u00b72%) died. In the multivariate model the risk of death increased with older age (odds ratio, for every year of age, 1\u00b715, [95% CI 1\u00b711 &#8211; 1\u00b72]), tocilizumab therapy (2\u00b74, [1\u00b713 &#8211; 5\u00b711]), C-reactive protein at admission (1\u00b707, per 10\u00a0mg\/L, [1\u00b704 &#8211; 1\u00b710]),\u00a0<span class=\"smallcaps\">d<\/span>-dimer &gt; 2\u00b75\u00a0\u03bcg\/mL (1\u00b799, [1\u00b703 &#8211; 3\u00b786]), diabetes mellitus (2\u00b761, [1\u00b719 &#8211; 5\u00b773]), and the PaO2\/FiO2\u00a0at admission (0\u00b799, per every 1\u00a0mmHg, [0\u00b798 &#8211; 0\u00b799])<strong>. Among the prescribed therapies (tocilizumab, glucocorticoids, lopinavir\/ritonavir, hydroxychloroquine, cyclosporine), only cyclosporine was associated with a significant decrease in mortality (<\/strong>0\u00b724, [0\u00b712 &#8211; 0\u00b746];\u00a0p&lt;0\u00b7001).\u00a0Interpretation In a real-clinical setting, inhibition of the calcineurin inflammatory pathway, NF-\u03ba\u0392, could <strong>reduce the hyperinflammatory phase in COVID-19.<\/strong> Our findings might entail relevant implications for the therapy of this disease and could boost the design of new clinical trials among subjects affected by severe COVID-19&#8243;\u00a0<a style=\"color: #0062a8;\" href=\"https:\/\/www.thelancet.com\/journals\/eclinm\/article\/PIIS2589-5370(20)30335-7\/fulltext\" target=\"_blank\" rel=\"noopener\">(Source)<\/a><\/em><\/div>\n<div class=\"section-paragraph\" style=\"color: #505050; text-align: center;\"><\/div>\n<div class=\"section-paragraph\" style=\"color: #505050; text-align: center;\"><em><span style=\"color: #000000;\">&#8220;Moreover,<strong> cyclosporine is not expensive<\/strong> and can be afforded worldwide, including in those countries where the COVID-19 health crisis continues to grow at pace with little or no access to expensive drugs. In conclusion,<strong> cyclosporine use in COVID-19 should be considered based on its antiviral properties and the alleviation of the cytokine storm<\/strong>.\u00a0<\/span><a href=\"https:\/\/spcare.bmj.com\/content\/early\/2021\/01\/16\/bmjspcare-2020-002681\">(Source)<\/a><\/em><\/div>\n<div class=\"section-paragraph\" style=\"color: #505050; text-align: center;\"><\/div>\n<div class=\"section-paragraph\" style=\"color: #505050;\">Autre \u00e9l\u00e9ment de preuves, <strong>un essai clinique<\/strong> a d\u00e9montr\u00e9 que les patients qui ont eu 9mg-Kg par jour pendant une p\u00e9riode d&#8217;hospitalisation n\u00e9cessitant un suppl\u00e9ment d&#8217;oxyg\u00e8ne <strong>ont tous pu rentrer chez eux libre d&#8217;hyper-inflammation.<\/strong><\/div>\n<div class=\"section-paragraph\" style=\"color: #505050;\"><\/div>\n<div class=\"section-paragraph\" style=\"color: #505050; text-align: center;\"><em>&#8220;Coronavirus Disease 2019 (COVID-19) remains a global health emergency with limited treatment options, lagging vaccine rates and inadequate healthcare resources in the face of an ongoing calamity. The disease is characterized by immune dysregulation and cytokine storm. <strong>Cyclosporine A (CSA) is a calcineurin inhibitor that modulates cytokine production and may have direct antiviral properties against coronaviruses.<\/strong> To test whether a short course of treatment was safe in COVID-19 patients, we treated<strong> 10 hospitalized, oxygen requiring, non-critically ill patients with CSA at a starting dose of 9mg\/kg\/day<\/strong>. Five patients experienced adverse events, none were serious, and transaminitis was most common. No subject enrolled in this trial required intensive care unit (ICU)-level care and all patients were discharged alive from the hospital. Further, CSA treatment was associated with <strong>significant reductions in serum cytokines and chemokines important in COVID-19 hyper-inflammation,<\/strong> including CXCL10. In conclusion, short courses of CSA appear safe and feasible in <strong>COVID-19 patients requiring oxygen<\/strong> and therefore, may be a useful adjunct in resource-poor or resource-limited health care settings.&#8221;\u00a0ClinicalTrials.gov:\u00a0<a class=\"external-ref external-ref-type-clintrialgov\" style=\"font-style: inherit; color: gray;\" href=\"https:\/\/www.medrxiv.org\/lookup\/external-ref?link_type=CLINTRIALGOV&amp;access_num=NCT04412785&amp;atom=%2Fmedrxiv%2Fearly%2F2021%2F06%2F15%2F2021.06.10.21258714.atom\">NCT04412785<\/a>\u00a0<a href=\"https:\/\/www.medrxiv.org\/content\/10.1101\/2021.06.10.21258714v1\">(Source)<\/a><\/em><\/div>\n<div class=\"section-paragraph\" style=\"color: #505050; text-align: center;\"><\/div>\n<div class=\"section-paragraph\" style=\"color: #505050;\">En outre, ces patients ont \u00e9t\u00e9 test\u00e9s pour l&#8217;inflammation et le test le plus sensible qui leur a \u00e9t\u00e9 donn\u00e9 ( C-Reactive Protein (CRP), a montr\u00e9 une i<strong>nflammation syst\u00e9mique pratiquement normale et ce d\u00e8s que la CSA a atteint la dose clinique<\/strong> dans le s\u00e9rum, apr\u00e8s environ deux \u00e0 trois jours.<\/div>\n<\/div>\n<\/div>\n<h4 style=\"text-align: center;\">(6). Anticorps monoclonaux<\/h4>\n<div style=\"text-align: justify;\">Autres interventions qui peuvent porter des fruits a court terme, notamment plusieurs<strong> anticorps monoclonaux,<\/strong> En Novembre 2020, la FDA a accord\u00e9 le feu vert a deux anticorps monoclonaux (<strong>bamlanivimab,<\/strong> fabriqu\u00e9 par Eli Lilly et le combinatoire \u00a0<strong>casirivimab et imdevimab<\/strong>, fabriqu\u00e9 pr Regeneron. Les anticorps monoclonaux sont des versions artificielles faites dans les laboratoires des anticorps naturelles qui fabriquent nos cellules lymphocytes B.<\/div>\n<div>.<\/div>\n<div style=\"text-align: justify;\">Ces monoclonaux attaquent la proteins spikes dont est rev\u00eatus les virus COVID. Ces m\u00e9dicaments IV peuvent etre utiles pour les patients qui ne produisent plus leur propre anticorps. <strong>Pour les patients qui b\u00e9n\u00e9ficient de leur propre r\u00e9ponses immunitaires, ces interventions sont inutiles. D&#8217;ou ma pr\u00e9f\u00e9rence pour une intervention holistique qui aide a r\u00e9tablir l&#8217;immunit\u00e9 adaptive humaine<\/strong>.<\/div>\n<h4 style=\"text-align: center;\">(7). Anticoagulants<\/h4>\n<div style=\"text-align: justify;\">Les<strong> anticoagulants peuvent aussi \u00eatre justifi\u00e9s<\/strong> quand l&#8217;\u00e9volution de la covid est trop avanc\u00e9e, au point ou le corps produit plein de thromboses. Mieux que les coumadines, il y a <strong>&#8220;low\u00a0dose heparin ou enoxaparin<\/strong>&#8220;. Dans ce cas, les m\u00e9decins doivent jongler entre le trop et le pas assez. Trop \u00a0et le patient meurent via h\u00e9morragie excessive, y compris au niveau du cerveau. Et pas assez, ce sont les embolis, accidents c\u00e9r\u00e9bro-vasculaire, infarctus du myocarde et autres d\u00e9sordres qu&#8217;aurait pu \u00e9viter la m\u00e9decine holistique, si \u00a0elle \u00e9tait intervenue \u00e0 temps.<\/div>\n<h4 style=\"text-align: center;\">(8). Convalescent Plasma<\/h4>\n<div style=\"text-align: justify;\">Au regard de la m\u00e9decine allopathique, pour les patients dont le syst\u00e8me immunitaire ne fonctionne plus ou a \u00e9t\u00e9 iatrog\u00e8niquement d\u00e9truit, il y a ce que l&#8217;on appelle <strong>&#8220;convalescent plasma&#8221;.<\/strong>\u00a0Ce plasma vient des patients qui ont combattu le virus covid avec succ\u00e8s grace a leur immunoglobulines. Cette technique consiste donc a prendre le plasma d&#8217;un porteur sain qui s&#8217;est gu\u00e9ri de la covid et de le r\u00e9injecter dans un patients qui n&#8217;est plus capable de faire ses propres anticorps. Cette technique a \u00e9t\u00e9 utilis\u00e9 depuis plus de cent ans pour toutes sortes de pathologie, y compris la polio. Depuis aout 2020, la FDA a autoris\u00e9 cette intervention pour les patients hospitalis\u00e9s. Les \u00e9tudes montrent que cette intervention peut aider certains patients. Idem avec d&#8217;autres interventions, y compris des m\u00e9dicament \u00e0 base d&#8217;interf\u00e9ron et la th\u00e9rapie oxyg\u00e8ne.<\/div>\n<div>\n<h4 style=\"color: #1c1e21; text-align: center;\">(9). Vaccination<\/h4>\n<p style=\"text-align: justify;\"><strong><span style=\"color: #000000;\"><span style=\"color: #1c1e21;\">Les v<\/span><\/span><\/strong><span style=\"color: #000000;\"><strong>accinations Covid peuvent \u00eatre utiles<\/strong> pour les personnes qui n&#8217;ont pas \u00e9t\u00e9 infect\u00e9 via les virus de la Covid et qui ne vivent pas holistiquement et-ou qui n&#8217;ont pas confiance dans la m\u00e9decine holistique et-ou pr\u00e9f\u00e8rent obtemp\u00e9rer aux conseils des experts de l&#8217;Etat.\u00a0<\/span><\/p>\n<p style=\"text-align: justify;\"><span style=\"color: #000000;\">Pr\u00e9liminairement, nous rappelons que<\/span><strong style=\"color: #000000;\">\u00a0le principe de la vaccination est fond\u00e9 en science.<\/strong><span style=\"color: #000000;\">\u00a0L&#8217;histoire de son utilisation a montr\u00e9 que la technique vaccinale a sauv\u00e9 beaucoup de vie. Dans la perspective de la COVID 19, plusieurs \u00e9tudes publi\u00e9es ont montr\u00e9es que deux doses de vaccination conf\u00e8rent une plus grande immunit\u00e9 contre le SARS 2 que si ces personnes non holistique ne s&#8217;\u00e9taient pas fait inject\u00e9s ou aurait eu seulement une injection.<\/span><\/p>\n<p style=\"color: #1c1e21; text-align: justify;\"><span style=\"color: #1c1e21;\">Dans l&#8217;ensemble et pour les raisons expliqu\u00e9es dans la prochaine sous-section, nous pensons que l&#8217;ensemble du Peuple devrait d&#8217;abord essayer le <strong>&#8220;vaccin&#8221; du bon sens<\/strong> issu d&#8217;une lecture lucide de la Science et ce d&#8217;autant que l&#8217;on a pas assez de recul et de preuves pour certifier que ces vaccins g\u00e9niques n&#8217;engendreront pas plein de d\u00e9sordres m\u00e9taboliques et auto-immunes par la suite.<\/span><\/p>\n<p style=\"color: #1c1e21; text-align: justify;\"><span style=\"color: #1c1e21;\"><strong>Toujours est-il qu&#8217;il y a une place pour ces vaccins. <\/strong>Pour nous<strong>, ils devraient \u00eatre prioritairement<\/strong><\/span><strong style=\"color: #1c1e21;\">\u00a0r\u00e9serv\u00e9s <\/strong>\u00a0pour tous les membres du gouvernement qui sont pro-vaccins Covid et tous les directeurs des\u00a0<span style=\"color: #1c1e21;\">laboratoires pharmaceutiques qui sont favorable aux vaccins Covid ainsi que tous les acteurs qui ont un role incitateur et aggravant dans la production de\u00a0l&#8217;ensemble des maladies d\u00e9g\u00e9n\u00e9ratives complexes, y compris la Covid.<\/span><\/p>\n<p style=\"color: #1c1e21; text-align: justify;\">Bien que je n&#8217;ai pas lu de rapport de preuve sur ce que je vais \u00e9crire, je me permet de pr\u00e9sumer <strong>qu&#8217;une importante minorit\u00e9 des personnes mentionn\u00e9es ci-dessus refusent en silence ces vaccins, pour eux et leur familles, tout en les recommandant pour les autres<\/strong>. Ce pari est quand meme fond\u00e9 sur un pr\u00e9c\u00e9dent, mais en canc\u00e9rologie. Il y a plusieurs \u00e9tudes publi\u00e9s qui ont montr\u00e9 que la majorit\u00e9 des canc\u00e9rologues qui pr\u00e9conisent la chimioth\u00e9rapie cytotoxique ne la prendrait pas.<\/p>\n<p style=\"color: #1c1e21; text-align: justify;\"><strong>Quant aux \u00a0personnes les plus vuln\u00e9rables et qui vivent dans la peur et la maladie,<\/strong>\u00a0c.a.d. a celles et ceux qui sont tr\u00e8s\u00a0<strong>loin de l&#8217;Holistique<\/strong>, qui sont d\u00e9boussol\u00e9s par le stress chronique, l&#8217;insomnie, la mal-bouffe, la tox\u00e9mie g\u00e9n\u00e9ralis\u00e9e qui perturbent les r\u00e9seaux de signalisation du corps humain et qui ne connaissent pas autres options, y compris ce qu&#8217;offre la m\u00e9decine holistique et l&#8217;innovation scientifique, <strong>la vaccination Covid pouss\u00e9e par l&#8217;Oms et la plupart des Etat pourrait etre b\u00e9n\u00e9fique<\/strong> pour ces personnes parce qu&#8217;elles n&#8217;auraient pas autant d&#8217;hormones du stress chronique, du coup, leur propre immunit\u00e9 fonctionnerait mieux, y compris contre les antig\u00e8nes &#8220;spike proteins&#8221; des virus Covid.<\/p>\n<p style=\"color: #1c1e21; text-align: justify;\">Toujours est-il pour mieux prot\u00e9ger ces populations d\u00e9favoris\u00e9es, le mieux serait de<strong> dispatcher des &#8220;caretakers&#8221;<\/strong> qui offriraient des compl\u00e9ments alimentaires comme la vitamine D et le zinc tout en leur donnant un briefing sur les tips pr\u00e9ventif et th\u00e9rapeutiques que j&#8217;ai identifi\u00e9s ci-dessus.<\/p>\n<p style=\"color: #1c1e21; text-align: justify;\">Pour ceux et celles qui se sont fait vaccin\u00e9s et qui sombrent \u00e0 cause des variants, <strong>les th\u00e9rapeutiques et tips ci-avant d\u00e9taill\u00e9s<\/strong> seraient indiqu\u00e9es.<\/p>\n<\/div>\n<div>\n<h4 style=\"color: #000000; text-align: center;\">Limites et Risques des Vaccinations Covid dans l&#8217;Ere des mutants Delta et al<\/h4>\n<p style=\"text-align: justify;\">Apr\u00e8s avoir d\u00e9montrer que l&#8217;immunit\u00e9 naturelle pour les personnes infect\u00e9es ??? saines est plus robuste et compl\u00e8te que l&#8217;immunit\u00e9 que conf\u00e8re les vaccins Covid, je vais essayer de d\u00e9mystifier le mot d&#8217;ordre, &#8220;Vaccin covid pour tous&#8221;.<\/p>\n<p style=\"text-align: justify;\"><span style=\"color: #0000ff;\"><span style=\"color: #000000;\">\u00a0Alors que les <strong>vaccins<\/strong><\/span> <a style=\"color: #185f7d;\" href=\"https:\/\/www.businessinsider.com\/pfizer-moderna-covid-19-vaccines-comparison-how-the-shots-compare-2020-12\" target=\"_blank\" rel=\"noopener\"><span style=\"color: #0000ff;\">Moderna, Pfizer-BioNTech<\/span><\/a>,\u00a0<a style=\"color: #185f7d;\" href=\"https:\/\/www.businessinsider.com\/astrazeneca-and-oxford-publish-covid-19-vaccine-results-in-lancet-2020-12\" target=\"_blank\" rel=\"noopener\"><span style=\"color: #0000ff;\">AstraZeneca-Oxford University<\/span><\/a>, &amp;\u00a0<a style=\"color: #185f7d;\" href=\"https:\/\/www.businessinsider.com\/fauci-would-have-no-hesitancy-taking-johnson-and-johnson-vaccine-2021-2\" target=\"_blank\" rel=\"noopener\"><span style=\"color: #0000ff;\">Johnson &amp; Johnson<\/span><\/a><\/span>\u00a0 \u00e9taient efficaces \u00e0 \u00a0plus de 90 pour-cent,<strong> ce n&#8217;est plus le cas avec les variantes Delta et Delta plus.<\/strong><\/p>\n<p style=\"color: #000000; text-align: justify;\">Ces virus \u00e9voluent moins dans un p\u00e9tri dish que dans le vivant ou ils subissent des mutations, une dizaine pour la variante Delta plus. Du coup, <strong>ces virus sont plus intelligent et neutralisent de plus en plus l&#8217;efficacit\u00e9 relative des premiers vaccins.<\/strong> A l&#8217;heure, face au Delta, les donn\u00e9es que l&#8217;on peut lire dans la presse montre que l&#8217;efficacit\u00e9 des vaccins Pfizer et AstraZeneca ont diminu\u00e9 substantiellement, a 60 pourcent pour l&#8217;astrazeneca, 88 pourcent pour Pfizer et 33 pourcent pour une dose de vaccin.<\/p>\n<p style=\"color: #000000; text-align: center;\"><em style=\"color: #1c1e21;\">&#8220;Research by Public Health England (PHE) suggests<strong>\u00a0two doses of\u00a0<span style=\"color: #0000ff;\"><a style=\"color: #038bb3;\" href=\"https:\/\/articles.mercola.com\/sites\/articles\/archive\/2021\/02\/09\/coronavirus-mrna-vaccine.aspx\" target=\"_blank\" rel=\"nofollow noopener noreferrer\"><span style=\"color: #0000ff;\">Pfizer\u2019s mRNA COVID shot<\/span><\/a><\/span>\u00a0is 88% effective against the Delta variant,<\/strong>\u00a0while<span style=\"color: #0000ff;\">\u00a0<a style=\"color: #038bb3;\" href=\"https:\/\/articles.mercola.com\/sites\/articles\/archive\/2021\/03\/13\/oxford-astrazeneca-eugenics-links.aspx\" target=\"_blank\" rel=\"nofollow noopener noreferrer\"><span style=\"color: #0000ff;\">AstraZeneca\u2019s DNA injection<\/span><\/a>\u00a0is \u201c<a style=\"color: #038bb3;\" href=\"https:\/\/thehill.com\/policy\/healthcare\/557799-who-official-delta-variant-poised-to-take-hold-in-europe\" target=\"_blank\" rel=\"nofollow noopener noreferrer\"><span style=\"color: #0000ff;\">supposedly<\/span><\/a><\/span>\u201d 60% effective.\u00a0<strong>After a single dose, either of the shots was\u00a0only 33% protective\u00a0against symptomatic illness<\/strong>&#8220;.\u00a0<span style=\"color: #0000ff;\">\u00a0<em><em><a style=\"color: #038bb3;\" href=\"https:\/\/articles.mercola.com\/sites\/articles\/archive\/2021\/03\/13\/oxford-astrazeneca-eugenics-links.aspx\" target=\"_blank\" rel=\"nofollow noopener noreferrer\"><span style=\"color: #0000ff;\">(Source A)<\/span><\/a>\u00a0<\/em><\/em><em><a style=\"color: #038bb3;\" href=\"https:\/\/www.aljazeera.com\/news\/2021\/5\/23\/pfizer-astrazeneca-effective-against-virus-strain-found-in-india\" target=\"_blank\" rel=\"nofollow noopener noreferrer\"><span style=\"color: #0000ff;\">(Source B)<\/span><\/a>\u00a0<\/em><\/span><\/em><\/p>\n<p style=\"color: #000000; text-align: justify;\">88 percent effective \u00e9tait l&#8217;ancien chiffre, lequel est descendu encore plus, \u00e0 64 pourcent d&#8217;apr\u00e8s une \u00e9tude d&#8217;Israel.<\/p>\n<p style=\"color: #222222; text-align: center;\"><em>&#8220;Israel&#8217;s health ministry said Monday that <strong>the Pfizer\/BioNtech vaccine appears to be just 64 percent effective against preventing symptoms from the fast-spreading Delta COVID-19 variant<\/strong>, (&#8230;) \u00a0the vaccine&#8217;s ability to prevent symptomatic COVID-19 has <strong>dropped by roughly 30 percent over the past two months. (&#8230;)\u00a0<\/strong>Previous studies in May showed the\u00a0<a style=\"color: inherit;\" href=\"https:\/\/www.newsweek.com\/topic\/pfizer\" data-sys=\"1\">Pfizer<\/a>\u00a0vaccine to be over 94 percent effective in preventing COVID-19, while new data shows that number dropping to just 64 percent from June to July,\u00a0<a style=\"color: inherit;\" href=\"https:\/\/www.timesofisrael.com\/israel-confirms-vaccine-less-effective-against-delta-variant-eyes-third-dose\/\" target=\"_blank\" rel=\"noopener nofollow\">The Times of Israel\u00a0reported<\/a>&#8220;. <a href=\"https:\/\/www.newsweek.com\/israeli-study-finds-pfizer-vaccine-only-64-percent-effective-against-delta-variant-1607140\"><span style=\"color: #0000ff;\">(Source<\/span>)<\/a><\/em><\/p>\n<p style=\"text-align: justify;\">\u00a0Dans cette perspective,\u00a0<span style=\"color: #000000;\">Foxnews pr\u00e9cise<\/span><span style=\"color: #000000;\">\u00a0que le nouveau venu sur la sc\u00e8ne international des virus,\u00a0<\/span><strong style=\"color: #000000;\">le mutant Delta tue davantage les vaccin\u00e9s que les non vaccin\u00e9s.<\/strong><span style=\"color: #000000;\">:<\/span><\/p>\n<p style=\"color: #000000; text-align: center;\"><em><strong><span style=\"color: #222222;\">&#8220;As the Delta variant of the coronavirus surges through the U.K., almost half of the country&#8217;s recent\u00a0<\/span><a style=\"color: #003366;\" href=\"https:\/\/www.foxnews.com\/category\/health\/infectious-disease\/coronavirus\" target=\"_blank\" rel=\"noopener\">COVID-19<\/a><\/strong><span style=\"color: #222222;\"><strong>\u00a0deaths are of people who have been vaccinated.<\/strong>But doctors and scientists aren&#8217;t sounding the alarm about the apparently high proportion of deaths among the vaccinated population&#8221;.<span style=\"color: #0000ff;\">\u00a0<a href=\"https:\/\/www.foxnews.com\/health\/why-some-vaccinated-people-dying-covid-19\"><span style=\"color: #0000ff;\">(Source)<\/span><\/a><\/span><\/span><\/em><\/p>\n<p style=\"color: #000000;\">\u00a0Cette information ci-dessus est confirm\u00e9e par u autre source.<\/p>\n<p style=\"text-align: center;\"><em>&#8220;Preliminary findings by Israeli health officials found that about\u00a0<strong>half of adults infected by the Delta variant in the country were fully vaccinated,\u00a0<\/strong>the\u00a0Wall Street Journal reported, and as it stands now, the Delta variant is likely causing about 90% of new infections in Israel. (<span style=\"color: #0000ff;\"><a href=\"https:\/\/www.aol.com\/finance\/bringing-back-mask-mandate-good-135926849.htm\"><span style=\"color: #0000ff;\">Source)<\/span><\/a><\/span><\/em><\/p>\n<p>En outre, bien que controvers\u00e9es, des \u00e9tudes montrent qu&#8217;il y aurait non seulement davantage d&#8217;infect\u00e9s, mais aussi\u00a0<strong>davantage de morts chez les vaccin\u00e9s (deux doses) que les non vaccin\u00e9s.<\/strong><\/p>\n<p style=\"text-align: center;\"><em>&#8220;LONDON, England, June 18, 2021 (<a href=\"https:\/\/archive.fo\/o\/yQAi3\/https:\/\/www.lifesitenews.com\/\" target=\"_blank\" rel=\"noopener\">LifeSiteNews<\/a>) \u2013 T<strong>he death rate\u00a0from the Delta COVID variant is six times higher among those who were fully vaccinated for two weeks or longer than among those who never received a shot,<\/strong>according to data published by Public Health England on Friday&#8221;.\u00a0<span style=\"color: #0000ff;\"><a href=\"https:\/\/archive.fo\/yQAi3#selection-1085.0-1089.238\"><span style=\"color: #0000ff;\">(Source<\/span><\/a>)<\/span><\/em><\/p>\n<p style=\"color: #000000; text-align: justify;\">Une autre source cr\u00e9dible pr\u00e9voit que les morts de demain seront chez les vaccin\u00e9s<\/p>\n<p style=\"color: #000000; text-align: center;\"><em>&#8220;In England, approximately 85% of the adult population have had one dose of a COVID-19 vaccine and 65% are fully inoculated, Dr Cevik said.\u00a0\u201cWhen most people are vaccinated, <strong>most infections and deaths are expected to be among those vaccinated,\u201d<\/strong> <span style=\"color: #0000ff;\"><a href=\"https:\/\/www.reuters.com\/article\/factcheck-delta-vaccinated-idUSL2N2OD2CJ\"><span style=\"color: #0000ff;\">(Source)<\/span><\/a><\/span><\/em><\/p>\n<p style=\"color: #000000; text-align: center;\">As the\u00a0<a style=\"color: #038bb3;\" href=\"https:\/\/childrenshealthdefense.org\/defender\/covid-delta-variant-lockdowns\/\">Delta variant<\/a>\u00a0of the coronavirus surges through the U.K., almost half of the country\u2019s recent\u00a0<a style=\"color: #038bb3;\" href=\"https:\/\/childrenshealthdefense.org\/defender_category\/covid\">COVID-19<\/a>\u00a0deaths are of people who have been vaccinated. But doctors and scientists aren\u2019t sounding the alarm about the apparently high proportion of deaths among the vaccinated population.<\/p>\n<h4 style=\"color: #000000; text-align: center;\">Pourquoi ces chiffres ?<\/h4>\n<div style=\"color: #000000; text-align: justify;\"><span style=\"color: #000000;\">En effet, on risque de voir de plus en plus d&#8217;infect\u00e9s et de morts de personnes vaccin\u00e9s parce que les <\/span><strong style=\"color: #000000;\">mutants sont plus vite et plus &#8220;fit&#8221;, adapt\u00e9s que le virus &#8220;m\u00e8re&#8221; le SARS Cov 2 capable d&#8217;\u00e9vader le syst\u00e8me\u00a0<\/strong><span style=\"color: #000000;\"><span style=\"caret-color: #000000;\"><b>immunitaire.<\/b><\/span><\/span><\/div>\n<div style=\"color: #000000; text-align: justify;\"><\/div>\n<div style=\"text-align: center;\"><em>&#8220;The mutation is also found in the variants identified in South Africa and Brazil. Scientists believe it <strong>enables the virus to escape antibodies produced by the body, after either immunization or a previous coronavirus infection. Vaccines and certain antibody drugs\u00a0<a style=\"color: #111111;\" href=\"https:\/\/www.businessinsider.com\/south-africa-covid-variant-antibody-drugs-scott-gottlieb-2021-1\" target=\"_blank\" rel=\"noopener\" data-analytics-module=\"body_link\" data-analytics-post-depth=\"40\" data-uri=\"464969b6f44de4d2a3b7ca848f53cb1f\">might therefore not work so well<\/a>&#8220;.<\/strong> <a href=\"https:\/\/www.businessinsider.com\/covid-variant-mutation-uk-vaccines-work-2021-2?IR=T\">(Source)<\/a><\/em><\/div>\n<div style=\"color: #000000; text-align: justify;\">\n<p style=\"color: #111111;\">Comment le delta peut \u00e9vader le syst\u00e8me immunitaire ? En modifiant le look (via mutations successives) de ses spikes proteins.<\/p>\n<p style=\"color: #212529; text-align: center;\"><em>&#8220;The strain carries 10 mutations in the virus&#8217; spike protein, the<span style=\"color: #0000ff;\">\u00a0<a style=\"color: #185f7d;\" href=\"https:\/\/www.businessinsider.com\/leading-us-coronavirus-vaccines-how-they-work-compare-2020-10\"><span style=\"color: #0000ff;\">target<\/span><\/a><\/span>\u00a0of all the leading vaccine programs. The P.1 strain circulating in Brazil has similarly troubling mutations.\u00a0B.1.351 has already shown partial <strong>resistance<\/strong> to Moderna&#8217;s vaccine, suggesting the shot may be less effective at preventing milder illnesses caused by this strain. Early clinical results from\u00a0<a style=\"color: #185f7d;\" href=\"https:\/\/www.businessinsider.com\/coronavirus-vaccine-tracker-top-covid-shots-to-watch-in-2021\">vaccine <span style=\"color: #0000ff;\">program<\/span>s<\/a>\u00a0led by Johnson &amp; Johnson, AstraZeneca, and Novavax have also <strong>raised concerns that vaccines won&#8217;t work as well against B.1.351 or other variants with similar mutations&#8221;<\/strong> (\u00e9crit en f\u00e9vrier 2021) <span style=\"color: #0000ff;\"><a href=\"https:\/\/www.businessinsider.fr\/us\/when-will-the-pandemic-end-depends-on-coronavirus-variants-vaccines-2021-2?_ga=2.107978176.379400700.1625557493-601647474.1625557493\"><span style=\"color: #0000ff;\">(Source)<\/span><\/a><\/span><\/em><\/p>\n<p style=\"color: #212529;\">Du mutant Delta, nous passons \u00e0 Delta + qui serait encore plus invasif.<\/p>\n<p style=\"color: #212529; text-align: center;\">&#8220;Delta Plus differs just slightly from Delta\u2014the predominant strain in India and the United Kingdom\u2014which is more infectious and is thought to<strong> cause more\u00a0<a style=\"color: #333333;\" href=\"https:\/\/www.thelancet.com\/journals\/lancet\/article\/PIIS0140-6736(21)01358-1\/fulltext\" target=\"_blank\" rel=\"noopener\">hospitalization<\/a>s than previous strains<\/strong>. Out of an abundance of caution, the World Health Organization has urged fully vaccinated people to continue wearing masks. \u201cOnce you\u2019ve been fully vaccinated, continue to play it safe because you could end up as part of a transmission chain. You may not actually be fully protected. Sometimes the vaccines don\u2019t work,\u201d Bruce Aylward, WHO senior adviser,\u00a0<a style=\"color: #333333;\" href=\"https:\/\/www.who.int\/publications\/m\/item\/covid-19-virtual-press-conference-transcript---25-june-2021\" target=\"_blank\" rel=\"noopener\">said<\/a>\u00a0at a news conference last week&#8221;. <span style=\"color: #0000ff;\"><a href=\"https:\/\/www.nationalgeographic.com\/science\/article\/how-dangerous-is-the-new-delta-plus-variant--heres-what-we-know\"><span style=\"color: #0000ff;\">(Source)<\/span><\/a><\/span><\/p>\n<h4 style=\"color: #212529; text-align: center;\">Effets adverses et davantage de risques<\/h4>\n<p style=\"color: #000000;\">Mais meme si ces vaccins seraient tr\u00e8s efficaces au niveau de la r\u00e9ponse immunitaire,\u00a0<strong>ils comportent des risques en terme de &#8220;effets adverses&#8221;<\/strong>et coute assez chers, argent que l&#8217;Etat utilis\u00e9 au d\u00e9triment des investissements sociaux.<\/p>\n<p style=\"color: #000000;\">Au risque que ces vaccins RNAm se d\u00e9localisent du muscles des \u00e9paules pour contaminer d&#8217;autres tissus transmettant par la meme les prot\u00e9ines de pointes (spike proteins) sur d&#8217;autres r\u00e9cepteurs ACE2, s&#8217;ajoute un risque que cette d\u00e9localisation pourrait provoquer thromboses, coagulation et infertilit\u00e9, tant au niveaux des ovaires que des testicules puisque ces deux organes sont riches en r\u00e9cepteurs ACE2.<\/p>\n<p style=\"color: #000000;\">D&#8217;autre part, il a \u00a0\u00e9t\u00e9\u00a0d\u00e9montr\u00e9 que\u00a0<strong>la\u00a0prot\u00e9ine de pointe\u00a0traverse la barri\u00e8re h\u00e9mato-enc\u00e9phalique<\/strong>\u00a0pouvant causer\u00a0<strong>des dommages au cerveau<\/strong>. (<a style=\"color: #283445;\" href=\"http:\/\/academic.oup.com\/cid\/advance-article\/doi\/10.1093\/cid\/ciab465\/6279075\" target=\"_blank\" rel=\"noopener\">Source)<\/a><\/p>\n<div>Il y aurait plein d&#8217;autres observations a faire, y compris de parler de l&#8217;hypoth\u00e8se du prix Nobel Montagnier suivant laquelle les vaccins anti-covid\u00a0<strong>font le lit des mutants\u00a0<\/strong>en les poussant \u00e0 devenir de plus en plus l\u00e9tales.<\/div>\n<div>.<\/div>\n<div style=\"text-align: center;\"><em>&#8220;The delta variant may, however, have a more complicated relationship with people than those that came before it. It is even possible that it was\u00a0<a class=\"yiv3654766581textTag\" style=\"color: #04347b;\" href=\"https:\/\/medicalxpress.com\/tags\/government+policies\/\" target=\"_blank\" rel=\"nofollow noopener noreferrer\">government policies<\/a><\/em><em>, rather than the variant&#8217;s inherent increased transmissibility, that led to its success and dominance in the UK&#8221;.\u00a0<\/em><a class=\"yiv3654766581textTag\" style=\"color: #04347b;\" href=\"https:\/\/medicalxpress.com\/tags\/government+policies\/\" target=\"_blank\" rel=\"nofollow noopener noreferrer\"><em>(Source<\/em>)<\/a><\/div>\n<div>.<\/div>\n<div>Il y a aussi des \u00e9tudes qui montrent que les\u00a0<strong>vaccins grippes comme le remdesivir\u00a0<\/strong>ont \u00e9galement contribu\u00e9 a rendre ces virus COVID &#8220;fou-furieux&#8221;, c.a.d. plus mortels, un peu comme les antibiotiques contribuent a rendre les bact\u00e9ries MRSA<span style=\"color: #373737;\">\u00a0encore plus violentes et gangr\u00e8nig\u00e8ne, au point ou le seul recours en m\u00e9decine moderne c&#8217;est l&#8217;amputation de la partie du corps que ces bact\u00e9ries mangent, idem pour la chimioth\u00e9rapie en canc\u00e9rologie qui a cette tendance f\u00e2cheuse \u00e0 provoquer la production des m\u00e9tastases dont meurent environ 90 pour-cent des patients.<\/span><\/div>\n<\/div>\n<\/div>\n<div style=\"color: #000000;\">\n<div class=\"_1mf _1mj\" data-offset-key=\"duv1c-0-0\">\n<div data-block=\"true\" data-editor=\"39o9a\" data-offset-key=\"ev2rn-0-0\">\n<h4 style=\"text-align: center;\">(9). Protocole Hormono-immuno Holistique du CMH<\/h4>\n<div style=\"color: #000000;\">\n<div style=\"text-align: justify;\">Le protocole du CMH est celui que je pr\u00e9f\u00e8re parce qu&#8217;il est le seul qui est <strong>fond\u00e9 en science et prosp\u00e8re en biologie.<\/strong> C&#8217;est mon opinion qui part du postulat que l&#8217;humain poss\u00e8de en lui tout ce qui est n\u00e9cessaire pour <strong>r\u00e9parer les dysfonctionnements immunitaires et biologiques,<\/strong> y compris les d\u00e9sordres de l&#8217;ADN, mais \u00e0 condition toutefois qu&#8217;il vive sainement et holistiquement.<\/div>\n<div style=\"text-align: justify;\"><\/div>\n<div style=\"text-align: justify;\">Par cons\u00e9quent, <strong>je ne vois pas d&#8217;utilit\u00e9 ni pour la vaccination anti-covid, ni pour la plupart des th\u00e9rapeutiques propos\u00e9s,<\/strong> y compris l&#8217;hydroxychloroquine et l&#8217;ivermectin, sauf pour les personnes qui sont r\u00e9fractaire au mode de vie holistique et-ou qui sont en danger de mort via temp\u00eate cytokine, auquel cas l&#8217;ivermectin et-ou la cyclosporine serait indiqu\u00e9.<\/div>\n<\/div>\n<div style=\"color: #000000;\">\n<p style=\"text-align: justify;\">Or, je ne peux pas apporter des &#8220;preuves robustes&#8221; de mon opinion puisque les preuves robustes sont fonction des essais cliniques randomis\u00e9s a double aveugle et qu&#8217;il est <strong>quasiment impossible en m\u00e9decine Holistique de faire des tests a double aveugle<\/strong> puisque le patient sait ce qu&#8217;il fait. En outre, \u00e0 ma connaissance, \u00a0aucune firme pharmaceutique ou gouvernement veulent investir dans une etude comparative et randomis\u00e9e qui comparerait les vaccins par rapport au protocole CMH.<\/p>\n<p style=\"text-align: justify;\">Dans ce cadre, l&#8217;une des hormono-immuno th\u00e9rapies que je pr\u00e9f\u00e8re c&#8217;est ce que les anciens appelaient\u00a0<strong>&#8220;h\u00e9lioth\u00e9rapie&#8221;, la th\u00e9rapie du Soleil, productrice de vitamine D et autres.<\/strong>\u00a0Contrairement \u00e0 plein d&#8217;hormono-th\u00e9rapies conventionnelles, y compris la th\u00e9rapie &#8220;canc\u00e9rig\u00e8ne&#8221; de la tamoxif\u00e8ne pour les cancer du sein ou la th\u00e9rapie androg\u00e8nique (et castra-g\u00e9nique) pour les cancer de la prostate (lesquels devraient \u00eatre abandonn\u00e9es vu les techniques holistiques sup\u00e9rieures en la mati\u00e8re),\u00a0<strong>la th\u00e9rapie du soleil est une authentique m\u00e9decine hormonale et mill\u00e9naire<\/strong>\u00a0en ce sens que les UVs et l&#8217;ensemble du spectre solaire et des photons<strong>\u00a0stimulent non seulement plein de m\u00e9canismes endocriniens et m\u00e9taboliques,<\/strong>\u00a0y compris la mitochondrie, mais aussi les<strong>\u00a0cellules immunitaires anti-covid.<\/strong>.<\/p>\n<\/div>\n<p style=\"color: #16191f; text-align: center;\">.<em>&#8220;The fatality rate was high in vitamin D deficient (21% vs 3.1%).\u00a0<strong>Vitamin D level is markedly low in severe COVID-19 patients. Inflammatory response is high in vitamin D deficient COVID-19 patients. This all translates into increased mortality in vitamin D deficient COVID-19 patients.<\/strong>As per the flexible approach in the current COVID-19 pandemic authors recommend\u00a0<strong>mass administration of vitamin D supplements to population at risk for COVID-19&#8243;.\u00a0<a href=\"https:\/\/www.nature.com\/articles\/s41598-020-77093-z\">(Source)<\/a><\/strong><\/em><\/p>\n<p style=\"text-align: justify;\">En fait, les derni\u00e8res recherches confirment que les rayons du soleil et leur vitamine D\u00a0<strong>expriment plus de 900 nos g\u00e8nes eukariotes,\u00a0<\/strong>et bien davantage au niveau des millions de g\u00e8nes prokariotes bact\u00e9riens de notre microbiote, lesquels sont en situation de &#8220;cross-talk&#8221; avec l&#8217;ensemble de nos protein-coding genes, entre 20 et 25,000.\u00a0<a href=\"https:\/\/www.nature.com\/scitable\/topicpage\/eukaryotic-genome-complexity-437\/\">(Source)<\/a><\/p>\n<p style=\"text-align: center;\"><em><span style=\"color: #3e3d40;\">&#8220;The vitamin D receptor (VDR) is a nuclear, ligand-dependent transcription factor that in complex with\u00a0<strong>hormonally active vitamin D, 1,25(OH)<\/strong><\/span><strong><span style=\"color: #3e3d40;\">2<\/span><span style=\"color: #3e3d40;\">D<\/span><span style=\"color: #3e3d40;\">3<\/span><\/strong><span style=\"color: #3e3d40;\"><strong>, regulates the expression of more than 900 genes involved in a wide array of physiological functions<\/strong>. The impact of 1,25(OH)<\/span><span style=\"color: #3e3d40;\">2<\/span><span style=\"color: #3e3d40;\">D<\/span><span style=\"color: #3e3d40;\">3<\/span><span style=\"color: #3e3d40;\">-VDR\u00a0<strong>signaling on immune function\u00a0<\/strong>has been the focus of many recent studies as a link between 1,25(OH)<\/span><span style=\"color: #3e3d40;\">2<\/span><span style=\"color: #3e3d40;\">D<\/span><span style=\"color: #3e3d40;\">3<\/span><span style=\"color: #3e3d40;\">\u00a0and susceptibility to various infections and to development of a variety of inflammatory diseases has been suggested. It is also becoming increasingly clear that microbes slow down immune reactivity by dysregulating the VDR ultimately to increase their chance of survival&#8221;.\u00a0<a href=\"https:\/\/www.frontiersin.org\/articles\/10.3389\/fimmu.2013.00148\/full\">(Source)<\/a><\/span><\/em><\/p>\n<h4 style=\"color: #16191f; text-align: center;\">Comment sait-on que l&#8217;association entre le Soleil et sa vitamine D par rapport \u00e0 la Covid 19 serait davantage causale que corr\u00e9lative ?<\/h4>\n<p style=\"text-align: justify;\">Parce que, outre ce que l&#8217;on savait d\u00e9j\u00e0 en m\u00e9decin holistique, la communaut\u00e9 scientifique internationale a \u00e9t\u00e9 tr\u00e8s prolifique \u00a0depuis ces deux derni\u00e8res ann\u00e9es et a apport\u00e9<strong>\u00a0toutes les preuves irr\u00e9futables en mati\u00e8re d&#8217;\u00e9tude observationnelles et d&#8217;essais randomis\u00e9s, y compris avec contr\u00f4le placebo qui montrent une association causative en mati\u00e8re de covid s\u00e9v\u00e8re et la d\u00e9ficience en vitamine D.<\/strong><\/p>\n<p id=\"__p2\" class=\"p p-first-last\" style=\"text-align: center;\"><em>&#8220;<strong>The vitamin D endocrine system may have a variety of actions on cells and tissues involved in COVID-19 progression especially by decreasing the Acute Respiratory Distress Syndrom<\/strong>e. Calcifediol can rapidly increase serum 25OHD concentration. We therefore evaluated the effect of calcifediol treatment, on Intensive Care Unit Admission and Mortality rate among Spanish patients hospitalized for COVID-19. (&#8230;)\u00a0<strong>Results: \u00a0Of 50 patients treated with calcifediol, one required admission to the ICU (2%),<\/strong>\u00a0while of 26 untreated patients, 13 required admission (<strong>50 %)<\/strong>\u00a0p value X2\u00a0Fischer test p &lt; 0.001. (&#8230;.) \u00a0<strong>Of the patients treated with calcifediol, none died<\/strong>, and all were discharged, without complications. The 13 patients not treated with calcifediol, who were not admitted to the ICU, were discharged. Of the 13 patients admitted to the ICU, two died and the remaining 11 were discharged.\u00a0<strong>Conclusion: Our pilot study demonstrated that administration of a high dose of Calcifediol or 25-hydroxyvitamin D, a main metabolite of vitamin D endocrine system, significantly reduced the need for ICU treatment of patients requiring hospitalization due to proven COVID-19.<\/strong>\u00a0Calcifediol seems to be able to reduce severity of the disease&#8230;.&#8221;\u00a0<\/em><em>\u201cEffect of calcifediol treatment and best available therapy versus best available therapy on intensive care unit admission and mortality among patients hospitalized for COVID-19: A pilot randomized clinical study\u201d\u00a0<a href=\"https:\/\/www.ncbi.nlm.nih.gov\/pmc\/articles\/PMC7456194\/\">(Source)<\/a><\/em><\/p>\n<p class=\"p p-first-last\" style=\"text-align: justify;\"><em><strong style=\"font-style: inherit;\">&#8220;Conclusions<\/strong>\u00a0<strong>Vitamin D supplementation was safe and it protected against acute respiratory tract infection overall<\/strong>. Patients who were very vitamin D deficient and those not receiving bolus doses experienced the most benefit&#8221;.<a href=\"https:\/\/www.bmj.com\/content\/356\/bmj.i6583\">(Source<\/a>)<\/em><\/p>\n<p class=\"p p-first-last\" style=\"text-align: center;\"><em><span style=\"color: #2a2a2a;\">&#8220;<strong>Vitamin D deficiency is associated with higher risk of COVID-19 hospitalisation<\/strong>. Widespread measurement of serum 25(OH)D and treating any unmasked insufficiency or deficiency through testing may reduce this risk.&#8221; <a href=\"https:\/\/academic.oup.com\/jcem\/advance-article\/doi\/10.1210\/clinem\/dgab439\/6303537\">(Source)<\/a><\/span><\/em><\/p>\n<p style=\"text-align: justify;\">Pour des dizaines d&#8217;autres \u00e9tudes, voir nos articles \u00e0 ce \u00a0sujet,\u00a0<a href=\"https:\/\/centredebienetreholistique.com\/?page_id=11418\">article A<\/a>\u00a0et<a href=\"https:\/\/centredebienetreholistique.com\/?page_id=11418\">\u00a0article B<\/a>. Ainsi, le &#8220;preponderance of the evidence is overwhelming&#8221; au point ou\u00a0<strong>ne pas en parler et ne pas rembourser<\/strong>\u00a0le cout de cette vitamine via la s\u00e9curit\u00e9 sociale comme le fait les agents du gouvernement est une inaction et n\u00e9gligence constitutives d&#8217;un manquement tr\u00e8s grave.<\/p>\n<p style=\"text-align: justify;\">Toujours est-il,\u00a0p<span style=\"color: #16191f;\">our le protocole anti-covid du Centre M\u00e9diterran\u00e9en Holistique<\/span><span style=\"color: #16191f;\">, t<\/span><span style=\"font-weight: bold;\">out le monde devrait s&#8217;exposer au soleil tous les jours,<\/span>\u00a0via balade, bain, bateau, th\u00e9rapie chaise longue etc. \u00a0Vingt minutes en plein soleil d&#8217;\u00e9t\u00e9 = 20,000 unit\u00e9 de vitamine D.<\/p>\n<\/div>\n<\/div>\n<p style=\"color: #16191f; text-align: justify;\">Toutefois, pour certaines\u00a0<strong>personnes avec une peau fonc\u00e9e et pour beaucoup de s\u00e9niors \u00e2g\u00e9s, leur peau n&#8217;absorbe pas assez efficacement les UVb pour enclencher la biosynth\u00e8se de la vitamine .<\/strong>\u00a0<a href=\"https:\/\/pubmed.ncbi.nlm.nih.gov\/2997282\/\">(Source)<\/a>\u00a0\u00a0Ainsi, nous recommandons que ces personnes prennent de la vitamine D 3 via compl\u00e9ment, meme en \u00e9t\u00e9 et ce d&#8217;autant que plein d&#8217;\u00e9tudes ont montr\u00e9 sont efficacit\u00e9 anti-covid tant en pr\u00e9ventif qu&#8217;en curatif.\u00a0<a href=\"https:\/\/www.mdpi.com\/2072-6643\/12\/8\/2488\">(Source A)<\/a>\u00a0<a href=\"https:\/\/link.springer.com\/article\/10.1007\/s40618-021-01614-4\">(Source B)<\/a>\u00a0<a href=\"https:\/\/link.springer.com\/article\/10.1007\/s40200-021-00775-6\">(Source C)<\/a>\u00a0<a href=\"https:\/\/www.ncbi.nlm.nih.gov\/pmc\/articles\/PMC7456194\/\">(Source D)<\/a>.<\/p>\n<p style=\"color: #16191f; text-align: justify;\">Meme pour les personnes qui assimilent bien les UVb, nous recommandons une prise de compl\u00e9ment de <strong>Vitamine D3<\/strong> plusieurs fois par semaine, surtout quand il y un risque s\u00e9rieux d&#8217;exposition aux virus pathog\u00e8nes, a fortiori quand il le d\u00e9but de la symptomatologie covid fait surface.<\/p>\n<div style=\"color: #000000; text-align: justify;\">Fort de vitamine D, l<strong>&#8216;alimentation anti-covid devrait etre anti-inflammatoire et donc plantivore<\/strong> comme je l&#8217;ai sugg\u00e9r\u00e9 plus haut et devrait comporter plusieurs nutriments qui renforcent \u00a0l&#8217;immunit\u00e9. (<a href=\"https:\/\/nutrition.bmj.com\/content\/early\/2021\/05\/18\/bmjnph-2021-000272\">Source<\/a>)<\/div>\n<div style=\"color: #000000;\">.<\/div>\n<div style=\"color: #000000; text-align: center;\">&#8220;<em>A varied and balanced diet with an abundance of fruits and vegetables and the essential nutrients like vitamin D, vitamin A, B vitamins (folate, vitamin B6\u00a0and vitamin B12), vitamin C and the minerals, Fe, Cu, Se and Zn are<strong> all known to contribute to the normal functions of the immune system.<\/strong> Avoidance of deficiencies and identification of suboptimal intakes of these micronutrients in targeted groups of patients and in distinct and highly sensitive populations could help to strengthen the resilience of people to the COVID-19 pandemic&#8221;<a href=\"https:\/\/www.cambridge.org\/core\/services\/aop-cambridge-core\/content\/view\/35B4C4BC5B0FBD132370128EC03FE309\/S000711452000330Xa.pdf\/div-class-title-nutritional-status-of-micronutrients-as-a-possible-and-modifiable-risk-factor-for-covid-19-a-uk-perspective-div.pdf\">. (Source)<\/a><\/em><\/div>\n<div style=\"color: #000000;\">.<\/div>\n<div style=\"color: #000000; text-align: justify;\">Entre autres techniques holistique,<strong> le sommeil profond et suffisant est capital<\/strong> pour la sant\u00e9 en g\u00e9n\u00e9rale et l&#8217;immunit\u00e9 en particulier. A d\u00e9faut d&#8217;un sommeil r\u00e9parateur,<strong> l&#8217;hormone m\u00e9latonine (en compl\u00e9ment) peut \u00e0 court terme se substituer au sommeil profond et suffisant,<\/strong> en attendant de le retrouver, mais en g\u00e9n\u00e9ral, pas plus de 3 mg par jour. Comme nous le d\u00e9montrons dans nos coaching et stages, il y a d&#8217;autres techniques pour booster la m\u00e9latonine, y compris via chronoth\u00e9rapie, luminoth\u00e9rapie et phyto-th\u00e9rapie.<\/div>\n<div style=\"color: #000000; text-align: justify;\"><\/div>\n<div style=\"color: #000000; text-align: center;\"><em>&#8220;We also know that a lack of sleep impacts your immune system<strong>. So after just one night of four to five hours of sleep, there is a 70% reduction in critical anticancer-fighting immune cells called natural killer cells.<\/strong> And that&#8217;s the reason that we know that short sleep duration predicts your risk for developing numerous forms of cancer.(&#8230;)\u00a0In fact, the link between a lack of sleep and cancer is now so strong that recently the World Health Organization decided to classify any form of nighttime shift work as a probable carcinogen. (&#8230;)\u00a0We also know that a lack of sleep impacts your cardiovascular system because it is during deep sleep at night that you receive this most wonderful form of effectively blood pressure medication. Your heart rate drops, your blood pressure goes down.\u00a0If you&#8217;re not getting sufficient sleep, you&#8217;re not getting that reboot of the cardiovascular system, so your blood pressure rises. You have, if you&#8217;re getting six hours of sleep or less, a 200% increased risk of having a fatal heart attack or stroke in your lifetime.\u00a0There is a global experiment that is performed on 1.6 billion people twice a year and it&#8217;s called daylight savings time. And we know that in the spring, when we lose one hour of sleep, we see a subsequent 24% increase in heart attacks the following day&#8221;. <a href=\"https:\/\/www.businessinsider.com\/what-happens-when-you-dont-get-enough-sleep-2017-12?IR=T\">(Source)<\/a><\/em><\/div>\n<div style=\"color: #000000; text-align: justify;\"><\/div>\n<div style=\"color: #000000; text-align: justify;\"><strong>Le protocole th\u00e9rapeutique du CMH\u00a0<\/strong>se fonde sur la science robuste en mati\u00e8re de vitamine D et l&#8217;h\u00e9lioth\u00e9rapie, une alimentation anti-inflammatoire et holistique, plusieurs types d&#8217;exercises respiratoires et immune-stimulants, la restoration du sommeil profond et suffisant, acu-pression et massage et la m\u00e9ditation ayurv\u00e9dique en associant la technique \u00e9prouv\u00e9e de la &#8220;pleine conscience&#8221; et la sophrologie (n&#8217;en d\u00e9plaisent aux id\u00e9ologues de la Mivilude) dans un premier temps.<\/div>\n<div style=\"color: #000000; text-align: justify;\"><\/div>\n<div style=\"color: #000000; text-align: justify;\">Suivant le d\u00e9roulement de la \u00a0symptomatologie, le protocole <strong>CMH comporte plus d&#8217;une douzaine d&#8217;autres \u00e9l\u00e9ments que nous r\u00e9servons pour nos coaching, stages et ebook<\/strong>.<\/div>\n<div style=\"color: #000000; text-align: justify;\"><\/div>\n<div style=\"color: #000000; text-align: justify;\">Toujours est-il qu&#8217;avec ces information invoqu\u00e9es ci-dessus, le lecteur et futur &#8220;covidien&#8221; devrait pouvoir b\u00e9n\u00e9ficier d&#8217;assez d&#8217;information pour \u00e9viter voire neutraliser les virus et leur mutants de la Covid 19, tout en \u00e9vitant les exc\u00e8s des &#8220;com\u00e9diens&#8221; de la &#8220;sick-care&#8221; Society.<\/div>\n<\/div>\n<div>\n<h4 style=\"text-align: center;\">Partic C<\/h4>\n<h4 style=\"text-align: center;\">Discussion<\/h4>\n<h4 style=\"color: #1d2129; text-align: center;\">L&#8217;approche gouvernementale &#8220;Don&#8217;t get it and don&#8217;t give it&#8221; ou l&#8217;approche h\u00e9r\u00e9tique &#8220;get it in small amounts &amp; give it to your healthy friends&#8221; ?<\/h4>\n<p style=\"text-align: center;\"><em>&#8220;Never attribute to malice that which is adequately explained by stupidity&#8221; Napol\u00e9on\u00a0<\/em><\/p>\n<p style=\"color: #1d2129; text-align: justify;\">Au d\u00e9part de cette pand\u00e9mie, je pensais qu&#8217;il \u00e9tait plus logique que les\u00a0<strong>masses en bonne sant\u00e9 (un pr\u00e9-requis)\u00a0<\/strong>soient expos\u00e9es mod\u00e9r\u00e9ment \u00e0 ce virus afin qu&#8217;une\u00a0<strong>&#8220;charge virale&#8221; minime\u00a0<\/strong>puisse inciter l&#8217;immunit\u00e9 naturelle adaptive humaine \u00e0 fabriquer les bons anticorps (immunoglobulines IGa, IGg, IGm et autres) ainsi que les cellules T et B &#8220;m\u00e9moires&#8221; qui les prot\u00e9geraient sinon a vie, au moins pendant plusieurs ann\u00e9es.<\/p>\n<p style=\"color: #1d2129; text-align: justify;\">Du coup, gra\u00e7e \u00e0 cette\u00a0<strong>immunisation naturelle des bien-portants<\/strong>,\u00a0<strong>la &#8220;herd immunity&#8221; aurait \u00e9t\u00e9 atteinte assez\u00a0rapidement\u00a0et aujourd&#8217;hui, il n&#8217;y aurait plus de pand\u00e9mie.<\/strong><\/p>\n<p style=\"color: #1d2129; text-align: justify;\"><span style=\"color: #000000;\">Telle \u00e9tait mon <strong>intuition scientifique<\/strong> du d\u00e9part de cette Pand\u00e9mie.<\/span><\/p>\n<p style=\"color: #1d2129; text-align: justify;\"><span style=\"color: #000000;\">Pour m\u00e9moire et \u00e0 l&#8217;appui de ces dires, plusieurs \u00e9tudes ont montr\u00e9 que\u00a0<\/span><strong style=\"color: #000000;\">le coronavirus \u00a0SARS 1 de 2003 conf\u00e9rait une immunisation naturelle efficace pendant au moins 17 ans,<\/strong><span style=\"color: #0000ff;\"><a href=\"https:\/\/pubmed.ncbi.nlm.nih.gov\/32668444\/\"><span style=\"color: #0000ff;\">\u00a0(Source<\/span><\/a>).<\/span><\/p>\n<div style=\"text-align: center;\"><em><em><span style=\"color: #212121;\">&#8221; Next, we showed that patients (n = 23) who recovered from SARS (the disease associated with SARS-CoV infection) possess\u00a0<strong>long-lasting memory T cells that are reactive to the N protein of SARS-CoV 17 years after the outbreak of SARS in 2003;<\/strong>these T cells displayed robust cross-reactivity to the N protein of SARS-CoV-2. We also detected SARS-CoV-2-specific T cells in individuals with no history of SARS, COVID-19 or contact with individuals who had SARS and\/or COVID-19 (n = 37). SARS-CoV-2-specific T cells in uninfected donors exhibited a different pattern of immunodominance, and frequently targeted NSP7 and NSP13 as well as the N protein<span style=\"color: #0000ff;\">&#8220;.\u00a0<a href=\"https:\/\/pubmed.ncbi.nlm.nih.gov\/32668444\/\"><span style=\"color: #0000ff;\">(Source)<\/span><\/a><\/span><\/span><\/em><\/em><\/div>\n<div style=\"color: #000000;\">.<\/div>\n<div style=\"text-align: justify;\">Par cons\u00e9quent, les adversaires scientifiques qui m&#8217;opposent ne peuvent pas dire que l&#8217;immunit\u00e9 que conf\u00e8re le vaccin soit sup\u00e9rieure \u00e0<strong> l&#8217;immunit\u00e9 que conf\u00e8re le syst\u00e8me immunitaire humain<\/strong> et ce d&#8217;autant qu&#8217;il y a plein d&#8217;autre preuve qui confortent mon intuition scientifique du d\u00e9part de cette crise sanitaire.<\/div>\n<div style=\"text-align: justify;\"><\/div>\n<div style=\"text-align: justify;\">Cette pens\u00e9e avait \u00e9t\u00e9 en partie reprise par les\u00a0<strong>dirigeants su\u00e9dois.\u00a0<\/strong>Bien qu&#8217;ils ont r\u00e9ussi mieux que la plupart des pays industriels, les su\u00e9dois ont eu quand m\u00eame pas mal d&#8217;infect\u00e9s et de morts, notamment chez les personnes souffrant de maladies inflammatoires et chez les s\u00e9niors avanc\u00e9s qui vivaient en nursing home ou en micro-cluster familial. \u00a0Or, d&#8217;apr\u00e8s ce que j&#8217;ai compris, leur \u00e9chec partiel est le r\u00e9sultat d&#8217;une approche qui n&#8217;\u00e9tait pas assez holistique.<\/div>\n<p style=\"color: #1d2129; text-align: justify;\"><span style=\"color: #1d2129;\">Toujours est-il qu&#8217;aujourd&#8217;hui, au regard des nouvelles donn\u00e9es qu&#8217;on nous communiquent,\u00a0<\/span><strong><span style=\"color: #1d2129;\">ma position n&#8217;a pas chang\u00e9\u00a0<span style=\"caret-color: #1d2129;\">substantiellement, mais elle<\/span>\u00a0a \u00e9volu\u00e9 l\u00e9g\u00e8rement.\u00a0<\/span><\/strong><\/p>\n<p style=\"color: #1d2129; text-align: justify;\">Dans un premier temps, je pense qu&#8217;il est judicieux de pratiquer le principe de base du gouvernement qui est &#8220;<strong>don&#8217;t get it, don&#8217;t give it&#8221;<\/strong>. Donc, vivons loin des villes, loin de la foule, loin de la pollution de tout genre et soyons prudent de ne pas s&#8217;exposer nos muqueuses aux pathog\u00e8nes de tout genres.<\/p>\n<p style=\"color: #1d2129; text-align: justify;\">Si pour moi cette pratique \u00e0 prosp\u00e9rer (en effet, un test s\u00e9rologique r\u00e9cent confirme que je suis libre des anticorps anti-spike), il n&#8217;en est pas de m\u00eame pour au moins moiti\u00e9 de la Nation puisque aujourd&#8217;hui\u00a0<strong>environ moiti\u00e9 de la population fran\u00e7aise serait infect\u00e9e,\u00a0<\/strong>comme dans d&#8217;autres pays, y compris aux USA ou les statistiques sont solidement \u00e9tablies.<\/p>\n<p style=\"color: #1d2129; text-align: justify;\">En outre, vu la politique de sant\u00e9 publique du gouvernement, \u00a0<strong>on peut pr\u00e9voir que la plupart de l&#8217;autre moiti\u00e9 de la population, en particulier la moiti\u00e9 vaccin\u00e9e, sera \u00e0 terme \u00e9galement infect\u00e9es<\/strong> vu que les mutants comme Delta, Delta plus et\u00a0<a style=\"font-style: inherit; color: #003366;\" href=\"https:\/\/www.foxnews.com\/category\/health\/infectious-disease\/coronavirus\" target=\"_blank\" rel=\"noopener\">Lambda<\/a>, la toute derni\u00e8re variante, sont assez fut\u00e9s pour \u00e9viter les effets immunisants des vaccins et continuer leur &#8220;marche&#8221; exponentielle au travers des fronti\u00e8res.<\/p>\n<p style=\"color: #1d2129;\">En outre, plusieurs \u00e9tudes publi\u00e9s il y a plusieurs mois ont conclu que\u00a0<strong>m\u00eame gu\u00e9ris de ce virus, m\u00eame avec un PCR n\u00e9gatif, des complications et des s\u00e9quelles \u00e0 long terme peuvent surgir\u00a0<\/strong>(douleurs articulaires et musculaires, fatigue etc).<span style=\"color: #0000ff;\"><a href=\"https:\/\/centredebienetreholistique.com\/?p=10988\"><span style=\"color: #0000ff;\">(Source<\/span><\/a><\/span>)<\/p>\n<p style=\"color: #1d2129; text-align: justify;\">Ainsi, vu que le virus mut\u00e9 Covid est devenu<strong> plus dangereux et compte tenu du nouveau \u00e9piph\u00e9nom\u00e8ne du &#8220;Covid Long<\/strong>&#8220;, \u00a0<strong>mieux vaut ne pas \u00eatre expos\u00e9 au SARS 2<\/strong>, surtout si on est pas en bonne sant\u00e9, trop stress\u00e9, priv\u00e9 d&#8217;un efficace sommeil r\u00e9parateur et d&#8217;un mode de vie holistique. Par cons\u00e9quent, il est justifi\u00e9 de mettre en oeuvre le principe<i>\u00a0<\/i><strong><i>&#8220;don&#8217;t get it and don&#8217;t give it&#8221;.<\/i><\/strong><\/p>\n<p style=\"color: #1d2129; text-align: justify;\">Si tout le monde mettait en oeuvre les\u00a0<strong>mesures d&#8217;hygi\u00e8nes\u00a0<\/strong>pr\u00e9conis\u00e9s par les experts de l&#8217;Etat et si<strong> la plupart de nos tips pr\u00e9ventifs mentionn\u00e9s ci-avan<\/strong>t <strong>\u00e9taient \u00e9galement actionn\u00e9s<\/strong>, l&#8217;ampleur de la pand\u00e9mie serait significativement moindre et ne justifierait plus de politique de confinement.<\/p>\n<h4 style=\"color: #1d2129; text-align: center;\">Que faire s&#8217;il y a un risque important d&#8217;\u00eatre expos\u00e9 ? Vaccin officiel ou immunit\u00e9 naturelle via une exposition &#8220;douce&#8221; combin\u00e9e \u00e0 \u00a0l&#8217;Holistique ?<\/h4>\n<p style=\"color: #1d2129; text-align: justify;\">Il est irr\u00e9aliste de penser que la majorit\u00e9 des gens prendront toutes les pr\u00e9cautions pour etre vierge de ce virus et ne pas etre expos\u00e9s. Par ce fait, il est logique de se poser la question de savoir s&#8217;il faut un vaccin pr\u00e9ventif pour les non-infect\u00e9s ou si notre immunit\u00e9 naturelle serait suffisante.<\/p>\n<p style=\"color: #1d2129; text-align: justify;\">Pour l&#8217;instant, les faits montrent que les vaccins Covid active le syst\u00e8me immunitaire seulement pour les prot\u00e9ine spike. Il n&#8217;y a aucun doute que ces vaccins puissent stimuler le syst\u00e8me immunitaire pour effectuer cette tache, d&#8217;ou les scores au de la e 90 pour les vaccins officiels.<\/p>\n<p style=\"color: #1d2129; text-align: justify;\">Toutefois, le hic, le probl\u00e8me central repose sur le &#8220;viral escape&#8221; et &#8220;viral bypass&#8221;, que ce virus mute environ tous les dix heures, se renfor\u00e7ant a tel point qu&#8217;il complexifie ses antig\u00e8nes et ses prot\u00e9ines \u00a0afin de tromper notre surveillance immunitaire et de mieux s&#8217;agripper sur les ACE 2 r\u00e9cepteur pour mieux se reproduire.<\/p>\n<p style=\"color: #1d2129; text-align: justify;\">Avec le temps, les vaccins d\u00e9sign\u00e9 pour le premier virus SARS CoV 2 seront donc de moins en moins efficaces alors que l&#8217;immunit\u00e9 naturelle sera efficace.<\/p>\n<p style=\"color: #1d2129; text-align: justify;\">Pourquoi ? Parce que leur immunit\u00e9 naturelle est plus &#8220;Holistique&#8221; que l&#8217;immunit\u00e9 de l&#8217;Etat, elle a combattu <strong>l&#8217;ensemble du virus Covid et pas seulement cibl\u00e9 la prot\u00e9ine spike<\/strong> qui fait l&#8217;objet des vaccins officiels. En plus, le syt\u00e8me de &#8220;m\u00e9moire&#8221; de l&#8217;immunit\u00e9 adaptive se souviendra de ce virus. A l&#8217;appui, il y a des \u00e9tudes que les Chinois que sont naturellement immunis\u00e9 contre le SARS CoV 2 ne sont pas affect\u00e9s par les mutants. ?<\/p>\n<p style=\"color: #1d2129; text-align: justify;\">L&#8217;un des arguments acceptable du camp pro-vaccination c&#8217;est que ca prend au moins deux semaines pour que le corps fasse les anticorps contre les virus du COVID et que pour certaines personnes \u00e0 co morbidit\u00e9s et \u00e2g\u00e9es qui sont expos\u00e9, le virus en profitera pour le tuer. Dans ce cas, la vaccination officielle peut sauver de vies, du moins jusqu&#8217;au moment ou les mutants seront trop forts.<\/p>\n<p style=\"color: #1d2129; text-align: justify;\">C&#8217;est pourquoi je pr\u00e9f\u00e8re une approche holistique qui isolerait ces personnes, afin de les prot\u00e9g\u00e9s de l&#8217;exposition Covid, puis de les aider a se d\u00e9barrass\u00e9 de leur co morbidit\u00e9s, de sorte qu&#8217;ils pourront faire les immunoglobulines n\u00e9cessaire.<\/p>\n<p style=\"color: #1d2129; text-align: justify;\">En attendant, les millions de vaccin\u00e9s serait des &#8220;sitting ducks&#8221;, et ce d&#8217;autant un sens de &#8220;false security&#8221;. ?<\/p>\n<p style=\"color: #1d2129; text-align: justify;\">C&#8217;est dans cette optique que les th\u00e9rapeutiques anti-inflammatoire comme ivermectin, HDQ, <span style=\"color: #292929;\">\u00a0<\/span><span class=\"jc\" style=\"font-style: italic;\">cyclosporine\u00a0<\/span>et autres<\/p>\n<p id=\"6848\" class=\"ih ii fn ij b gl ik il im go in io ip iq ir is it iu iv iw ix iy iz ja jb jc dm gj\" style=\"color: #292929;\" data-selectable-paragraph=\"\">That\u2019s right, in a\u00a0<a class=\"ds jy\" style=\"color: inherit;\" href=\"https:\/\/www.fda.gov\/news-events\/press-announcements\/fda-brief-fda-advises-against-use-sars-cov-2-antibody-test-results-evaluate-immunity-or-protection\" rel=\"noopener nofollow\"><span class=\"jd\" style=\"font-style: italic;\">shocking guidance<\/span><\/a>\u00a0on May 19, 2021, FDA declared screening for IgG antibodies against SARS-C0V-2\u00a0<span class=\"jd\" style=\"font-style: italic;\">Spike<\/span>\u00a0and\u00a0<span class=\"jd\" style=\"font-style: italic;\">Nucleocapsid\u00a0<\/span>proteins to be unnecessary, uninformative and misleading. Never mind that these same antibody assays were a major component of the COVID-19 vaccine efficacy trials conducted by\u00a0<span class=\"jd\" style=\"font-style: italic;\">Pfizer, Moderna<\/span>\u00a0and\u00a0<span class=\"jd\" style=\"font-style: italic;\">J&amp;J<\/span>!<\/p>\n<p class=\"ih ii fn ij b gl ik il im go in io ip iq ir is it iu iv iw ix iy iz ja jb jc dm gj\" style=\"color: #292929;\" data-selectable-paragraph=\"\">https:\/\/www.fda.gov\/news-events\/press-announcements\/fda-brief-fda-advises-against-use-sars-cov-2-antibody-test-results-evaluate-immunity-or-protection. \u00a0 \u00a0 \u00a0\u00a0<a href=\"https:\/\/www.regulations.gov\/document\/FDA-2020-N-1898-0246\">Source<\/a>\u00a0FDA ??<\/p>\n<\/div>\n<div class=\"panel-pane pane-highwire-panel-tabs-container\" style=\"color: #000000;\">\n<div class=\"pane-content\" style=\"font-style: inherit;\">\n<div id=\"panels-ajax-tab-container-highwire_article_tabs\" class=\"panels-ajax-tab-container\" style=\"font-style: inherit;\" data-panels-ajax-tab-preloaded=\"biorxiv_tab_art\">\n<div class=\"panels-ajax-tab-wrap-biorxiv_tab_art\" style=\"font-style: inherit;\">\n<div class=\"panel-display panel-1col clearfix\" style=\"font-style: inherit;\">\n<div class=\"panel-panel panel-col\" style=\"font-style: inherit;\">\n<div style=\"font-style: inherit;\">\n<div class=\"panel-pane pane-highwire-markup\" style=\"font-style: inherit;\">\n<div class=\"pane-content\" style=\"font-style: inherit;\">\n<div class=\"highwire-markup\" style=\"font-style: inherit;\">\n<div id=\"content-block-markup\" style=\"font-style: inherit;\" data-highwire-cite-ref-tooltip-instance=\"highwire_reflinks_tooltip\">\n<div class=\"article abstract-view \" style=\"font-style: inherit;\">\n<div id=\"abstract-1\" class=\"section abstract\" style=\"font-style: inherit; color: #191919;\">\n<div id=\"sec-6\" class=\"subsection\" style=\"font-style: inherit;\">\n<h4 style=\"text-align: center;\">La Mesure des Dommages encourues suite aux Vaccins Covid<\/h4>\n<p style=\"text-align: justify;\">Comme nous avons des doutes sur l&#8217;efficacit\u00e9 de la \u00a0pharmaco-vigilance en France, j&#8217;analyserais la pharmaco vigilance Covid aux USA, que l&#8217;on appelle VAERS ou\u00a0<a style=\"color: #038bb3;\" href=\"https:\/\/vaers.hhs.gov\/\" target=\"_blank\" rel=\"noopener\">Vaccine Adverse Event Reporting System<\/a><span style=\"color: #000000;\">\u00a0(VAERS), qui semble \u00e9t\u00e9 bcp plus fiables.<\/span><\/p>\n<p style=\"text-align: justify;\">Au 25 juin 2021, la VAERS compte 411,931 &#8220;vaccine injurie&#8221; venant des vaccins COVID 19. Depuis le 14 D\u00e9cembe 2020..donc en moins de six mois il y a eu plus de 400,000 &#8220;adverse events&#8221;, ce qui inclut\u00a0\u00a0<a style=\"color: #038bb3;\" href=\"https:\/\/www.medalerts.org\/vaersdb\/findfield.php?TABLE=ON&amp;GROUP1=AGE&amp;EVENTS=ON&amp;VAX=COVID19&amp;DIED=Yes\" target=\"_blank\" rel=\"noopener\">6,985 deaths<\/a>\u2014 an increase of 872 deaths over the previous week. There were\u00a0<a style=\"color: #038bb3;\" href=\"https:\/\/www.medalerts.org\/vaersdb\/findfield.php?TABLE=ON&amp;GROUP1=AGE&amp;EVENTS=ON&amp;VAX=COVID19&amp;SERIOUS=ON\" target=\"_blank\" rel=\"noopener\">34,065 serious injury reports,\u00a0<\/a>up 2,825 compared with last week.<\/p>\n<\/div>\n<\/div>\n<\/div>\n<\/div>\n<\/div>\n<\/div>\n<\/div>\n<\/div>\n<\/div>\n<\/div>\n<\/div>\n<\/div>\n<\/div>\n<\/div>\n<h2 style=\"color: #426bba;\" align=\"center\">From the 6\/25\/2021 release of VAERS data:<\/h2>\n<h1 style=\"color: #426bba;\">Found 411,931 cases where Vaccine is COVID19<\/h1>\n<table style=\"color: #000000;\" width=\"100%\" cellspacing=\"0\" cellpadding=\"0\">\n<tbody>\n<tr bgcolor=\"#426BBA\">\n<td align=\"center\"><span style=\"color: white; font-size: x-large;\">Table<\/span><\/td>\n<\/tr>\n<\/tbody>\n<\/table>\n<table style=\"color: #000000;\" border=\"1\" width=\"75%\" align=\"center\">\n<tbody>\n<tr>\n<td colspan=\"1\" align=\"center\"><img decoding=\"async\" src=\"https:\/\/www.medalerts.org\/vaersdb\/arrowDownRed.gif\" alt=\"\" \/><\/td>\n<td colspan=\"2\" align=\"center\"><a style=\"font-weight: bold; color: #426bba;\" title=\"Sort by count\/percent, ascending\" href=\"https:\/\/www.medalerts.org\/vaersdb\/findfield.php?VAX=(COVID19)&amp;PRECISION=2&amp;UNIFORMONSET=&amp;EVENTS=ON&amp;ESORT=&amp;REVERSESORT=&amp;PERPAGE=10&amp;PAGENO=1&amp;TABLE=ON&amp;GROUP1=CAT&amp;TSORT=up\"><img decoding=\"async\" src=\"https:\/\/www.medalerts.org\/vaersdb\/arrowUpGreen.gif\" alt=\"\" border=\"0\" \/><\/a>\u00a0\u00a0\u00a0<a style=\"font-weight: bold; color: #426bba;\" title=\"Sort by count\/percent, descending\" href=\"https:\/\/www.medalerts.org\/vaersdb\/findfield.php?VAX=(COVID19)&amp;PRECISION=2&amp;UNIFORMONSET=&amp;EVENTS=ON&amp;ESORT=&amp;REVERSESORT=&amp;PERPAGE=10&amp;PAGENO=1&amp;TABLE=ON&amp;GROUP1=CAT&amp;TSORT=down\"><img decoding=\"async\" src=\"https:\/\/www.medalerts.org\/vaersdb\/arrowDownGreen.gif\" alt=\"\" border=\"0\" \/><\/a><\/td>\n<\/tr>\n<tr>\n<td align=\"center\"><b>Event Outcome<\/b><\/td>\n<td align=\"center\"><b>Count<\/b><\/td>\n<td align=\"center\"><b>Percent<\/b><\/td>\n<\/tr>\n<tr>\n<td rowspan=\"1\"><b>Death<\/b><\/td>\n<td align=\"right\">6,985<\/td>\n<td align=\"right\">1.7%<\/td>\n<\/tr>\n<tr>\n<td rowspan=\"1\"><b>Permanent Disability<\/b><\/td>\n<td align=\"right\">5,852<\/td>\n<td align=\"right\">1.42%<\/td>\n<\/tr>\n<tr>\n<td rowspan=\"1\"><b>Office Visit<\/b><\/td>\n<td align=\"right\">77,819<\/td>\n<td align=\"right\">18.89%<\/td>\n<\/tr>\n<tr>\n<td rowspan=\"1\"><b>Emergency Room<\/b><\/td>\n<td align=\"right\">56<\/td>\n<td align=\"right\">0.01%<\/td>\n<\/tr>\n<tr>\n<td rowspan=\"1\"><b>Emergency Doctor\/Room<\/b><\/td>\n<td align=\"right\">54,551<\/td>\n<td align=\"right\">13.24%<\/td>\n<\/tr>\n<tr>\n<td rowspan=\"1\"><b>Hospitalized<\/b><\/td>\n<td align=\"right\">23,208<\/td>\n<td align=\"right\">5.63%<\/td>\n<\/tr>\n<tr>\n<td rowspan=\"1\"><b>Hospitalized, Prolonged<\/b><\/td>\n<td align=\"right\">49<\/td>\n<td align=\"right\">0.01%<\/td>\n<\/tr>\n<tr>\n<td rowspan=\"1\"><b>Recovered<\/b><\/td>\n<td align=\"right\">150,590<\/td>\n<td align=\"right\">36.56%<\/td>\n<\/tr>\n<tr>\n<td rowspan=\"1\"><b>Birth Defect<\/b><\/td>\n<td align=\"right\">205<\/td>\n<td align=\"right\">0.05%<\/td>\n<\/tr>\n<tr>\n<td rowspan=\"1\"><b>Life Threatening<\/b><\/td>\n<td align=\"right\">6,898<\/td>\n<td align=\"right\">1.67%<\/td>\n<\/tr>\n<tr>\n<td rowspan=\"1\"><b>Not Serious<\/b><\/td>\n<td align=\"right\">162,885<\/td>\n<td align=\"right\">39.54%<\/td>\n<\/tr>\n<tr>\n<td colspan=\"1\" align=\"center\" bgcolor=\"EAF0FE\"><b>TOTAL<\/b><\/td>\n<td align=\"right\" bgcolor=\"EAF0FE\">\u2020\u00a0489,098<\/td>\n<td align=\"right\" bgcolor=\"EAF0FE\">\u2020\u00a0118.73%<\/td>\n<\/tr>\n<tr>\n<td colspan=\"3\">\u2020 Because some cases have multiple vaccinations and symptoms, a single case can account for multiple entries in this table. This is the reason why the Total Count is greater than 411931 (the number of cases found), and the Total Percentage is greater than 100.<\/td>\n<\/tr>\n<\/tbody>\n<\/table>\n<p style=\"color: #1d2129; text-align: justify;\">https:\/\/www.medalerts.org\/vaersdb\/findfield.php?TABLE=ON&#038;GROUP1=CAT&#038;EVENTS=ON&#038;VAX=COVID19<\/p>\n<h2 style=\"color: #426bba;\" align=\"center\">From the 6\/25\/2021 release of VAERS data:<\/h2>\n<h1 style=\"color: #426bba;\">Found 34,065 cases where Vaccine is COVID19 and Serious<\/h1>\n<table style=\"color: #000000;\" width=\"100%\" cellspacing=\"0\" cellpadding=\"0\">\n<tbody>\n<tr bgcolor=\"#426BBA\">\n<td align=\"center\"><span style=\"color: white; font-size: x-large;\">Table<\/span><\/td>\n<\/tr>\n<\/tbody>\n<\/table>\n<table style=\"color: #000000;\" border=\"1\" width=\"75%\" align=\"center\">\n<tbody>\n<tr>\n<td colspan=\"1\" align=\"center\"><img decoding=\"async\" src=\"https:\/\/www.medalerts.org\/vaersdb\/arrowDownRed.gif\" alt=\"\" \/><\/td>\n<td colspan=\"2\" align=\"center\"><a style=\"font-weight: bold; color: #426bba;\" title=\"Sort by count\/percent, ascending\" href=\"https:\/\/www.medalerts.org\/vaersdb\/findfield.php?VAX=(COVID19)&amp;SERIOUS=ON&amp;PRECISION=2&amp;UNIFORMONSET=&amp;EVENTS=ON&amp;ESORT=&amp;REVERSESORT=&amp;PERPAGE=10&amp;PAGENO=1&amp;TABLE=ON&amp;GROUP1=AGE&amp;TSORT=up\"><img decoding=\"async\" src=\"https:\/\/www.medalerts.org\/vaersdb\/arrowUpGreen.gif\" alt=\"\" border=\"0\" \/><\/a>\u00a0\u00a0\u00a0<a style=\"font-weight: bold; color: #426bba;\" title=\"Sort by count\/percent, descending\" href=\"https:\/\/www.medalerts.org\/vaersdb\/findfield.php?VAX=(COVID19)&amp;SERIOUS=ON&amp;PRECISION=2&amp;UNIFORMONSET=&amp;EVENTS=ON&amp;ESORT=&amp;REVERSESORT=&amp;PERPAGE=10&amp;PAGENO=1&amp;TABLE=ON&amp;GROUP1=AGE&amp;TSORT=down\"><img decoding=\"async\" src=\"https:\/\/www.medalerts.org\/vaersdb\/arrowDownGreen.gif\" alt=\"\" border=\"0\" \/><\/a><\/td>\n<\/tr>\n<tr>\n<td align=\"center\"><b>Age<\/b><\/td>\n<td align=\"center\"><b>Count<\/b><\/td>\n<td align=\"center\"><b>Percent<\/b><\/td>\n<\/tr>\n<tr>\n<td rowspan=\"1\"><b>&lt; 3 Years<\/b><\/td>\n<td align=\"right\">15<\/td>\n<td align=\"right\">0.04%<\/td>\n<\/tr>\n<tr>\n<td rowspan=\"1\"><b>3-6 Years<\/b><\/td>\n<td align=\"right\">8<\/td>\n<td align=\"right\">0.02%<\/td>\n<\/tr>\n<tr>\n<td rowspan=\"1\"><b>6-9 Years<\/b><\/td>\n<td align=\"right\">3<\/td>\n<td align=\"right\">0.01%<\/td>\n<\/tr>\n<tr>\n<td rowspan=\"1\"><b>12-17 Years<\/b><\/td>\n<td align=\"right\">539<\/td>\n<td align=\"right\">1.58%<\/td>\n<\/tr>\n<tr>\n<td rowspan=\"1\"><b>17-44 Years<\/b><\/td>\n<td align=\"right\">6,154<\/td>\n<td align=\"right\">18.07%<\/td>\n<\/tr>\n<tr>\n<td rowspan=\"1\"><b>44-65 Years<\/b><\/td>\n<td align=\"right\">9,097<\/td>\n<td align=\"right\">26.7%<\/td>\n<\/tr>\n<tr>\n<td rowspan=\"1\"><b>65-75 Years<\/b><\/td>\n<td align=\"right\">6,255<\/td>\n<td align=\"right\">18.36%<\/td>\n<\/tr>\n<tr>\n<td rowspan=\"1\"><b>75+ Years<\/b><\/td>\n<td align=\"right\">8,069<\/td>\n<td align=\"right\">23.69%<\/td>\n<\/tr>\n<tr>\n<td rowspan=\"1\"><b>Unknown<\/b><\/td>\n<td align=\"right\">3,925<\/td>\n<td align=\"right\">11.52%<\/td>\n<\/tr>\n<tr>\n<td colspan=\"1\" align=\"center\" bgcolor=\"EAF0FE\"><b>TOTAL<\/b><\/td>\n<td align=\"right\" bgcolor=\"EAF0FE\">34,065<\/td>\n<td align=\"right\" bgcolor=\"EAF0FE\">100%<\/td>\n<\/tr>\n<\/tbody>\n<\/table>\n<p style=\"color: #1d2129; text-align: justify;\">https:\/\/www.medalerts.org\/vaersdb\/findfield.php?TABLE=ON&#038;GROUP1=AGE&#038;EVENTS=ON&#038;VAX=COVID19&#038;SERIOUS=ON<\/p>\n<p style=\"color: #1d2129; text-align: justify;\">Par ailleurs ces chiffres sont tr\u00e8s certainement en dessous de la r\u00e9alit\u00e9 puisque le VAES n&#8217;oblige pas les m\u00e9decin a d\u00e9clar\u00e9 les vaccin injures..and pire bcp de m\u00e9decin r\u00e9sistent report\u00e9 ces injuries&#8230;bcp commission argent et formation..<\/p>\n<div style=\"color: #000000;\">\n<h4 style=\"text-align: center;\">\u00a0Recommendation de la CMH sur la politique vaccinale.<\/h4>\n<h4 style=\"text-align: center;\">Pemi\u00e8re recommandation<\/h4>\n<p>Cessez de faire pression sur les infect\u00e9s de se faire piqu\u00e9.<\/p>\n<p style=\"text-align: center;\">Deuxi\u00e8me recommandation:<\/p>\n<p>Pour les non infect\u00e9, \u00a0d\u00e9claration un \u00a0<strong>moratoire fond\u00e9 sur le principe de pr\u00e9caution\u00a0<\/strong>en attendant davantage de preuves que les mol\u00e9cules actives de ces vaccins RNAm ne se d\u00e9localisent du muscles des \u00e9paules pour contaminer d&#8217;autres tissus transmettant par la meme les prot\u00e9ines de pointes (spike proteins) sur d&#8217;autres r\u00e9cepteurs ACE2 et seront utile<\/p>\n<p style=\"text-align: center;\">Troisi\u00e8me recommendation:<\/p>\n<p>Cibl\u00e9 ceux et celles qui sont avant tout affect\u00e9 par la COVID (age avanc\u00e9 et cormorbiit\u00e9) et leur envoy\u00e9 des suppl\u00e9ments zinc, vitamin D et autres ainsi que \u00a0caretakers pour les aider a se d\u00e9barrasser avec l&#8217;Holistique de leur co morbidit\u00e9 et de la vieillissement pathog\u00e8ne.<\/p>\n<p style=\"text-align: center;\">Quatri\u00e8me recommendation<\/p>\n<p>Protocole CMH<\/p>\n<p style=\"text-align: center;\">Cinqui\u00e8me \u00a0recommendation:<\/p>\n<p>Vaccination soit obligatoire, soit hautement recommand\u00e9 pour tous ceux et celles qui profite abusivement ou via ignorance complicit\u00e9 vaccination..<\/p>\n<\/div>\n<h4 style=\"color: #1c1e21; text-align: center;\"><a class=\"image\" style=\"color: #0b0080;\" href=\"https:\/\/en.wikipedia.org\/wiki\/File:Semper_Augustus_Tulip_17th_century.jpg\"><img decoding=\"async\" loading=\"lazy\" class=\"thumbimage\" src=\"https:\/\/upload.wikimedia.org\/wikipedia\/commons\/thumb\/c\/cc\/Semper_Augustus_Tulip_17th_century.jpg\/220px-Semper_Augustus_Tulip_17th_century.jpg\" alt=\"\" width=\"93\" height=\"144\" data-file-width=\"1182\" data-file-height=\"1829\" \/><\/a><\/h4>\n<div class=\"thumbcaption\" style=\"color: #202122; text-align: center;\">\n<div class=\"magnify\"><\/div>\n<p><b>Application of plant viruses to enhance the plant beauty<\/b>. The\u00a0<i>Semper Augustus<\/i>, famous for being the most expensive tulip sold during\u00a0<a style=\"color: #0b0080;\" title=\"Tulip mania\" href=\"https:\/\/en.wikipedia.org\/wiki\/Tulip_mania\">tulip mania<\/a>. The effects of\u00a0<a style=\"color: #0b0080;\" title=\"Tulip breaking virus\" href=\"https:\/\/en.wikipedia.org\/wiki\/Tulip_breaking_virus\">tulip breaking virus<\/a>are seen in the striking streaks of white in its red petals. Plant viruses are grouped into 73\u00a0<a class=\"mw-redirect\" style=\"color: #0b0080;\" title=\"Genus (biology)\" href=\"https:\/\/en.wikipedia.org\/wiki\/Genus_(biology)\">genera<\/a>\u00a0and 49\u00a0<a style=\"color: #0b0080;\" title=\"Family (biology)\" href=\"https:\/\/en.wikipedia.org\/wiki\/Family_(biology)\">families<\/a>. However, these figures relate only to cultivated plants, which represent only a tiny fraction of the total number of plant species. Viruses in wild plants have not been well-studied,\u00a0<strong>but the interactions between wild plants and their viruses often do not appear to cause disease in the host plants.<\/strong>\u00a0<span class=\"reference-text\">Roossinck, M. J. (2011). &#8220;The good viruses: viral mutualistic symbioses&#8221;.\u00a0<i>Nature Reviews Microbiology<\/i>.\u00a0<b>9<\/b>\u00a0(2): 99\u2013108.\u00a0<a class=\"mw-redirect\" style=\"color: #0b0080;\" title=\"Doi (identifier)\" href=\"https:\/\/en.wikipedia.org\/wiki\/Doi_(identifier)\">doi<\/a>:<a class=\"external text\" style=\"color: #663366;\" href=\"https:\/\/doi.org\/10.1038%2Fnrmicro2491\" rel=\"nofollow\">10.1038\/nrmicro2491<\/a>.\u00a0<a class=\"mw-redirect\" style=\"color: #0b0080;\" title=\"PMID (identifier)\" href=\"https:\/\/en.wikipedia.org\/wiki\/PMID_(identifier)\">PMID<\/a>\u00a0<a class=\"external text\" style=\"color: #663366;\" href=\"https:\/\/pubmed.ncbi.nlm.nih.gov\/21200397\" rel=\"nofollow\">21200397<\/a>.\u00a0<a class=\"mw-redirect\" style=\"color: #0b0080;\" title=\"S2CID (identifier)\" href=\"https:\/\/en.wikipedia.org\/wiki\/S2CID_(identifier)\">S2CID<\/a>\u00a0<a class=\"external text\" style=\"color: #663366;\" href=\"https:\/\/api.semanticscholar.org\/CorpusID:23318905\" rel=\"nofollow\">23318905<\/a>.<\/span><strong>\u00a0<\/strong><\/p>\n<\/div>\n<p>MECHANISMS OF VIRAL AN LIVE EXPANSION<\/p>\n<p style=\"color: #000000;\"><strong>Viruses affecting bacteria are the Bacteriophages. These are the most common and the most diverse group as well as the most abundant form of biological entity in water environments. There are up to ten times more of these viruses in the oceans than there are bacteria.<\/strong><\/p>\n<p style=\"color: #000000;\">Bacteriophages infect specific bacteria by binding to surface receptor molecules and then entering the cell. The bacterial polymerase enzyme then starts to translate the virus RNA into protein. These proteins go on to become either new virions within the cell that helps in assembling the new virions, or proteins involved in cell lysis.<\/p>\n<p style=\"color: #000000;\"><strong>The cell is broken down within twenty minutes after injection releasing over 300 new bacteriophages.<\/strong><\/p>\n<p style=\"color: #000000;\">Some viruses replicate within archaea. These are usually double stranded DNA viruses. They may have unique shapes.<\/p>\n<p style=\"color: #000000;\">Quantic physique&#8230;just by being present&#8230;viral RNA activates inside of cell protein machinery&#8230;<\/p>\n<p style=\"color: #000000;\">The RNA carries\u00a0<a style=\"color: #0b0080;\" title=\"Genetics\" href=\"https:\/\/en.wikipedia.org\/wiki\/Genetics\">genetic<\/a>\u00a0information to code for the production of new infectious particles.<\/p>\n<h4 style=\"color: #1c1e21; text-align: center;\">Conclusion Provisoire<\/h4>\n<p style=\"text-align: center;\"><span style=\"color: #000000;\"><em>&#8220;Le\u00a0fl\u00e9au\u00a0n&#8217;est pas \u00e0 la\u00a0mesure\u00a0de l&#8217;homme, on se dit\u00a0donc\u00a0que le\u00a0fl\u00e9au\u00a0est\u00a0irr\u00e9el, c&#8217;est un\u00a0mauvais\u00a0r\u00eave\u00a0qui va\u00a0passer\u00a0&#8230;.Les\u00a0foyers\u00a0d&#8217;infection\u00a0sont\u00a0en\u00a0extension\u00a0croissante. A l&#8217;allure\u00a0o\u00f9 la\u00a0maladie\u00a0se\u00a0r\u00e9pand, si\u00a0elle\u00a0n&#8217;est pas\u00a0stopp\u00e9e,\u00a0elle\u00a0risque\u00a0de\u00a0tuer\u00a0la\u00a0moiti\u00e9\u00a0de la\u00a0ville\u00a0avant\u00a0deux\u00a0mois. \u00a0&#8220;La Peste&#8221; d&#8217;Albert Camus (laur\u00e9at d&#8217;un Prix Nobel de la litt\u00e9rature)<\/em><\/span><\/p>\n<div style=\"text-align: justify;\">L&#8217;histoire de la m\u00e9decine nous append que trop souvent, la<strong> r\u00e9action officielle<\/strong> \u00e0 une nouvelle maladie empire celle-ci, y compris la qualit\u00e9 de vie du patient. (<a style=\"color: blue;\" href=\"https:\/\/www.wagmag.com\/when-the-cure-is-worse-than-the-disease\/\" target=\"_blank\" rel=\"nofollow noopener noreferrer\">Source A<\/a>\u00a0 et\u00a0<a style=\"color: blue;\" href=\"https:\/\/thenevadaindependent.com\/article\/is-the-cure-worse-than-the-disease\" target=\"_blank\" rel=\"nofollow noopener noreferrer\">\u00a0Source<\/a>\u00a0B).<\/div>\n<div>.<\/div>\n<div style=\"text-align: justify;\">D&#8217;apr\u00e8s notre exp\u00e9rience et notre lecture des faits, la m\u00e9decine<strong> holistique est d&#8217;autant plus n\u00e9cessaire<\/strong> \u00e0 mettre en place que le\u00a0<strong>paradigme m\u00e9dical conventionnel (allopathique)<\/strong>\u00a0a tendance \u00e0 produire trop d&#8217;effets d\u00e9l\u00e9t\u00e8res \u00a0et de souffrance collective.<\/div>\n<div style=\"color: #151719; text-align: justify;\">.<\/div>\n<div style=\"color: #151719; text-align: justify;\">Entre beaucoup d&#8217;autres indicateurs, les maladies d\u00e9g\u00e9n\u00e9ratives (diabetes, cancer, ob\u00e9sit\u00e9, cardiovasculaire, auto-immunes, infectieuses etc) comme l&#8217;in\u00e9galit\u00e9 sociale se sont exacerb\u00e9es et continueront \u00e0 s&#8217;empirer tant qu&#8217;il n&#8217;y aura pas un\u00a0nouveau mod\u00e8le m\u00e9dical et un Renouveau au niveau du Gouvernement.<strong> En trois semaines de Covid, les ultra-fortun\u00e9s auraient empoch\u00e9s 280 billions de dollars de plus\u00a0<a style=\"color: blue;\" href=\"https:\/\/centredebienetreholistique.com\/?p=3452\" target=\"_blank\" rel=\"nofollow noopener noreferrer\">(Source)<\/a>\u00a0alors que plus de 95 pour-cent de la population se sont affaiblies \u00e9conomiquement.<\/strong><\/div>\n<div style=\"color: #151719;\">.<\/div>\n<div style=\"color: #151719; text-align: justify;\">La M\u00e9decine conventionnelle, y compris la di\u00e9t\u00e9tique officielle et les &#8220;animal factory farms&#8221; conventionnelles reposent sur<strong>\u00a0le mod\u00e8le du taylorisme,<\/strong>\u00a0l&#8217;application d&#8217;un meme type alimentation industrielle et des memes standards m\u00e9dicaux pour tout le monde, sans tenir compte la singularit\u00e9 de tout un chacun, de la sp\u00e9cificit\u00e9 des bio-terrains, de l&#8217;individualit\u00e9, du g\u00e9nome, de l&#8217;\u00e9pig\u00e9n\u00e9tique, et du microbiote. A ce sujet, les faits sont tr\u00e8s claire, \u00a0le microbiote humain ne prosp\u00e8re pas bien avec le type de r\u00e9gime alimentaire que propose les autorit\u00e9s de l&#8217;Etat. Pire, ce r\u00e9gime affaiblit l&#8217;immunit\u00e9 naturelle. (7)<\/div>\n<div style=\"color: #151719;\">.<\/div>\n<div style=\"color: #151719; text-align: justify;\">A l&#8217;inverse, les experts de la m\u00e9decine holistique ainsi qu&#8217;en m\u00e9decine traditionnelle chinoise pr\u00e9f\u00e8rent intervenir au niveau de <strong>la personne et de son bioterrain,<\/strong> plutot que de sa maladie et ce, avec un r\u00e9gime alimentaire &#8220;whole food&#8221; et &#8220;mostly plant-based&#8221;. En r\u00e9-\u00e9quilibrant les grands axes du m\u00e9tabolisme humain, soit en bonification, soit en dispersion, les d\u00e9s\u00e9quilibres et les maladies ont tendance \u00e0 disparaitre.<\/div>\n<div style=\"color: #151719;\">.<\/div>\n<div style=\"color: #151719; text-align: justify;\">C&#8217;est tout de m\u00eame pas difficile \u00e0 comprendre que lorsque\u00a0<strong>les \u00a0animaux comme les poules et les porcs sont stock\u00e9s comme des sardines dans ces fermes industrielles \u00e0 haut rendement\u00a0<\/strong>n&#8217;est ni une activit\u00e9 soutenable, ni une bonne fa\u00e7on de pr\u00e9server la vie et la sur la plan\u00e8te et ce d&#8217;autant plus que la majorit\u00e9 des antibiotiques dans le monde est utilis\u00e9 non pour les humains, mais pour les animaux &#8220;comestibles&#8221;, lesquels deviennent non seulement des vecteurs d&#8217;\u00e9pid\u00e9mies et de maladies, y compris plusieurs maladies d\u00e9g\u00e9n\u00e9ratives, mais des &#8220;delivery systems&#8221; d&#8217;antibiotiques, \u00e0 cause de quoi la sant\u00e9 humain continue \u00e0 \u00a0se d\u00e9grader, ne serait-ce parce que les antibiotiques tue ce qui peut gu\u00e9rir, le microbiota, privant les 23,000 genes eukaryotes humain du &#8220;cross-talk&#8221; g\u00e9n\u00e9tique des 8 millions de g\u00e8nes des micro-organismes.<\/div>\n<div style=\"color: #151719;\">\n<p style=\"color: #000000; text-align: justify;\">Du coup, le bio-terrain immunitaire d&#8217;une partie des etres humains ne peut pas faire face efficacement contre ce virus via la production des bons anticorps contre les antig\u00e8nes M et S de ce virus.\u00a0<strong>Cette cat\u00e9gorie des humaines est petite, un peu moins de un pour-cent de l&#8217;humanit\u00e9, mais un pour-cent se traduit quand meme par la mort de plus d&#8217;une dizaine de millions de vies humaines\u00a0<\/strong>parmi lesquels il y aurait &#8220;more often than not&#8221; plusieurs futurs laur\u00e9ats du Prix Nobel en physiologie, faisant par l\u00e0 meme avancer la compr\u00e9hension du GTV (Grand Tout Vivant).<\/p>\n<\/div>\n<p style=\"color: #1d2129; text-align: justify;\">Les virus de la Covid qui font l&#8217;objet de\u00a0<strong>la guerre anti-microbe de 2020-21\u00a0<\/strong>font partie des\u00a040 pour-cent des microbes qui constituent la vie microbienne de la terre, environ 40 pour-cent de l&#8217;ensemble de la biomasse. Sans eux, l&#8217;humain et la Plan\u00e8te ne pourraient pas vivre. Comme pour leurs fr\u00e8res les &#8220;archeas&#8221; et les bact\u00e9ries, les virus sont essentiels pour le bon fonctionnement du microbiote humain ainsi que pour l&#8217;immunit\u00e9 naturelle et une sant\u00e9 humaine optimale. En outre, \u00a0l<strong>&#8216;\u00e9volution de la vie humaine n&#8217;aurait pas \u00e9t\u00e9 possible sans la transmission de l&#8217; information g\u00e9n\u00e9tique virale \u00e0 l&#8217;int\u00e9rieur du g\u00e9nome humain.<\/strong><\/p>\n<p style=\"color: #000000;\">Dans cette perspective,\u00a0on ne connais pas de transmission \u00e9pid\u00e9mique phyto-virus a un animal.<\/p>\n<p style=\"color: #000000; text-align: center;\"><em><strong>&#8220;No known epidemic has resulted from the transmission of a plant virus to an animal.<\/strong>We do not all have to become vegans, but we can easily become predominant vegetarians as appears to have been characteristic of most of our early ancestors. And if we do, we shall live healthier and longer quality lives&#8221; rappelait l&#8217;un des auteurs virologues que j&#8217;ai cit\u00e9 plus haut.<\/em><\/p>\n<p style=\"color: #000000;\">Les virus des plantes ne sautent pas du royaume des plantes au Kingdom des vert\u00e9br\u00e9s.<\/p>\n<p style=\"color: #000000; text-align: center;\">&#8220;Phytoviruses are highly prevalent in plants worldwide, including vegetables and fruits. Humans, and more generally animals, are exposed daily to these viruses, among which several are extremely stable<strong>. It is currently accepted that a strict separation exists between plant and vertebrate viruses regarding their host range and pathogenicity, and plant viruses are believed to infect only plants.\u00a0<\/strong>Accordingly, plant viruses are not considered to present potential pathogenicity to humans and other vertebrates&#8230;&#8221;\u00a0<a href=\"https:\/\/www.ncbi.nlm.nih.gov\/pmc\/articles\/PMC4411691\/\">(Source)<\/a><\/p>\n<p style=\"color: #1d2129; text-align: justify;\">Par ces faits<strong>,\u00a0<\/strong>il est &#8220;counter-intuitive&#8221; ou absurde de concocter et mettre en oeuvre comme le fait la majorit\u00e9 des experts de la sant\u00e9\u00a0publique de l&#8217;Etat et de l&#8221;OMS\u00a0une\u00a0<strong>strat\u00e9gie de guerre\u00a0<\/strong>contre ces virus zoonitiques qui ne font que leur job \u00e9volutionnaire r\u00e9pondant aux abus et \u00e0 la mal-bouffe des hommes.<\/p>\n<p style=\"text-align: justify;\">Par ailleurs, il est encore plus absurde, irrespectueux et irresponsable que les haut fonctionnaires de l&#8217;Etat fran\u00e7ais qualifient les plantivores (v\u00e9ganes) d&#8217;individus dangereux et extr\u00e9mistes qui mettent en danger la vie de leurs enfants et la leur, tout en participant a des d\u00e9rives sectaires et manipulatrices alors que\u00a0<strong>la r\u00e9alit\u00e9 montre\u00a0<\/strong>que c&#8217;est plut\u00f4t la m\u00e9decine officielle de l&#8217;Etat avec ces pontages coronaires \u00e9vitables et inutiles dans 99 pour-cent des cas qui seraient extr\u00e9miste et dangereux. (Voir notre livre de plus de 500 pages sur la &#8220;holistic cardiology&#8221; pour les preuves).<\/p>\n<p style=\"text-align: justify;\">Comme on l&#8217;a d\u00e9montr\u00e9 ci-dessus via plusieurs citations et r\u00e9f\u00e9rences publi\u00e9es dans les meilleurs journaux m\u00e9dicaux, le r\u00e9gime v\u00e9g\u00e9tal (quand il est holistiquement pr\u00e9par\u00e9) est\u00a0<strong>cliniquement sup\u00e9rieur\u00a0<\/strong>\u00e0\u00a0l&#8217;alimentation pr\u00e9conis\u00e9 par les experts de l&#8217;Etat, que cela soit pour la Covid ou autres pathologies.\u00a0<strong>C<\/strong><strong><strong>&#8216;<\/strong>est le v\u00e9g\u00e9tal et ses\u00a0milliers\u00a0de mol\u00e9cules phytochimiques, pas le carn\u00e9 \u00a0qui module\u00a0efficacement\u00a0l&#8217;hom\u00e9ostasie inter-organes et\u00a0l&#8217;immunit\u00e9 anti-covid\u00a0<\/strong>ainsi que l&#8217;immunit\u00e9 qui g\u00e8re le\u00a0contr\u00f4le du cancer, des maladies\u00a0auto-immunes\u00a0voire de la senescence cellulaire et du vieillissement acc\u00e9l\u00e9r\u00e9. A contrario, presque tous les produits d&#8217;animaux sont inflammatoires, d\u00e9truisent la vasculature, perturbent les r\u00e9seaux de signalisation hom\u00e9ostatiques et contribuent a d\u00e9truire le bio terrain et sa flore intestinale.<\/p>\n<p style=\"text-align: justify;\">&#8220;&#8221;&#8221;<\/p>\n<p style=\"text-align: justify;\"><span style=\"color: #000000;\">Quand le virus SAR2 il fait une copie de son mat\u00e9riel g\u00e9n\u00e9tique, il a plein d&#8217;occasion de faire des\u00a0<\/span><strong style=\"color: #000000;\">erreurs de transcription g\u00e9n\u00e9tique \u00e0 cause de quoi il mute dans tous les sens<\/strong><span style=\"color: #000000;\">, y compris dans le sens qui favorise son expansion imp\u00e9riale telles les cellules canc\u00e9reuses m\u00e9tastatiques. Ainsi apr\u00e8s plusieurs variants, dont Alpha et Delta, il est devenu plus fort, plus hypercontagieux et plus intelligent, capable de tromper plusieurs agents de l&#8217;immunit\u00e9 inn\u00e9e et de mieux s&#8217;agripper sur le r\u00e9cepteur ACE2 et ce, de fa\u00e7on beaucoup plus vite que ses &#8220;parents&#8221;.<\/span><\/p>\n<h4 style=\"text-align: center;\">Une occasion historique rat\u00e9e ?<\/h4>\n<p style=\"text-align: center;\"><em><span style=\"color: #000000;\">The<\/span><a style=\"font-style: inherit; color: #003366;\" href=\"https:\/\/www.foxnews.com\/category\/health\/infectious-disease\/coronavirus\" target=\"_blank\" rel=\"noopener\">\u00a0Lambda variant,<\/a><span style=\"color: #000000;\">\u00a0which is believed to have been first detected in Peru about a year ago, is a new concern to scientists who say mutations could potentially be resistant to COVID-19 vaccines. The World Health Organization said the variant\u2019s mutations could increase its transmissibility or possibly increase its resistance to &#8220;neutralizing antibodies.&#8221; The health body called Lambda, or C.37, a &#8220;variant of interest.&#8221;\u00a0<\/span><a href=\"https:\/\/www.foxnews.com\/health\/lambda-variant-raises-concern-due-to-unusual-mutations\">(Source)<\/a><\/em><\/p>\n<div>\n<p style=\"text-align: justify;\"><span style=\"color: #000000;\">Je pense qu&#8217;on a\u00a0<\/span><strong style=\"color: #000000;\">rat\u00e9 une occasion historique d&#8217;\u00e9teindre ce virus SARS-COV 2 avant que les mutants deviennent beaucoup plus forts tels ALPH et DELTA, LAMBDA et les autres qui se mijotent et-ou s&#8217;amplifie grace aux vaccins, redemsivir, culture du carn\u00e9, mode de vie inflammatoire \u00a0et aux autres dysfonctionnement ou conneries de l&#8217;Etat.<\/strong><\/p>\n<p style=\"text-align: justify;\"><strong>L&#8217;approche su\u00e9doise combin\u00e9e avec les innovations que j&#8217;ai propos\u00e9es,<\/strong> \u00e0 savoir, une isolation des personnes vuln\u00e9rables qui auraient \u00e9t\u00e9 trait\u00e9s en pr\u00e9ventif comme en curatif avec la vitamine D, le zinc, le meilleur en m\u00e9decine Chinoise traditionnelle et tous les autres \u00e9l\u00e9ments holistiques mentionn\u00e9s plus haut, <strong>aurait pu \u00eatre le meilleur mod\u00e8le universel pour stopper la &#8220;viral spread&#8221;<\/strong> car elle aurait d&#8217;autant mieux atteint la herd immunity que les pays aurait actionn\u00e9 les tips pr\u00e9ventifs et curatifs que j&#8217;ai identifi\u00e9s.<\/p>\n<p style=\"text-align: justify;\">Quant aux bien-portant, ils auraient pu circuler<strong> sans mesures de protection<\/strong>, \u00e0 condition d&#8217;avoir une bonne immunit\u00e9.<\/p>\n<p style=\"text-align: justify;\">Du coup,<strong> le virus SARS CoV 2 n&#8217;aurait pas pu muter autant et avec la virulence des mutants-variantes d&#8217;aujourd&#8217;hui,<\/strong> vu la barri\u00e8re collective des anticorps immunoglobulines G et M que les bien-portants auraient oppos\u00e9 au SARS CoV 2.<\/p>\n<p style=\"text-align: justify;\">\u00a0Cette occasion manqu\u00e9e r\u00e9sulte de l&#8217;attitude des agents-d\u00e9cideurs de l&#8217;Etat, lesquels ont d\u00e9cid\u00e9 de d\u00e9clarer la<strong><span style=\"color: #000000;\">\u00a0guerre contre ce virus, <\/span><\/strong><span style=\"color: #000000;\">comme le fit le Pr\u00e9sident Marcon au d\u00e9but de\u00a0<\/span><span style=\"color: #000000;\"><span style=\"caret-color: #000000;\">cette crise et de garder le silence sur l&#8217;Holistique.<\/span><\/span><strong><span style=\"color: #000000;\">\u00a0<\/span><\/strong><\/p>\n<p style=\"text-align: justify;\">Si le gouvernement avait distingu\u00e9s les bien-portants de ceux et celles qui contractent la Covid (personnes avec co-morbidit\u00e9s importantes) et proposer une politique pour aider ces personnes \u00e0 ce d\u00e9barrasser de leur co morbiit\u00e9es, tout en lib\u00e9rant les bien portant des confinements, la Herd immunit\u00e9 aurait \u00e9t\u00e9 atteinte.<\/p>\n<p style=\"text-align: justify;\">Je fonde cette conclusion sur le fait que les bien-portants sont capable de <strong>fabriquer tous les immunoglobulines n\u00e9cessaires qui auraient assur\u00e9s une immunisation gratos pour au moins 17 ans,<\/strong> comme cela a \u00e9t\u00e9 fait avec \u00a0le coronavirus SARS de 2003. Je pense aussi au succ\u00e8s des &#8220;measle parties&#8221; qui \u00e9taient mise en oeuvre le si\u00e8cle dernier aux USA et dont l&#8217;immunit\u00e9 perdure g\u00e9n\u00e9ralement pour toute la vie.<\/p>\n<p style=\"text-align: justify;\"><span style=\"color: #000000;\">A terme, quand ils ne sont pas provoqu\u00e9 ou agress\u00e9s par les experts, \u00a0les retro-virus comme le SARS COV 2<\/span><strong style=\"color: #000000;\">\u00a0mutent en r\u00e9duisant leur charge virale<\/strong><span style=\"color: #000000;\">\u00a0et les syst\u00e8mes immunitaires humains produisent des anticorps suffisants et ce, d&#8217;autant que l&#8217;humain jouit d&#8217;un bon terrain immunitaire et d&#8217;une bonne hygi\u00e8ne de vie, grace \u00e0 quoi la &#8220;herd immunity&#8221; sera plus rapidement \u00e9tablie. <\/span><\/p>\n<p style=\"text-align: justify;\"><span style=\"color: #000000;\">Meme si les mutants Alpha et Delta sont plus fort que le SARS CoV 2,<\/span><strong><span style=\"color: #000000;\"> la strat\u00e9gie anti-covid que j&#8217;ai soulign\u00e9 pourrait encore prosp\u00e9rer et ce d&#8217;autant que les vaccins anticovid pourraient ne pas\u00a0<span style=\"caret-color: #000000;\">fonctionner<\/span>\u00a0pour les toutes derni\u00e8res variantes. \u00a0<\/span><\/strong><\/p>\n<p style=\"text-align: justify;\"><span style=\"color: #000000;\">Si quelqu&#8217;un\u00a0<\/span><span style=\"color: #000000;\">voulait<strong> financer une \u00e9tude pilote<\/strong> que je pourrais\u00a0organiser \u00e0 ce sujet pour d\u00e9montrer la validit\u00e9 de cette strat\u00e9gie, \u00a0nous ferions du progr\u00e8s car je suis convaincu &#8211; et les faits confortent cette conviction \u00a0&#8211; que <strong>l&#8217;approche\u00a0<\/strong><span style=\"caret-color: #000000;\"><strong>immune-holistique est la seule qui pourra avoir\u00a0raison de ce viru<\/strong>s <strong>et des mutants qui viennent apr\u00e8s lui<\/strong>.<\/span><\/span><\/p>\n<p style=\"text-align: justify;\">Dans nos stages, nous d\u00e9montrons, pi\u00e8ces \u00e0 l&#8217;appui, que les \u00a0bien-faits de\u00a0<strong>la m\u00e9decine holistique\u00a0<\/strong>favorisent tant la pr\u00e9vention que les traitements efficaces de presque \u00a0toutes les maladies chroniques qui sont li\u00e9s au type de soci\u00e9t\u00e9 qui est la notre. \u00a0En effet, les faits sugg\u00e8rent que la m\u00e9decine holistique &#8220;new millenium&#8221; peut\u00a0r\u00e9duire de plus de 95 pour-cent les d\u00e9c\u00e8s et la souffrance collective de la grande majorit\u00e9 des maladies d\u00e9g\u00e9n\u00e9rative,\u00a0<span style=\"color: #000000;\">y compris la COVID 19 et sa d\u00e9tresse respiratoire dont meurt inutilement la majorit\u00e9 des personnes \u00e0 immunit\u00e9 compromise.<\/span>\u00a0<a href=\"https:\/\/centredebienetreholistique.com\/?p=3439\">(Source)<\/a><\/p>\n<p style=\"text-align: justify;\"><span style=\"color: #000000;\">En fait, la m\u00e9decine holistique est la seule approche qui puisse assurer une &#8220;herd Immunity&#8221; sans grand danger et mettre fin ce d\u00e9fi COVID 19. (8)<\/span><\/p>\n<p style=\"text-align: justify;\"><strong style=\"color: #000000;\">Le Vivant est un Tout indissociable<\/strong><span style=\"color: #000000;\">. Mais d\u00e8s lors que l&#8217;humain se comporte comme un rapace carnassier et un ge\u00f4lier concentrationnaire du Vivant, la Nature via ces micro-organismes boomerangig\u00e8nes se r\u00e9voltent contre lui. Par cons\u00e9quent, les agents responsables de la sant\u00e9 publique de l&#8217;Etat avec le Pr\u00e9sident de la R\u00e9publique doivent commencer la politique sanitaire COVID de la France en amont, grace \u00e0 quoi ces crises &#8220;sanitaires&#8221; serait \u00e9vit\u00e9es dans leur totalit\u00e9.<\/span><\/p>\n<\/div>\n<div style=\"color: #151719; text-align: justify;\">\n<div style=\"color: #000000;\">Mais cette m\u00e9decine, la m\u00e9decine holistique et \u00e9pig\u00e9n\u00e9tique demain, \u00a0est vu par celles et ceux qui d\u00e9tiennent le pouvoir de dire le droit et la v\u00e9rit\u00e9 m\u00e9dicale comme une dangereuse d\u00e9rive sectaires. <strong>Les laboratoires refusent de financer les essais cliniques sur les protocole relevant de la m\u00e9decine holistique et l&#8217;Etat ne fait pas grand chose pour les inciter.<\/strong> Du coup. les m\u00e9dia en profitent pour d\u00e9clarer qu&#8217;il n&#8217;y a pas de preuves que la &#8220;m\u00e9decine alternative&#8221; serait s\u00e9rieuse et fond\u00e9es et quand des you-tubers en parlent, &#8220;the system shuts them down&#8221;, et ce, avec la complicit\u00e9 des agents de l&#8217;Etat.<\/div>\n<div style=\"color: #000000;\">.<\/div>\n<div style=\"color: #000000;\">En claire,<strong> \u00a0les faits montrent que ceux et celles qui ne vivent pas holistiquement ont un mauvais bio-terrain et sont donc vuln\u00e9rables aux effets d\u00e9l\u00e9t\u00e8res et l\u00e9taux des virus Covid<\/strong>.<\/div>\n<div style=\"color: #000000;\">.<\/div>\n<div style=\"color: #000000;\">Ces personnes candidates \u00e0 la Covid mangent en fonction des standards pr\u00e9conis\u00e9s par des experts de l&#8217;Etat, y compris le carn\u00e9, les patisseries, le pain blanc et la plupart des huiles v\u00e9g\u00e9tales qui sont inflammatoires.\u00a0Souffrent de toutes sortes de tox\u00e9mie, y compris la pollution et le tabac qu&#8217;autorisent les agents de l&#8217;Etat et le stress chronique, les patients qui n&#8217;adoptent pas l&#8217;Holistique \u00e9ventuellement contracteront davantage de d\u00e9sordres inflammatoires comme le diab\u00e8tes, l&#8217;atheroscl\u00e8rose, maladies cardiovasculairea, ob\u00e9sit\u00e9 et la symptomatologie du vieillissement acc\u00e9l\u00e9r\u00e9 et pr\u00e9coce. <strong>Et ce sont ces patients souffants de comorbidit\u00e9s inflammatoires qui meurt de la Covid. Ils prennent la plupart des m\u00e9dicament de l&#8217;Etat (dont 20 pourcent environ d\u00e9truisent l&#8217;immunit\u00e9) sans grandes reflection<\/strong> et sans grand b\u00e9n\u00e9fices sinon de toujours en consommer de nouveaux m\u00e9dicaments, business oblige.<\/div>\n<div style=\"color: #000000;\">.<\/div>\n<div><span style=\"color: #000000;\">Chroniquement stress\u00e9s, y compris par les difficult\u00e9s \u00e9conomiques, les pathologies normalis\u00e9es et les mesures d\u00e9raisonnables des agents de l&#8217;Etat,<\/span><strong><span style=\"color: #000000;\">\u00a0la majorit\u00e9 des gens,\u00a0endoctrin\u00e9e par une id\u00e9ologie v\u00e9tuste et paternaliste,\u00a0ne comprennent pas que la m\u00e9decine officielle est avant tout un business et un moyen de\u00a0<span style=\"caret-color: #000000;\">contr\u00f4le<\/span>\u00a0social.<\/span><\/strong><\/div>\n<div>.<\/div>\n<div><span style=\"color: #000000;\">Du coup, ils ob\u00e9issent un peu comme les moutons, y compris bient\u00f4t aux ordres de se faire vacciner avec ces vaccins g\u00e9n\u00e9tiques obligatoires qui n&#8217;ont pas \u00e9t\u00e9 suffisamment test\u00e9s, contrairement aux onze vaccins obligatoires qui ciblent les enfants, <strong>alors que le v\u00e9ritable &#8220;vaccin&#8221; protecteur et accoucheur de Vie, de sant\u00e9 et d&#8217;immunisation, c&#8217;est d&#8217;adopter, sans contre-pression de l&#8217;Etat et en toute connaissance de cause (avec le consentement \u00e9clair\u00e9 du patient), un mode de vie immune-boosting et les quelques techniques holistiques<\/strong> dont j&#8217;ai fait bri\u00e8vement \u00e9tat dans ce texte.<\/span><\/div>\n<\/div>\n<div style=\"color: #151719; text-align: justify;\">.<\/div>\n<div style=\"color: #151719; text-align: justify;\">Ch.<\/div>\n<div style=\"color: #151719;\">.<\/div>\n<div style=\"color: #151719; text-align: justify;\"><span style=\"color: #000000;\"><strong>Pour aller plus loin:<\/strong> Pour celles et ceux qui ont des immunoglobulines d\u00e9ficientes, une d\u00e9ficience en vitamines B, D et d&#8217;autres nutriments importants, le groupe sanguin (A), certains polymorphismes g\u00e9n\u00e9tiques et d&#8217;autres conditions et co-morbidit\u00e9s,\u00a0<\/span><strong style=\"color: #000000;\">la\u00a0phase deux du programme de protection des maladies\u00a0<\/strong><b style=\"color: #000000;\">infectieuses et\u00a0<\/b><b style=\"color: #000000;\">d\u00e9g\u00e9n\u00e9ratives\u00a0<\/b><span style=\"color: #000000;\">du Centre M\u00e9diterran\u00e9en Holistique ainsi que le ebook sur la Covid seraient utile, v<\/span><a style=\"color: #1c1e21;\" href=\"https:\/\/centredebienetreholistique.com\/?p=2973\">oir nos stages<\/a><span style=\"color: #000000;\"><span style=\"color: #000000;\">\u00a0et le lien ci-dessus.\u00a0<\/span><\/span><a style=\"color: blue;\" href=\"https:\/\/centredebienetreholistique.com\/?p=3165\" target=\"_blank\" rel=\"nofollow noopener noreferrer\">(Suite)<\/a><\/div>\n<div style=\"text-align: center;\"><\/div>\n<div style=\"text-align: center;\"><a style=\"color: blue;\" href=\"https:\/\/centredebienetreholistique.com\/?page_id=782\" target=\"_blank\" rel=\"nofollow noopener noreferrer\">Commentaire sur l&#8217;Holistique<\/a><\/div>\n<h4 style=\"color: #151719; text-align: center;\"><span style=\"color: #292929;\">\u00a0for IgG antibodies against SARS-C0V-2\u00a0<\/span><span class=\"jd\" style=\"font-style: italic;\">Spike<\/span><span style=\"color: #292929;\">\u00a0and\u00a0<\/span><span class=\"jd\" style=\"font-style: italic;\">Nucleocapsid\u00a0<\/span><span style=\"color: #292929;\">proteins<\/span><\/h4>\n<p>A ins\u00e9rer dans cardio.<\/p>\n<p><span style=\"color: #000000;\">\u00a0<\/span><em style=\"color: #000000;\"><span style=\"color: #222222;\">&#8220;Coagulopathy and syncytial formation are relevant effects of the SARS-CoV-2 infection, but the underlying molecular mechanisms triggering these processes are not fully elucidated. Here, we identified a potential consensus pattern in the Spike S glycoprotein present within the cytoplasmic domain; this consensus pattern was detected in only 79 out of 561,000 proteins (UniProt bank). Interestingly, the pattern was present in both human and bat the coronaviruses S proteins, in many proteins involved in coagulation process, cell\u2013cell interaction, protein aggregation and regulation of cell fate, such as von Willebrand factor, coagulation factor X, fibronectin and Notch, characterized by the presence of the cysteine-rich EGF-like domain. This finding may suggest functional similarities between the matched proteins and the CoV-2 S protein,<strong>implying a new possible involvement of the S protein in the molecular mechanism that leads to the coagulopathy and cell fusion in COVID-19 disease<\/strong>&#8220;<\/span><a href=\"https:\/\/www.nature.com\/articles\/s41420-020-00372-1?fbclid=IwAR0bPkZ5GuHYj-cfNgtx405bJyrOtRRZSM867fCxjjdFMfwUqR4lRVZAXek\">Source<\/a><\/em><span style=\"color: #000000;\">\u00a0<\/span><\/p>\n<h4 style=\"color: #151719; text-align: center;\">Avertissement<\/h4>\n<div style=\"color: #151719; text-align: justify;\">Bien que j&#8217;ai eu une formation en m\u00e9decine conventionnelle, y compris en m\u00e9decine chinoise et en naturopathie, je ne suis pas inscrit \u00e0 l&#8217;Ordre des m\u00e9decins et de surcroit, je ne suis pas votre docteur, par ces faits, je dois pr\u00e9ciser que ce texte ne comporte aucun avis m\u00e9dical, qu&#8217;il est offert au public \u00e0 titre d&#8217;information en vue de mieux compl\u00e9ter le droit du patient d&#8217;etre \u00e9clair\u00e9 sur toutes les options cr\u00e9dibles, et ce, conform\u00e9ment \u00e0 la jurisprudence de la Cour europ\u00e9ennes des droits humains.<\/div>\n<h4 style=\"text-align: center;\">Notes de Pr\u00e9cision et de References<\/h4>\n<p style=\"text-align: justify;\">* Le Protocole CMH n&#8217;est qu&#8217;une strat\u00e9gie de sant\u00e9 parmi d&#8217;autre. Fond\u00e9 dans les faits, <strong>ce protocole ne peut pas toutefois se substituer \u00e0 l&#8217;avis du m\u00e9decin traitant du patient, ni \u00e0 la m\u00e9decine de l&#8217;Etat.<\/strong> D&#8217;abord, parce que c&#8217;est la loi en vigueur. M\u00eame si les textes l\u00e9gislatifs ont \u00e9t\u00e9 r\u00e9dig\u00e9s par des humains ignorants des innovations et d\u00e9couvertes dans les sciences de la vie, ils sont entr\u00e9s dans le droit positif et sont donc obligatoires. Et ensuite, parce que tout protocole doit etre individualis\u00e9, vu la diff\u00e9rence g\u00e9n\u00e9tique, \u00e9pig\u00e9n\u00e9tique et quantique de tout humain. Par cons\u00e9quent, le protocole du CMH n&#8217;est qu&#8217;une strat\u00e9gie faite de plusieurs options qui sont de nature \u00e9ducatives. Sujet \u00e0 discussion et suivant les derni\u00e8re d\u00e9couvertes en biochimie et biophysique, le protocole CMH est propos\u00e9 pour que le lecteur puisse b\u00e9n\u00e9ficier de l&#8217;ensemble des \u00e9l\u00e9ments qui favoriseront son consentement \u00e9clair\u00e9 en mati\u00e8re de soin et de sant\u00e9 optimale.<\/p>\n<p style=\"text-align: justify;\">(1). Dans les milieux scientifiques avanc\u00e9s, on parle de &#8220;mostly plant-based&#8221;. En effet les \u00e9tudes ont montr\u00e9 qu&#8217;il ne faut pas que les produits d&#8217;animaux d\u00e9passent 5 pour-cent d&#8217;un repas, sans quoi le corps humain commence \u00e0 l&#8217;auto-d\u00e9truire. l&#8217;ingestion de produits d&#8217;animaux n&#8217;est pas n\u00e9cessaire pour b\u00e9n\u00e9ficier d&#8217;une protection anti-virale et d&#8217;une long\u00e9vit\u00e9 optimale, \u00e0 condition toutefois que le r\u00e9gime plantivore soit holistique et non carenc\u00e9 en nutriments important comme la vitamine la B-12 et les om\u00e9gas DHA et EPA et autres. Les experts de la plupart des Gouvernements et de l&#8217;OMS semblent ne pas avoir compris que l&#8217;\u00eatre humain est moins un omnivore ou carnivore qu&#8217;un plantivore, vu son g\u00e9nome et le fait qu&#8217;il vient des primates plantivores. En omettant de lancer une campagne anti-COVID sur le front alimentaire et du &#8220;manger juste&#8221;, des millions de vie ont \u00e9t\u00e9 sacrifi\u00e9es et continueront \u00e0 \u00eatre sacrifi\u00e9es, y compris via d&#8217;autres pathologies.<\/p>\n<p style=\"text-align: justify;\">(1 b). Rappelons en passant que la science de la nutrition telle qu&#8217;elle est d\u00e9crite par la majorit\u00e9 des experts des gouvernement est encore tr\u00e8s sous-d\u00e9velopp\u00e9e et alourdie par pleins de dogmes et &#8220;misinformation&#8221; que la &#8220;robust science&#8221; a \u00e9lucid\u00e9 il y a d\u00e9j\u00e0 plusieurs ann\u00e9es. R\u00e9duire la nutrition aux six grands groupes alimentaires comme font les experts des agences gouvernementales n&#8217;est pas conforme \u00e0 la v\u00e9rit\u00e9 scientifique telle qu&#8217;elle est connue aujourd&#8217;hui et ce, d&#8217;autant que presque rien n&#8217;est pr\u00e9cis\u00e9 sur les milliers de &#8220;phytochemicals&#8221; des plantes qui sont d\u00e9terminantes pour ce qui est d&#8217;une long\u00e9vit\u00e9 optimale, lesquels agissent comme de l&#8217;information \u00e9pig\u00e9n\u00e9tique qui active on inhibe l&#8217;expression des genes qui produiront les proteins et enzymes dont le corps a besoin pour etre en bonne sant\u00e9 et en &#8220;peak performance&#8221;. En effet, l&#8217;impact de ces phytochemicals est souvent d\u00e9cisif en mati\u00e8re de sant\u00e9 , y compris les polyph\u00e9nols et phytosterols, les indoles, les lignands, les caratonoids, les cat\u00e9chines, les chlorophyllins, les flavonols et flavonoids comme les chalcoides, isoflavonoides, stilbenoids, curcuminoides, cannabinoides, tannins etc, les pigments des plantes come les cryptoxanthins de la mangue et du kiwi qui aident \u00e0 la r\u00e9paration de l&#8217;ADN, les terpinoides dont les monoterpenes de la foret qui boostent les d\u00e9fense de l&#8217;immunit\u00e9 inn\u00e9e etc. En outre, la science de la nutrition officielle est encore tr\u00e8s n\u00e9gligente en mati\u00e8re du microbiote humain et des m\u00e9tabolites de la fermentation. Le microbiote et ses 8 millions de g\u00e8nes (que l&#8217;on appelle microbiome) &#8220;cross-talk&#8221; (parlent) avec nos 23,000 g\u00e8nes eucaryotes, alors comment prendre au s\u00e9rieux les experts de science de la nutrition du gouvernement qui ne parlent pas de ces faits tout en qualifiant les v\u00e9gans d&#8217;extr\u00e9mistes dangereux ? Le microbiote a \u00e9t\u00e9 appel\u00e9 un &#8220;deuxi\u00e8me cerveau&#8221; vu son impacte sur le CNS (central nervous system), il est un organe ou une usine qui fabrique via biosynth\u00e8se endog\u00e8ne plein de nutriments porteurs de mol\u00e9cules de signalisation essentielle, des neurotransmetteurs, peptides, hormones, cytokines aux acide amin\u00e9s, min\u00e9raux, vitamines (qui sont essentiellement les cofacteurs pour des enzymes m\u00e9taboliques), et, entre autres, les short chain fatty acids comme les butyrates qui sont si importants pour ce qui est de la r\u00e9paration de la perm\u00e9abilit\u00e9 intestinale ainsi que pour la r\u00e9gulation immunitaire et inflammatoire.<\/p>\n<p style=\"color: #262626; text-align: justify;\"><span style=\"color: #1d2129;\">(2). Dans la Nature, la mutation de tout micro-organisme est une constante puisque ces entit\u00e9s de vie cherchent aussi a survivre et \u00e9voluer, d&#8217;ou leur mutation et &#8220;r\u00e9sistance&#8221;, comme le font les cellules canc\u00e9reuses et s\u00e9nescentes des eucariotes. Par cons\u00e9quent, il y aura toujours des inconnus au niveau des effets pathologiques viraux et ce d&#8217;autant que ce virus Covid 19 aurait \u00e9t\u00e9<\/span><span style=\"color: #000000;\">\u00a0g\u00e9n\u00e9tiquement modifi\u00e9e via la politique du &#8220;gain of function&#8221;, une politique m\u00e9dico-gouvernementale que plusieurs pays entreprennent pour rendre plus virulent leurs armes biologiques au cas ou il y aurait une guerre. En am\u00e9rique par example, il y a 11 laboratoires qui participent dans ces efforts. En France et en Chine, idem. Plusieurs articles de presse sugg\u00e8rent que la France commes les USA ont particip\u00e9 dans cette &#8220;gain of function&#8221; research avec le laboratoire de Wohan en Chine.\u00a0<\/span><\/p>\n<p style=\"text-align: justify;\"><span style=\"color: #000000;\">(3). Le D\u00e9partement du Travail (OSHA) du gouvernement f\u00e9d\u00e9ral des USA a d\u00e9montr\u00e9 que les masques peuvent avoir un effet d\u00e9l\u00e9t\u00e8res. Par cons\u00e9quent, il faudrait les utiliser seulement quand cela est n\u00e9cessaire, quand il y a un s\u00e9rieux risque de contagiosit\u00e9.<\/span><\/p>\n<p style=\"text-align: justify;\">(4). Environ 20 pourcent des m\u00e9dicaments de la m\u00e9decine allopathique moderne sont immuno-suppressifs, c.a.d que ces m\u00e9dicaments affaiblissent ou d\u00e9truisent le syst\u00e8me immunitaire. A ce probl\u00e8me s&#8217;ajoute les d\u00e9gats des antibiotiques, notamment contre le microbiote, un organe qui est essentiel pour que l&#8217;immunit\u00e9 naturelle puisse bien fonctionner.<\/p>\n<p style=\"text-align: justify;\"><span style=\"color: #000000;\">(5). L&#8217;ivermectine Rx, un puissant anti-parasite et anti-inflammatoire et fruit de la recherche qui a about a un prix Noble en 2015, module le syst\u00e8me immunitaire et a terme, peut stopper l&#8217;entr\u00e9e du virus dans le noyau de la cellule humaine et effectuer un &#8220;viral clearance&#8221;.\u00a0 Une \u00e9tude publi\u00e9 par Cochrane a r\u00e9cemment montr\u00e9 que l&#8217;ivermectin peut a lui seul r\u00e9duire le nombre de mort par COVID de l&#8217;ordre de 83 pour-cent. <\/span><\/p>\n<p style=\"text-align: center;\"><span style=\"color: #000000;\">&#8220;The drug,\u00a0<\/span><a style=\"color: #5f5f5f;\" href=\"https:\/\/www.news-medical.net\/medical\/search?q=Ivermectin&amp;t=all&amp;fsb=1\">Ivermectin<\/a><span style=\"color: #000000;\">, an antiparasitic medicine, is an inhibitor of the virus SARS-CoV-2 in-vitro and can effectively cause a reduction in virus at 48 hours in cell cultures. The FDA-approved drug can be used for repurposing to treat patients affected by COVID-19, which has spread to 184 countries and territories. The researchers at Monash University in Melbourne, Australia, have published their study in the journal\u00a0<\/span><em style=\"color: #000000;\"><a style=\"color: #5f5f5f;\" href=\"https:\/\/www.sciencedirect.com\/science\/article\/pii\/S0166354220302011\" rel=\"noopener\">Antiviral Research<\/a>,\u00a0<\/em><span style=\"color: #000000;\">showing how this already widely-used drug may help combat the current global pandemic rippling across continents. Cf.\u00a0Monash University. (2020). Possible coronavirus drug identified by Monash University scientists.\u00a0<\/span><a style=\"color: #5f5f5f;\" href=\"https:\/\/www.monash.edu\/discovery-institute\/news-and-events\/news\/2020-articles\/possible-coronavirus-drug-identified-by-monash-university-scientists\" rel=\"noopener\">https:\/\/www.monash.edu\/discovery-institute\/news-and-events\/news\/2020-articles\/possible-coronavirus-drug-identified-by-monash-university-scientists<\/a><span style=\"color: #000000;\">\u00a0and\u00a0Coronavirus COVID-19 Global Cases by the Center for Systems Science and Engineering (CSSE) at Johns Hopkins University (JHU)\u00a0<\/span><a style=\"color: #5f5f5f;\" href=\"https:\/\/gisanddata.maps.arcgis.com\/apps\/opsdashboard\/index.html#\/bda7594740fd40299423467b48e9ecf6\" rel=\"noopener\">https:\/\/gisanddata.maps.arcgis.com\/apps\/opsdashboard\/index.html#\/bda7594740fd40299423467b48e9ecf6<\/a><span style=\"color: #000000;\">\u00a0Caly, L., Druce, J., Catton, M., Jans, D., and Wagstaff, K.\u00a0<\/span><em style=\"color: #000000;\">(2020).<\/em><span style=\"color: #000000;\">\u00a0The FDA-approved Drug Ivermectin inhibits the replication of SARS-CoV-2 in vitro.\u00a0<\/span><em style=\"color: #000000;\">Antiviral Research.\u00a0<\/em><a style=\"color: #5f5f5f;\" href=\"https:\/\/www.sciencedirect.com\/science\/article\/pii\/S0166354220302011\" rel=\"noopener\">https:\/\/www.sciencedirect.com\/science\/article\/pii\/S0166354220302011<\/a><\/p>\n<p style=\"color: #262626; text-align: justify;\">(6).<span style=\"color: #000000;\">\u00a0L&#8217;hydroxyquinine est controvers\u00e9e. Dans quelques \u00e9tudes, cette mol\u00e9cule a \u00e9t\u00e9 d\u00e9montr\u00e9e peu efficace et dangereuse. Entre autres, une \u00e9tude randomis\u00e9e publi\u00e9e dans le Journal Lancet en a conclu ainsi<\/span><a href=\"https:\/\/centredebienetreholistique.com\/?p=3134\"><span style=\"color: #0000e9;\">. (Source)<\/span><\/a><span style=\"color: #000000;\">. D&#8217;autres \u00e9tude ont montr\u00e9 son b\u00e9n\u00e9fices quand elle est correctement utilil\u00e9e. \u00a0Toujours est-il que dans certaines circonstances d\u00e9pourvues de l&#8217;Holistique, la quinine synth\u00e9tique peut etre utile \u00e0 condition qu&#8217;il y ait un apport en compl\u00e9ments ainsi qu&#8217;en alimentation anti-inflammatoire et holistique. Idem pour l&#8217;art\u00e9mesia et plus d&#8217;une douzaine d&#8217;autres plantes et champignons m\u00e9dicinaux. Pour la combinaison chloroquine et antibiotique du Dr Raoul, on comprend cette strat\u00e9gie vu les infections pulmonaires bact\u00e9riennes qui peuvent accompagner une crise Covid. Toutefois, les antibiotiques d\u00e9truisent aussi une partie de l&#8217;immunit\u00e9 et du microbiote, tout en provoquant une perm\u00e9abilit\u00e9 intestinale. C&#8217;est pourquoi nous pr\u00e9f\u00e9rons une intervention holistique adapt\u00e9 aux \u00e9ventuelles infections bact\u00e9riennes.<\/span><\/p>\n<p style=\"color: #262626; text-align: justify;\"><span style=\"color: #000000;\">(7)<\/span>. A priori, on penserait que la manque de prot\u00e9ines animales diminuerait l&#8217;immunit\u00e9 naturelle de l&#8217;humain. C&#8217;est ce que les facult\u00e9s de m\u00e9decine et les instituts de nutrition en France enseignent. Mais en fait, dans la r\u00e9alit\u00e9 scientifique d&#8217;aujourd&#8217;hui, la plupart des produits d&#8217;animaux sont inflammatoires, pro-oxidants et immune-d\u00e9primants. Preuves dans nos stages.<\/p>\n<p style=\"color: #262626; text-align: justify;\"><span style=\"color: #000000;\"><span style=\"color: #262626;\">(8). C<\/span><\/span><span style=\"color: #000000;\">ontrairement a ce qui se passe aux Etats-Unis et dans d&#8217;autres pays avanc\u00e9s, en France, la m\u00e9decine holistique continue a etre caract\u00e9ris\u00e9e et caricatur\u00e9e par les experts fran\u00e7ais de la m\u00e9decine conventionnelle comme &#8220;sectaire&#8221;,\u00a0<\/span><a style=\"color: #262626;\" href=\"https:\/\/www.derives-sectes.gouv.fr\/sites\/default\/files\/publications\/francais\/guide_sante_mars_2018_web.pdf\">(Source)\u00a0<\/a><span style=\"color: #000000;\">alors que la majorit\u00e9 des innovations et des importantes d\u00e9couvertes en m\u00e9decine viennent de l&#8217;Holistique et ce qu&#8217;on appelle &#8220;m\u00e9decine alternative&#8221; ou la &#8220;m\u00e9decine innovante&#8221;. Cette constatation ne veut pas dire que tout dans la m\u00e9decine conventionnelle est d\u00e9l\u00e9t\u00e8re ou que tout dans la m\u00e9decine alternative est efficace. Les faits sont claired. La m\u00e9decine conventionnelle est dangereuses, la troisi\u00e8me cause de mortalit\u00e9 pr\u00e9matur\u00e9e , et souvent trop id\u00e9ologique et dysfonctionnelle. D&#8217;ou le besoin soti de l&#8217;am\u00e9liorer, soit de substituter \u00e0 elle la m\u00e9decine holistique.\u00a0<\/span><\/p>\n<p style=\"text-align: center;\"><strong>Texte en construction<\/strong><\/p>\n<p style=\"text-align: center;\">2020 (c) Le Centre M\u00e9diterran\u00e9en de Bien-\u00eatre Holistique et ses agents<\/p>\n<p style=\"text-align: center;\">Avertissements: Toutes les informations de ce site sont de nature \u00e9ducative et ne constituent en aucun cas des conseils juridiques, m\u00e9dicaux ou techniques. Les liens fournis ne constituent pas une approbation formelle<\/p>\n","protected":false},"excerpt":{"rendered":"<p>L&#8217;analyse COVID du CMH examinera quelques limites et bienfaits de la Politique sanitaire COVID du Gouvernement (Partie A), puis enchainera sur la n\u00e9cessit\u00e9 de mettre en oeuvre une strat\u00e9gie anti-Covid holistique de la sant\u00e9 publique, fond\u00e9e sur plusieurs &#8220;anti-covid tips&#8221; &hellip;<\/p>\n<p class=\"read-more\"> <a class=\"more-link\" href=\"https:\/\/centredebienetreholistique.com\/?page_id=9063\"> <span class=\"screen-reader-text\">L&#8217;Analyse et &#8220;Tips&#8221; Covid 19 du Centre M\u00e9diterran\u00e9en Holistique<\/span> Read More &raquo;<\/a><\/p>\n","protected":false},"author":1,"featured_media":0,"parent":0,"menu_order":0,"comment_status":"open","ping_status":"open","template":"","meta":{"footnotes":""},"jetpack_sharing_enabled":true,"jetpack_shortlink":"https:\/\/wp.me\/P4FfFc-2mb","jetpack_likes_enabled":true,"jetpack-related-posts":[{"id":480,"url":"https:\/\/centredebienetreholistique.com\/?page_id=480","url_meta":{"origin":9063,"position":0},"title":"Stage-Retraite: M\u00e9decine Holistique, M\u00e9decine R\u00e9g\u00e9n\u00e9rative et la Science de la Long\u00e9vit\u00e9 Optimale","author":"centredebienetreholistique","date":"June 2, 2015","format":false,"excerpt":"CONTENU Formation holistique (avec protocoles) concernant les grandes maladies chroniques,, le vieillissement acc\u00e9l\u00e9r\u00e9, la long\u00e9vit\u00e9 optimale, la m\u00e9decine r\u00e9g\u00e9n\u00e9rative, l'alimentation clinique, la m\u00e9decine orientale et de droit m\u00e9dical. ORIGINALIT\u00c9 L'originalit\u00e9 de cet enseignement repose sur une perspective holistique et innovante. Ce programme met l'accent sur les voies d'activation du potentiel\u2026","rel":"","context":"Similar post","block_context":{"text":"Similar post","link":""},"img":{"alt_text":"","src":"","width":0,"height":0},"classes":[]},{"id":3525,"url":"https:\/\/centredebienetreholistique.com\/?page_id=3525","url_meta":{"origin":9063,"position":1},"title":"COVID-19 et l&#8217;Holistique","author":"centredebienetreholistique","date":"May 20, 2020","format":false,"excerpt":"Alors que les mesures hygi\u00e9niques de bon sens ainsi que le \"social distancing\" seraient b\u00e9n\u00e9fique, en particulier la \"distancing\" de la pollution industrielle, de la tox\u00e9mie g\u00e9n\u00e9ralis\u00e9e, des exc\u00e8s de la m\u00e9decine allopathique, de l'\u00e9conomie ali\u00e9nante, du stress chronique, de la di\u00e9t\u00e9tique officielle d\u00e9ficiente, du syst\u00e8me \u00e9ducatif inadapt\u00e9, de la\u2026","rel":"","context":"With 2 comments","block_context":{"text":"With 2 comments","link":"https:\/\/centredebienetreholistique.com\/?page_id=3525#comments"},"img":{"alt_text":"","src":"","width":0,"height":0},"classes":[]},{"id":11612,"url":"https:\/\/centredebienetreholistique.com\/?page_id=11612","url_meta":{"origin":9063,"position":2},"title":"Responsabilit\u00e9 civile serait engag\u00e9e contre tout forcing m\u00e9dical vaccination Covid","author":"centredebienetreholistique","date":"July 14, 2021","format":false,"excerpt":"En d\u00e9pit du fait qu'il y ait plein d'autres mani\u00e8res de stopper la pand\u00e9mie Covid, y compris avec l'ivermectin et une forte dose de vitamine D, le forcing vaccinal du Gouvernement viole les principes fondamentaux en mati\u00e8re de l'int\u00e9grit\u00e9 physique et du consentement \u00e9clair\u00e9e. En outre, nous avons \u00e0 faire\u2026","rel":"","context":"Similar post","block_context":{"text":"Similar post","link":""},"img":{"alt_text":"","src":"https:\/\/i0.wp.com\/centredebienetreholistique.com\/wp-content\/uploads\/2015\/06\/Screen-Shot-2015-06-10-at-10.06.32-PM-300x271.png?resize=350%2C200","width":350,"height":200},"classes":[]},{"id":3523,"url":"https:\/\/centredebienetreholistique.com\/?page_id=3523","url_meta":{"origin":9063,"position":3},"title":"Equipe","author":"centredebienetreholistique","date":"May 20, 2020","format":false,"excerpt":"Pendant 8 ans, le Centre \u00e9tait ferm\u00e9. Revenu en France, le directeur-fondateur est en train de restorer l'\u00e9co-lieu et d'organsier une nouvelle \u00e9quipe ainsi que des \u00a0ateliers et stages de formation en m\u00e9decine holistique et dans la science de la biog\u00e9rontologie holistique. Nous sommes sp\u00e9cialis\u00e9s dans l'approche holistique de la\u2026","rel":"","context":"Similar post","block_context":{"text":"Similar post","link":""},"img":{"alt_text":"","src":"","width":0,"height":0},"classes":[]},{"id":143,"url":"https:\/\/centredebienetreholistique.com\/?page_id=143","url_meta":{"origin":9063,"position":4},"title":"Coaching et Formation Pr\u00e9liminaire en canc\u00e9rologie holistique","author":"centredebienetreholistique","date":"December 24, 2014","format":false,"excerpt":"Introduction \"Nous ne pr\u00e9tendons pas r\u00e9soudre le probl\u00e8me du cancer \u00e0 100 pourcent, mais nous avons la conviction qu'il le serait au moins \u00e0 80 pourcent si les techniques pr\u00e9ventives et curatives \u00e9voqu\u00e9es dans les pages qui vont suivre \u00e9taient mises en oeuvre de mani\u00e8re usuelle\". Dr Joseph L\u00e9vy, \"Les\u2026","rel":"","context":"Similar post","block_context":{"text":"Similar post","link":""},"img":{"alt_text":"","src":"","width":0,"height":0},"classes":[]},{"id":873,"url":"https:\/\/centredebienetreholistique.com\/?page_id=873","url_meta":{"origin":9063,"position":5},"title":"Pour Qui et Pourquoi une Formation et un S\u00e9jour Holistique ?","author":"centredebienetreholistique","date":"June 17, 2015","format":false,"excerpt":"Dans le coeur de la Catalogne fran\u00e7aise, entre la M\u00e9diterran\u00e9e et le sommet Mont Canigou, dans un environnement montagneux et ensolleill\u00e9, pr\u00e8s d'une chute d'eau vivifiante et reposante, se trouve le Centre M\u00e9diterran\u00e9en de Bien-Etre Holistique. Les activit\u00e9s du Centre sont destin\u00e9es aux personnes aspirant \u00e0 une approche holistique de\u2026","rel":"","context":"Similar post","block_context":{"text":"Similar post","link":""},"img":{"alt_text":"","src":"","width":0,"height":0},"classes":[]}],"_links":{"self":[{"href":"https:\/\/centredebienetreholistique.com\/index.php?rest_route=\/wp\/v2\/pages\/9063"}],"collection":[{"href":"https:\/\/centredebienetreholistique.com\/index.php?rest_route=\/wp\/v2\/pages"}],"about":[{"href":"https:\/\/centredebienetreholistique.com\/index.php?rest_route=\/wp\/v2\/types\/page"}],"author":[{"embeddable":true,"href":"https:\/\/centredebienetreholistique.com\/index.php?rest_route=\/wp\/v2\/users\/1"}],"replies":[{"embeddable":true,"href":"https:\/\/centredebienetreholistique.com\/index.php?rest_route=%2Fwp%2Fv2%2Fcomments&post=9063"}],"version-history":[{"count":76,"href":"https:\/\/centredebienetreholistique.com\/index.php?rest_route=\/wp\/v2\/pages\/9063\/revisions"}],"predecessor-version":[{"id":14539,"href":"https:\/\/centredebienetreholistique.com\/index.php?rest_route=\/wp\/v2\/pages\/9063\/revisions\/14539"}],"wp:attachment":[{"href":"https:\/\/centredebienetreholistique.com\/index.php?rest_route=%2Fwp%2Fv2%2Fmedia&parent=9063"}],"curies":[{"name":"wp","href":"https:\/\/api.w.org\/{rel}","templated":true}]}}