{"id":873,"date":"2015-06-17T02:46:32","date_gmt":"2015-06-17T02:46:32","guid":{"rendered":"http:\/\/centredebienetreholistique.com\/?page_id=873"},"modified":"2020-06-22T14:02:12","modified_gmt":"2020-06-22T14:02:12","slug":"accueil-pour-qui-et-pourquoi-un-sejour-holistique","status":"publish","type":"page","link":"https:\/\/centredebienetreholistique.com\/?page_id=873","title":{"rendered":"Pour Qui et Pourquoi une Formation et un S\u00e9jour Holistique ?"},"content":{"rendered":"<p style=\"text-align: justify;\">Dans le coeur de la Catalogne fran\u00e7aise, entre la M\u00e9diterran\u00e9e et le sommet Mont Canigou, dans un environnement montagneux et ensolleill\u00e9, pr\u00e8s d&#8217;une chute d&#8217;eau vivifiante et reposante, se trouve le Centre M\u00e9diterran\u00e9en de Bien-Etre Holistique.<\/p>\n<p style=\"text-align: justify;\">Les activit\u00e9s du Centre sont destin\u00e9es aux personnes aspirant \u00e0 une approche holistique de la m\u00e9decine et de la g\u00e9rontologie (1) ainsi qu&#8217;a celles qui cherchent des voies alternatives et compl\u00e9mentaires \u00e0 la m\u00e9decine contemporaine, aux praticiens non-m\u00e9decins du bien-etre holistique, aux m\u00e9decins qui pratiquent (ou souhaitent pratiquer) la m\u00e9decine holistique, la science innovatrice, la canc\u00e9rologie, la biog\u00e9rontologie, la g\u00e9rontologie et la cardiologie holistique et-ou les soins correctifs et \u00e0 toute autre personne d\u00e9sireuse de se former en sant\u00e9 holistique, en biog\u00e9rontologie, en science innovatrice et en droit m\u00e9dical.<\/p>\n<h5><a href=\"https:\/\/centredebienetreholistique.com\/wp-content\/uploads\/2015\/06\/mountainabaye.jpg\"><img data-attachment-id=\"879\" data-permalink=\"https:\/\/centredebienetreholistique.com\/?attachment_id=879\" data-orig-file=\"https:\/\/centredebienetreholistique.com\/wp-content\/uploads\/2015\/06\/mountainabaye.jpg\" data-orig-size=\"275,183\" data-comments-opened=\"1\" data-image-meta=\"{&quot;aperture&quot;:&quot;0&quot;,&quot;credit&quot;:&quot;&quot;,&quot;camera&quot;:&quot;&quot;,&quot;caption&quot;:&quot;&quot;,&quot;created_timestamp&quot;:&quot;0&quot;,&quot;copyright&quot;:&quot;&quot;,&quot;focal_length&quot;:&quot;0&quot;,&quot;iso&quot;:&quot;0&quot;,&quot;shutter_speed&quot;:&quot;0&quot;,&quot;title&quot;:&quot;&quot;}\" data-image-title=\"mountainabaye\" data-image-description=\"\" data-image-caption=\"\" data-medium-file=\"https:\/\/centredebienetreholistique.com\/wp-content\/uploads\/2015\/06\/mountainabaye.jpg\" data-large-file=\"https:\/\/centredebienetreholistique.com\/wp-content\/uploads\/2015\/06\/mountainabaye.jpg\" decoding=\"async\" loading=\"lazy\" class=\"wp-image-879 aligncenter\" src=\"https:\/\/centredebienetreholistique.com\/wp-content\/uploads\/2015\/06\/mountainabaye.jpg\" alt=\"mountainabaye\" width=\"185\" height=\"123\" srcset=\"https:\/\/centredebienetreholistique.com\/wp-content\/uploads\/2015\/06\/mountainabaye.jpg 275w, https:\/\/centredebienetreholistique.com\/wp-content\/uploads\/2015\/06\/mountainabaye-100x66.jpg 100w, https:\/\/centredebienetreholistique.com\/wp-content\/uploads\/2015\/06\/mountainabaye-150x99.jpg 150w, https:\/\/centredebienetreholistique.com\/wp-content\/uploads\/2015\/06\/mountainabaye-200x133.jpg 200w\" sizes=\"(max-width: 185px) 100vw, 185px\" \/><\/a><\/h5>\n<p style=\"text-align: center;\"><strong>INFORMATION ET FORMATION \u00a0DU CENTRE HOLISTIQUE<\/strong><\/p>\n<p style=\"text-align: justify;\">Dans cette perspective, les stages et la cure de revitalisation du Centre Holistique donnent acc\u00e8s aux informations critiques qui peuvent \u00e9clairer toutes strat\u00e9gies th\u00e9rapeutiques et \u00e9cologiques de remise en forme ainsi que de l&#8217;optimisation du potentiel de vie.<\/p>\n<p style=\"text-align: justify;\">Nos protocoles \u00e9pig\u00e9n\u00e9tiques et nos techniques holistiques peuvent activer les voies de signalisation clefs, tout en reconfigurant, \u00e0 terme et en bien, le g\u00e9nome humain ainsi que le microbiome. (2)<\/p>\n<p style=\"text-align: justify;\">Parall\u00e8lement, la formation juridique m\u00e9dicale donne acc\u00e8s aux informations pertinentes qui peuvent aider les th\u00e9rapeutes pratiquant une m\u00e9decine non conventionnelle ou une th\u00e9rapie non reconnue par l&#8217;Orthodoxie id\u00e9ologique dominante \u00e0 mieux se prot\u00e9ger de l&#8217;arbitraire et de la pers\u00e9cution.<\/p>\n<p style=\"text-align: justify;\">Il y a plus d&#8217;une centaine d&#8217;approches non conventionelles reconnues par l&#8217;avant garde de la communaut\u00e9 scientifique internationale, dont l&#8217;acuponcture, la naturopathie, l&#8217;aromath\u00e9rapie, la m\u00e9decine \u00e9nerg\u00e9tique (y compris l&#8217;hom\u00e9opathie), les th\u00e9rapies en psycho-neuro-immunologie, les techniques ayurv\u00e9diques (utile aussi pour la canc\u00e9rologie), le massage, les techniques yogiques, la technique &#8220;crudivorisme&#8221; et, entre autres, la technique anti-tumorale des enzymes bromelains de l&#8217;ananas canosus (le fruit) concernant laquelle une <a href=\"http:\/\/www.ncbi.nlm.nih.gov\/pubmed\/17893836\">\u00e9tude<\/a> publi\u00e9e a d\u00e9montr\u00e9e la superiorit\u00e9 de l&#8217;annanas sur la chimio cyto-toxique et anti-mitotique orthodoxe 5-Fu. Idem pour d&#8217;autres techniques y compris l&#8217;utilisation de certains\u00a0<span style=\"color: #000000;\">champignons immuno-modulateurs que l&#8217;on trouve dans l&#8217;\u00e9co-lieu du Centre Holistique, lesquels ne n\u00e9cessitent aucune ordonance m\u00e9dicale.<\/span><\/p>\n<h5 style=\"text-align: center;\"><a href=\"https:\/\/centredebienetreholistique.com\/wp-content\/uploads\/2015\/06\/mountainstreessnow.jpg\"><img data-attachment-id=\"881\" data-permalink=\"https:\/\/centredebienetreholistique.com\/?attachment_id=881\" data-orig-file=\"https:\/\/centredebienetreholistique.com\/wp-content\/uploads\/2015\/06\/mountainstreessnow.jpg\" data-orig-size=\"550,370\" data-comments-opened=\"1\" data-image-meta=\"{&quot;aperture&quot;:&quot;0&quot;,&quot;credit&quot;:&quot;&quot;,&quot;camera&quot;:&quot;&quot;,&quot;caption&quot;:&quot;&quot;,&quot;created_timestamp&quot;:&quot;0&quot;,&quot;copyright&quot;:&quot;&quot;,&quot;focal_length&quot;:&quot;0&quot;,&quot;iso&quot;:&quot;0&quot;,&quot;shutter_speed&quot;:&quot;0&quot;,&quot;title&quot;:&quot;&quot;}\" data-image-title=\"mountainstreessnow\" data-image-description=\"\" data-image-caption=\"\" data-medium-file=\"https:\/\/centredebienetreholistique.com\/wp-content\/uploads\/2015\/06\/mountainstreessnow-300x201.jpg\" data-large-file=\"https:\/\/centredebienetreholistique.com\/wp-content\/uploads\/2015\/06\/mountainstreessnow.jpg\" decoding=\"async\" loading=\"lazy\" class=\"alignnone  wp-image-881\" src=\"https:\/\/centredebienetreholistique.com\/wp-content\/uploads\/2015\/06\/mountainstreessnow-300x201.jpg\" alt=\"mountainstreessnow\" width=\"216\" height=\"145\" srcset=\"https:\/\/centredebienetreholistique.com\/wp-content\/uploads\/2015\/06\/mountainstreessnow-300x201.jpg 300w, https:\/\/centredebienetreholistique.com\/wp-content\/uploads\/2015\/06\/mountainstreessnow-100x67.jpg 100w, https:\/\/centredebienetreholistique.com\/wp-content\/uploads\/2015\/06\/mountainstreessnow-150x100.jpg 150w, https:\/\/centredebienetreholistique.com\/wp-content\/uploads\/2015\/06\/mountainstreessnow-200x134.jpg 200w, https:\/\/centredebienetreholistique.com\/wp-content\/uploads\/2015\/06\/mountainstreessnow-450x302.jpg 450w, https:\/\/centredebienetreholistique.com\/wp-content\/uploads\/2015\/06\/mountainstreessnow.jpg 550w\" sizes=\"(max-width: 216px) 100vw, 216px\" \/><\/a><\/h5>\n<p style=\"text-align: center;\"><strong>L&#8217;ORGINALIT\u00c9 ET L&#8217;INT\u00c9RET G\u00c9N\u00c9RAL DU CENTRE M\u00c9DITERRAN\u00c9EN \u00a0HOLISTIQUE<\/strong><\/p>\n<p style=\"text-align: justify;\">L&#8217;originalit\u00e9 et la pertinence du Centre M\u00e9diterran\u00e9en Holistique reposent sur le fait qu&#8217;il int\u00e8gre, dans son enseignement, le meilleur des techniques holistiques qui puissent avoir raison de la plupart des maladies respiratoires, d\u00e9g\u00e9n\u00e9ratives et chroniques, meme pour les personnes ag\u00e9es. (3)<\/p>\n<p style=\"text-align: justify;\">Contrairement aux dogmes de la m\u00e9decine conventionnelle, l&#8217;atrophie acc\u00e9l\u00e9r\u00e9e du thymus et des fonctions reproductives, la baisse de l&#8217;immunit\u00e9 et l&#8217;avalanche concomitante des cellules s\u00e9nescentes et des maladies chroniques d\u00e9bilitantes est moins une fatalit\u00e9 que le r\u00e9sultat de l&#8217;ignorance des experts de la m\u00e9decine conventionnelle de l&#8217;Etat. (4)<\/p>\n<p style=\"text-align: justify;\">De m\u00eame pour la formation en droit m\u00e9dical, le stagiaire b\u00e9n\u00e9fie d&#8217;une analyse du meilleur en mati\u00e8re de jurisprudence fran\u00e7aise et europ\u00e9enne (dont celle de la Cour Europ\u00e9enne des Droits humains et des libert\u00e9s fondamentales de Strasbourg), ainsi que de l&#8217;acquis de la science et de la jurisprudence am\u00e9ricaine, \u00e9l\u00e9ment important puisque l&#8217;\u00e9volution du droit m\u00e9dical fran\u00e7ais et europ\u00e9en est souvent fonction de ce qui se passe outre Atlantique.<\/p>\n<p style=\"text-align: center;\"><img data-attachment-id=\"880\" data-permalink=\"https:\/\/centredebienetreholistique.com\/?attachment_id=880\" data-orig-file=\"https:\/\/centredebienetreholistique.com\/wp-content\/uploads\/2015\/06\/mountainsun.jpg\" data-orig-size=\"259,194\" data-comments-opened=\"1\" data-image-meta=\"{&quot;aperture&quot;:&quot;0&quot;,&quot;credit&quot;:&quot;&quot;,&quot;camera&quot;:&quot;&quot;,&quot;caption&quot;:&quot;&quot;,&quot;created_timestamp&quot;:&quot;0&quot;,&quot;copyright&quot;:&quot;&quot;,&quot;focal_length&quot;:&quot;0&quot;,&quot;iso&quot;:&quot;0&quot;,&quot;shutter_speed&quot;:&quot;0&quot;,&quot;title&quot;:&quot;&quot;}\" data-image-title=\"mountainsun\" data-image-description=\"\" data-image-caption=\"\" data-medium-file=\"https:\/\/centredebienetreholistique.com\/wp-content\/uploads\/2015\/06\/mountainsun.jpg\" data-large-file=\"https:\/\/centredebienetreholistique.com\/wp-content\/uploads\/2015\/06\/mountainsun.jpg\" decoding=\"async\" loading=\"lazy\" class=\"alignnone  wp-image-880\" style=\"color: #000000;\" src=\"https:\/\/centredebienetreholistique.com\/wp-content\/uploads\/2015\/06\/mountainsun.jpg\" alt=\"mountainsun\" width=\"172\" height=\"129\" srcset=\"https:\/\/centredebienetreholistique.com\/wp-content\/uploads\/2015\/06\/mountainsun.jpg 259w, https:\/\/centredebienetreholistique.com\/wp-content\/uploads\/2015\/06\/mountainsun-100x74.jpg 100w, https:\/\/centredebienetreholistique.com\/wp-content\/uploads\/2015\/06\/mountainsun-150x112.jpg 150w, https:\/\/centredebienetreholistique.com\/wp-content\/uploads\/2015\/06\/mountainsun-200x149.jpg 200w\" sizes=\"(max-width: 172px) 100vw, 172px\" \/><\/p>\n<p style=\"text-align: center;\"><strong>DOUBLE JEUNE HOLISTIQUE<\/strong><\/p>\n<p style=\"text-align: justify;\">Deux types de jeune sont pr\u00e9conis\u00e9s. Un jeune d&#8217;aliment ou une variante de cette technique holistique, soit mono-cure de fruit, de jus de l\u00e9gumes ou de tisanes herbales ou autre. Le deuxi\u00e8me type de &#8220;jeune&#8221; est li\u00e9 \u00e0 la d\u00e9connection des appareils \u00e9l\u00e9ctro-magn\u00e9tiques \u00e0 haut d\u00e9bit (4 et 5 G, t\u00e9l\u00e9phone portables \u00a0et autres). (5)<\/p>\n<p style=\"text-align: center;\"><strong>A QUI S&#8217;ADDRESSENT NOS STAGES ?<\/strong><\/p>\n<p style=\"text-align: justify;\">Nos stages-s\u00e9jours y compris le <a href=\"https:\/\/centredebienetreholistique.com\/?page_id=480\">stage &#8220;Renaitre&#8221; <\/a>sont destin\u00e9s \u00e0 toutes celles et ceux qui souhaitent vaincre les risques de maladies chroniques-d\u00e9g\u00e9n\u00e9ratives en g\u00e9n\u00e9ral et du vieillissement acc\u00e9l\u00e9r\u00e9. (6)<\/p>\n<p style=\"text-align: justify;\">Par ailleurs, gra\u00e7e aux<a href=\"https:\/\/centredebienetreholistique.com\/?page_id=141\"> stages &#8220;droit m\u00e9dical&#8221;<\/a>, les consommateurs sont mieux inform\u00e9s de leurs droits alors que les professionnels de la sant\u00e9 sont mieux \u00e0 m\u00eame de r\u00e9sister, de survivre et de se d\u00e9fendre contre tout arbitraire attentatoire aux libert\u00e9s th\u00e9rapeutiques et aux droits fondamentaux.<\/p>\n<p style=\"text-align: center;\"><strong>\u00a0LA CURE DE RE-VITALISATION DU CENTRE HOLISTIQUE <\/strong><\/p>\n<p style=\"text-align: center;\"><strong>UN PROGRAMME DE BIEN-ETRE ET DE REMISE EN FORME \u00c0 METTRE EN OEUVRE DEUX FOIS PAR AN<\/strong><\/p>\n<p style=\"text-align: justify;\">Pour celles et ceux qui voudraient \u00e9viter les maladies et le stress chroniques tout en augmenter leur potentiel de vie et leur bien-\u00eatre, tout en favorisant l\u2019\u00e9quilibre budg\u00e9taire de l\u2019Etat et le renouveau, \u00a0les faits montrent qu\u2019il est fond\u00e9 de proc\u00e9der deux fois par an \u00e0 un n\u00e9ttoyage des \u00e9monctoires (peau, poumons, colon, reins, foi), \u00e0 une revitalisation de nos organes vitaux (la glande de thyroide, le pancr\u00e9as, Le syst\u00e8me gastro-intestinal, les galandes surr\u00e9nales, le cerveau, le thymus,le coeur et autres), une d\u00e9toxication (n\u00e9ttoyage) du sang &amp; lymphe et \u00e0 une\u00a0 revitalisation de la flore intestinale, des cellules, des hormones, des neuro-transmetteurs, du syst\u00e8me immunitaire et de nos \u00e9motions et ce, via plus d&#8217;une douzaine de techniques holistiques de bien-etre et de remise en forme que nous enseignons, toutes fond\u00e9es en science et publi\u00e9es dans les journaux scientifiques reconnus.<\/p>\n<p><a href=\"https:\/\/centredebienetreholistique.com\/wp-content\/uploads\/2015\/06\/carcinogenesis_clip_image001.jpg\"><img data-attachment-id=\"884\" data-permalink=\"https:\/\/centredebienetreholistique.com\/?attachment_id=884\" data-orig-file=\"https:\/\/centredebienetreholistique.com\/wp-content\/uploads\/2015\/06\/carcinogenesis_clip_image001.jpg\" data-orig-size=\"300,225\" data-comments-opened=\"1\" data-image-meta=\"{&quot;aperture&quot;:&quot;0&quot;,&quot;credit&quot;:&quot;&quot;,&quot;camera&quot;:&quot;&quot;,&quot;caption&quot;:&quot;&quot;,&quot;created_timestamp&quot;:&quot;0&quot;,&quot;copyright&quot;:&quot;&quot;,&quot;focal_length&quot;:&quot;0&quot;,&quot;iso&quot;:&quot;0&quot;,&quot;shutter_speed&quot;:&quot;0&quot;,&quot;title&quot;:&quot;&quot;}\" data-image-title=\"carcinogenesis_clip_image001\" data-image-description=\"\" data-image-caption=\"\" data-medium-file=\"https:\/\/centredebienetreholistique.com\/wp-content\/uploads\/2015\/06\/carcinogenesis_clip_image001.jpg\" data-large-file=\"https:\/\/centredebienetreholistique.com\/wp-content\/uploads\/2015\/06\/carcinogenesis_clip_image001.jpg\" decoding=\"async\" loading=\"lazy\" class=\"wp-image-884 aligncenter\" src=\"https:\/\/centredebienetreholistique.com\/wp-content\/uploads\/2015\/06\/carcinogenesis_clip_image001.jpg\" alt=\"carcinogenesis_clip_image001\" width=\"156\" height=\"117\" srcset=\"https:\/\/centredebienetreholistique.com\/wp-content\/uploads\/2015\/06\/carcinogenesis_clip_image001.jpg 300w, https:\/\/centredebienetreholistique.com\/wp-content\/uploads\/2015\/06\/carcinogenesis_clip_image001-100x75.jpg 100w, https:\/\/centredebienetreholistique.com\/wp-content\/uploads\/2015\/06\/carcinogenesis_clip_image001-150x112.jpg 150w, https:\/\/centredebienetreholistique.com\/wp-content\/uploads\/2015\/06\/carcinogenesis_clip_image001-200x150.jpg 200w\" sizes=\"(max-width: 156px) 100vw, 156px\" \/><\/a><\/p>\n<p style=\"text-align: center;\"><em>Ci-dessus: Deux cellules canc\u00e9reuses m\u00e9lanomes activant leur voies de signalisation, et ce, avec la complicit\u00e9 de leur micro-environnement (y compris avec la complicit\u00e9 de certaines bact\u00e9ries du microbiote) en vue de l&#8217;emprise totalitaire de l&#8217;organisme h\u00f4te. Aujourd&#8217;hui, nous connaissons plus d&#8217;une douzaine des m\u00e9canismes \u00a0de la cancerogen\u00e8se gra\u00e7e \u00e0 quoi nous pouvions intervenir de fa\u00e7on holistique en vue d&#8217;activer l&#8217;immunit\u00e9 inn\u00e9e de sorte qu&#8217;elle puisse faire son travail du maintien de l&#8217;int\u00e9grit\u00e9 de la communaut\u00e9 cellulaire du corps humain dans de bonnes conditions et ce, en \u00e9vitant les micro-m\u00e9tastases.<\/em><\/p>\n<p style=\"color: #000000;\"><a href=\"https:\/\/centredebienetreholistique.com\/wp-content\/uploads\/2015\/06\/sunsea.jpg\"><img data-attachment-id=\"876\" data-permalink=\"https:\/\/centredebienetreholistique.com\/?attachment_id=876\" data-orig-file=\"https:\/\/centredebienetreholistique.com\/wp-content\/uploads\/2015\/06\/sunsea.jpg\" data-orig-size=\"259,194\" data-comments-opened=\"1\" data-image-meta=\"{&quot;aperture&quot;:&quot;0&quot;,&quot;credit&quot;:&quot;&quot;,&quot;camera&quot;:&quot;&quot;,&quot;caption&quot;:&quot;&quot;,&quot;created_timestamp&quot;:&quot;0&quot;,&quot;copyright&quot;:&quot;&quot;,&quot;focal_length&quot;:&quot;0&quot;,&quot;iso&quot;:&quot;0&quot;,&quot;shutter_speed&quot;:&quot;0&quot;,&quot;title&quot;:&quot;&quot;}\" data-image-title=\"sunsea\" data-image-description=\"\" data-image-caption=\"\" data-medium-file=\"https:\/\/centredebienetreholistique.com\/wp-content\/uploads\/2015\/06\/sunsea.jpg\" data-large-file=\"https:\/\/centredebienetreholistique.com\/wp-content\/uploads\/2015\/06\/sunsea.jpg\" decoding=\"async\" loading=\"lazy\" class=\"wp-image-876 aligncenter\" src=\"https:\/\/centredebienetreholistique.com\/wp-content\/uploads\/2015\/06\/sunsea.jpg\" alt=\"sunsea\" width=\"89\" height=\"172\" \/><\/a><\/p>\n<h6 style=\"color: #000000; text-align: center;\"><em>Entre la M\u00e9diterran\u00e9e, (la &#8220;Grande Bleue&#8221;), la Haute Montagne et l<a href=\"https:\/\/fr.wikipedia.org\/wiki\/%C5%92uf_cosmique\">&#8216;Oeuf Cosmique<\/a>, r\u00e9side le Centre M\u00e9diterran\u00e9en Holistique, bastion des avanc\u00e9es de la Science m\u00e9dicale, de l&#8217;\u00c9thique juridique et des Libert\u00e9s fondamentales<\/em><\/h6>\n<h4 style=\"text-align: center;\">Ouverture du Centre Holistique<\/h4>\n<p style=\"text-align: justify;\"><span style=\"color: #000000;\">Pour l&#8217;instant, le Centre Holistique est ferm\u00e9. R\u00e9ouverture pr\u00e9vu \u00a0\u00e9t\u00e9 2020. Pour vous inscrire \u00e0 notre \u00e9ventuel newsletter et aux blogs, merci d&#8217;ajouter votre courriel sur la feuille de contact qui se trouve \u00a0sur la page d&#8217;accueil. Pour toute information concernant le Stage 2020, (fin \u00e9t\u00e9) \u00a0merci d&#8217;utiliser le lien &#8220;contact.<\/span><\/p>\n<h4 style=\"text-align: center;\">Notes de Pr\u00e9cision<\/h4>\n<h6 style=\"text-align: justify;\">(1). En fait, contrairement aux postulats des experts en g\u00e9rontologie conventionnelle, \u00a0pour les sp\u00e9cialistes de la g\u00e9rontologie et de la biog\u00e9rontologie holistique, \u00a0le processus du vieillissement commence \u00e0 la naissance et s&#8217;inscrit dans le continuum naissance-renaissance, vu que la mort n&#8217;est qu&#8217;une \u00e9tape de la conscience humaine. D&#8217;ailleurs, Socrates disait un peu la m\u00eame chose quand il constata que &#8220;vivre, c&#8217;est apprendre \u00e0 mourrir&#8221;. Autrement dit, d\u00e8s le premier jour de la naissance, les cellules du nourrisson se mettent d\u00e9j\u00e0 dans une situation de &#8220;construction-destruction&#8221; et ce, en faveur de la force vitale et de la reproduction qui caract\u00e9risent toute Vie.<\/h6>\n<h6 style=\"text-align: justify;\">(2). La plupart des m\u00e9decins de l&#8217;Etat font une confusion entre le microbiome et le microbiote. Le microbiota est l&#8217;ensemble des acteurs des prokaryotes (bact\u00e9ries, arch\u00e9as etc) qui utilisent en bien comme en moins bien l&#8217;hote humain. \u00a0A contrario, le microbiome est fait du g\u00e9nome de l&#8217;ensemble du microbiote, y compris les virus, fungi et parasites. En tout, nous avions environ 8 millions de g\u00e8nes du microbiote qui &#8220;cross-talk&#8221; (parlent) non seulement \u00e0 nos propre g\u00e8nes eukaryotes (environ 23,000), mais aussi directement \u00e0 nos neurotransmetteurs et autres &#8220;messaging molecules&#8221;.<\/h6>\n<h6 style=\"text-align: justify;\">(3). Nous avons choisi les meilleures techniques de rajeunissement qui sont enseign\u00e9s dans plus<span style=\"color: #000000;\">\u00a0de cent centres de m\u00e9decine int\u00e9grative et holistique de part le monde, \u00a0que nous avons examin\u00e9s et-ou visit\u00e9s ainsi que le meilleure de l&#8217;exp\u00e9rience innovatrice en mati\u00e8re de canc\u00e9rologie et de cardiologie.<\/span><\/h6>\n<h6 style=\"text-align: justify;\">(4). Cette observation est relative. \u00a0A terme, il y a usure de certaines fonctions physiologique et donc dysfonctionnements des mitochondries, \u00e0 partir de quoi il n&#8217;y a plus assez d&#8217;ATP (\u00e9nergie m\u00e9tabolique) pour que la r\u00e9paration cellulaires et de l&#8217;ADN puissent se faire dans de bonnes conditions. Toutefois, dans la plupart des cas, ceux et celles qui vivent holistiquement peuvent b\u00e9n\u00e9ficier d&#8217;une bonne \u00e9nergie vitale jusqu&#8217;\u00e0 environ 110 ans, parfois au-dela, \u00e0 l&#8217;instar de Jeanne Calment et d&#8217;autres supercentenaires. Mais atteindre 120 ans et au-dela sans aucune atrophie ou dysfonctionnement n&#8217;est pas encore une r\u00e9alit\u00e9.<\/h6>\n<h6 style=\"text-align: justify;\">(5). Le<span style=\"color: #000000;\">\u00a0jeune\u00a0du social m\u00e9dia mainstream peut-etre b\u00e9n\u00e9fique pour plusieurs raisons, y compris parce que cette d\u00e9connexion favorise la t\u00e9l\u00e9pathie. En outre, \u00a0l&#8217;addiction aux &#8220;social media&#8221; a \u00e9t\u00e9 d\u00e9montr\u00e9 comme un stress immuno-d\u00e9primant important, ne serait-ce parce qu&#8217;\u00e0 la longue, l&#8217;accoutumance \u00e0 ces syst\u00e8mes m\u00e9diatiques \u00e9loigne notre conscience de nous-meme et de notre entourage imm\u00e9diat, tout en ali\u00e8nant, tout en nous bombardant de publicit\u00e9 non-sollicit\u00e9e, tout en produisant pens\u00e9e n\u00e9gative et souffrance. En effet, comme le rappelle les philosophes et sages de l&#8217;Orient, tout ce qui trompe la conscience universelle du &#8220;je suis&#8221; (i am ou &#8220;Ah Ham&#8221; en sanskrit) et du moment pr\u00e9sent contribue \u00e0 la maladie et au mal-\u00eatre. Les Bhagwans Sri Rajneesh et Ramana par exemple enseignaient que la prise de conscience juste est celle qui s&#8217;est vid\u00e9e des regrets du pass\u00e9, de l&#8217;anxi\u00e9t\u00e9 de l&#8217;avenir et de la perception de la s\u00e9paration. Or, des social m\u00e9dia comme FB et youtube, meme si parfois utiles, censurent la critique et la culture h\u00e9r\u00e9tique tout en favorisan ce qui \u00e9loigne l&#8217;\u00eatre sacr\u00e9 de lui-m\u00eame, tout en le rapprochant du monde diviseur de l&#8217;\u00c9go, de la consommation et du samsara. C&#8217;est pourquoi dans nos stages nous conseillons de faire un &#8220;jeune&#8221; des social media et de cultiver au contraire l&#8217;internet de la t\u00e9l\u00e9pathie et la lumi\u00e8re de la conscience universelle dans le hic et le nunc. Cette conscience non-dualiste que les m\u00e9decins \u00e9clair\u00e9s appellent &#8220;the light of self-awareness&#8221; \u00a0est une source du bien-\u00eatre holistique, et donc un \u00e9l\u00e9ment contributif \u00e0 la gu\u00e9rison ainsi qu&#8217;\u00e0 la long\u00e9vit\u00e9 optimale. De m\u00eame, nous pr\u00e9conisons de se servir du portable le moins possible.<\/span><\/h6>\n<h6 style=\"text-align: justify;\">(6). La formation &#8220;Renaitre&#8221; du Centre Holistique propose de faire la synth\u00e8se de toutes les grandes revolutions en m\u00e9decine et ce, dans toutes les mati\u00e8res qui sont pertinentes pour une long\u00e9vit\u00e9 optimale. Des derni\u00e8res d\u00e9couvertes en science innovatrice \u00a0aux rappels des acquis de la sagesse mill\u00e9naire inalt\u00e9rable, cette formation pourrait aider \u00e0 la revitalisation de la Nation ainsi qu&#8217;\u00e0 l&#8217;ensemencement d&#8217;une culture de la joie de vivre et du bien-\u00eatre holistique.<\/h6>\n<figure id=\"attachment_4361\" aria-describedby=\"caption-attachment-4361\" style=\"width: 175px\" class=\"wp-caption aligncenter\"><a href=\"https:\/\/centredebienetreholistique.com\/wp-content\/uploads\/2020\/06\/Screenshot-2020-06-07-10.50.191.png\"><img data-attachment-id=\"4361\" data-permalink=\"https:\/\/centredebienetreholistique.com\/?attachment_id=4361\" data-orig-file=\"https:\/\/centredebienetreholistique.com\/wp-content\/uploads\/2020\/06\/Screenshot-2020-06-07-10.50.191.png\" data-orig-size=\"165,153\" data-comments-opened=\"1\" data-image-meta=\"{&quot;aperture&quot;:&quot;0&quot;,&quot;credit&quot;:&quot;&quot;,&quot;camera&quot;:&quot;&quot;,&quot;caption&quot;:&quot;&quot;,&quot;created_timestamp&quot;:&quot;0&quot;,&quot;copyright&quot;:&quot;&quot;,&quot;focal_length&quot;:&quot;0&quot;,&quot;iso&quot;:&quot;0&quot;,&quot;shutter_speed&quot;:&quot;0&quot;,&quot;title&quot;:&quot;&quot;}\" data-image-title=\"Screenshot 2020-06-07 10.50.19\" data-image-description=\"\" data-image-caption=\"&lt;p&gt;Formation (atelier) en COVID-19, maladie infectieuses et immunit\u00e9 holistique&lt;\/p&gt;\n\" data-medium-file=\"https:\/\/centredebienetreholistique.com\/wp-content\/uploads\/2020\/06\/Screenshot-2020-06-07-10.50.191.png\" data-large-file=\"https:\/\/centredebienetreholistique.com\/wp-content\/uploads\/2020\/06\/Screenshot-2020-06-07-10.50.191.png\" decoding=\"async\" loading=\"lazy\" class=\" wp-image-4361\" src=\"https:\/\/centredebienetreholistique.com\/wp-content\/uploads\/2020\/06\/Screenshot-2020-06-07-10.50.191.png\" alt=\"Formation (atelier) en COVID-19, maladie infectieuses et immunit\u00e9 holistique\" width=\"175\" height=\"162\" srcset=\"https:\/\/centredebienetreholistique.com\/wp-content\/uploads\/2020\/06\/Screenshot-2020-06-07-10.50.191.png 165w, https:\/\/centredebienetreholistique.com\/wp-content\/uploads\/2020\/06\/Screenshot-2020-06-07-10.50.191-100x92.png 100w, https:\/\/centredebienetreholistique.com\/wp-content\/uploads\/2020\/06\/Screenshot-2020-06-07-10.50.191-150x139.png 150w\" sizes=\"(max-width: 175px) 100vw, 175px\" \/><\/a><figcaption id=\"caption-attachment-4361\" class=\"wp-caption-text\">Champignons gonaderma (reishi) que l&#8217;on peut trouver dans les forets de l&#8217;\u00e9co-lieu du Centre Holistique, lequel peut etre indiqu\u00e9 pour la \u00a0COVID-19, d&#8217;autres maladies infectieuses, le cancer et la senescence cellulaire<\/figcaption><\/figure>\n<p style=\"text-align: center;\"><em>&#8220;Twenty years from now you will be more disappointed by the things that you didn&#8217;t do than by the ones you did do. So throw off the bowlines. Sail away from the safe harbor. Catch the trade winds in your sails. Explore. Dream. Discover.&#8221; Mark Twain.<\/em><\/p>\n<h6 style=\"text-align: center;\">SITE ET CENTRE EN RECONSTRUCTION<\/h6>\n<h6 style=\"text-align: center;\">2020 (c)\u00a0<em>Centre M\u00e9diterran\u00e9en de Bien-Etre Holistique. Tous Droits R\u00e9serv\u00e9s<\/em><\/h6>\n<h6 style=\"text-align: center;\">Avertissements: Toutes les informations de ce site sont de nature \u00e9ducative et ne constituent en aucun cas des conseils juridiques, m\u00e9dicaux ou techniques. Les liens fournis ne constituent pas une approbation formelle.<\/h6>\n","protected":false},"excerpt":{"rendered":"<p>Dans le coeur de la Catalogne fran\u00e7aise, entre la M\u00e9diterran\u00e9e et le sommet Mont Canigou, dans un environnement montagneux et ensolleill\u00e9, pr\u00e8s d&#8217;une chute d&#8217;eau vivifiante et reposante, se trouve le Centre M\u00e9diterran\u00e9en de Bien-Etre Holistique. Les activit\u00e9s du Centre &hellip;<\/p>\n<p class=\"read-more\"> <a class=\"more-link\" href=\"https:\/\/centredebienetreholistique.com\/?page_id=873\"> <span class=\"screen-reader-text\">Pour Qui et Pourquoi une Formation et un S\u00e9jour Holistique ?<\/span> Read More &raquo;<\/a><\/p>\n","protected":false},"author":1,"featured_media":0,"parent":0,"menu_order":0,"comment_status":"open","ping_status":"open","template":"full-width-page.php","meta":{"footnotes":""},"jetpack_sharing_enabled":true,"jetpack_shortlink":"https:\/\/wp.me\/P4FfFc-e5","jetpack_likes_enabled":true,"jetpack-related-posts":[{"id":3523,"url":"https:\/\/centredebienetreholistique.com\/?page_id=3523","url_meta":{"origin":873,"position":0},"title":"Equipe","author":"centredebienetreholistique","date":"May 20, 2020","format":false,"excerpt":"Pendant 8 ans, le Centre \u00e9tait ferm\u00e9. Revenu en France, le directeur-fondateur est en train de restorer l'\u00e9co-lieu et d'organsier une nouvelle \u00e9quipe ainsi que des \u00a0ateliers et stages de formation en m\u00e9decine holistique et dans la science de la biog\u00e9rontologie holistique. Nous sommes sp\u00e9cialis\u00e9s dans l'approche holistique de la\u2026","rel":"","context":"Similar post","block_context":{"text":"Similar post","link":""},"img":{"alt_text":"","src":"","width":0,"height":0},"classes":[]},{"id":480,"url":"https:\/\/centredebienetreholistique.com\/?page_id=480","url_meta":{"origin":873,"position":1},"title":"Stage-Retraite: M\u00e9decine Holistique, M\u00e9decine R\u00e9g\u00e9n\u00e9rative et la Science de la Long\u00e9vit\u00e9 Optimale","author":"centredebienetreholistique","date":"June 2, 2015","format":false,"excerpt":"CONTENU Formation holistique (avec protocoles) concernant les grandes maladies chroniques,, le vieillissement acc\u00e9l\u00e9r\u00e9, la long\u00e9vit\u00e9 optimale, la m\u00e9decine r\u00e9g\u00e9n\u00e9rative, l'alimentation clinique, la m\u00e9decine orientale et de droit m\u00e9dical. ORIGINALIT\u00c9 L'originalit\u00e9 de cet enseignement repose sur une perspective holistique et innovante. Ce programme met l'accent sur les voies d'activation du potentiel\u2026","rel":"","context":"Similar post","block_context":{"text":"Similar post","link":""},"img":{"alt_text":"","src":"","width":0,"height":0},"classes":[]},{"id":141,"url":"https:\/\/centredebienetreholistique.com\/?page_id=141","url_meta":{"origin":873,"position":2},"title":"Atelier droit m\u00e9dical","author":"centredebienetreholistique","date":"December 24, 2014","format":false,"excerpt":"FORMATION EN DROIT M\u00c9DICAL R\u00c9GISSANT LES DROITS ET DEVOIRS DES PATIENTS ET DES PROFESSIONNELS DE LA SANT\u00c9 INTRODUCTION \"Les attaques contre les m\u00e9decines alternatives se multiplient. Pr\u00e9texte : elles serviraient de paravents aux sectes. L\u2019hom\u00e9opathie et l\u2019anthroposophie sont vis\u00e9es. La pens\u00e9e unique cherche \u00e0 imposer sa loi, en m\u00e9decine comme\u2026","rel":"","context":"With 2 comments","block_context":{"text":"With 2 comments","link":"https:\/\/centredebienetreholistique.com\/?page_id=141#comments"},"img":{"alt_text":"","src":"","width":0,"height":0},"classes":[]},{"id":143,"url":"https:\/\/centredebienetreholistique.com\/?page_id=143","url_meta":{"origin":873,"position":3},"title":"Coaching et Formation Pr\u00e9liminaire en canc\u00e9rologie holistique","author":"centredebienetreholistique","date":"December 24, 2014","format":false,"excerpt":"Introduction \"Nous ne pr\u00e9tendons pas r\u00e9soudre le probl\u00e8me du cancer \u00e0 100 pourcent, mais nous avons la conviction qu'il le serait au moins \u00e0 80 pourcent si les techniques pr\u00e9ventives et curatives \u00e9voqu\u00e9es dans les pages qui vont suivre \u00e9taient mises en oeuvre de mani\u00e8re usuelle\". Dr Joseph L\u00e9vy, \"Les\u2026","rel":"","context":"Similar post","block_context":{"text":"Similar post","link":""},"img":{"alt_text":"","src":"","width":0,"height":0},"classes":[]},{"id":166,"url":"https:\/\/centredebienetreholistique.com\/?page_id=166","url_meta":{"origin":873,"position":4},"title":"Mission du Centre Pyr\u00e9n\u00e9en","author":"centredebienetreholistique","date":"December 24, 2014","format":false,"excerpt":"Dans le coeur de la Catalogne, entre la M\u00e9diterran\u00e9e et le Mont Canigou, se situe le Centre Pyr\u00e9n\u00e9en \u00a0dont la mission repose sur le maintien du bien-\u00eatre holistique gra\u00e7e \u00e0 trois activit\u00e9s: 1) ateliers et \u00e9ducation en bien-\u00eatre, 2) agriculture soutenable et 3) protection et promotion des libert\u00e9s fondamentales. \u00a0Gra\u00e7e\u2026","rel":"","context":"Similar post","block_context":{"text":"Similar post","link":""},"img":{"alt_text":"","src":"","width":0,"height":0},"classes":[]},{"id":409,"url":"https:\/\/centredebienetreholistique.com\/?page_id=409","url_meta":{"origin":873,"position":5},"title":"Atelier maladies chroniques vues au travers de la m\u00e9decine holistique","author":"centredebienetreholistique","date":"May 8, 2015","format":false,"excerpt":"1. La magnitude et la prolif\u00e9ration des maladies chroniques (dont plus de cent maladies auto-immunes) et les limites de la m\u00e9decine allopathique officielle en la mati\u00e8re. 2. Techniques holistiques en mati\u00e8re de maladies chroniques: principes de base. 3. \u00c9tude de cas: diab\u00e8te et ost\u00e9o-arthritisme. Les faits montrent que le diab\u00e8te\u2026","rel":"","context":"Similar post","block_context":{"text":"Similar post","link":""},"img":{"alt_text":"","src":"","width":0,"height":0},"classes":[]}],"_links":{"self":[{"href":"https:\/\/centredebienetreholistique.com\/index.php?rest_route=\/wp\/v2\/pages\/873"}],"collection":[{"href":"https:\/\/centredebienetreholistique.com\/index.php?rest_route=\/wp\/v2\/pages"}],"about":[{"href":"https:\/\/centredebienetreholistique.com\/index.php?rest_route=\/wp\/v2\/types\/page"}],"author":[{"embeddable":true,"href":"https:\/\/centredebienetreholistique.com\/index.php?rest_route=\/wp\/v2\/users\/1"}],"replies":[{"embeddable":true,"href":"https:\/\/centredebienetreholistique.com\/index.php?rest_route=%2Fwp%2Fv2%2Fcomments&post=873"}],"version-history":[{"count":23,"href":"https:\/\/centredebienetreholistique.com\/index.php?rest_route=\/wp\/v2\/pages\/873\/revisions"}],"predecessor-version":[{"id":4619,"href":"https:\/\/centredebienetreholistique.com\/index.php?rest_route=\/wp\/v2\/pages\/873\/revisions\/4619"}],"wp:attachment":[{"href":"https:\/\/centredebienetreholistique.com\/index.php?rest_route=%2Fwp%2Fv2%2Fmedia&parent=873"}],"curies":[{"name":"wp","href":"https:\/\/api.w.org\/{rel}","templated":true}]}}