{"id":7674,"date":"2020-12-26T21:22:03","date_gmt":"2020-12-26T21:22:03","guid":{"rendered":"http:\/\/centredebienetreholistique.com\/?page_id=7674"},"modified":"2020-12-26T21:22:03","modified_gmt":"2020-12-26T21:22:03","slug":"vitamine-d-et-covid-mise-a-jour","status":"publish","type":"page","link":"https:\/\/centredebienetreholistique.com\/?page_id=7674","title":{"rendered":"Vitamine D et Covid: mise a jour"},"content":{"rendered":"","protected":true},"excerpt":{"rendered":"","protected":true},"author":1,"featured_media":0,"parent":0,"menu_order":0,"comment_status":"open","ping_status":"open","template":"","meta":{"footnotes":""},"jetpack_sharing_enabled":true,"jetpack_shortlink":"https:\/\/wp.me\/P4FfFc-1ZM","jetpack_likes_enabled":true,"jetpack-related-posts":[{"id":434,"url":"https:\/\/centredebienetreholistique.com\/?page_id=434","url_meta":{"origin":7674,"position":0},"title":"Coaching 101 et Formation Approfondie en Canc\u00e9rologie g\u00e9n\u00e9rale, conventionnelle et alternative","author":"centredebienetreholistique","date":"May 25, 2015","format":false,"excerpt":"Introduction La recherche fondamentale en canc\u00e9rologie conventionnelle, (ie, internationalement \"oncologie\") et les immenses \u00a0efforts scientifiques internationaux (et les centaines de billions de dollars qui vont avec) depuis quelques d\u00e9cennies pour identifier et comprendre les causes et les \u00a0co-facteurs (m\u00e9canismes physiopathologiques) du d\u00e9veloppement du cancer (canc\u00e9rogen\u00e8se) ont \u00e9t\u00e9 en partie fructuese,\u2026","rel":"","context":"Similar post","block_context":{"text":"Similar post","link":""},"img":{"alt_text":"","src":"https:\/\/i0.wp.com\/img.youtube.com\/vi\/jgJKaP0Sj5U\/0.jpg?resize=350%2C200","width":350,"height":200},"classes":[]},{"id":9477,"url":"https:\/\/centredebienetreholistique.com\/?page_id=9477","url_meta":{"origin":7674,"position":1},"title":"Attractions culturelles, historiques, arch\u00e9ologiques, scientifiques, th\u00e9rapeutiques, vinicoles, artistiques et  sportives (y compris &#8220;hiking and biking&#8221; adventures) de la R\u00e9gion","author":"centredebienetreholistique","date":"April 5, 2021","format":false,"excerpt":"Depuis le Centre M\u00e9diterran\u00e9en de la long\u00e9vit\u00e9 optimale, le s\u00e9journant peut partir \u00e0 la d\u00e9couverte des nombreux tr\u00e9sors touristiques et culturels du Roussillon, effectuer des belles balades et randonn\u00e9es soit sur le littoral , en plaine ou en montagne, traverser la fronti\u00e8re avec l'Espagne, \u00a0visiter par exemple Cadaqu\u00e8s, Figu\u00e9ras, les\u2026","rel":"","context":"Similar post","block_context":{"text":"Similar post","link":""},"img":{"alt_text":"","src":"","width":0,"height":0},"classes":[]},{"id":4002,"url":"https:\/\/centredebienetreholistique.com\/?page_id=4002","url_meta":{"origin":7674,"position":2},"title":"S\u00e9jours de Long\u00e9vit\u00e9 Optimale en pleine Montagne Catalane des Pyr\u00e9n\u00e9es Orientales (Optimal Healing &#038; Longevity Retreat)","author":"centredebienetreholistique","date":"June 4, 2020","format":false,"excerpt":"Des vacances de sant\u00e9-long\u00e9vit\u00e9 en pleine montagne, organis\u00e9s par \u00a0coachsupercentenaire@gmail.com (Click on the bottom right for language translation) \"Un c\u0153ur joyeux est un bon rem\u00e8de, mais un esprit abattu dess\u00e8che les os.\"\u00a0(Verset 22 de Proverbes 17) Situ\u00e9 dans la vall\u00e9e du Vallespir, au coeur des Pyr\u00e9n\u00e9es-Orientales et de la M\u00e9diterran\u00e9e\u2026","rel":"","context":"Similar post","block_context":{"text":"Similar post","link":""},"img":{"alt_text":"","src":"https:\/\/i0.wp.com\/centredebienetreholistique.com\/wp-content\/uploads\/2014\/12\/jushousetwo.jpg?resize=350%2C200","width":350,"height":200},"classes":[]},{"id":3523,"url":"https:\/\/centredebienetreholistique.com\/?page_id=3523","url_meta":{"origin":7674,"position":3},"title":"Equipe","author":"centredebienetreholistique","date":"May 20, 2020","format":false,"excerpt":"Pendant 8 ans, le Centre \u00e9tait ferm\u00e9. Revenu en France, le directeur-fondateur est en train de restorer l'\u00e9co-lieu et d'organsier une nouvelle \u00e9quipe ainsi que des \u00a0ateliers et stages de formation en m\u00e9decine holistique et dans la science de la biog\u00e9rontologie holistique. Nous sommes sp\u00e9cialis\u00e9s dans l'approche holistique de la\u2026","rel":"","context":"Similar post","block_context":{"text":"Similar post","link":""},"img":{"alt_text":"","src":"","width":0,"height":0},"classes":[]},{"id":11612,"url":"https:\/\/centredebienetreholistique.com\/?page_id=11612","url_meta":{"origin":7674,"position":4},"title":"Responsabilit\u00e9 civile serait engag\u00e9e contre tout forcing m\u00e9dical vaccination Covid","author":"centredebienetreholistique","date":"July 14, 2021","format":false,"excerpt":"En d\u00e9pit du fait qu'il y ait plein d'autres mani\u00e8res de stopper la pand\u00e9mie Covid, y compris avec l'ivermectin et une forte dose de vitamine D, le forcing vaccinal du Gouvernement viole les principes fondamentaux en mati\u00e8re de l'int\u00e9grit\u00e9 physique et du consentement \u00e9clair\u00e9e. En outre, nous avons \u00e0 faire\u2026","rel":"","context":"Similar post","block_context":{"text":"Similar post","link":""},"img":{"alt_text":"","src":"https:\/\/i0.wp.com\/centredebienetreholistique.com\/wp-content\/uploads\/2015\/06\/Screen-Shot-2015-06-10-at-10.06.32-PM-300x271.png?resize=350%2C200","width":350,"height":200},"classes":[]},{"id":3525,"url":"https:\/\/centredebienetreholistique.com\/?page_id=3525","url_meta":{"origin":7674,"position":5},"title":"COVID-19 et l&#8217;Holistique","author":"centredebienetreholistique","date":"May 20, 2020","format":false,"excerpt":"Alors que les mesures hygi\u00e9niques de bon sens ainsi que le \"social distancing\" seraient b\u00e9n\u00e9fique, en particulier la \"distancing\" de la pollution industrielle, de la tox\u00e9mie g\u00e9n\u00e9ralis\u00e9e, des exc\u00e8s de la m\u00e9decine allopathique, de l'\u00e9conomie ali\u00e9nante, du stress chronique, de la di\u00e9t\u00e9tique officielle d\u00e9ficiente, du syst\u00e8me \u00e9ducatif inadapt\u00e9, de la\u2026","rel":"","context":"Similar post","block_context":{"text":"Similar post","link":""},"img":{"alt_text":"","src":"","width":0,"height":0},"classes":[]}],"_links":{"self":[{"href":"https:\/\/centredebienetreholistique.com\/index.php?rest_route=\/wp\/v2\/pages\/7674"}],"collection":[{"href":"https:\/\/centredebienetreholistique.com\/index.php?rest_route=\/wp\/v2\/pages"}],"about":[{"href":"https:\/\/centredebienetreholistique.com\/index.php?rest_route=\/wp\/v2\/types\/page"}],"author":[{"embeddable":true,"href":"https:\/\/centredebienetreholistique.com\/index.php?rest_route=\/wp\/v2\/users\/1"}],"replies":[{"embeddable":true,"href":"https:\/\/centredebienetreholistique.com\/index.php?rest_route=%2Fwp%2Fv2%2Fcomments&post=7674"}],"version-history":[{"count":1,"href":"https:\/\/centredebienetreholistique.com\/index.php?rest_route=\/wp\/v2\/pages\/7674\/revisions"}],"predecessor-version":[{"id":7675,"href":"https:\/\/centredebienetreholistique.com\/index.php?rest_route=\/wp\/v2\/pages\/7674\/revisions\/7675"}],"wp:attachment":[{"href":"https:\/\/centredebienetreholistique.com\/index.php?rest_route=%2Fwp%2Fv2%2Fmedia&parent=7674"}],"curies":[{"name":"wp","href":"https:\/\/api.w.org\/{rel}","templated":true}]}}