{"id":685,"date":"2015-06-05T19:23:47","date_gmt":"2015-06-05T19:23:47","guid":{"rendered":"http:\/\/centredebienetreholistique.com\/?page_id=685"},"modified":"2015-06-07T20:19:40","modified_gmt":"2015-06-07T20:19:40","slug":"le-centre-au-salon-des-medecines-douces","status":"publish","type":"page","link":"https:\/\/centredebienetreholistique.com\/?page_id=685","title":{"rendered":"Le Centre au Salon des M\u00e9decines Douces \u00e0 Paris"},"content":{"rendered":"<h5 style=\"text-align: center;\">\u00a0AU SALON &#8220;BIEN-ETRE, M\u00c9DECINE DOUCE &amp; THALASSO&#8221; Du 3 au 7 F\u00e9vrier 2012 \u00a0(Paris &#8211; Porte de Versailles, hall 2.2). Le num\u00e9ro du stand \u00a0A 14<\/h5>\n<h5 style=\"text-align: center;\">Deux interventions du Centre \u00a0lundi le 7 f\u00e9vrier. La premi\u00e8re intervention est \u00e0 11 hr. du matin et sera sur Les &#8220;Techniques holistiques en long\u00e9vit\u00e9, canc\u00e9rologie et alimentation vivante&#8221;.<\/h5>\n<h5 style=\"text-align: center;\">La deuxi\u00e8me, \u00e0 18 hr ce meme jour, &#8220;Techniques juridiques de protection pour professionnels de sant\u00e9&#8221;.<\/h5>\n<h5 style=\"text-align: center;\">Deux CDs qui correspondent \u00e0 ces conf\u00e9rences seront en vente.<\/h5>\n<h5 style=\"text-align: center;\"><a href=\"https:\/\/centredebienetreholistique.com\/wp-content\/uploads\/2014\/12\/rawgoji.jpg\"><img data-attachment-id=\"603\" data-permalink=\"https:\/\/centredebienetreholistique.com\/?attachment_id=603\" data-orig-file=\"https:\/\/centredebienetreholistique.com\/wp-content\/uploads\/2014\/12\/rawgoji.jpg\" data-orig-size=\"115,118\" data-comments-opened=\"1\" data-image-meta=\"{&quot;aperture&quot;:&quot;0&quot;,&quot;credit&quot;:&quot;&quot;,&quot;camera&quot;:&quot;&quot;,&quot;caption&quot;:&quot;&quot;,&quot;created_timestamp&quot;:&quot;0&quot;,&quot;copyright&quot;:&quot;&quot;,&quot;focal_length&quot;:&quot;0&quot;,&quot;iso&quot;:&quot;0&quot;,&quot;shutter_speed&quot;:&quot;0&quot;,&quot;title&quot;:&quot;&quot;}\" data-image-title=\"rawgoji\" data-image-description=\"\" data-image-caption=\"\" data-medium-file=\"https:\/\/centredebienetreholistique.com\/wp-content\/uploads\/2014\/12\/rawgoji.jpg\" data-large-file=\"https:\/\/centredebienetreholistique.com\/wp-content\/uploads\/2014\/12\/rawgoji.jpg\" decoding=\"async\" loading=\"lazy\" class=\"alignnone  wp-image-603\" src=\"https:\/\/centredebienetreholistique.com\/wp-content\/uploads\/2014\/12\/rawgoji.jpg\" alt=\"rawgoji\" width=\"142\" height=\"146\" srcset=\"https:\/\/centredebienetreholistique.com\/wp-content\/uploads\/2014\/12\/rawgoji.jpg 115w, https:\/\/centredebienetreholistique.com\/wp-content\/uploads\/2014\/12\/rawgoji-100x102.jpg 100w\" sizes=\"(max-width: 142px) 100vw, 142px\" \/><\/a><\/h5>\n<h5 style=\"text-align: center;\"><\/h5>\n<h5 style=\"text-align: center;\"><\/h5>\n<h6 style=\"text-align: center;\"><em>Baies de Goji, source tib\u00e9taine de long\u00e9vit\u00e9<\/em><\/h6>\n<p>&nbsp;<\/p>\n<p>&nbsp;<\/p>\n<p>&nbsp;<\/p>\n<h5 style=\"text-align: center;\"><\/h5>\n<p>&nbsp;<\/p>\n<h5 style=\"text-align: center;\"><\/h5>\n","protected":false},"excerpt":{"rendered":"<p>\u00a0AU SALON &#8220;BIEN-ETRE, M\u00c9DECINE DOUCE &amp; THALASSO&#8221; Du 3 au 7 F\u00e9vrier 2012 \u00a0(Paris &#8211; Porte de Versailles, hall 2.2). Le num\u00e9ro du stand \u00a0A 14 Deux interventions du Centre \u00a0lundi le 7 f\u00e9vrier. La premi\u00e8re intervention est \u00e0 11 &hellip;<\/p>\n<p class=\"read-more\"> <a class=\"more-link\" href=\"https:\/\/centredebienetreholistique.com\/?page_id=685\"> <span class=\"screen-reader-text\">Le Centre au Salon des M\u00e9decines Douces \u00e0 Paris<\/span> Read More &raquo;<\/a><\/p>\n","protected":false},"author":1,"featured_media":0,"parent":0,"menu_order":0,"comment_status":"open","ping_status":"open","template":"","meta":{"footnotes":""},"jetpack_sharing_enabled":true,"jetpack_shortlink":"https:\/\/wp.me\/P4FfFc-b3","jetpack_likes_enabled":true,"jetpack-related-posts":[{"id":480,"url":"https:\/\/centredebienetreholistique.com\/?page_id=480","url_meta":{"origin":685,"position":0},"title":"Stage-Retraite: M\u00e9decine Holistique, M\u00e9decine R\u00e9g\u00e9n\u00e9rative et la Science de la Long\u00e9vit\u00e9 Optimale","author":"centredebienetreholistique","date":"June 2, 2015","format":false,"excerpt":"CONTENU Formation holistique (avec protocoles) concernant les grandes maladies chroniques,, le vieillissement acc\u00e9l\u00e9r\u00e9, la long\u00e9vit\u00e9 optimale, la m\u00e9decine r\u00e9g\u00e9n\u00e9rative, l'alimentation clinique, la m\u00e9decine orientale et de droit m\u00e9dical. ORIGINALIT\u00c9 L'originalit\u00e9 de cet enseignement repose sur une perspective holistique et innovante. Ce programme met l'accent sur les voies d'activation du potentiel\u2026","rel":"","context":"Similar post","block_context":{"text":"Similar post","link":""},"img":{"alt_text":"","src":"","width":0,"height":0},"classes":[]},{"id":873,"url":"https:\/\/centredebienetreholistique.com\/?page_id=873","url_meta":{"origin":685,"position":1},"title":"Pour Qui et Pourquoi une Formation et un S\u00e9jour Holistique ?","author":"centredebienetreholistique","date":"June 17, 2015","format":false,"excerpt":"Dans le coeur de la Catalogne fran\u00e7aise, entre la M\u00e9diterran\u00e9e et le sommet Mont Canigou, dans un environnement montagneux et ensolleill\u00e9, pr\u00e8s d'une chute d'eau vivifiante et reposante, se trouve le Centre M\u00e9diterran\u00e9en de Bien-Etre Holistique. Les activit\u00e9s du Centre sont destin\u00e9es aux personnes aspirant \u00e0 une approche holistique de\u2026","rel":"","context":"With 2 comments","block_context":{"text":"With 2 comments","link":"https:\/\/centredebienetreholistique.com\/?page_id=873#comments"},"img":{"alt_text":"","src":"","width":0,"height":0},"classes":[]},{"id":629,"url":"https:\/\/centredebienetreholistique.com\/?page_id=629","url_meta":{"origin":685,"position":2},"title":"Photos et Vid\u00e9os de Pr\u00e9sentation (en construction)","author":"centredebienetreholistique","date":"June 3, 2015","format":false,"excerpt":"PHOTOS DU CENTRE \u00a0 \u00a0Photo: Le Centre baigne dans un environnement riche en for\u00eats, huiles essentielles, plantes m\u00e9dicinales, champignons, rivi\u00e8res, eaux de sources, faunes et montagnes dont le majestueux Canigou. Logement Possibilit\u00e9 de loger soit dans la maison centrale, soit dans la maison Yoga. Maison Yoga, \u00e0 proximit\u00e9 de la\u2026","rel":"","context":"Similar post","block_context":{"text":"Similar post","link":""},"img":{"alt_text":"","src":"https:\/\/i0.wp.com\/centredebienetreholistique.com\/wp-content\/uploads\/2014\/12\/jushousetwo.jpg?resize=350%2C200","width":350,"height":200},"classes":[]},{"id":166,"url":"https:\/\/centredebienetreholistique.com\/?page_id=166","url_meta":{"origin":685,"position":3},"title":"Mission du Centre Pyr\u00e9n\u00e9en","author":"centredebienetreholistique","date":"December 24, 2014","format":false,"excerpt":"Dans le coeur de la Catalogne, entre la M\u00e9diterran\u00e9e et le Mont Canigou, se situe le Centre Pyr\u00e9n\u00e9en \u00a0dont la mission repose sur le maintien du bien-\u00eatre holistique gra\u00e7e \u00e0 trois activit\u00e9s: 1) ateliers et \u00e9ducation en bien-\u00eatre, 2) agriculture soutenable et 3) protection et promotion des libert\u00e9s fondamentales. \u00a0Gra\u00e7e\u2026","rel":"","context":"Similar post","block_context":{"text":"Similar post","link":""},"img":{"alt_text":"","src":"","width":0,"height":0},"classes":[]},{"id":13729,"url":"https:\/\/centredebienetreholistique.com\/?page_id=13729","url_meta":{"origin":685,"position":4},"title":"Photos du Centre et de ses outils","author":"centredebienetreholistique","date":"July 2, 2024","format":false,"excerpt":"En cours de construction. Texte en Construction Disclaimer Toutes les informations de ce site sont de nature \u00e9ducative et ne constituent en aucun cas des conseils juridiques, m\u00e9dicaux ou techniques. Les liens fournis ne constituent pas une approbation formelle. Nous sommes un Centre d'\u00c9ducation qui propose des options, des solutions\u2026","rel":"","context":"Similar post","block_context":{"text":"Similar post","link":""},"img":{"alt_text":"","src":"","width":0,"height":0},"classes":[]},{"id":9473,"url":"https:\/\/centredebienetreholistique.com\/?page_id=9473","url_meta":{"origin":685,"position":5},"title":"La Garantie du Centre M\u00e9diterran\u00e9en et l&#8217;engagement des Parties","author":"centredebienetreholistique","date":"April 5, 2021","format":false,"excerpt":"La Garantie Si le s\u00e9journant, stagiaire ou coachee (1) met en application les techniques\u00a0 holistiques que nous pr\u00e9conisons, il y aura une optimisation de plusieurs\u00a0marqueurs biologiques\u00a0 de la long\u00e9vit\u00e9 optimale et une r\u00e9duction des bio-marqueurs de la majorit\u00e9 des maladies chroniques et du vieillissement pr\u00e9coce. (voir r\u00e9sultats garantis). Mais il\u2026","rel":"","context":"Similar post","block_context":{"text":"Similar post","link":""},"img":{"alt_text":"","src":"","width":0,"height":0},"classes":[]}],"_links":{"self":[{"href":"https:\/\/centredebienetreholistique.com\/index.php?rest_route=\/wp\/v2\/pages\/685"}],"collection":[{"href":"https:\/\/centredebienetreholistique.com\/index.php?rest_route=\/wp\/v2\/pages"}],"about":[{"href":"https:\/\/centredebienetreholistique.com\/index.php?rest_route=\/wp\/v2\/types\/page"}],"author":[{"embeddable":true,"href":"https:\/\/centredebienetreholistique.com\/index.php?rest_route=\/wp\/v2\/users\/1"}],"replies":[{"embeddable":true,"href":"https:\/\/centredebienetreholistique.com\/index.php?rest_route=%2Fwp%2Fv2%2Fcomments&post=685"}],"version-history":[{"count":6,"href":"https:\/\/centredebienetreholistique.com\/index.php?rest_route=\/wp\/v2\/pages\/685\/revisions"}],"predecessor-version":[{"id":706,"href":"https:\/\/centredebienetreholistique.com\/index.php?rest_route=\/wp\/v2\/pages\/685\/revisions\/706"}],"wp:attachment":[{"href":"https:\/\/centredebienetreholistique.com\/index.php?rest_route=%2Fwp%2Fv2%2Fmedia&parent=685"}],"curies":[{"name":"wp","href":"https:\/\/api.w.org\/{rel}","templated":true}]}}