{"id":514,"date":"2015-06-02T06:10:17","date_gmt":"2015-06-02T06:10:17","guid":{"rendered":"http:\/\/centredebienetreholistique.com\/?page_id=514"},"modified":"2024-08-15T11:15:26","modified_gmt":"2024-08-15T11:15:26","slug":"prix-et-conditions","status":"publish","type":"page","link":"https:\/\/centredebienetreholistique.com\/?page_id=514","title":{"rendered":"Info Pratique: Dates des S\u00e9jours, Conditions et Prix"},"content":{"rendered":"","protected":true},"excerpt":{"rendered":"","protected":true},"author":1,"featured_media":0,"parent":0,"menu_order":0,"comment_status":"open","ping_status":"open","template":"","meta":{"footnotes":""},"jetpack_sharing_enabled":true,"jetpack_shortlink":"https:\/\/wp.me\/P4FfFc-8i","jetpack_likes_enabled":true,"jetpack-related-posts":[{"id":13,"url":"https:\/\/centredebienetreholistique.com\/?page_id=13","url_meta":{"origin":514,"position":0},"title":"Mission du Centre M\u00e9diterran\u00e9en de Long\u00e9vit\u00e9 (Mediterranean Longevity)","author":"centredebienetreholistique","date":"December 23, 2014","format":false,"excerpt":"La mission principale du Centre Mediterranean Longevity (CML) est la recherche\u00a0 fondamentale et appliqu\u00e9e dans la science de la long\u00e9vit\u00e9 optimale (que l'on appelle biog\u00e9rontologie), dont l'objectif central est de trouver un protocole de long\u00e9vit\u00e9 efficace et accessible pour ce qui est de la \"healthy and successful aging\",\u00a0 (1) puis\u2026","rel":"","context":"Similar post","block_context":{"text":"Similar post","link":""},"img":{"alt_text":"","src":"","width":0,"height":0},"classes":[]},{"id":4002,"url":"https:\/\/centredebienetreholistique.com\/?page_id=4002","url_meta":{"origin":514,"position":1},"title":"S\u00e9jours de Long\u00e9vit\u00e9 Optimale en pleine Montagne Catalane des Pyr\u00e9n\u00e9es Orientales (Optimal Healing &#038; Longevity Retreat)","author":"centredebienetreholistique","date":"June 4, 2020","format":false,"excerpt":"Des vacances de sant\u00e9-long\u00e9vit\u00e9 en pleine montagne, organis\u00e9s par \u00a0coachsupercentenaire@gmail.com (Click on the bottom right for language translation) \"Un c\u0153ur joyeux est un bon rem\u00e8de, mais un esprit abattu dess\u00e8che les os.\"\u00a0(Verset 22 de Proverbes 17) Situ\u00e9 dans la vall\u00e9e du Vallespir, au coeur des Pyr\u00e9n\u00e9es-Orientales et de la M\u00e9diterran\u00e9e\u2026","rel":"","context":"Similar post","block_context":{"text":"Similar post","link":""},"img":{"alt_text":"","src":"https:\/\/i0.wp.com\/centredebienetreholistique.com\/wp-content\/uploads\/2014\/12\/jushousetwo.jpg?resize=350%2C200","width":350,"height":200},"classes":[]},{"id":873,"url":"https:\/\/centredebienetreholistique.com\/?page_id=873","url_meta":{"origin":514,"position":2},"title":"Pour Qui et Pourquoi une Formation et un S\u00e9jour Holistique ?","author":"centredebienetreholistique","date":"June 17, 2015","format":false,"excerpt":"Dans le coeur de la Catalogne fran\u00e7aise, entre la M\u00e9diterran\u00e9e et le sommet Mont Canigou, dans un environnement montagneux et ensolleill\u00e9, pr\u00e8s d'une chute d'eau vivifiante et reposante, se trouve le Centre M\u00e9diterran\u00e9en de Bien-Etre Holistique. Les activit\u00e9s du Centre sont destin\u00e9es aux personnes aspirant \u00e0 une approche holistique de\u2026","rel":"","context":"Similar post","block_context":{"text":"Similar post","link":""},"img":{"alt_text":"","src":"","width":0,"height":0},"classes":[]},{"id":3523,"url":"https:\/\/centredebienetreholistique.com\/?page_id=3523","url_meta":{"origin":514,"position":3},"title":"Equipe","author":"centredebienetreholistique","date":"May 20, 2020","format":false,"excerpt":"Pendant 8 ans, le Centre \u00e9tait ferm\u00e9. Revenu en France, le directeur-fondateur est en train de restorer l'\u00e9co-lieu et d'organsier une nouvelle \u00e9quipe ainsi que des \u00a0ateliers et stages de formation en m\u00e9decine holistique et dans la science de la biog\u00e9rontologie holistique. Nous sommes sp\u00e9cialis\u00e9s dans l'approche holistique de la\u2026","rel":"","context":"Similar post","block_context":{"text":"Similar post","link":""},"img":{"alt_text":"","src":"","width":0,"height":0},"classes":[]},{"id":480,"url":"https:\/\/centredebienetreholistique.com\/?page_id=480","url_meta":{"origin":514,"position":4},"title":"Stage-Retraite: M\u00e9decine Holistique, M\u00e9decine R\u00e9g\u00e9n\u00e9rative et la Science de la Long\u00e9vit\u00e9 Optimale","author":"centredebienetreholistique","date":"June 2, 2015","format":false,"excerpt":"CONTENU Formation holistique (avec protocoles) concernant les grandes maladies chroniques,, le vieillissement acc\u00e9l\u00e9r\u00e9, la long\u00e9vit\u00e9 optimale, la m\u00e9decine r\u00e9g\u00e9n\u00e9rative, l'alimentation clinique, la m\u00e9decine orientale et de droit m\u00e9dical. ORIGINALIT\u00c9 L'originalit\u00e9 de cet enseignement repose sur une perspective holistique et innovante. Ce programme met l'accent sur les voies d'activation du potentiel\u2026","rel":"","context":"Similar post","block_context":{"text":"Similar post","link":""},"img":{"alt_text":"","src":"","width":0,"height":0},"classes":[]},{"id":662,"url":"https:\/\/centredebienetreholistique.com\/?page_id=662","url_meta":{"origin":514,"position":5},"title":"Colloque du Centre Holistique: &#8220;Cancer, Droit M\u00e9dical et Libert\u00e9 Th\u00e9rapeutique&#8221;","author":"centredebienetreholistique","date":"June 5, 2015","format":false,"excerpt":"CONGR\u00c8S SUR LES\u00a0TH\u00c9RAPIES ALTERNATIVES ET COMPL\u00c9MENTAIRES CONCERNANT LE CANCER, LE DROIT M\u00c9DICAL ET LES LIBERT\u00c9S TH\u00c9RAPEUTIQUE \u00a0LE 17 & 18 AVRIL 2004 Vis m\u00e9dicatrix naturae Prieur\u00e9 de Marcevol 66320 Arboussols (pr\u00e8s de Vinca dans un site grandiose, idyllique, en pleine montagne des Pyr\u00e9n\u00e9es orientales). Route\u00a0: RN 116, (direction Prades). A\u2026","rel":"","context":"With 2 comments","block_context":{"text":"With 2 comments","link":"https:\/\/centredebienetreholistique.com\/?page_id=662#comments"},"img":{"alt_text":"","src":"","width":0,"height":0},"classes":[]}],"_links":{"self":[{"href":"https:\/\/centredebienetreholistique.com\/index.php?rest_route=\/wp\/v2\/pages\/514"}],"collection":[{"href":"https:\/\/centredebienetreholistique.com\/index.php?rest_route=\/wp\/v2\/pages"}],"about":[{"href":"https:\/\/centredebienetreholistique.com\/index.php?rest_route=\/wp\/v2\/types\/page"}],"author":[{"embeddable":true,"href":"https:\/\/centredebienetreholistique.com\/index.php?rest_route=\/wp\/v2\/users\/1"}],"replies":[{"embeddable":true,"href":"https:\/\/centredebienetreholistique.com\/index.php?rest_route=%2Fwp%2Fv2%2Fcomments&post=514"}],"version-history":[{"count":37,"href":"https:\/\/centredebienetreholistique.com\/index.php?rest_route=\/wp\/v2\/pages\/514\/revisions"}],"predecessor-version":[{"id":3507,"href":"https:\/\/centredebienetreholistique.com\/index.php?rest_route=\/wp\/v2\/pages\/514\/revisions\/3507"}],"wp:attachment":[{"href":"https:\/\/centredebienetreholistique.com\/index.php?rest_route=%2Fwp%2Fv2%2Fmedia&parent=514"}],"curies":[{"name":"wp","href":"https:\/\/api.w.org\/{rel}","templated":true}]}}