{"id":11612,"date":"2021-07-14T17:04:55","date_gmt":"2021-07-14T17:04:55","guid":{"rendered":"http:\/\/centredebienetreholistique.com\/?page_id=11612"},"modified":"2021-07-14T18:35:05","modified_gmt":"2021-07-14T18:35:05","slug":"responsabilite-civile-serait-engagee-contre-tout-forcing-medical-vaccination-covid","status":"publish","type":"page","link":"https:\/\/centredebienetreholistique.com\/?page_id=11612","title":{"rendered":"Responsabilit\u00e9 civile serait engag\u00e9e contre tout forcing m\u00e9dical vaccination Covid"},"content":{"rendered":"<p style=\"text-align: center;\">En d\u00e9pit du fait qu&#8217;il y ait plein d&#8217;autres mani\u00e8res de stopper la pand\u00e9mie Covid, y compris avec l&#8217;ivermectin et une forte dose de vitamine D, le forcing vaccinal du Gouvernement viole les principes fondamentaux en mati\u00e8re de l&#8217;int\u00e9grit\u00e9 physique et du consentement \u00e9clair\u00e9e.<\/p>\n<p style=\"text-align: center;\">En outre, nous avons \u00e0 faire a des vaccins qui sont non seulement inutiles pour ceux qui ont d\u00e9j\u00e0 \u00e9t\u00e9 expos\u00e9s et qui jouissent donc d&#8217;une immunisation sup\u00e9rieure \u00e0 l&#8217;immunit\u00e9 vaccinale, mais a des vaccins dangereux, y compris les vaccins ARNm de l&#8217;organisation criminelle Pfizer.<a href=\"https:\/\/www.reuters.com\/article\/us-pfizer-settlement-idUSTRE5813XB20090902\"> Pfizer a \u00e9t\u00e9 condamn\u00e9 plusieurs fois <\/a>dans des juridictions am\u00e9ricaines pour avoir cach\u00e9 les preuves qui montraient que plusieurs de leurs produits pharmaceutiques \u00e9taient efficaces et peu dangereux alors qu&#8217;en r\u00e9alit\u00e9, on a d\u00e9couvert plusieurs ann\u00e9es trop tard qu&#8217;ils avaient des effets ind\u00e9sirables et l\u00e9taux.<\/p>\n<p style=\"text-align: center;\">La<a href=\"https:\/\/www.medalerts.org\/vaersdb\/findfield.php?TABLE=ON&amp;GROUP1=CAT&amp;EVENTS=ON&amp;VAX=COVID19\"> pharmacovigilance am\u00e9ricaine VAERS compte d\u00e9j\u00e0 plus de 400,000 milles incidents vaccinaux li\u00e9s au vaccins Covid,<\/a> dont 56,000 cas qui sont all\u00e9s aux urgences et plus de 9 milles morts, et ce en six mois, environ.<\/p>\n<p style=\"text-align: center;\">Pire, seulement un m\u00e9decin am\u00e9ricain sur dix saisit cette instance quand un patient se plaint d&#8217;une complication vaccinale.<\/p>\n<p style=\"text-align: center;\"><span style=\"color: #000000;\">Sachez qu&#8217;aux USA, le Congr\u00e8s am\u00e9ricain avait d\u00e9-responsabilis\u00e9 les firmes pharmaceutiques de toutes responsabilit\u00e9s s&#8217;il y avait un dommage vaccinal. Il y a un Tribunal vaccinal aux US, mais il ne juge que tr\u00e8s peu de cas et les d\u00e9dommagements sont pay\u00e9s par les taxes, c.a.d par le Peuple. Il faut donc comprendre que pour ces firmes pharmaceutiques, le vaccin repr\u00e9sente un march\u00e9 tr\u00e8s juteux and sans risque juridique.<\/span><\/p>\n<p style=\"text-align: center;\">Bien que le Conseil constitutionnel fran\u00e7ais doit donner son aval au projet de loi en cours for\u00e7ant les professionnels de la sant\u00e9 \u00e0 se faire vacciner, il n&#8217;est pas certain que les juges qui font partie de cette &#8220;Haute&#8221; autorit\u00e9 disent le droit conform\u00e9ment \u00e0 la jurisprudence europ\u00e9enne et internationale en mati\u00e8re de forcing vaccinale.<\/p>\n<p style=\"text-align: center;\">En effet, les magistrats de ce Conseil constitutionnel avaient d\u00e9j\u00e0 approuv\u00e9s l&#8217;obligation de quelques vaccins dans le pass\u00e9, estimant qu&#8217;ils \u00e9taient conformes aux n\u00e9cessit\u00e9s li\u00e9es \u00e0 la sant\u00e9 publique<\/p>\n<p style=\"text-align: center;\">Ainsi, pour faire avancer le d\u00e9bat, prenez connaissance des quelques principes de base en mati\u00e8re de droit m\u00e9dical.<\/p>\n<p style=\"text-align: center;\">A terme et au besoin, faire signer au professionnel vaccinateur la d\u00e9claration ci-dessous, ca pourrait \u00eatre dissuasif et avoir un impact.<\/p>\n<p style=\"text-align: center;\">Ceci \u00e9tant. les mutants sont quand meme r\u00e9els et peuvent produire des effets d\u00e9l\u00e9t\u00e8res, alors il faut \u00eatre prudent et mettre en oeuvre une bonne hygi\u00e8ne de vie, voir<a href=\"https:\/\/centredebienetreholistique.com\/?page_id=11538\">\u00a0Tips Covid.<\/a><\/p>\n<p style=\"text-align: center;\"><strong style=\"font-style: inherit;\">RAPPEL DES PRINCIPES FONDAMENTAUX CONCERNANT LE CONSENTEMENT LIBRE ET \u00c9CLAIR<strong style=\"font-style: inherit;\">\u00c9<\/strong>\u00a0DES MALADES\u00a0<\/strong><\/p>\n<p style=\"text-align: center;\"><strong style=\"font-style: inherit;\">La Convention d\u2019Oviedo sur les Droits de l\u2019Homme et la biom\u00e9decine de 1997 impose, en son article\u00a05\u00a0:<\/strong><\/p>\n<blockquote style=\"font-style: italic; color: #444444;\">\n<p style=\"text-align: center;\">\u00ab\u00a0Une intervention dans le domaine de la sant\u00e9 ne peut \u00eatre effectu\u00e9e qu\u2019apr\u00e8s que la personne concern\u00e9e y a donn\u00e9 son consentement libre et \u00e9clair\u00e9.Cette personne re\u00e7oit pr\u00e9alablement une information ad\u00e9quate quant au but et \u00e0 la nature de l\u2019intervention ainsi que quant \u00e0 ses cons\u00e9quences et ses risques.\u00a0\u00bb<\/p>\n<\/blockquote>\n<p style=\"text-align: center;\"><strong style=\"font-style: inherit;\">L\u2019article 16-3 du Code civil dispose encore :<\/strong><\/p>\n<blockquote style=\"font-style: italic; color: #444444;\">\n<p style=\"text-align: center;\">\u00ab\u00a0Il ne peut \u00eatre port\u00e9 atteinte \u00e0 l\u2019int\u00e9grit\u00e9 du corps humain qu\u2019en cas de n\u00e9cessit\u00e9 m\u00e9dicale pour la personne ou \u00e0 titre exceptionnel dans l\u2019int\u00e9r\u00eat th\u00e9rapeutique d\u2019autrui. Le consentement de l\u2019int\u00e9ress\u00e9 doit \u00eatre recueilli pr\u00e9alablement hors le cas o\u00f9 son \u00e9tat rend n\u00e9cessaire une intervention th\u00e9rapeutique \u00e0 laquelle il n\u2019est pas \u00e0 m\u00eame de consentir.\u00a0\u00bb<\/p>\n<\/blockquote>\n<p style=\"text-align: center;\"><strong style=\"font-style: inherit;\">L\u2019article L1111-4 du code de la sant\u00e9 publique pr\u00e9voit\u00a0:<\/strong><\/p>\n<blockquote style=\"font-style: italic; color: #444444;\">\n<p style=\"text-align: center;\">\u00ab\u00a0Aucun acte m\u00e9dical ni aucun traitement ne peut \u00eatre pratiqu\u00e9 sans le consentement libre et \u00e9clair\u00e9 de la personne et ce consentement peut \u00eatre retir\u00e9 \u00e0 tout moment\u00a0\u00bb.<\/p>\n<p style=\"text-align: center;\">Cette obligation t reprise \u00e0 l\u2019article R4127-36 du code de la sant\u00e9 publique ainsi qu\u2019\u00e0 l\u2019article 36 du code de d\u00e9ontologie des m\u00e9decins.<\/p>\n<\/blockquote>\n<p style=\"text-align: center;\"><strong style=\"font-style: inherit;\">RAPPEL DES OBLIGATIONS INCOMBANT AU M<strong style=\"font-style: inherit;\">\u00c9<\/strong>DECIN DANS SA RELATION AVEC LE PATIENT<\/strong><\/p>\n<p style=\"text-align: center;\"><strong style=\"font-style: inherit;\">Ces obligations sont rappel\u00e9es dans le code de la sant\u00e9 publique\u00a0:<\/strong><\/p>\n<p style=\"text-align: center;\"><strong style=\"font-style: inherit;\">En son article L1111-2 :<\/strong><\/p>\n<blockquote style=\"font-style: italic; color: #444444;\">\n<p style=\"text-align: center;\">\u00ab\u00a0Toute personne a le droit d\u2019\u00eatre inform\u00e9e sur son \u00e9tat de sant\u00e9. Cette information porte sur les diff\u00e9rentes investigations, traitements ou actions de pr\u00e9vention qui sont propos\u00e9s, leur utilit\u00e9, leur urgence \u00e9ventuelle, leurs cons\u00e9quences, les risques fr\u00e9quents ou graves normalement pr\u00e9visibles qu\u2019ils comportent ainsi que sur les autres solutions possibles et sur les cons\u00e9quences pr\u00e9visibles en cas de refus. Lorsque, post\u00e9rieurement \u00e0 l\u2019ex\u00e9cution des investigations, traitements ou actions de pr\u00e9vention, des risques nouveaux sont identifi\u00e9s, la personne concern\u00e9e doit en \u00eatre inform\u00e9e, sauf en cas d\u2019impossibilit\u00e9 de la retrouver.Cette information incombe \u00e0 tout professionnel de sant\u00e9 dans le cadre de ses comp\u00e9tences et dans le respect des r\u00e8gles professionnelles qui lui sont applicables. Seules l\u2019urgence ou l\u2019impossibilit\u00e9 d\u2019informer peuvent l\u2019en dispenser.\u00a0\u00bb<\/p>\n<\/blockquote>\n<p style=\"text-align: center;\"><strong style=\"font-style: inherit;\">En son article R4127-34\u00a0<\/strong><\/p>\n<blockquote style=\"font-style: italic; color: #444444;\">\n<p style=\"text-align: center;\">\u00ab\u00a0Le m\u00e9decin doit \u00e0 la personne qu\u2019il examine, qu\u2019il soigne ou qu\u2019il conseille une information loyale, claire et appropri\u00e9e sur son \u00e9tat, les investigations et les soins qu\u2019il lui propose. Tout au long de la maladie, il tient compte de la personnalit\u00e9 du patient dans ses explications et veille \u00e0 leur compr\u00e9hension.\u00a0\u00bb<\/p>\n<\/blockquote>\n<p style=\"text-align: center;\"><strong style=\"font-style: inherit;\">Voir aussi l\u2019article 35 du code de d\u00e9ontologie des m\u00e9decins.<\/strong><\/p>\n<p style=\"text-align: center;\"><strong style=\"font-style: inherit;\">En son article R4127-39\u00a0<\/strong><\/p>\n<blockquote style=\"font-style: italic; color: #444444;\">\n<p style=\"text-align: center;\">\u00ab\u00a0Les m\u00e9decins ne peuvent proposer aux malades ou \u00e0 leur entourage comme salutaire ou sans danger un rem\u00e8de ou un proc\u00e9d\u00e9 illusoire ou insuffisamment \u00e9prouv\u00e9. Toute pratique de charlatanisme est interdite.\u00a0\u00bb<\/p>\n<p style=\"text-align: center;\">A ce sujet,\u00a0je suis en train d&#8217;\u00e9crire un ebook sur les limites de l&#8217;approche conventionnelle de l&#8217;Etat et\u00a0<span style=\"color: #000000;\">la sup\u00e9riorit\u00e9 clinique de la M\u00e9decine holistique<\/span>\u00a0en mati\u00e8re de la COVID, dont le r\u00e9sum\u00e9 sera post\u00e9 quand possible<\/p>\n<\/blockquote>\n<p style=\"text-align: center;\"><strong style=\"font-style: inherit;\">D\u00c9CLARATION A FAIRE SIGNER PAR LE M\u00c9DECIN QUI PR\u00c9CONISE L\u2019ADMINISTRATION DU \u00ab\u00a0VACCIN\u00a0\u00bb PFIZER\/BIONTECH OU MODERNA<\/strong><\/p>\n<blockquote style=\"font-style: italic; color: #444444;\">\n<p style=\"text-align: center;\">Je soussign\u00e9 (e)\u2026\u2026\u2026\u2026\u2026\u2026\u2026\u2026\u2026\u2026\u2026\u2026\u2026\u2026\u2026\u2026\u2026\u2026\u2026\u2026\u2026\u2026\u2026Par cette d\u00e9claration, et apr\u00e8s avoir pris connaissance de l\u2019ensemble des textes internationaux et nationaux concernant le devoir d\u2019information du personnel m\u00e9dical envers son patient, atteste administrer la th\u00e9rapie g\u00e9nique, commun\u00e9ment d\u00e9nomm\u00e9e \u00ab\u00a0vaccin\u00a0\u00bb, \u00e9mise par les laboratoires Pfizer\/BioNtech ou Moderna, en ayant respect\u00e9 mon devoir d\u2019information d\u00fb au patient.J\u2019affirme, par la pr\u00e9sente, en toute conscience professionnelle, que l\u2019administration de ce \u00ab\u00a0vaccin\u00a0\u00bb est la solution la plus adapt\u00e9e pour M.\/Mme\u2026\u2026\u2026\u2026\u2026\u2026\u2026\u2026\u2026\u2026\u2026\u2026\u2026\u2026\u2026\u2026\u2026\u2026\u2026\u2026, dans le contexte de la Covid-19.<\/p>\n<p style=\"text-align: center;\">J\u2019atteste avoir inform\u00e9 mon patient du contenu de cette th\u00e9rapie, de son fonctionnement et de l\u2019ensemble de ses effets ind\u00e9sirables potentiels.<\/p>\n<p style=\"text-align: center;\">Je d\u00e9clare assumer ma responsabilit\u00e9 civile et p\u00e9nale personnelle si le dit patient devait subir un quelconque effet ind\u00e9sirable pouvant aller jusqu\u2019au d\u00e9c\u00e8s de la personne.<\/p>\n<p style=\"text-align: center;\">Fait le\u2026\u2026\u2026\u2026\u2026\u2026, \u00e0\u2026\u2026\u2026\u2026\u2026\u2026\u2026\u2026\u2026\u2026\u2026\u2026\u2026\u2026\u2026\u2026Signature:<\/p>\n<h4 style=\"text-align: center;\">Commentaire<\/h4>\n<p style=\"text-align: center;\">Vu la derni\u00e8re phrase de cette d\u00e9claration, il y aurait tr\u00e8s peu de m\u00e9decins qui la signeront, ne serait-ce parce qu&#8217;en droit m\u00e9dical fran\u00e7ais, les m\u00e9decins n&#8217;ont pas une obligation de r\u00e9sultats, juste une obligation de moyens.<\/p>\n<p style=\"text-align: center;\">Dans ce cas, demander au m\u00e9decin d&#8217;\u00e9crire si possible qu&#8217;il ne peut pas signer ce texte par ce qu&#8217;il y a trop de preuve de dangerosit\u00e9 avec ces vaccins et aussi pas assez de recul.<\/p>\n<p style=\"text-align: center;\">Si le m\u00e9decin pouvait aussi \u00e9crire qu&#8217;il y a d&#8217;autres voies alternatives cr\u00e9dibles beaucoup plus conformes \u00e0 la science et moins dangereuses, ca serait un &#8220;plus&#8221;.<\/p>\n<p style=\"text-align: center;\">Dans cette perspective, ca serait \u00a0aussi a vous \u00e0 lui apporter davantage de preuves de cette double all\u00e9gations car trop souvent, les m\u00e9decins n&#8217;ont pas le temps pour tout v\u00e9rifier.<\/p>\n<p style=\"text-align: center;\">Si la majorit\u00e9 des \u00e9x\u00e9cutant et des prescripteurs des vaccins covid \u00e9crivaient ce commentaire, et le signer, cela serait un d\u00e9but d&#8217;une p\u00e9tition s\u00e9rieuse que l&#8217;on pourrait invoquer \u00e0 l&#8217;appui des \u00e9ventuels recours judiciaires et politiques.<\/p>\n<p style=\"text-align: center;\">Fait ce 14 Juillet 2021.<\/p>\n<p style=\"text-align: center;\">Pr Joubert (ancien professeur de droit public et expert en m\u00e9decine holistique)<\/p>\n<figure id=\"attachment_792\" aria-describedby=\"caption-attachment-792\" style=\"width: 234px\" class=\"wp-caption aligncenter\"><a href=\"https:\/\/centredebienetreholistique.com\/wp-content\/uploads\/2015\/06\/Screen-Shot-2015-06-10-at-10.06.32-PM.png\"><img data-attachment-id=\"792\" data-permalink=\"https:\/\/centredebienetreholistique.com\/?attachment_id=792\" data-orig-file=\"https:\/\/centredebienetreholistique.com\/wp-content\/uploads\/2015\/06\/Screen-Shot-2015-06-10-at-10.06.32-PM.png\" data-orig-size=\"397,359\" data-comments-opened=\"1\" data-image-meta=\"{&quot;aperture&quot;:&quot;0&quot;,&quot;credit&quot;:&quot;&quot;,&quot;camera&quot;:&quot;&quot;,&quot;caption&quot;:&quot;&quot;,&quot;created_timestamp&quot;:&quot;0&quot;,&quot;copyright&quot;:&quot;&quot;,&quot;focal_length&quot;:&quot;0&quot;,&quot;iso&quot;:&quot;0&quot;,&quot;shutter_speed&quot;:&quot;0&quot;,&quot;title&quot;:&quot;&quot;}\" data-image-title=\"Screen Shot 2015-06-10 at 10.06.32 PM\" data-image-description=\"\" data-image-caption=\"&lt;p&gt;Les limites de la m\u00e9decien conventionnelle&lt;\/p&gt;\n\" data-medium-file=\"https:\/\/centredebienetreholistique.com\/wp-content\/uploads\/2015\/06\/Screen-Shot-2015-06-10-at-10.06.32-PM-300x271.png\" data-large-file=\"https:\/\/centredebienetreholistique.com\/wp-content\/uploads\/2015\/06\/Screen-Shot-2015-06-10-at-10.06.32-PM.png\" decoding=\"async\" loading=\"lazy\" class=\" wp-image-792\" src=\"https:\/\/centredebienetreholistique.com\/wp-content\/uploads\/2015\/06\/Screen-Shot-2015-06-10-at-10.06.32-PM-300x271.png\" alt=\"Les limites de la m\u00e9decien conventionnelle\" width=\"234\" height=\"211\" srcset=\"https:\/\/centredebienetreholistique.com\/wp-content\/uploads\/2015\/06\/Screen-Shot-2015-06-10-at-10.06.32-PM-300x271.png 300w, https:\/\/centredebienetreholistique.com\/wp-content\/uploads\/2015\/06\/Screen-Shot-2015-06-10-at-10.06.32-PM-100x90.png 100w, https:\/\/centredebienetreholistique.com\/wp-content\/uploads\/2015\/06\/Screen-Shot-2015-06-10-at-10.06.32-PM-150x135.png 150w, https:\/\/centredebienetreholistique.com\/wp-content\/uploads\/2015\/06\/Screen-Shot-2015-06-10-at-10.06.32-PM-200x180.png 200w, https:\/\/centredebienetreholistique.com\/wp-content\/uploads\/2015\/06\/Screen-Shot-2015-06-10-at-10.06.32-PM.png 397w\" sizes=\"(max-width: 234px) 100vw, 234px\" \/><\/a><figcaption id=\"caption-attachment-792\" class=\"wp-caption-text\">L&#8217;un des P\u00e8res fondateurs de la m\u00e9decine moderne<\/figcaption><\/figure>\n<p style=\"text-align: center;\"><strong>Texte en construction<\/strong> et rapidement r\u00e9dig\u00e9, mais qu&#8217;il fallait poster vu qu&#8217;aujourd&#8217;hui, c&#8217;est le jour de la Bastille et compte tenu du fait qu&#8217;avant hier, Macron a encore fait le con.<\/p>\n<p style=\"text-align: center;\">Ult\u00e9rieurement, ce texte sera \u00e9tay\u00e9 avec davantage de faits.<\/p>\n<p style=\"text-align: center;\">Pour m\u00e9moire, \u00a0je suis en train d&#8217;\u00e9crire un ebook sur les limites de l&#8217;approche conventionnelle de l&#8217;Etat et\u00a0<span style=\"color: #000000;\">la sup\u00e9riorit\u00e9 clinique de la M\u00e9decine holistique<\/span>\u00a0en mati\u00e8re de la COVID, dont le r\u00e9sum\u00e9 sera post\u00e9 quand possible<\/p>\n<p style=\"text-align: center;\">2021 (c) Le Centre M\u00e9diterran\u00e9en de Bien-\u00eatre Holistique et ses agents<\/p>\n<p style=\"text-align: center;\">Avertissements: Toutes les informations de ce site sont de nature \u00e9ducative et ne constituent en aucun cas des conseils juridiques, m\u00e9dicaux ou techniques. Les liens fournis ne constituent pas une approbation formelle<\/p>\n<\/blockquote>\n","protected":false},"excerpt":{"rendered":"<p>En d\u00e9pit du fait qu&#8217;il y ait plein d&#8217;autres mani\u00e8res de stopper la pand\u00e9mie Covid, y compris avec l&#8217;ivermectin et une forte dose de vitamine D, le forcing vaccinal du Gouvernement viole les principes fondamentaux en mati\u00e8re de l&#8217;int\u00e9grit\u00e9 physique &hellip;<\/p>\n<p class=\"read-more\"> <a class=\"more-link\" href=\"https:\/\/centredebienetreholistique.com\/?page_id=11612\"> <span class=\"screen-reader-text\">Responsabilit\u00e9 civile serait engag\u00e9e contre tout forcing m\u00e9dical vaccination Covid<\/span> Read More &raquo;<\/a><\/p>\n","protected":false},"author":1,"featured_media":0,"parent":0,"menu_order":0,"comment_status":"open","ping_status":"open","template":"","meta":{"footnotes":""},"jetpack_sharing_enabled":true,"jetpack_shortlink":"https:\/\/wp.me\/P4FfFc-31i","jetpack_likes_enabled":true,"jetpack-related-posts":[{"id":9063,"url":"https:\/\/centredebienetreholistique.com\/?page_id=9063","url_meta":{"origin":11612,"position":0},"title":"L&#8217;Analyse et &#8220;Tips&#8221; Covid 19 du Centre M\u00e9diterran\u00e9en Holistique","author":"centredebienetreholistique","date":"February 28, 2021","format":false,"excerpt":"L'analyse COVID du CMH examinera quelques limites et bienfaits de la Politique sanitaire COVID du Gouvernement (Partie A), puis enchainera sur la n\u00e9cessit\u00e9 de mettre en oeuvre une strat\u00e9gie anti-Covid holistique de la sant\u00e9 publique, fond\u00e9e sur plusieurs \"anti-covid tips\" (conseils). (Partie B). Avant d'entamer une conclusion de nos travaux\u2026","rel":"","context":"Similar post","block_context":{"text":"Similar post","link":""},"img":{"alt_text":"","src":"","width":0,"height":0},"classes":[]},{"id":4002,"url":"https:\/\/centredebienetreholistique.com\/?page_id=4002","url_meta":{"origin":11612,"position":1},"title":"S\u00e9jours de Long\u00e9vit\u00e9 Optimale en pleine Montagne Catalane des Pyr\u00e9n\u00e9es Orientales (Optimal Healing &#038; Longevity Retreat)","author":"centredebienetreholistique","date":"June 4, 2020","format":false,"excerpt":"Des vacances de sant\u00e9-long\u00e9vit\u00e9 en pleine montagne, organis\u00e9s par \u00a0coachsupercentenaire@gmail.com (Click on the bottom right for language translation) \"Un c\u0153ur joyeux est un bon rem\u00e8de, mais un esprit abattu dess\u00e8che les os.\"\u00a0(Verset 22 de Proverbes 17) Situ\u00e9 dans la vall\u00e9e du Vallespir, au coeur des Pyr\u00e9n\u00e9es-Orientales et de la M\u00e9diterran\u00e9e\u2026","rel":"","context":"Similar post","block_context":{"text":"Similar post","link":""},"img":{"alt_text":"","src":"https:\/\/i0.wp.com\/centredebienetreholistique.com\/wp-content\/uploads\/2014\/12\/jushousetwo.jpg?resize=350%2C200","width":350,"height":200},"classes":[]},{"id":3525,"url":"https:\/\/centredebienetreholistique.com\/?page_id=3525","url_meta":{"origin":11612,"position":2},"title":"COVID-19 et l&#8217;Holistique","author":"centredebienetreholistique","date":"May 20, 2020","format":false,"excerpt":"Alors que les mesures hygi\u00e9niques de bon sens ainsi que le \"social distancing\" seraient b\u00e9n\u00e9fique, en particulier la \"distancing\" de la pollution industrielle, de la tox\u00e9mie g\u00e9n\u00e9ralis\u00e9e, des exc\u00e8s de la m\u00e9decine allopathique, de l'\u00e9conomie ali\u00e9nante, du stress chronique, de la di\u00e9t\u00e9tique officielle d\u00e9ficiente, du syst\u00e8me \u00e9ducatif inadapt\u00e9, de la\u2026","rel":"","context":"Similar post","block_context":{"text":"Similar post","link":""},"img":{"alt_text":"","src":"","width":0,"height":0},"classes":[]},{"id":3523,"url":"https:\/\/centredebienetreholistique.com\/?page_id=3523","url_meta":{"origin":11612,"position":3},"title":"Equipe","author":"centredebienetreholistique","date":"May 20, 2020","format":false,"excerpt":"Pendant 8 ans, le Centre \u00e9tait ferm\u00e9. Revenu en France, le directeur-fondateur est en train de restorer l'\u00e9co-lieu et d'organsier une nouvelle \u00e9quipe ainsi que des \u00a0ateliers et stages de formation en m\u00e9decine holistique et dans la science de la biog\u00e9rontologie holistique. Nous sommes sp\u00e9cialis\u00e9s dans l'approche holistique de la\u2026","rel":"","context":"Similar post","block_context":{"text":"Similar post","link":""},"img":{"alt_text":"","src":"","width":0,"height":0},"classes":[]},{"id":13,"url":"https:\/\/centredebienetreholistique.com\/?page_id=13","url_meta":{"origin":11612,"position":4},"title":"Mission du Centre M\u00e9diterran\u00e9en de Long\u00e9vit\u00e9 (Mediterranean Longevity)","author":"centredebienetreholistique","date":"December 23, 2014","format":false,"excerpt":"La mission principale du Centre Mediterranean Longevity (CML) est la recherche\u00a0 fondamentale et appliqu\u00e9e dans la science de la long\u00e9vit\u00e9 optimale (que l'on appelle biog\u00e9rontologie), dont l'objectif central est de trouver un protocole de long\u00e9vit\u00e9 efficace et accessible pour ce qui est de la \"healthy and successful aging\",\u00a0 (1) puis\u2026","rel":"","context":"Similar post","block_context":{"text":"Similar post","link":""},"img":{"alt_text":"","src":"","width":0,"height":0},"classes":[]},{"id":4304,"url":"https:\/\/centredebienetreholistique.com\/?page_id=4304","url_meta":{"origin":11612,"position":5},"title":"Qui","author":"centredebienetreholistique","date":"June 12, 2020","format":false,"excerpt":"L'approche, la formation et l'exp\u00e9rience clinique du Coach Christian\u00a0 Une approche scientifique et holistique en m\u00e9decine S'inspirant de sa formation m\u00e9dicale et juridique ainsi que de sa pratique clinique (voir ci-dessous), Coach\u00a0 Christian \u00a0\u00a0examine en d\u00e9tail avec le client toutes les options cr\u00e9dibles pour ce qui est de la meilleure\u2026","rel":"","context":"Similar post","block_context":{"text":"Similar post","link":""},"img":{"alt_text":"","src":"","width":0,"height":0},"classes":[]}],"_links":{"self":[{"href":"https:\/\/centredebienetreholistique.com\/index.php?rest_route=\/wp\/v2\/pages\/11612"}],"collection":[{"href":"https:\/\/centredebienetreholistique.com\/index.php?rest_route=\/wp\/v2\/pages"}],"about":[{"href":"https:\/\/centredebienetreholistique.com\/index.php?rest_route=\/wp\/v2\/types\/page"}],"author":[{"embeddable":true,"href":"https:\/\/centredebienetreholistique.com\/index.php?rest_route=\/wp\/v2\/users\/1"}],"replies":[{"embeddable":true,"href":"https:\/\/centredebienetreholistique.com\/index.php?rest_route=%2Fwp%2Fv2%2Fcomments&post=11612"}],"version-history":[{"count":4,"href":"https:\/\/centredebienetreholistique.com\/index.php?rest_route=\/wp\/v2\/pages\/11612\/revisions"}],"predecessor-version":[{"id":11619,"href":"https:\/\/centredebienetreholistique.com\/index.php?rest_route=\/wp\/v2\/pages\/11612\/revisions\/11619"}],"wp:attachment":[{"href":"https:\/\/centredebienetreholistique.com\/index.php?rest_route=%2Fwp%2Fv2%2Fmedia&parent=11612"}],"curies":[{"name":"wp","href":"https:\/\/api.w.org\/{rel}","templated":true}]}}