{"id":10684,"date":"2021-05-18T07:32:36","date_gmt":"2021-05-18T07:32:36","guid":{"rendered":"http:\/\/centredebienetreholistique.com\/?page_id=10684"},"modified":"2021-05-18T19:37:24","modified_gmt":"2021-05-18T19:37:24","slug":"dysfonctionnement-des-mitochondrion-stress-oxidatif-solutions-holistiques","status":"publish","type":"page","link":"https:\/\/centredebienetreholistique.com\/?page_id=10684","title":{"rendered":"Mitochondries, stress oxidatif &#038; dysfonctionnement"},"content":{"rendered":"","protected":true},"excerpt":{"rendered":"","protected":true},"author":1,"featured_media":0,"parent":0,"menu_order":0,"comment_status":"open","ping_status":"open","template":"","meta":{"footnotes":""},"jetpack_sharing_enabled":true,"jetpack_shortlink":"https:\/\/wp.me\/P4FfFc-2Mk","jetpack_likes_enabled":true,"jetpack-related-posts":[{"id":873,"url":"https:\/\/centredebienetreholistique.com\/?page_id=873","url_meta":{"origin":10684,"position":0},"title":"Pour Qui et Pourquoi une Formation et un S\u00e9jour Holistique ?","author":"centredebienetreholistique","date":"June 17, 2015","format":false,"excerpt":"Dans le coeur de la Catalogne fran\u00e7aise, entre la M\u00e9diterran\u00e9e et le sommet Mont Canigou, dans un environnement montagneux et ensolleill\u00e9, pr\u00e8s d'une chute d'eau vivifiante et reposante, se trouve le Centre M\u00e9diterran\u00e9en de Bien-Etre Holistique. Les activit\u00e9s du Centre sont destin\u00e9es aux personnes aspirant \u00e0 une approche holistique de\u2026","rel":"","context":"Similar post","block_context":{"text":"Similar post","link":""},"img":{"alt_text":"","src":"","width":0,"height":0},"classes":[]},{"id":4002,"url":"https:\/\/centredebienetreholistique.com\/?page_id=4002","url_meta":{"origin":10684,"position":1},"title":"S\u00e9jours de Long\u00e9vit\u00e9 Optimale en pleine Montagne Catalane des Pyr\u00e9n\u00e9es Orientales (Optimal Healing &#038; Longevity Retreat)","author":"centredebienetreholistique","date":"June 4, 2020","format":false,"excerpt":"Des vacances de sant\u00e9-long\u00e9vit\u00e9 en pleine montagne, organis\u00e9s par \u00a0coachsupercentenaire@gmail.com (Click on the bottom right for language translation) \"Un c\u0153ur joyeux est un bon rem\u00e8de, mais un esprit abattu dess\u00e8che les os.\"\u00a0(Verset 22 de Proverbes 17) Situ\u00e9 dans la vall\u00e9e du Vallespir, au coeur des Pyr\u00e9n\u00e9es-Orientales et de la M\u00e9diterran\u00e9e\u2026","rel":"","context":"Similar post","block_context":{"text":"Similar post","link":""},"img":{"alt_text":"","src":"https:\/\/i0.wp.com\/centredebienetreholistique.com\/wp-content\/uploads\/2014\/12\/jushousetwo.jpg?resize=350%2C200","width":350,"height":200},"classes":[]},{"id":644,"url":"https:\/\/centredebienetreholistique.com\/?page_id=644","url_meta":{"origin":10684,"position":2},"title":"R\u00e9sultats escompt\u00e9s de nos Services","author":"centredebienetreholistique","date":"June 4, 2015","format":false,"excerpt":"Apr\u00e8s 10 \u00e0 21 jours de retraite long\u00e9vit\u00e9 accomplis avec assiduit\u00e9 et diligence,\u00a0les stagiaires pourront via examens m\u00e9dicaux constater que la grande majorit\u00e9 des marqueurs physiologiques importants seront am\u00e9lior\u00e9s de fa\u00e7on significative, y compris la longueur de leur t\u00e9lom\u00e9res et l'enzyme t\u00e9lom\u00e9rase y aff\u00e9rent, indicateurs que l'un des quatorze \"pathways\"\u2026","rel":"","context":"Similar post","block_context":{"text":"Similar post","link":""},"img":{"alt_text":"","src":"","width":0,"height":0},"classes":[]},{"id":9470,"url":"https:\/\/centredebienetreholistique.com\/?page_id=9470","url_meta":{"origin":10684,"position":3},"title":"Les Services des S\u00e9jours de Long\u00e9vit\u00e9 Optimale","author":"centredebienetreholistique","date":"April 5, 2021","format":false,"excerpt":"Pour la formule B du s\u00e9jour long\u00e9vit\u00e9 1. Six heures de formation les deux premier jours du s\u00e9jour\u00a0en mati\u00e8re de long\u00e9vit\u00e9 optimale (ie, les m\u00e9canismes principaux de la s\u00e9nescence et du vieillissement pr\u00e9coce, techniques innovantes et holistiques en faveur de la r\u00e9paration ainsi que de la r\u00e9g\u00e9n\u00e9ration c\u00e9llulaire et options\u2026","rel":"","context":"Similar post","block_context":{"text":"Similar post","link":""},"img":{"alt_text":"","src":"","width":0,"height":0},"classes":[]},{"id":141,"url":"https:\/\/centredebienetreholistique.com\/?page_id=141","url_meta":{"origin":10684,"position":4},"title":"Atelier droit m\u00e9dical","author":"centredebienetreholistique","date":"December 24, 2014","format":false,"excerpt":"FORMATION EN DROIT M\u00c9DICAL R\u00c9GISSANT LES DROITS ET DEVOIRS DES PATIENTS ET DES PROFESSIONNELS DE LA SANT\u00c9 INTRODUCTION \"Les attaques contre les m\u00e9decines alternatives se multiplient. Pr\u00e9texte : elles serviraient de paravents aux sectes. L\u2019hom\u00e9opathie et l\u2019anthroposophie sont vis\u00e9es. La pens\u00e9e unique cherche \u00e0 imposer sa loi, en m\u00e9decine comme\u2026","rel":"","context":"Similar post","block_context":{"text":"Similar post","link":""},"img":{"alt_text":"","src":"","width":0,"height":0},"classes":[]},{"id":10760,"url":"https:\/\/centredebienetreholistique.com\/?page_id=10760","url_meta":{"origin":10684,"position":5},"title":"M\u00e9decine R\u00e9g\u00e9n\u00e9rative bas\u00e9e sur cellules de souches","author":"centredebienetreholistique","date":"May 18, 2021","format":false,"excerpt":"\u00a0 Un traitement \u00e0 base de cellules souches afin de lutter contre le vieillissement ? D\u2019apr\u00e8s deux r\u00e9centes \u00e9tudes, parues dans\u00a0The Journals of Gerontology\u00a0et r\u00e9alis\u00e9es par une \u00e9quipe de chercheurs de l\u2019Interdisciplinary Stem Cell Institute\u00a0de l\u2019Universit\u00e9 de Miami aux \u00c9tats-Unis, un nouveau traitement \u00e0 base de cellules souches de la\u2026","rel":"","context":"Similar post","block_context":{"text":"Similar post","link":""},"img":{"alt_text":"","src":"https:\/\/i0.wp.com\/www.longlonglife.org\/wp-content\/uploads\/2017\/10\/1_msc_DAPIThR001_b.jpg?resize=350%2C200","width":350,"height":200,"srcset":"https:\/\/i0.wp.com\/www.longlonglife.org\/wp-content\/uploads\/2017\/10\/1_msc_DAPIThR001_b.jpg?resize=350%2C200 1x, https:\/\/i0.wp.com\/www.longlonglife.org\/wp-content\/uploads\/2017\/10\/1_msc_DAPIThR001_b.jpg?resize=525%2C300 1.5x, https:\/\/i0.wp.com\/www.longlonglife.org\/wp-content\/uploads\/2017\/10\/1_msc_DAPIThR001_b.jpg?resize=700%2C400 2x"},"classes":[]}],"_links":{"self":[{"href":"https:\/\/centredebienetreholistique.com\/index.php?rest_route=\/wp\/v2\/pages\/10684"}],"collection":[{"href":"https:\/\/centredebienetreholistique.com\/index.php?rest_route=\/wp\/v2\/pages"}],"about":[{"href":"https:\/\/centredebienetreholistique.com\/index.php?rest_route=\/wp\/v2\/types\/page"}],"author":[{"embeddable":true,"href":"https:\/\/centredebienetreholistique.com\/index.php?rest_route=\/wp\/v2\/users\/1"}],"replies":[{"embeddable":true,"href":"https:\/\/centredebienetreholistique.com\/index.php?rest_route=%2Fwp%2Fv2%2Fcomments&post=10684"}],"version-history":[{"count":4,"href":"https:\/\/centredebienetreholistique.com\/index.php?rest_route=\/wp\/v2\/pages\/10684\/revisions"}],"predecessor-version":[{"id":10829,"href":"https:\/\/centredebienetreholistique.com\/index.php?rest_route=\/wp\/v2\/pages\/10684\/revisions\/10829"}],"wp:attachment":[{"href":"https:\/\/centredebienetreholistique.com\/index.php?rest_route=%2Fwp%2Fv2%2Fmedia&parent=10684"}],"curies":[{"name":"wp","href":"https:\/\/api.w.org\/{rel}","templated":true}]}}