{"id":10430,"date":"2021-05-12T15:10:17","date_gmt":"2021-05-12T15:10:17","guid":{"rendered":"http:\/\/centredebienetreholistique.com\/?page_id=10430"},"modified":"2021-05-13T12:49:35","modified_gmt":"2021-05-13T12:49:35","slug":"mission-centrale","status":"publish","type":"page","link":"https:\/\/centredebienetreholistique.com\/?page_id=10430","title":{"rendered":"Mission Centrale"},"content":{"rendered":"","protected":true},"excerpt":{"rendered":"","protected":true},"author":1,"featured_media":0,"parent":0,"menu_order":0,"comment_status":"open","ping_status":"open","template":"","meta":{"footnotes":""},"jetpack_sharing_enabled":true,"jetpack_shortlink":"https:\/\/wp.me\/P4FfFc-2Ie","jetpack_likes_enabled":true,"jetpack-related-posts":[{"id":141,"url":"https:\/\/centredebienetreholistique.com\/?page_id=141","url_meta":{"origin":10430,"position":0},"title":"Atelier droit m\u00e9dical","author":"centredebienetreholistique","date":"December 24, 2014","format":false,"excerpt":"FORMATION EN DROIT M\u00c9DICAL R\u00c9GISSANT LES DROITS ET DEVOIRS DES PATIENTS ET DES PROFESSIONNELS DE LA SANT\u00c9 INTRODUCTION \"Les attaques contre les m\u00e9decines alternatives se multiplient. Pr\u00e9texte : elles serviraient de paravents aux sectes. L\u2019hom\u00e9opathie et l\u2019anthroposophie sont vis\u00e9es. La pens\u00e9e unique cherche \u00e0 imposer sa loi, en m\u00e9decine comme\u2026","rel":"","context":"Similar post","block_context":{"text":"Similar post","link":""},"img":{"alt_text":"","src":"","width":0,"height":0},"classes":[]},{"id":166,"url":"https:\/\/centredebienetreholistique.com\/?page_id=166","url_meta":{"origin":10430,"position":1},"title":"Mission du Centre Pyr\u00e9n\u00e9en","author":"centredebienetreholistique","date":"December 24, 2014","format":false,"excerpt":"Dans le coeur de la Catalogne, entre la M\u00e9diterran\u00e9e et le Mont Canigou, se situe le Centre Pyr\u00e9n\u00e9en \u00a0dont la mission repose sur le maintien du bien-\u00eatre holistique gra\u00e7e \u00e0 trois activit\u00e9s: 1) ateliers et \u00e9ducation en bien-\u00eatre, 2) agriculture soutenable et 3) protection et promotion des libert\u00e9s fondamentales. \u00a0Gra\u00e7e\u2026","rel":"","context":"Similar post","block_context":{"text":"Similar post","link":""},"img":{"alt_text":"","src":"","width":0,"height":0},"classes":[]},{"id":3523,"url":"https:\/\/centredebienetreholistique.com\/?page_id=3523","url_meta":{"origin":10430,"position":2},"title":"Equipe","author":"centredebienetreholistique","date":"May 20, 2020","format":false,"excerpt":"Pendant 8 ans, le Centre \u00e9tait ferm\u00e9. Revenu en France, le directeur-fondateur est en train de restorer l'\u00e9co-lieu et d'organsier une nouvelle \u00e9quipe ainsi que des \u00a0ateliers et stages de formation en m\u00e9decine holistique et dans la science de la biog\u00e9rontologie holistique. Nous sommes sp\u00e9cialis\u00e9s dans l'approche holistique de la\u2026","rel":"","context":"Similar post","block_context":{"text":"Similar post","link":""},"img":{"alt_text":"","src":"","width":0,"height":0},"classes":[]},{"id":873,"url":"https:\/\/centredebienetreholistique.com\/?page_id=873","url_meta":{"origin":10430,"position":3},"title":"Pour Qui et Pourquoi une Formation et un S\u00e9jour Holistique ?","author":"centredebienetreholistique","date":"June 17, 2015","format":false,"excerpt":"Dans le coeur de la Catalogne fran\u00e7aise, entre la M\u00e9diterran\u00e9e et le sommet Mont Canigou, dans un environnement montagneux et ensolleill\u00e9, pr\u00e8s d'une chute d'eau vivifiante et reposante, se trouve le Centre M\u00e9diterran\u00e9en de Bien-Etre Holistique. Les activit\u00e9s du Centre sont destin\u00e9es aux personnes aspirant \u00e0 une approche holistique de\u2026","rel":"","context":"Similar post","block_context":{"text":"Similar post","link":""},"img":{"alt_text":"","src":"","width":0,"height":0},"classes":[]},{"id":480,"url":"https:\/\/centredebienetreholistique.com\/?page_id=480","url_meta":{"origin":10430,"position":4},"title":"Stage-Retraite: M\u00e9decine Holistique, M\u00e9decine R\u00e9g\u00e9n\u00e9rative et la Science de la Long\u00e9vit\u00e9 Optimale","author":"centredebienetreholistique","date":"June 2, 2015","format":false,"excerpt":"CONTENU Formation holistique (avec protocoles) concernant les grandes maladies chroniques,, le vieillissement acc\u00e9l\u00e9r\u00e9, la long\u00e9vit\u00e9 optimale, la m\u00e9decine r\u00e9g\u00e9n\u00e9rative, l'alimentation clinique, la m\u00e9decine orientale et de droit m\u00e9dical. ORIGINALIT\u00c9 L'originalit\u00e9 de cet enseignement repose sur une perspective holistique et innovante. Ce programme met l'accent sur les voies d'activation du potentiel\u2026","rel":"","context":"Similar post","block_context":{"text":"Similar post","link":""},"img":{"alt_text":"","src":"","width":0,"height":0},"classes":[]},{"id":160,"url":"https:\/\/centredebienetreholistique.com\/?page_id=160","url_meta":{"origin":10430,"position":5},"title":"Agriculture bio du Centre Holistique certifi\u00e9e par ECOCERT","author":"centredebienetreholistique","date":"December 24, 2014","format":false,"excerpt":"LA MINI FERME DE SANT\u00c9 (HEALTH FARM) DU CENTRE M\u00c9DITERRAN\u00c9EN DE BIEN-ETRE HOLISTIQUE Certifi\u00e9e \"biologique\" par ECOCERT pour les petits fruits, l\u00e9gumes, les champignons ainsi que pour nos truffes de chocolat AGRICULTURE SOUTENABLE En temps normal, le Centre Holistique est muni d'une structure agricole et \u00a0paysanne, certifi\u00e9e par Ecocert, gra\u00e7e\u2026","rel":"","context":"With 2 comments","block_context":{"text":"With 2 comments","link":"https:\/\/centredebienetreholistique.com\/?page_id=160#comments"},"img":{"alt_text":"Screen Shot 2017-08-11 at 10.08.01 AM","src":"https:\/\/i0.wp.com\/centredebienetreholistique.com\/wp-content\/uploads\/2014\/12\/Screen-Shot-2017-08-11-at-10.08.01-AM-300x217.png?resize=350%2C200","width":350,"height":200},"classes":[]}],"_links":{"self":[{"href":"https:\/\/centredebienetreholistique.com\/index.php?rest_route=\/wp\/v2\/pages\/10430"}],"collection":[{"href":"https:\/\/centredebienetreholistique.com\/index.php?rest_route=\/wp\/v2\/pages"}],"about":[{"href":"https:\/\/centredebienetreholistique.com\/index.php?rest_route=\/wp\/v2\/types\/page"}],"author":[{"embeddable":true,"href":"https:\/\/centredebienetreholistique.com\/index.php?rest_route=\/wp\/v2\/users\/1"}],"replies":[{"embeddable":true,"href":"https:\/\/centredebienetreholistique.com\/index.php?rest_route=%2Fwp%2Fv2%2Fcomments&post=10430"}],"version-history":[{"count":5,"href":"https:\/\/centredebienetreholistique.com\/index.php?rest_route=\/wp\/v2\/pages\/10430\/revisions"}],"predecessor-version":[{"id":10487,"href":"https:\/\/centredebienetreholistique.com\/index.php?rest_route=\/wp\/v2\/pages\/10430\/revisions\/10487"}],"wp:attachment":[{"href":"https:\/\/centredebienetreholistique.com\/index.php?rest_route=%2Fwp%2Fv2%2Fmedia&parent=10430"}],"curies":[{"name":"wp","href":"https:\/\/api.w.org\/{rel}","templated":true}]}}