{"id":10359,"date":"2021-05-10T06:29:17","date_gmt":"2021-05-10T06:29:17","guid":{"rendered":"http:\/\/centredebienetreholistique.com\/?page_id=10359"},"modified":"2021-05-10T06:29:17","modified_gmt":"2021-05-10T06:29:17","slug":"regime-alimentaire-piscivore-benefices-et-inconvenients","status":"publish","type":"page","link":"https:\/\/centredebienetreholistique.com\/?page_id=10359","title":{"rendered":"R\u00e9gime alimentaire piscivore: b\u00e9n\u00e9fices et inconv\u00e9nients"},"content":{"rendered":"","protected":true},"excerpt":{"rendered":"","protected":true},"author":1,"featured_media":0,"parent":0,"menu_order":0,"comment_status":"open","ping_status":"open","template":"","meta":{"footnotes":""},"jetpack_sharing_enabled":true,"jetpack_shortlink":"https:\/\/wp.me\/P4FfFc-2H5","jetpack_likes_enabled":true,"jetpack-related-posts":[{"id":9063,"url":"https:\/\/centredebienetreholistique.com\/?page_id=9063","url_meta":{"origin":10359,"position":0},"title":"L&#8217;Analyse et &#8220;Tips&#8221; Covid 19 du Centre M\u00e9diterran\u00e9en Holistique","author":"centredebienetreholistique","date":"February 28, 2021","format":false,"excerpt":"L'analyse COVID du CMH examinera quelques limites et bienfaits de la Politique sanitaire COVID du Gouvernement (Partie A), puis enchainera sur la n\u00e9cessit\u00e9 de mettre en oeuvre une strat\u00e9gie anti-Covid holistique de la sant\u00e9 publique, fond\u00e9e sur plusieurs \"anti-covid tips\" (conseils). (Partie B). Avant d'entamer une conclusion de nos travaux\u2026","rel":"","context":"Similar post","block_context":{"text":"Similar post","link":""},"img":{"alt_text":"","src":"","width":0,"height":0},"classes":[]},{"id":4002,"url":"https:\/\/centredebienetreholistique.com\/?page_id=4002","url_meta":{"origin":10359,"position":1},"title":"S\u00e9jours de Long\u00e9vit\u00e9 Optimale en pleine Montagne Catalane des Pyr\u00e9n\u00e9es Orientales (Optimal Healing &#038; Longevity Retreat)","author":"centredebienetreholistique","date":"June 4, 2020","format":false,"excerpt":"Des vacances de sant\u00e9-long\u00e9vit\u00e9 en pleine montagne, organis\u00e9s par \u00a0coachsupercentenaire@gmail.com (Click on the bottom right for language translation) \"Un c\u0153ur joyeux est un bon rem\u00e8de, mais un esprit abattu dess\u00e8che les os.\"\u00a0(Verset 22 de Proverbes 17) Situ\u00e9 dans la vall\u00e9e du Vallespir, au coeur des Pyr\u00e9n\u00e9es-Orientales et de la M\u00e9diterran\u00e9e\u2026","rel":"","context":"Similar post","block_context":{"text":"Similar post","link":""},"img":{"alt_text":"","src":"https:\/\/i0.wp.com\/centredebienetreholistique.com\/wp-content\/uploads\/2014\/12\/jushousetwo.jpg?resize=350%2C200","width":350,"height":200},"classes":[]},{"id":2920,"url":"https:\/\/centredebienetreholistique.com\/?page_id=2920","url_meta":{"origin":10359,"position":2},"title":"&nbsp; La\u00a0maladie de Parkinson, d\u00e9crite\u2026","author":"centredebienetreholistique","date":"February 1, 2020","format":false,"excerpt":"\u00a0 La\u00a0maladie de Parkinson, d\u00e9crite par\u00a0James Parkinson\u00a0en\u00a01817, est une\u00a0maladie neurologique chronique d\u00e9g\u00e9n\u00e9rative(perte progressive des neurones) affectant le\u00a0syst\u00e8me nerveux central\u00a0responsable de troubles progressifs\u00a0: mouvements ralentis, tremblements, rigidit\u00e9 puis troubles cognitifs. C'est le second trouble neurod\u00e9g\u00e9n\u00e9ratif le plus fr\u00e9quent1. Ses causes sont mal connues. Le tableau clinique est la cons\u00e9quence de la\u2026","rel":"","context":"Similar post","block_context":{"text":"Similar post","link":""},"img":{"alt_text":"","src":"https:\/\/upload.wikimedia.org\/wikipedia\/commons\/thumb\/6\/6f\/Substantia_nigra.gif\/220px-Substantia_nigra.gif","width":350,"height":200},"classes":[]},{"id":662,"url":"https:\/\/centredebienetreholistique.com\/?page_id=662","url_meta":{"origin":10359,"position":3},"title":"Colloque du Centre Holistique: &#8220;Cancer, Droit M\u00e9dical et Libert\u00e9 Th\u00e9rapeutique&#8221;","author":"centredebienetreholistique","date":"June 5, 2015","format":false,"excerpt":"CONGR\u00c8S SUR LES\u00a0TH\u00c9RAPIES ALTERNATIVES ET COMPL\u00c9MENTAIRES CONCERNANT LE CANCER, LE DROIT M\u00c9DICAL ET LES LIBERT\u00c9S TH\u00c9RAPEUTIQUE \u00a0LE 17 & 18 AVRIL 2004 Vis m\u00e9dicatrix naturae Prieur\u00e9 de Marcevol 66320 Arboussols (pr\u00e8s de Vinca dans un site grandiose, idyllique, en pleine montagne des Pyr\u00e9n\u00e9es orientales). Route\u00a0: RN 116, (direction Prades). A\u2026","rel":"","context":"Similar post","block_context":{"text":"Similar post","link":""},"img":{"alt_text":"","src":"","width":0,"height":0},"classes":[]},{"id":13,"url":"https:\/\/centredebienetreholistique.com\/?page_id=13","url_meta":{"origin":10359,"position":4},"title":"Mission du Centre M\u00e9diterran\u00e9en de Long\u00e9vit\u00e9 (Mediterranean Longevity)","author":"centredebienetreholistique","date":"December 23, 2014","format":false,"excerpt":"La mission principale du Centre Mediterranean Longevity (CML) est la recherche\u00a0 fondamentale et appliqu\u00e9e dans la science de la long\u00e9vit\u00e9 optimale (que l'on appelle biog\u00e9rontologie), dont l'objectif central est de trouver un protocole de long\u00e9vit\u00e9 efficace et accessible pour ce qui est de la \"healthy and successful aging\",\u00a0 (1) puis\u2026","rel":"","context":"Similar post","block_context":{"text":"Similar post","link":""},"img":{"alt_text":"","src":"","width":0,"height":0},"classes":[]},{"id":480,"url":"https:\/\/centredebienetreholistique.com\/?page_id=480","url_meta":{"origin":10359,"position":5},"title":"Stage-Retraite: M\u00e9decine Holistique, M\u00e9decine R\u00e9g\u00e9n\u00e9rative et la Science de la Long\u00e9vit\u00e9 Optimale","author":"centredebienetreholistique","date":"June 2, 2015","format":false,"excerpt":"CONTENU Formation holistique (avec protocoles) concernant les grandes maladies chroniques,, le vieillissement acc\u00e9l\u00e9r\u00e9, la long\u00e9vit\u00e9 optimale, la m\u00e9decine r\u00e9g\u00e9n\u00e9rative, l'alimentation clinique, la m\u00e9decine orientale et de droit m\u00e9dical. ORIGINALIT\u00c9 L'originalit\u00e9 de cet enseignement repose sur une perspective holistique et innovante. Ce programme met l'accent sur les voies d'activation du potentiel\u2026","rel":"","context":"Similar post","block_context":{"text":"Similar post","link":""},"img":{"alt_text":"","src":"","width":0,"height":0},"classes":[]}],"_links":{"self":[{"href":"https:\/\/centredebienetreholistique.com\/index.php?rest_route=\/wp\/v2\/pages\/10359"}],"collection":[{"href":"https:\/\/centredebienetreholistique.com\/index.php?rest_route=\/wp\/v2\/pages"}],"about":[{"href":"https:\/\/centredebienetreholistique.com\/index.php?rest_route=\/wp\/v2\/types\/page"}],"author":[{"embeddable":true,"href":"https:\/\/centredebienetreholistique.com\/index.php?rest_route=\/wp\/v2\/users\/1"}],"replies":[{"embeddable":true,"href":"https:\/\/centredebienetreholistique.com\/index.php?rest_route=%2Fwp%2Fv2%2Fcomments&post=10359"}],"version-history":[{"count":1,"href":"https:\/\/centredebienetreholistique.com\/index.php?rest_route=\/wp\/v2\/pages\/10359\/revisions"}],"predecessor-version":[{"id":10360,"href":"https:\/\/centredebienetreholistique.com\/index.php?rest_route=\/wp\/v2\/pages\/10359\/revisions\/10360"}],"wp:attachment":[{"href":"https:\/\/centredebienetreholistique.com\/index.php?rest_route=%2Fwp%2Fv2%2Fmedia&parent=10359"}],"curies":[{"name":"wp","href":"https:\/\/api.w.org\/{rel}","templated":true}]}}